{"id":29,"date":"2025-11-28T16:04:41","date_gmt":"2025-11-28T15:04:41","guid":{"rendered":"https:\/\/florianfrison.com\/?page_id=29"},"modified":"2025-12-01T18:24:19","modified_gmt":"2025-12-01T17:24:19","slug":"portfolio","status":"publish","type":"page","link":"https:\/\/florianfrison.com\/en\/portfolio\/","title":{"rendered":"PORTFOLIO"},"content":{"rendered":"<p>[et_pb_section fb_built=\u00a0\u00bb1&Prime; _builder_version=\u00a0\u00bb4.27.4&Prime; custom_padding=\u00a0\u00bb100px||0px||false|false\u00a0\u00bb global_colors_info=\u00a0\u00bb{}\u00a0\u00bb][et_pb_row _builder_version=\u00a0\u00bb4.27.4&Prime; _module_preset=\u00a0\u00bbdefault\u00a0\u00bb global_colors_info=\u00a0\u00bb{}\u00a0\u00bb][et_pb_column type=\u00a0\u00bb4_4&Prime; _builder_version=\u00a0\u00bb4.27.4&Prime; _module_preset=\u00a0\u00bbdefault\u00a0\u00bb global_colors_info=\u00a0\u00bb{}\u00a0\u00bb][et_pb_text _builder_version=\u00a0\u00bb4.27.4&Prime; _module_preset=\u00a0\u00bbdefault\u00a0\u00bb header_font_size=\u00a0\u00bb60px\u00a0\u00bb header_font_size_tablet=\u00a0\u00bb60px\u00a0\u00bb header_font_size_phone=\u00a0\u00bb30px\u00a0\u00bb header_font_size_last_edited=\u00a0\u00bbon|phone\u00a0\u00bb global_colors_info=\u00a0\u00bb{}\u00a0\u00bb]<\/p>\n<h1 style=\"text-align: center;\">GALERIES\u00a0<\/h1>\n<p style=\"text-align: center;\">Une plong\u00e9e dans mon univers : vif, contrast\u00e9 et intemporel.<\/p>\n<p>[\/et_pb_text][et_pb_text _builder_version=\u00a0\u00bb4.27.4&Prime; _module_preset=\u00a0\u00bbdefault\u00a0\u00bb text_font_size=\u00a0\u00bb14px\u00a0\u00bb global_colors_info=\u00a0\u00bb{}\u00a0\u00bb]<\/p>\n<p style=\"text-align: center;\"><a href=\"#mariage\">VOIR LES MARIAGES<\/a> | <a href=\"#portrait\">VOIR LES PORTRAITS<\/a><\/p>\n<p>[\/et_pb_text][\/et_pb_column][\/et_pb_row][et_pb_row module_id=\u00a0\u00bbmariage\u00a0\u00bb _builder_version=\u00a0\u00bb4.27.4&Prime; _module_preset=\u00a0\u00bbdefault\u00a0\u00bb global_colors_info=\u00a0\u00bb{}\u00a0\u00bb][et_pb_column type=\u00a0\u00bb4_4&Prime; _builder_version=\u00a0\u00bb4.27.4&Prime; _module_preset=\u00a0\u00bbdefault\u00a0\u00bb global_colors_info=\u00a0\u00bb{}\u00a0\u00bb][et_pb_text _builder_version=\u00a0\u00bb4.27.4&Prime; _module_preset=\u00a0\u00bbdefault\u00a0\u00bb global_colors_info=\u00a0\u00bb{}\u00a0\u00bb]<\/p>\n<h3 style=\"text-align: center;\">REPORTAGE MARIAGE<\/h3>\n<p>[\/et_pb_text][et_pb_code _builder_version=\u00a0\u00bb4.27.4&Prime; _module_preset=\u00a0\u00bbdefault\u00a0\u00bb global_colors_info=\u00a0\u00bb{}\u00a0\u00bb]<div  id=\"jtg-355\" class=\"modula modula-gallery modula-columns\" data-config=\"{&quot;tabletHeight&quot;:800,&quot;mobileHeight&quot;:800,&quot;desktopHeight&quot;:800,&quot;enableTwitter&quot;:false,&quot;enableWhatsapp&quot;:false,&quot;enableFacebook&quot;:false,&quot;enablePinterest&quot;:false,&quot;enableLinkedin&quot;:false,&quot;enableEmail&quot;:false,&quot;randomFactor&quot;:0.5,&quot;type&quot;:&quot;grid&quot;,&quot;columns&quot;:12,&quot;gutter&quot;:0,&quot;mobileGutter&quot;:0,&quot;tabletGutter&quot;:0,&quot;desktopGutter&quot;:0,&quot;enableResponsive&quot;:true,&quot;tabletColumns&quot;:2,&quot;mobileColumns&quot;:1,&quot;lazyLoad&quot;:0,&quot;lightboxOpts&quot;:{&quot;animated&quot;:true,&quot;Thumbs&quot;:{&quot;type&quot;:&quot;modern&quot;,&quot;showOnStart&quot;:false},&quot;Toolbar&quot;:{&quot;display&quot;:{&quot;right&quot;:[&quot;close&quot;]},&quot;enabled&quot;:true},&quot;Carousel&quot;:{&quot;Panzoom&quot;:{&quot;touch&quot;:true},&quot;infinite&quot;:false},&quot;keyboard&quot;:{&quot;Escape&quot;:&quot;close&quot;,&quot;Delete&quot;:&quot;close&quot;,&quot;Backspace&quot;:&quot;close&quot;,&quot;PageUp&quot;:false,&quot;PageDown&quot;:false,&quot;ArrowUp&quot;:false,&quot;ArrowDown&quot;:false,&quot;ArrowRight&quot;:false,&quot;ArrowLeft&quot;:false},&quot;touch&quot;:false,&quot;backdropClick&quot;:false,&quot;l10n&quot;:{&quot;CLOSE&quot;:&quot;Close&quot;,&quot;NEXT&quot;:&quot;Next&quot;,&quot;PREV&quot;:&quot;Previous&quot;,&quot;Error&quot;:&quot;The requested content cannot be loaded. Please try again later.&quot;,&quot;PLAY_START&quot;:&quot;Start slideshow&quot;,&quot;PLAY_STOP&quot;:&quot;Pause slideshow&quot;,&quot;FULL_SCREEN&quot;:&quot;Full screen&quot;,&quot;THUMBS&quot;:&quot;Thumbnails&quot;,&quot;DOWNLOAD&quot;:&quot;Download&quot;,&quot;SHARE&quot;:&quot;Share&quot;,&quot;ZOOM&quot;:&quot;Zoom&quot;,&quot;EMAIL&quot;:&quot;Here is the link to the image : %%image_link%% and this is the link to the gallery : %%gallery_link%%&quot;,&quot;MODAL&quot;:&quot;You can close this modal content with the ESC key&quot;,&quot;ERROR&quot;:&quot;Something Went Wrong, Please Try Again Later&quot;,&quot;IMAGE_ERROR&quot;:&quot;Image Not Found&quot;,&quot;ELEMENT_NOT_FOUND&quot;:&quot;HTML Element Not Found&quot;,&quot;AJAX_NOT_FOUND&quot;:&quot;Error Loading AJAX : Not Found&quot;,&quot;AJAX_FORBIDDEN&quot;:&quot;Error Loading AJAX : Forbidden&quot;,&quot;IFRAME_ERROR&quot;:&quot;Error Loading Page&quot;,&quot;TOGGLE_ZOOM&quot;:&quot;Toggle zoom level&quot;,&quot;TOGGLE_THUMBS&quot;:&quot;Toggle thumbnails&quot;,&quot;TOGGLE_SLIDESHOW&quot;:&quot;Toggle slideshow&quot;,&quot;TOGGLE_FULLSCREEN&quot;:&quot;Toggle full-screen mode&quot;},&quot;Images&quot;:{&quot;Panzoom&quot;:{&quot;maxScale&quot;:2}},&quot;mainClass&quot;:&quot;modula-fancybox-container modula-lightbox-jtg-355&quot;,&quot;Html&quot;:{&quot;videoAutoplay&quot;:0,&quot;videoTpl&quot;:&quot;&lt;video class=\\&quot;fancybox__html5video\\&quot; controls muted playsinline controlsList controlsList=\\&quot;nodownload\\&quot; poster=\\&quot;{{poster}}\\&quot; src=\\&quot;{{src}}\\&quot; type=\\&quot;{{format}}\\&quot; &gt;  Sorry, your browser doesn&#039;t support embedded videos, &lt;a href=\\&quot;{{src}}\\&quot;&gt; download &lt;\\\/a&gt; and watch with your favorite video player! &lt;\\\/video&gt;&quot;}},&quot;inView&quot;:false,&quot;email_subject&quot;:&quot;Check out this awesome image !!&quot;,&quot;email_message&quot;:&quot;Here is the link to the image : %%image_link%% and this is the link to the gallery : %%gallery_link%%&quot;,&quot;grid_type&quot;:&quot;automatic&quot;,&quot;rowHeight&quot;:250,&quot;lastRow&quot;:&quot;justify&quot;,&quot;lightbox&quot;:&quot;fancybox&quot;}\">\n\n\t\n\t<div  class=\"modula-items grid-gallery\">\n\t\t<div class=\"modula-item effect-pufrobo\" >\n\t<div class=\"modula-item-overlay\"><\/div>\n\n\t<div class=\"modula-item-content\">\n\n\t\t<a data-image-id=\"1190\" role=\"button\" tabindex=\"0\" rel=\"jtg-355\" data-caption=\"Reportage de Mariage \u00e0 Saint-Jeoire-Prieur\u00e9 et Jacob-Bellecombette\" aria-label=\"Open image in lightbox\" class=\"tile-inner modula-item-link\"><\/a><img loading=\"lazy\" decoding=\"async\" class=\"pic wp-image-1190\"  data-valign=\"middle\" data-halign=\"center\" alt=\"Reportage de Mariage \u00e0 Saint-Jeoire-Prieur\u00e9 et Jacob-Bellecombette\" data-full=\"https:\/\/florianfrison.com\/wp-content\/uploads\/2026\/04\/MariageSiradaDamienFlorianFrison26-4344.avif\" title=\"MariageSirada&amp;amp;DamienFlorianFrison26-4344\" crop=\"\" width=\"1536\" height=\"1024\" src=\"https:\/\/florianfrison.com\/wp-content\/uploads\/2026\/04\/MariageSiradaDamienFlorianFrison26-4344.avif\" data-src=\"https:\/\/florianfrison.com\/wp-content\/uploads\/2026\/04\/MariageSiradaDamienFlorianFrison26-4344.avif\" data-caption=\"Reportage de Mariage \u00e0 Saint-Jeoire-Prieur\u00e9 et Jacob-Bellecombette\"\/>\n\t\t<div class=\"figc\">\n\t\t\t<div class=\"figc-inner\">\n\t\t\t\t\t\t\t\t\t\t\t\t\t<div class=\"jtg-description\">Reportage de Mariage \u00e0 Saint-Jeoire-Prieur\u00e9 et Jacob-Bellecombette<\/div>\n\t\t\t\t\t\t\t\t\t\t\t<\/div>\n\t\t<\/div>\n\n\t<\/div>\n\n<\/div><div class=\"modula-item effect-pufrobo\" >\n\t<div class=\"modula-item-overlay\"><\/div>\n\n\t<div class=\"modula-item-content\">\n\n\t\t<a data-image-id=\"419\" role=\"button\" tabindex=\"0\" rel=\"jtg-355\" data-caption=\"\" aria-label=\"Open image in lightbox\" class=\"tile-inner modula-item-link\"><\/a><img loading=\"lazy\" decoding=\"async\" class=\"pic wp-image-419\"  data-valign=\"middle\" data-halign=\"center\" alt=\"\" data-full=\"https:\/\/florianfrison.com\/wp-content\/uploads\/2025\/12\/MariageFlotographie-2_lwsoptimized.avif\" title=\"MariageFlotographie&amp;#8211;2\" crop=\"\" width=\"1536\" height=\"1022\" src=\"https:\/\/florianfrison.com\/wp-content\/uploads\/2025\/12\/MariageFlotographie-2_lwsoptimized.avif\" data-src=\"https:\/\/florianfrison.com\/wp-content\/uploads\/2025\/12\/MariageFlotographie-2_lwsoptimized.avif\" data-caption=\"\"\/>\n\t\t<div class=\"figc no-description\">\n\t\t\t<div class=\"figc-inner\">\n\t\t\t\t\t\t\t\t\t\t\t\t\t\t\t<\/div>\n\t\t<\/div>\n\n\t<\/div>\n\n<\/div><div class=\"modula-item effect-pufrobo\" >\n\t<div class=\"modula-item-overlay\"><\/div>\n\n\t<div class=\"modula-item-content\">\n\n\t\t<a data-image-id=\"979\" role=\"button\" tabindex=\"0\" rel=\"jtg-355\" data-caption=\"Ambiance festive et danse de mariage au Domaine La Tour, pr\u00e8s de Sault et du Mont Ventoux.\" aria-label=\"Open image in lightbox\" class=\"tile-inner modula-item-link\"><\/a><img loading=\"lazy\" decoding=\"async\" class=\"pic wp-image-979\"  data-valign=\"middle\" data-halign=\"center\" alt=\"Ambiance festive et danse de mariage au Domaine La Tour, pr\u00e8s de Sault et du Mont Ventoux.\" data-full=\"https:\/\/florianfrison.com\/wp-content\/uploads\/2026\/01\/MariageFlotographie-2092.avif\" title=\"Soiree-Mariage-Domaine-La-Tour-Sault-Ventoux\" crop=\"\" width=\"1536\" height=\"1024\" src=\"https:\/\/florianfrison.com\/wp-content\/uploads\/2026\/01\/MariageFlotographie-2092.avif\" data-src=\"https:\/\/florianfrison.com\/wp-content\/uploads\/2026\/01\/MariageFlotographie-2092.avif\" data-caption=\"Ambiance festive et danse de mariage au Domaine La Tour, pr\u00e8s de Sault et du Mont Ventoux.\"\/>\n\t\t<div class=\"figc\">\n\t\t\t<div class=\"figc-inner\">\n\t\t\t\t\t\t\t\t\t\t\t\t\t<div class=\"jtg-description\">Ambiance festive et danse de mariage au Domaine La Tour, pr\u00e8s de Sault et du Mont Ventoux.<\/div>\n\t\t\t\t\t\t\t\t\t\t\t<\/div>\n\t\t<\/div>\n\n\t<\/div>\n\n<\/div><div class=\"modula-item effect-pufrobo\" >\n\t<div class=\"modula-item-overlay\"><\/div>\n\n\t<div class=\"modula-item-content\">\n\n\t\t<a data-image-id=\"1170\" role=\"button\" tabindex=\"0\" rel=\"jtg-355\" data-caption=\"Reportage de Mariage \u00e0 Saint-Jeoire-Prieur\u00e9 et Jacob-Bellecombette\" aria-label=\"Open image in lightbox\" class=\"tile-inner modula-item-link\"><\/a><img loading=\"lazy\" decoding=\"async\" class=\"pic wp-image-1170\"  data-valign=\"middle\" data-halign=\"center\" alt=\"Reportage de Mariage \u00e0 Saint-Jeoire-Prieur\u00e9 et Jacob-Bellecombette\" data-full=\"https:\/\/florianfrison.com\/wp-content\/uploads\/2026\/04\/MariageSiradaDamienFlorianFrison26-2153.avif\" title=\"MariageSirada&amp;amp;DamienFlorianFrison26-2153\" crop=\"\" width=\"1536\" height=\"1024\" src=\"https:\/\/florianfrison.com\/wp-content\/uploads\/2026\/04\/MariageSiradaDamienFlorianFrison26-2153.avif\" data-src=\"https:\/\/florianfrison.com\/wp-content\/uploads\/2026\/04\/MariageSiradaDamienFlorianFrison26-2153.avif\" data-caption=\"Reportage de Mariage \u00e0 Saint-Jeoire-Prieur\u00e9 et Jacob-Bellecombette\"\/>\n\t\t<div class=\"figc\">\n\t\t\t<div class=\"figc-inner\">\n\t\t\t\t\t\t\t\t\t\t\t\t\t<div class=\"jtg-description\">Reportage de Mariage \u00e0 Saint-Jeoire-Prieur\u00e9 et Jacob-Bellecombette<\/div>\n\t\t\t\t\t\t\t\t\t\t\t<\/div>\n\t\t<\/div>\n\n\t<\/div>\n\n<\/div><div class=\"modula-item effect-pufrobo\" >\n\t<div class=\"modula-item-overlay\"><\/div>\n\n\t<div class=\"modula-item-content\">\n\n\t\t<a data-image-id=\"161\" role=\"button\" tabindex=\"0\" rel=\"jtg-355\" data-caption=\"Ambiance festive et danse de mariage au Domaine La Tour, pr\u00e8s de Sault et du Mont Ventoux.\" aria-label=\"Open image in lightbox\" class=\"tile-inner modula-item-link\"><\/a><img loading=\"lazy\" decoding=\"async\" class=\"pic wp-image-161\"  data-valign=\"middle\" data-halign=\"center\" alt=\"Ambiance festive et danse de mariage au Domaine La Tour, pr\u00e8s de Sault et du Mont Ventoux.\" data-full=\"https:\/\/florianfrison.com\/wp-content\/uploads\/2025\/11\/MariageFlotographie-3716_lwsoptimized.avif\" title=\"Soiree-Mariage-Domaine-La-Tour-Sault-Ventoux\" crop=\"\" width=\"1536\" height=\"1022\" src=\"https:\/\/florianfrison.com\/wp-content\/uploads\/2025\/11\/MariageFlotographie-3716_lwsoptimized.avif\" data-src=\"https:\/\/florianfrison.com\/wp-content\/uploads\/2025\/11\/MariageFlotographie-3716_lwsoptimized.avif\" data-caption=\"Ambiance festive et danse de mariage au Domaine La Tour, pr\u00e8s de Sault et du Mont Ventoux.\"\/>\n\t\t<div class=\"figc\">\n\t\t\t<div class=\"figc-inner\">\n\t\t\t\t\t\t\t\t\t\t\t\t\t<div class=\"jtg-description\">Ambiance festive et danse de mariage au Domaine La Tour, pr\u00e8s de Sault et du Mont Ventoux.<\/div>\n\t\t\t\t\t\t\t\t\t\t\t<\/div>\n\t\t<\/div>\n\n\t<\/div>\n\n<\/div><div class=\"modula-item effect-pufrobo\" >\n\t<div class=\"modula-item-overlay\"><\/div>\n\n\t<div class=\"modula-item-content\">\n\n\t\t<a data-image-id=\"1196\" role=\"button\" tabindex=\"0\" rel=\"jtg-355\" data-caption=\"Reportage de Mariage \u00e0 Saint-Jeoire-Prieur\u00e9 et Jacob-Bellecombette\" aria-label=\"Open image in lightbox\" class=\"tile-inner modula-item-link\"><\/a><img loading=\"lazy\" decoding=\"async\" class=\"pic wp-image-1196\"  data-valign=\"middle\" data-halign=\"center\" alt=\"Reportage de Mariage \u00e0 Saint-Jeoire-Prieur\u00e9 et Jacob-Bellecombette\" data-full=\"https:\/\/florianfrison.com\/wp-content\/uploads\/2026\/04\/MariageSiradaDamienFlorianFrison26-4535.avif\" title=\"MariageSirada&amp;amp;DamienFlorianFrison26-4535\" crop=\"\" width=\"1536\" height=\"1024\" src=\"https:\/\/florianfrison.com\/wp-content\/uploads\/2026\/04\/MariageSiradaDamienFlorianFrison26-4535.avif\" data-src=\"https:\/\/florianfrison.com\/wp-content\/uploads\/2026\/04\/MariageSiradaDamienFlorianFrison26-4535.avif\" data-caption=\"Reportage de Mariage \u00e0 Saint-Jeoire-Prieur\u00e9 et Jacob-Bellecombette\"\/>\n\t\t<div class=\"figc\">\n\t\t\t<div class=\"figc-inner\">\n\t\t\t\t\t\t\t\t\t\t\t\t\t<div class=\"jtg-description\">Reportage de Mariage \u00e0 Saint-Jeoire-Prieur\u00e9 et Jacob-Bellecombette<\/div>\n\t\t\t\t\t\t\t\t\t\t\t<\/div>\n\t\t<\/div>\n\n\t<\/div>\n\n<\/div><div class=\"modula-item effect-pufrobo\" >\n\t<div class=\"modula-item-overlay\"><\/div>\n\n\t<div class=\"modula-item-content\">\n\n\t\t<a data-image-id=\"438\" role=\"button\" tabindex=\"0\" rel=\"jtg-355\" data-caption=\"Entr\u00e9e rayonnante des mari\u00e9s dans la salle de r\u00e9ception. Un moment de joie pure lors d&#039;un mariage authentique dans le Gard, pr\u00e8s de N\u00eemes.\" aria-label=\"Open image in lightbox\" class=\"tile-inner modula-item-link\"><\/a><img loading=\"lazy\" decoding=\"async\" class=\"pic wp-image-438\"  data-valign=\"middle\" data-halign=\"center\" alt=\"Entr\u00e9e rayonnante des mari\u00e9s dans la salle de r\u00e9ception. Un moment de joie pure lors d&#039;un mariage authentique dans le Gard, pr\u00e8s de N\u00eemes.\" data-full=\"https:\/\/florianfrison.com\/wp-content\/uploads\/2025\/12\/MariageFlotographie-4217_lwsoptimized.avif\" title=\"Entree-Salle-Mariage-Gard-Nimes-Emotion\" crop=\"\" width=\"1536\" height=\"1022\" src=\"https:\/\/florianfrison.com\/wp-content\/uploads\/2025\/12\/MariageFlotographie-4217_lwsoptimized.avif\" data-src=\"https:\/\/florianfrison.com\/wp-content\/uploads\/2025\/12\/MariageFlotographie-4217_lwsoptimized.avif\" data-caption=\"Entr\u00e9e rayonnante des mari\u00e9s dans la salle de r\u00e9ception. Un moment de joie pure lors d&#039;un mariage authentique dans le Gard, pr\u00e8s de N\u00eemes.\"\/>\n\t\t<div class=\"figc\">\n\t\t\t<div class=\"figc-inner\">\n\t\t\t\t\t\t\t\t\t\t\t\t\t<div class=\"jtg-description\">Entr\u00e9e rayonnante des mari\u00e9s dans la salle de r\u00e9ception. Un moment de joie pure lors d'un mariage authentique dans le Gard, pr\u00e8s de N\u00eemes.<\/div>\n\t\t\t\t\t\t\t\t\t\t\t<\/div>\n\t\t<\/div>\n\n\t<\/div>\n\n<\/div><div class=\"modula-item effect-pufrobo\" >\n\t<div class=\"modula-item-overlay\"><\/div>\n\n\t<div class=\"modula-item-content\">\n\n\t\t<a data-image-id=\"1177\" role=\"button\" tabindex=\"0\" rel=\"jtg-355\" data-caption=\"Reportage de Mariage \u00e0 Saint-Jeoire-Prieur\u00e9 et Jacob-Bellecombette\" aria-label=\"Open image in lightbox\" class=\"tile-inner modula-item-link\"><\/a><img loading=\"lazy\" decoding=\"async\" class=\"pic wp-image-1177\"  data-valign=\"middle\" data-halign=\"center\" alt=\"Reportage de Mariage \u00e0 Saint-Jeoire-Prieur\u00e9 et Jacob-Bellecombette\" data-full=\"https:\/\/florianfrison.com\/wp-content\/uploads\/2026\/04\/MariageSiradaDamienFlorianFrison26-2460.webp\" title=\"MariageSirada&amp;amp;DamienFlorianFrison26-2460\" crop=\"\" width=\"1536\" height=\"1024\" src=\"https:\/\/florianfrison.com\/wp-content\/uploads\/2026\/04\/MariageSiradaDamienFlorianFrison26-2460-1536x1024.webp\" data-src=\"https:\/\/florianfrison.com\/wp-content\/uploads\/2026\/04\/MariageSiradaDamienFlorianFrison26-2460-1536x1024.webp\" data-caption=\"Reportage de Mariage \u00e0 Saint-Jeoire-Prieur\u00e9 et Jacob-Bellecombette\" srcset=\"https:\/\/florianfrison.com\/wp-content\/uploads\/2026\/04\/MariageSiradaDamienFlorianFrison26-2460.webp 1536w, https:\/\/florianfrison.com\/wp-content\/uploads\/2026\/04\/MariageSiradaDamienFlorianFrison26-2460-1280x853.webp 1280w, https:\/\/florianfrison.com\/wp-content\/uploads\/2026\/04\/MariageSiradaDamienFlorianFrison26-2460-980x653.webp 980w, https:\/\/florianfrison.com\/wp-content\/uploads\/2026\/04\/MariageSiradaDamienFlorianFrison26-2460-480x320.webp 480w\" sizes=\"(min-width: 0px) and (max-width: 480px) 480px, (min-width: 481px) and (max-width: 980px) 980px, (min-width: 981px) and (max-width: 1280px) 1280px, (min-width: 1281px) 1536px, 100vw\" \/>\n\t\t<div class=\"figc\">\n\t\t\t<div class=\"figc-inner\">\n\t\t\t\t\t\t\t\t\t\t\t\t\t<div class=\"jtg-description\">Reportage de Mariage \u00e0 Saint-Jeoire-Prieur\u00e9 et Jacob-Bellecombette<\/div>\n\t\t\t\t\t\t\t\t\t\t\t<\/div>\n\t\t<\/div>\n\n\t<\/div>\n\n<\/div><div class=\"modula-item effect-pufrobo\" >\n\t<div class=\"modula-item-overlay\"><\/div>\n\n\t<div class=\"modula-item-content\">\n\n\t\t<a data-image-id=\"435\" role=\"button\" tabindex=\"0\" rel=\"jtg-355\" data-caption=\"S\u00e9ance couple lors d&#039;un mariage authentique dans le Gard, pr\u00e8s de N\u00eemes.\" aria-label=\"Open image in lightbox\" class=\"tile-inner modula-item-link\"><\/a><img loading=\"lazy\" decoding=\"async\" class=\"pic wp-image-435\"  data-valign=\"middle\" data-halign=\"center\" alt=\"S\u00e9ance couple lors d&#039;un mariage authentique dans le Gard, pr\u00e8s de N\u00eemes.\" data-full=\"https:\/\/florianfrison.com\/wp-content\/uploads\/2025\/12\/MariageFlotographie-4027_lwsoptimized.webp\" title=\"S\u00e9ance-Couple-Mariage-Gard-Nimes-Emotion\" crop=\"\" width=\"1022\" height=\"1536\" src=\"https:\/\/florianfrison.com\/wp-content\/uploads\/2025\/12\/MariageFlotographie-4027_lwsoptimized-1022x1536.webp\" data-src=\"https:\/\/florianfrison.com\/wp-content\/uploads\/2025\/12\/MariageFlotographie-4027_lwsoptimized-1022x1536.webp\" data-caption=\"S\u00e9ance couple lors d&#039;un mariage authentique dans le Gard, pr\u00e8s de N\u00eemes.\" srcset=\"https:\/\/florianfrison.com\/wp-content\/uploads\/2025\/12\/MariageFlotographie-4027_lwsoptimized.webp 1331w, https:\/\/florianfrison.com\/wp-content\/uploads\/2025\/12\/MariageFlotographie-4027_lwsoptimized-200x300.webp 200w, https:\/\/florianfrison.com\/wp-content\/uploads\/2025\/12\/MariageFlotographie-4027_lwsoptimized-681x1024.webp 681w, https:\/\/florianfrison.com\/wp-content\/uploads\/2025\/12\/MariageFlotographie-4027_lwsoptimized-768x1154.webp 768w, https:\/\/florianfrison.com\/wp-content\/uploads\/2025\/12\/MariageFlotographie-4027_lwsoptimized-1022x1536.webp 1022w, https:\/\/florianfrison.com\/wp-content\/uploads\/2025\/12\/MariageFlotographie-4027_lwsoptimized-8x12.webp 8w, https:\/\/florianfrison.com\/wp-content\/uploads\/2025\/12\/MariageFlotographie-4027_lwsoptimized-610x917.webp 610w, https:\/\/florianfrison.com\/wp-content\/uploads\/2025\/12\/MariageFlotographie-4027_lwsoptimized-1080x1623.webp 1080w, https:\/\/florianfrison.com\/wp-content\/uploads\/2025\/12\/MariageFlotographie-4027_lwsoptimized-1280x1923.webp 1280w, https:\/\/florianfrison.com\/wp-content\/uploads\/2025\/12\/MariageFlotographie-4027_lwsoptimized-980x1473.webp 980w, https:\/\/florianfrison.com\/wp-content\/uploads\/2025\/12\/MariageFlotographie-4027_lwsoptimized-480x721.webp 480w\" sizes=\"(max-width: 1022px) 100vw, 1022px\" \/>\n\t\t<div class=\"figc\">\n\t\t\t<div class=\"figc-inner\">\n\t\t\t\t\t\t\t\t\t\t\t\t\t<div class=\"jtg-description\">S\u00e9ance couple lors d'un mariage authentique dans le Gard, pr\u00e8s de N\u00eemes.<\/div>\n\t\t\t\t\t\t\t\t\t\t\t<\/div>\n\t\t<\/div>\n\n\t<\/div>\n\n<\/div><div class=\"modula-item effect-pufrobo\" >\n\t<div class=\"modula-item-overlay\"><\/div>\n\n\t<div class=\"modula-item-content\">\n\n\t\t<a data-image-id=\"1175\" role=\"button\" tabindex=\"0\" rel=\"jtg-355\" data-caption=\"Reportage de Mariage \u00e0 Saint-Jeoire-Prieur\u00e9 et Jacob-Bellecombette\" aria-label=\"Open image in lightbox\" class=\"tile-inner modula-item-link\"><\/a><img loading=\"lazy\" decoding=\"async\" class=\"pic wp-image-1175\"  data-valign=\"middle\" data-halign=\"center\" alt=\"Reportage de Mariage \u00e0 Saint-Jeoire-Prieur\u00e9 et Jacob-Bellecombette\" data-full=\"https:\/\/florianfrison.com\/wp-content\/uploads\/2026\/04\/MariageSiradaDamienFlorianFrison26-2309.avif\" title=\"MariageSirada&amp;amp;DamienFlorianFrison26-2309\" crop=\"\" width=\"1536\" height=\"1024\" src=\"https:\/\/florianfrison.com\/wp-content\/uploads\/2026\/04\/MariageSiradaDamienFlorianFrison26-2309.avif\" data-src=\"https:\/\/florianfrison.com\/wp-content\/uploads\/2026\/04\/MariageSiradaDamienFlorianFrison26-2309.avif\" data-caption=\"Reportage de Mariage \u00e0 Saint-Jeoire-Prieur\u00e9 et Jacob-Bellecombette\"\/>\n\t\t<div class=\"figc\">\n\t\t\t<div class=\"figc-inner\">\n\t\t\t\t\t\t\t\t\t\t\t\t\t<div class=\"jtg-description\">Reportage de Mariage \u00e0 Saint-Jeoire-Prieur\u00e9 et Jacob-Bellecombette<\/div>\n\t\t\t\t\t\t\t\t\t\t\t<\/div>\n\t\t<\/div>\n\n\t<\/div>\n\n<\/div><div class=\"modula-item effect-pufrobo\" >\n\t<div class=\"modula-item-overlay\"><\/div>\n\n\t<div class=\"modula-item-content\">\n\n\t\t<a data-image-id=\"1195\" role=\"button\" tabindex=\"0\" rel=\"jtg-355\" data-caption=\"Reportage de Mariage \u00e0 Saint-Jeoire-Prieur\u00e9 et Jacob-Bellecombette\" aria-label=\"Open image in lightbox\" class=\"tile-inner modula-item-link\"><\/a><img loading=\"lazy\" decoding=\"async\" class=\"pic wp-image-1195\"  data-valign=\"middle\" data-halign=\"center\" alt=\"Reportage de Mariage \u00e0 Saint-Jeoire-Prieur\u00e9 et Jacob-Bellecombette\" data-full=\"https:\/\/florianfrison.com\/wp-content\/uploads\/2026\/04\/MariageSiradaDamienFlorianFrison26-4461.webp\" title=\"MariageSirada&amp;amp;DamienFlorianFrison26-4461\" crop=\"\" width=\"1536\" height=\"1024\" src=\"https:\/\/florianfrison.com\/wp-content\/uploads\/2026\/04\/MariageSiradaDamienFlorianFrison26-4461-1536x1024.webp\" data-src=\"https:\/\/florianfrison.com\/wp-content\/uploads\/2026\/04\/MariageSiradaDamienFlorianFrison26-4461-1536x1024.webp\" data-caption=\"Reportage de Mariage \u00e0 Saint-Jeoire-Prieur\u00e9 et Jacob-Bellecombette\" srcset=\"https:\/\/florianfrison.com\/wp-content\/uploads\/2026\/04\/MariageSiradaDamienFlorianFrison26-4461.webp 1536w, https:\/\/florianfrison.com\/wp-content\/uploads\/2026\/04\/MariageSiradaDamienFlorianFrison26-4461-1280x853.webp 1280w, https:\/\/florianfrison.com\/wp-content\/uploads\/2026\/04\/MariageSiradaDamienFlorianFrison26-4461-980x653.webp 980w, https:\/\/florianfrison.com\/wp-content\/uploads\/2026\/04\/MariageSiradaDamienFlorianFrison26-4461-480x320.webp 480w\" sizes=\"(min-width: 0px) and (max-width: 480px) 480px, (min-width: 481px) and (max-width: 980px) 980px, (min-width: 981px) and (max-width: 1280px) 1280px, (min-width: 1281px) 1536px, 100vw\" \/>\n\t\t<div class=\"figc\">\n\t\t\t<div class=\"figc-inner\">\n\t\t\t\t\t\t\t\t\t\t\t\t\t<div class=\"jtg-description\">Reportage de Mariage \u00e0 Saint-Jeoire-Prieur\u00e9 et Jacob-Bellecombette<\/div>\n\t\t\t\t\t\t\t\t\t\t\t<\/div>\n\t\t<\/div>\n\n\t<\/div>\n\n<\/div><div class=\"modula-item effect-pufrobo\" >\n\t<div class=\"modula-item-overlay\"><\/div>\n\n\t<div class=\"modula-item-content\">\n\n\t\t<a data-image-id=\"980\" role=\"button\" tabindex=\"0\" rel=\"jtg-355\" data-caption=\"Portrait sur le vif du mari\u00e9 souriant lors d&#039;une c\u00e9r\u00e9monie de mariage \u00e0 la mairie de Sault, au pied du Mont Ventoux.\" aria-label=\"Open image in lightbox\" class=\"tile-inner modula-item-link\"><\/a><img loading=\"lazy\" decoding=\"async\" class=\"pic wp-image-980\"  data-valign=\"middle\" data-halign=\"center\" alt=\"Portrait sur le vif du mari\u00e9 souriant lors d&#039;une c\u00e9r\u00e9monie de mariage \u00e0 la mairie de Sault, au pied du Mont Ventoux.\" data-full=\"https:\/\/florianfrison.com\/wp-content\/uploads\/2026\/01\/MariageFlotographie-9908.avif\" title=\"Mari\u00e9-Mariage-Sourire-Mairie-Sault-Ventoux\" crop=\"\" width=\"1536\" height=\"1024\" src=\"https:\/\/florianfrison.com\/wp-content\/uploads\/2026\/01\/MariageFlotographie-9908.avif\" data-src=\"https:\/\/florianfrison.com\/wp-content\/uploads\/2026\/01\/MariageFlotographie-9908.avif\" data-caption=\"Portrait sur le vif du mari\u00e9 souriant lors d&#039;une c\u00e9r\u00e9monie de mariage \u00e0 la mairie de Sault, au pied du Mont Ventoux.\"\/>\n\t\t<div class=\"figc\">\n\t\t\t<div class=\"figc-inner\">\n\t\t\t\t\t\t\t\t\t\t\t\t\t<div class=\"jtg-description\">Portrait sur le vif du mari\u00e9 souriant lors d'une c\u00e9r\u00e9monie de mariage \u00e0 la mairie de Sault, au pied du Mont Ventoux.<\/div>\n\t\t\t\t\t\t\t\t\t\t\t<\/div>\n\t\t<\/div>\n\n\t<\/div>\n\n<\/div><div class=\"modula-item effect-pufrobo\" >\n\t<div class=\"modula-item-overlay\"><\/div>\n\n\t<div class=\"modula-item-content\">\n\n\t\t<a data-image-id=\"180\" role=\"button\" tabindex=\"0\" rel=\"jtg-355\" data-caption=\"D\u00e9tail des mains et des alliances lors de la b\u00e9n\u00e9diction religieuse dans une petite \u00e9glise de village au-dessus de Sault.\" aria-label=\"Open image in lightbox\" class=\"tile-inner modula-item-link\"><\/a><img loading=\"lazy\" decoding=\"async\" class=\"pic wp-image-180\"  data-valign=\"middle\" data-halign=\"center\" alt=\"D\u00e9tail des mains et des alliances lors de la b\u00e9n\u00e9diction religieuse dans une petite \u00e9glise de village au-dessus de Sault.\" data-full=\"https:\/\/florianfrison.com\/wp-content\/uploads\/2025\/11\/MariageFlotographie-0305_lwsoptimized.avif\" title=\"Echange-Alliances-Eglise-Village-Sault-Ventoux\" crop=\"\" width=\"1536\" height=\"1024\" src=\"https:\/\/florianfrison.com\/wp-content\/uploads\/2025\/11\/MariageFlotographie-0305_lwsoptimized.avif\" data-src=\"https:\/\/florianfrison.com\/wp-content\/uploads\/2025\/11\/MariageFlotographie-0305_lwsoptimized.avif\" data-caption=\"D\u00e9tail des mains et des alliances lors de la b\u00e9n\u00e9diction religieuse dans une petite \u00e9glise de village au-dessus de Sault.\"\/>\n\t\t<div class=\"figc\">\n\t\t\t<div class=\"figc-inner\">\n\t\t\t\t\t\t\t\t\t\t\t\t\t<div class=\"jtg-description\">D\u00e9tail des mains et des alliances lors de la b\u00e9n\u00e9diction religieuse dans une petite \u00e9glise de village au-dessus de Sault.<\/div>\n\t\t\t\t\t\t\t\t\t\t\t<\/div>\n\t\t<\/div>\n\n\t<\/div>\n\n<\/div><div class=\"modula-item effect-pufrobo\" >\n\t<div class=\"modula-item-overlay\"><\/div>\n\n\t<div class=\"modula-item-content\">\n\n\t\t<a data-image-id=\"452\" role=\"button\" tabindex=\"0\" rel=\"jtg-355\" data-caption=\"Mariage Ch\u00e2teauMari\u00e9e tenant la main de son \u00e9poux de nuit au Ch\u00e2teau La Beaumetane - Florian Frison Photographe Mariage Provence. La Beaumetane\" aria-label=\"Open image in lightbox\" class=\"tile-inner modula-item-link\"><\/a><img loading=\"lazy\" decoding=\"async\" class=\"pic wp-image-452\"  data-valign=\"middle\" data-halign=\"center\" alt=\"Mari\u00e9e tenant la main de son \u00e9poux de nuit au Ch\u00e2teau La Beaumetane - Florian Frison Photographe Mariage Provence.\" data-full=\"https:\/\/florianfrison.com\/wp-content\/uploads\/2025\/12\/MariageFlotographie-8570_lwsoptimized.avif\" title=\"Mariage Ch\u00e2teau La Beaumetane\" crop=\"\" width=\"1536\" height=\"1024\" src=\"https:\/\/florianfrison.com\/wp-content\/uploads\/2025\/12\/MariageFlotographie-8570_lwsoptimized.avif\" data-src=\"https:\/\/florianfrison.com\/wp-content\/uploads\/2025\/12\/MariageFlotographie-8570_lwsoptimized.avif\" data-caption=\"Mariage Ch\u00e2teauMari\u00e9e tenant la main de son \u00e9poux de nuit au Ch\u00e2teau La Beaumetane - Florian Frison Photographe Mariage Provence. La Beaumetane\"\/>\n\t\t<div class=\"figc\">\n\t\t\t<div class=\"figc-inner\">\n\t\t\t\t\t\t\t\t\t\t\t\t\t<div class=\"jtg-description\">Mariage Ch\u00e2teauMari\u00e9e tenant la main de son \u00e9poux de nuit au Ch\u00e2teau La Beaumetane - Florian Frison Photographe Mariage Provence. La Beaumetane<\/div>\n\t\t\t\t\t\t\t\t\t\t\t<\/div>\n\t\t<\/div>\n\n\t<\/div>\n\n<\/div><div class=\"modula-item effect-pufrobo\" >\n\t<div class=\"modula-item-overlay\"><\/div>\n\n\t<div class=\"modula-item-content\">\n\n\t\t<a data-image-id=\"432\" role=\"button\" tabindex=\"0\" rel=\"jtg-355\" data-caption=\"D\u00e9coration lors d&#039;une c\u00e9r\u00e9monie traditionnelle de mariage cambodgien \u00e0 l&#039;H\u00f4tel Aquabella, Aix-en-Provence.\" aria-label=\"Open image in lightbox\" class=\"tile-inner modula-item-link\"><\/a><img loading=\"lazy\" decoding=\"async\" class=\"pic wp-image-432\"  data-valign=\"middle\" data-halign=\"center\" alt=\"D\u00e9coration lors d&#039;une c\u00e9r\u00e9monie traditionnelle de mariage cambodgien \u00e0 l&#039;H\u00f4tel Aquabella, Aix-en-Provence.\" data-full=\"https:\/\/florianfrison.com\/wp-content\/uploads\/2025\/12\/MariageFlotographie-2999_lwsoptimized.avif\" title=\"Mariage-Cambodgien-Aix-en-Provence-Hotel-Aquabella\" crop=\"\" width=\"1022\" height=\"1536\" src=\"https:\/\/florianfrison.com\/wp-content\/uploads\/2025\/12\/MariageFlotographie-2999_lwsoptimized.avif\" data-src=\"https:\/\/florianfrison.com\/wp-content\/uploads\/2025\/12\/MariageFlotographie-2999_lwsoptimized.avif\" data-caption=\"D\u00e9coration lors d&#039;une c\u00e9r\u00e9monie traditionnelle de mariage cambodgien \u00e0 l&#039;H\u00f4tel Aquabella, Aix-en-Provence.\"\/>\n\t\t<div class=\"figc\">\n\t\t\t<div class=\"figc-inner\">\n\t\t\t\t\t\t\t\t\t\t\t\t\t<div class=\"jtg-description\">D\u00e9coration lors d'une c\u00e9r\u00e9monie traditionnelle de mariage cambodgien \u00e0 l'H\u00f4tel Aquabella, Aix-en-Provence.<\/div>\n\t\t\t\t\t\t\t\t\t\t\t<\/div>\n\t\t<\/div>\n\n\t<\/div>\n\n<\/div><div class=\"modula-item effect-pufrobo\" >\n\t<div class=\"modula-item-overlay\"><\/div>\n\n\t<div class=\"modula-item-content\">\n\n\t\t<a data-image-id=\"461\" role=\"button\" tabindex=\"0\" rel=\"jtg-355\" data-caption=\"Portrait sur le vif d&#039;une invit\u00e9e souriant lors d&#039;une c\u00e9r\u00e9monie de mariage \u00e0 la mairie de Sault, au pied du Mont Ventoux.\" aria-label=\"Open image in lightbox\" class=\"tile-inner modula-item-link\"><\/a><img loading=\"lazy\" decoding=\"async\" class=\"pic wp-image-461\"  data-valign=\"middle\" data-halign=\"center\" alt=\"Portrait sur le vif d&#039;une invit\u00e9e souriant lors d&#039;une c\u00e9r\u00e9monie de mariage \u00e0 la mairie de Sault, au pied du Mont Ventoux.\" data-full=\"https:\/\/florianfrison.com\/wp-content\/uploads\/2025\/12\/MariageFlotographie-9960_lwsoptimized.avif\" title=\"Invit\u00e9e-Mariage-Sourire-Mairie-Sault-Ventoux\" crop=\"\" width=\"1536\" height=\"1024\" src=\"https:\/\/florianfrison.com\/wp-content\/uploads\/2025\/12\/MariageFlotographie-9960_lwsoptimized.avif\" data-src=\"https:\/\/florianfrison.com\/wp-content\/uploads\/2025\/12\/MariageFlotographie-9960_lwsoptimized.avif\" data-caption=\"Portrait sur le vif d&#039;une invit\u00e9e souriant lors d&#039;une c\u00e9r\u00e9monie de mariage \u00e0 la mairie de Sault, au pied du Mont Ventoux.\"\/>\n\t\t<div class=\"figc\">\n\t\t\t<div class=\"figc-inner\">\n\t\t\t\t\t\t\t\t\t\t\t\t\t<div class=\"jtg-description\">Portrait sur le vif d'une invit\u00e9e souriant lors d'une c\u00e9r\u00e9monie de mariage \u00e0 la mairie de Sault, au pied du Mont Ventoux.<\/div>\n\t\t\t\t\t\t\t\t\t\t\t<\/div>\n\t\t<\/div>\n\n\t<\/div>\n\n<\/div><div class=\"modula-item effect-pufrobo\" >\n\t<div class=\"modula-item-overlay\"><\/div>\n\n\t<div class=\"modula-item-content\">\n\n\t\t<a data-image-id=\"1164\" role=\"button\" tabindex=\"0\" rel=\"jtg-355\" data-caption=\"Reportage de Mariage \u00e0 Saint-Jeoire-Prieur\u00e9 et Jacob-Bellecombette\" aria-label=\"Open image in lightbox\" class=\"tile-inner modula-item-link\"><\/a><img loading=\"lazy\" decoding=\"async\" class=\"pic wp-image-1164\"  data-valign=\"middle\" data-halign=\"center\" alt=\"Reportage de Mariage \u00e0 Saint-Jeoire-Prieur\u00e9 et Jacob-Bellecombette\" data-full=\"https:\/\/florianfrison.com\/wp-content\/uploads\/2026\/04\/MariageSiradaDamienFlorianFrison26-2039.avif\" title=\"MariageSirada&amp;amp;DamienFlorianFrison26-2039\" crop=\"\" width=\"1536\" height=\"1024\" src=\"https:\/\/florianfrison.com\/wp-content\/uploads\/2026\/04\/MariageSiradaDamienFlorianFrison26-2039.avif\" data-src=\"https:\/\/florianfrison.com\/wp-content\/uploads\/2026\/04\/MariageSiradaDamienFlorianFrison26-2039.avif\" data-caption=\"Reportage de Mariage \u00e0 Saint-Jeoire-Prieur\u00e9 et Jacob-Bellecombette\"\/>\n\t\t<div class=\"figc\">\n\t\t\t<div class=\"figc-inner\">\n\t\t\t\t\t\t\t\t\t\t\t\t\t<div class=\"jtg-description\">Reportage de Mariage \u00e0 Saint-Jeoire-Prieur\u00e9 et Jacob-Bellecombette<\/div>\n\t\t\t\t\t\t\t\t\t\t\t<\/div>\n\t\t<\/div>\n\n\t<\/div>\n\n<\/div><div class=\"modula-item effect-pufrobo\" >\n\t<div class=\"modula-item-overlay\"><\/div>\n\n\t<div class=\"modula-item-content\">\n\n\t\t<a data-image-id=\"769\" role=\"button\" tabindex=\"0\" rel=\"jtg-355\" data-caption=\"Invit\u00e9s mariage russe ambiance festive soir\u00e9e dansante Ch\u00e2teau la Beaumetane Lan\u00e7on-Provence.\" aria-label=\"Open image in lightbox\" class=\"tile-inner modula-item-link\"><\/a><img loading=\"lazy\" decoding=\"async\" class=\"pic wp-image-769\"  data-valign=\"middle\" data-halign=\"center\" alt=\"Invit\u00e9s mariage russe ambiance festive soir\u00e9e dansante Ch\u00e2teau la Beaumetane Lan\u00e7on-Provence.\" data-full=\"https:\/\/florianfrison.com\/wp-content\/uploads\/2025\/12\/MariageFlotographie-9611_lwsoptimized.avif\" title=\"MariageFlotographie-9611\" crop=\"\" width=\"1536\" height=\"1024\" src=\"https:\/\/florianfrison.com\/wp-content\/uploads\/2025\/12\/MariageFlotographie-9611_lwsoptimized.avif\" data-src=\"https:\/\/florianfrison.com\/wp-content\/uploads\/2025\/12\/MariageFlotographie-9611_lwsoptimized.avif\" data-caption=\"Invit\u00e9s mariage russe ambiance festive soir\u00e9e dansante Ch\u00e2teau la Beaumetane Lan\u00e7on-Provence.\"\/>\n\t\t<div class=\"figc\">\n\t\t\t<div class=\"figc-inner\">\n\t\t\t\t\t\t\t\t\t\t\t\t\t<div class=\"jtg-description\">Invit\u00e9s mariage russe ambiance festive soir\u00e9e dansante Ch\u00e2teau la Beaumetane Lan\u00e7on-Provence.<\/div>\n\t\t\t\t\t\t\t\t\t\t\t<\/div>\n\t\t<\/div>\n\n\t<\/div>\n\n<\/div><div class=\"modula-item effect-pufrobo\" >\n\t<div class=\"modula-item-overlay\"><\/div>\n\n\t<div class=\"modula-item-content\">\n\n\t\t<a data-image-id=\"1206\" role=\"button\" tabindex=\"0\" rel=\"jtg-355\" data-caption=\"Reportage de Mariage \u00e0 Saint-Jeoire-Prieur\u00e9 et Jacob-Bellecombette\" aria-label=\"Open image in lightbox\" class=\"tile-inner modula-item-link\"><\/a><img loading=\"lazy\" decoding=\"async\" class=\"pic wp-image-1206\"  data-valign=\"middle\" data-halign=\"center\" alt=\"Reportage de Mariage \u00e0 Saint-Jeoire-Prieur\u00e9 et Jacob-Bellecombette\" data-full=\"https:\/\/florianfrison.com\/wp-content\/uploads\/2026\/04\/MariageSiradaDamienFlorianFrison26-5009.avif\" title=\"MariageSirada&amp;amp;DamienFlorianFrison26-5009\" crop=\"\" width=\"1536\" height=\"1024\" src=\"https:\/\/florianfrison.com\/wp-content\/uploads\/2026\/04\/MariageSiradaDamienFlorianFrison26-5009.avif\" data-src=\"https:\/\/florianfrison.com\/wp-content\/uploads\/2026\/04\/MariageSiradaDamienFlorianFrison26-5009.avif\" data-caption=\"Reportage de Mariage \u00e0 Saint-Jeoire-Prieur\u00e9 et Jacob-Bellecombette\"\/>\n\t\t<div class=\"figc\">\n\t\t\t<div class=\"figc-inner\">\n\t\t\t\t\t\t\t\t\t\t\t\t\t<div class=\"jtg-description\">Reportage de Mariage \u00e0 Saint-Jeoire-Prieur\u00e9 et Jacob-Bellecombette<\/div>\n\t\t\t\t\t\t\t\t\t\t\t<\/div>\n\t\t<\/div>\n\n\t<\/div>\n\n<\/div><div class=\"modula-item effect-pufrobo\" >\n\t<div class=\"modula-item-overlay\"><\/div>\n\n\t<div class=\"modula-item-content\">\n\n\t\t<a data-image-id=\"1207\" role=\"button\" tabindex=\"0\" rel=\"jtg-355\" data-caption=\"Reportage de Mariage \u00e0 Saint-Jeoire-Prieur\u00e9 et Jacob-Bellecombette\" aria-label=\"Open image in lightbox\" class=\"tile-inner modula-item-link\"><\/a><img loading=\"lazy\" decoding=\"async\" class=\"pic wp-image-1207\"  data-valign=\"middle\" data-halign=\"center\" alt=\"Reportage de Mariage \u00e0 Saint-Jeoire-Prieur\u00e9 et Jacob-Bellecombette\" data-full=\"https:\/\/florianfrison.com\/wp-content\/uploads\/2026\/04\/MariageSiradaDamienFlorianFrison26-5265.avif\" title=\"MariageSirada&amp;amp;DamienFlorianFrison26-5265\" crop=\"\" width=\"1536\" height=\"1024\" src=\"https:\/\/florianfrison.com\/wp-content\/uploads\/2026\/04\/MariageSiradaDamienFlorianFrison26-5265.avif\" data-src=\"https:\/\/florianfrison.com\/wp-content\/uploads\/2026\/04\/MariageSiradaDamienFlorianFrison26-5265.avif\" data-caption=\"Reportage de Mariage \u00e0 Saint-Jeoire-Prieur\u00e9 et Jacob-Bellecombette\"\/>\n\t\t<div class=\"figc\">\n\t\t\t<div class=\"figc-inner\">\n\t\t\t\t\t\t\t\t\t\t\t\t\t<div class=\"jtg-description\">Reportage de Mariage \u00e0 Saint-Jeoire-Prieur\u00e9 et Jacob-Bellecombette<\/div>\n\t\t\t\t\t\t\t\t\t\t\t<\/div>\n\t\t<\/div>\n\n\t<\/div>\n\n<\/div><div class=\"modula-item effect-pufrobo\" >\n\t<div class=\"modula-item-overlay\"><\/div>\n\n\t<div class=\"modula-item-content\">\n\n\t\t<a data-image-id=\"1205\" role=\"button\" tabindex=\"0\" rel=\"jtg-355\" data-caption=\"Reportage de Mariage \u00e0 Saint-Jeoire-Prieur\u00e9 et Jacob-Bellecombette\" aria-label=\"Open image in lightbox\" class=\"tile-inner modula-item-link\"><\/a><img loading=\"lazy\" decoding=\"async\" class=\"pic wp-image-1205\"  data-valign=\"middle\" data-halign=\"center\" alt=\"Reportage de Mariage \u00e0 Saint-Jeoire-Prieur\u00e9 et Jacob-Bellecombette\" data-full=\"https:\/\/florianfrison.com\/wp-content\/uploads\/2026\/04\/MariageSiradaDamienFlorianFrison26-4993.avif\" title=\"MariageSirada&amp;amp;DamienFlorianFrison26-4993\" crop=\"\" width=\"1536\" height=\"1024\" src=\"https:\/\/florianfrison.com\/wp-content\/uploads\/2026\/04\/MariageSiradaDamienFlorianFrison26-4993.avif\" data-src=\"https:\/\/florianfrison.com\/wp-content\/uploads\/2026\/04\/MariageSiradaDamienFlorianFrison26-4993.avif\" data-caption=\"Reportage de Mariage \u00e0 Saint-Jeoire-Prieur\u00e9 et Jacob-Bellecombette\"\/>\n\t\t<div class=\"figc\">\n\t\t\t<div class=\"figc-inner\">\n\t\t\t\t\t\t\t\t\t\t\t\t\t<div class=\"jtg-description\">Reportage de Mariage \u00e0 Saint-Jeoire-Prieur\u00e9 et Jacob-Bellecombette<\/div>\n\t\t\t\t\t\t\t\t\t\t\t<\/div>\n\t\t<\/div>\n\n\t<\/div>\n\n<\/div><div class=\"modula-item effect-pufrobo\" >\n\t<div class=\"modula-item-overlay\"><\/div>\n\n\t<div class=\"modula-item-content\">\n\n\t\t<a data-image-id=\"157\" role=\"button\" tabindex=\"0\" rel=\"jtg-355\" data-caption=\"Jeune fille lisant un discours \u00e9mouvant lors d&#039;une c\u00e9r\u00e9monie de mariage civile \u00e0 Aubignan - Instant vol\u00e9.\" aria-label=\"Open image in lightbox\" class=\"tile-inner modula-item-link\"><\/a><img loading=\"lazy\" decoding=\"async\" class=\"pic wp-image-157\"  data-valign=\"middle\" data-halign=\"center\" alt=\"Jeune fille lisant un discours \u00e9mouvant lors d&#039;une c\u00e9r\u00e9monie de mariage civile \u00e0 Aubignan - Instant vol\u00e9.\" data-full=\"https:\/\/florianfrison.com\/wp-content\/uploads\/2025\/11\/MariageFlotographie-1258_lwsoptimized.avif\" title=\"Emotion-Discours-Mariage-Ceremonie-Civil\" crop=\"\" width=\"1536\" height=\"1024\" src=\"https:\/\/florianfrison.com\/wp-content\/uploads\/2025\/11\/MariageFlotographie-1258_lwsoptimized.avif\" data-src=\"https:\/\/florianfrison.com\/wp-content\/uploads\/2025\/11\/MariageFlotographie-1258_lwsoptimized.avif\" data-caption=\"Jeune fille lisant un discours \u00e9mouvant lors d&#039;une c\u00e9r\u00e9monie de mariage civile \u00e0 Aubignan - Instant vol\u00e9.\"\/>\n\t\t<div class=\"figc\">\n\t\t\t<div class=\"figc-inner\">\n\t\t\t\t\t\t\t\t\t\t\t\t\t<div class=\"jtg-description\">Jeune fille lisant un discours \u00e9mouvant lors d'une c\u00e9r\u00e9monie de mariage civile \u00e0 Aubignan - Instant vol\u00e9.<\/div>\n\t\t\t\t\t\t\t\t\t\t\t<\/div>\n\t\t<\/div>\n\n\t<\/div>\n\n<\/div><div class=\"modula-item effect-pufrobo\" >\n\t<div class=\"modula-item-overlay\"><\/div>\n\n\t<div class=\"modula-item-content\">\n\n\t\t<a data-image-id=\"1171\" role=\"button\" tabindex=\"0\" rel=\"jtg-355\" data-caption=\"Reportage de Mariage \u00e0 Saint-Jeoire-Prieur\u00e9 et Jacob-Bellecombette\" aria-label=\"Open image in lightbox\" class=\"tile-inner modula-item-link\"><\/a><img loading=\"lazy\" decoding=\"async\" class=\"pic wp-image-1171\"  data-valign=\"middle\" data-halign=\"center\" alt=\"Reportage de Mariage \u00e0 Saint-Jeoire-Prieur\u00e9 et Jacob-Bellecombette\" data-full=\"https:\/\/florianfrison.com\/wp-content\/uploads\/2026\/04\/MariageSiradaDamienFlorianFrison26-2233.avif\" title=\"MariageSirada&amp;amp;DamienFlorianFrison26-2233\" crop=\"\" width=\"1536\" height=\"1024\" src=\"https:\/\/florianfrison.com\/wp-content\/uploads\/2026\/04\/MariageSiradaDamienFlorianFrison26-2233.avif\" data-src=\"https:\/\/florianfrison.com\/wp-content\/uploads\/2026\/04\/MariageSiradaDamienFlorianFrison26-2233.avif\" data-caption=\"Reportage de Mariage \u00e0 Saint-Jeoire-Prieur\u00e9 et Jacob-Bellecombette\"\/>\n\t\t<div class=\"figc\">\n\t\t\t<div class=\"figc-inner\">\n\t\t\t\t\t\t\t\t\t\t\t\t\t<div class=\"jtg-description\">Reportage de Mariage \u00e0 Saint-Jeoire-Prieur\u00e9 et Jacob-Bellecombette<\/div>\n\t\t\t\t\t\t\t\t\t\t\t<\/div>\n\t\t<\/div>\n\n\t<\/div>\n\n<\/div><div class=\"modula-item effect-pufrobo\" >\n\t<div class=\"modula-item-overlay\"><\/div>\n\n\t<div class=\"modula-item-content\">\n\n\t\t<a data-image-id=\"175\" role=\"button\" tabindex=\"0\" rel=\"jtg-355\" data-caption=\"Signature officielle des registres par les mari\u00e9s lors de la c\u00e9r\u00e9monie civile \u00e0 la Mairie de Mauguio.\" aria-label=\"Open image in lightbox\" class=\"tile-inner modula-item-link\"><\/a><img loading=\"lazy\" decoding=\"async\" class=\"pic wp-image-175\"  data-valign=\"middle\" data-halign=\"center\" alt=\"Signature officielle des registres par les mari\u00e9s lors de la c\u00e9r\u00e9monie civile \u00e0 la Mairie de Mauguio.\" data-full=\"https:\/\/florianfrison.com\/wp-content\/uploads\/2025\/11\/MariageFlotographie-6567_lwsoptimized.avif\" title=\"Signature-Registre-Mariage-Mairie-Mauguio\" crop=\"\" width=\"1536\" height=\"1024\" src=\"https:\/\/florianfrison.com\/wp-content\/uploads\/2025\/11\/MariageFlotographie-6567_lwsoptimized.avif\" data-src=\"https:\/\/florianfrison.com\/wp-content\/uploads\/2025\/11\/MariageFlotographie-6567_lwsoptimized.avif\" data-caption=\"Signature officielle des registres par les mari\u00e9s lors de la c\u00e9r\u00e9monie civile \u00e0 la Mairie de Mauguio.\"\/>\n\t\t<div class=\"figc\">\n\t\t\t<div class=\"figc-inner\">\n\t\t\t\t\t\t\t\t\t\t\t\t\t<div class=\"jtg-description\">Signature officielle des registres par les mari\u00e9s lors de la c\u00e9r\u00e9monie civile \u00e0 la Mairie de Mauguio.<\/div>\n\t\t\t\t\t\t\t\t\t\t\t<\/div>\n\t\t<\/div>\n\n\t<\/div>\n\n<\/div><div class=\"modula-item effect-pufrobo\" >\n\t<div class=\"modula-item-overlay\"><\/div>\n\n\t<div class=\"modula-item-content\">\n\n\t\t<a data-image-id=\"445\" role=\"button\" tabindex=\"0\" rel=\"jtg-355\" data-caption=\"Premi\u00e8re danse lors d&#039;une c\u00e9r\u00e9monie traditionnelle de mariage cambodgien \u00e0 l&#039;H\u00f4tel Aquabella, Aix-en-Provence.\" aria-label=\"Open image in lightbox\" class=\"tile-inner modula-item-link\"><\/a><img loading=\"lazy\" decoding=\"async\" class=\"pic wp-image-445\"  data-valign=\"middle\" data-halign=\"center\" alt=\"Premi\u00e8re danse lors d&#039;une c\u00e9r\u00e9monie traditionnelle de mariage cambodgien \u00e0 l&#039;H\u00f4tel Aquabella, Aix-en-Provence.\" data-full=\"https:\/\/florianfrison.com\/wp-content\/uploads\/2025\/12\/MariageFlotographie-6286_lwsoptimized.avif\" title=\"Mariage-Cambodgien-Aix-en-Provence-Hotel-Aquabella\" crop=\"\" width=\"1536\" height=\"1020\" src=\"https:\/\/florianfrison.com\/wp-content\/uploads\/2025\/12\/MariageFlotographie-6286_lwsoptimized.avif\" data-src=\"https:\/\/florianfrison.com\/wp-content\/uploads\/2025\/12\/MariageFlotographie-6286_lwsoptimized.avif\" data-caption=\"Premi\u00e8re danse lors d&#039;une c\u00e9r\u00e9monie traditionnelle de mariage cambodgien \u00e0 l&#039;H\u00f4tel Aquabella, Aix-en-Provence.\"\/>\n\t\t<div class=\"figc\">\n\t\t\t<div class=\"figc-inner\">\n\t\t\t\t\t\t\t\t\t\t\t\t\t<div class=\"jtg-description\">Premi\u00e8re danse lors d'une c\u00e9r\u00e9monie traditionnelle de mariage cambodgien \u00e0 l'H\u00f4tel Aquabella, Aix-en-Provence.<\/div>\n\t\t\t\t\t\t\t\t\t\t\t<\/div>\n\t\t<\/div>\n\n\t<\/div>\n\n<\/div><div class=\"modula-item effect-pufrobo\" >\n\t<div class=\"modula-item-overlay\"><\/div>\n\n\t<div class=\"modula-item-content\">\n\n\t\t<a data-image-id=\"1187\" role=\"button\" tabindex=\"0\" rel=\"jtg-355\" data-caption=\"Reportage de Mariage \u00e0 Saint-Jeoire-Prieur\u00e9 et Jacob-Bellecombette\" aria-label=\"Open image in lightbox\" class=\"tile-inner modula-item-link\"><\/a><img loading=\"lazy\" decoding=\"async\" class=\"pic wp-image-1187\"  data-valign=\"middle\" data-halign=\"center\" alt=\"Reportage de Mariage \u00e0 Saint-Jeoire-Prieur\u00e9 et Jacob-Bellecombette\" data-full=\"https:\/\/florianfrison.com\/wp-content\/uploads\/2026\/04\/MariageSiradaDamienFlorianFrison26-4250.avif\" title=\"MariageSirada&amp;amp;DamienFlorianFrison26-4250\" crop=\"\" width=\"1536\" height=\"1024\" src=\"https:\/\/florianfrison.com\/wp-content\/uploads\/2026\/04\/MariageSiradaDamienFlorianFrison26-4250.avif\" data-src=\"https:\/\/florianfrison.com\/wp-content\/uploads\/2026\/04\/MariageSiradaDamienFlorianFrison26-4250.avif\" data-caption=\"Reportage de Mariage \u00e0 Saint-Jeoire-Prieur\u00e9 et Jacob-Bellecombette\"\/>\n\t\t<div class=\"figc\">\n\t\t\t<div class=\"figc-inner\">\n\t\t\t\t\t\t\t\t\t\t\t\t\t<div class=\"jtg-description\">Reportage de Mariage \u00e0 Saint-Jeoire-Prieur\u00e9 et Jacob-Bellecombette<\/div>\n\t\t\t\t\t\t\t\t\t\t\t<\/div>\n\t\t<\/div>\n\n\t<\/div>\n\n<\/div><div class=\"modula-item effect-pufrobo\" >\n\t<div class=\"modula-item-overlay\"><\/div>\n\n\t<div class=\"modula-item-content\">\n\n\t\t<a data-image-id=\"1166\" role=\"button\" tabindex=\"0\" rel=\"jtg-355\" data-caption=\"Reportage de Mariage \u00e0 Saint-Jeoire-Prieur\u00e9 et Jacob-Bellecombette\" aria-label=\"Open image in lightbox\" class=\"tile-inner modula-item-link\"><\/a><img loading=\"lazy\" decoding=\"async\" class=\"pic wp-image-1166\"  data-valign=\"middle\" data-halign=\"center\" alt=\"Reportage de Mariage \u00e0 Saint-Jeoire-Prieur\u00e9 et Jacob-Bellecombette\" data-full=\"https:\/\/florianfrison.com\/wp-content\/uploads\/2026\/04\/MariageSiradaDamienFlorianFrison26-2062.avif\" title=\"MariageSirada&amp;amp;DamienFlorianFrison26-2062\" crop=\"\" width=\"1536\" height=\"1024\" src=\"https:\/\/florianfrison.com\/wp-content\/uploads\/2026\/04\/MariageSiradaDamienFlorianFrison26-2062.avif\" data-src=\"https:\/\/florianfrison.com\/wp-content\/uploads\/2026\/04\/MariageSiradaDamienFlorianFrison26-2062.avif\" data-caption=\"Reportage de Mariage \u00e0 Saint-Jeoire-Prieur\u00e9 et Jacob-Bellecombette\"\/>\n\t\t<div class=\"figc\">\n\t\t\t<div class=\"figc-inner\">\n\t\t\t\t\t\t\t\t\t\t\t\t\t<div class=\"jtg-description\">Reportage de Mariage \u00e0 Saint-Jeoire-Prieur\u00e9 et Jacob-Bellecombette<\/div>\n\t\t\t\t\t\t\t\t\t\t\t<\/div>\n\t\t<\/div>\n\n\t<\/div>\n\n<\/div><div class=\"modula-item effect-pufrobo\" >\n\t<div class=\"modula-item-overlay\"><\/div>\n\n\t<div class=\"modula-item-content\">\n\n\t\t<a data-image-id=\"1184\" role=\"button\" tabindex=\"0\" rel=\"jtg-355\" data-caption=\"Reportage de Mariage \u00e0 Saint-Jeoire-Prieur\u00e9 et Jacob-Bellecombette\" aria-label=\"Open image in lightbox\" class=\"tile-inner modula-item-link\"><\/a><img loading=\"lazy\" decoding=\"async\" class=\"pic wp-image-1184\"  data-valign=\"middle\" data-halign=\"center\" alt=\"Reportage de Mariage \u00e0 Saint-Jeoire-Prieur\u00e9 et Jacob-Bellecombette\" data-full=\"https:\/\/florianfrison.com\/wp-content\/uploads\/2026\/04\/MariageSiradaDamienFlorianFrison26-4199.avif\" title=\"MariageSirada&amp;amp;DamienFlorianFrison26-4199\" crop=\"\" width=\"1536\" height=\"1024\" src=\"https:\/\/florianfrison.com\/wp-content\/uploads\/2026\/04\/MariageSiradaDamienFlorianFrison26-4199.avif\" data-src=\"https:\/\/florianfrison.com\/wp-content\/uploads\/2026\/04\/MariageSiradaDamienFlorianFrison26-4199.avif\" data-caption=\"Reportage de Mariage \u00e0 Saint-Jeoire-Prieur\u00e9 et Jacob-Bellecombette\"\/>\n\t\t<div class=\"figc\">\n\t\t\t<div class=\"figc-inner\">\n\t\t\t\t\t\t\t\t\t\t\t\t\t<div class=\"jtg-description\">Reportage de Mariage \u00e0 Saint-Jeoire-Prieur\u00e9 et Jacob-Bellecombette<\/div>\n\t\t\t\t\t\t\t\t\t\t\t<\/div>\n\t\t<\/div>\n\n\t<\/div>\n\n<\/div><div class=\"modula-item effect-pufrobo\" >\n\t<div class=\"modula-item-overlay\"><\/div>\n\n\t<div class=\"modula-item-content\">\n\n\t\t<a data-image-id=\"434\" role=\"button\" tabindex=\"0\" rel=\"jtg-355\" data-caption=\"Premi\u00e8re danse lors d&#039;une c\u00e9r\u00e9monie traditionnelle de mariage cambodgien \u00e0 l&#039;H\u00f4tel Aquabella, Aix-en-Provence.\" aria-label=\"Open image in lightbox\" class=\"tile-inner modula-item-link\"><\/a><img loading=\"lazy\" decoding=\"async\" class=\"pic wp-image-434\"  data-valign=\"middle\" data-halign=\"center\" alt=\"Premi\u00e8re danse lors d&#039;une c\u00e9r\u00e9monie traditionnelle de mariage cambodgien \u00e0 l&#039;H\u00f4tel Aquabella, Aix-en-Provence.\" data-full=\"https:\/\/florianfrison.com\/wp-content\/uploads\/2025\/12\/MariageFlotographie-3862_lwsoptimized.avif\" title=\"Mariage-Cambodgien-Aix-en-Provence-Hotel-Aquabella\" crop=\"\" width=\"1536\" height=\"1022\" src=\"https:\/\/florianfrison.com\/wp-content\/uploads\/2025\/12\/MariageFlotographie-3862_lwsoptimized.avif\" data-src=\"https:\/\/florianfrison.com\/wp-content\/uploads\/2025\/12\/MariageFlotographie-3862_lwsoptimized.avif\" data-caption=\"Premi\u00e8re danse lors d&#039;une c\u00e9r\u00e9monie traditionnelle de mariage cambodgien \u00e0 l&#039;H\u00f4tel Aquabella, Aix-en-Provence.\"\/>\n\t\t<div class=\"figc\">\n\t\t\t<div class=\"figc-inner\">\n\t\t\t\t\t\t\t\t\t\t\t\t\t<div class=\"jtg-description\">Premi\u00e8re danse lors d'une c\u00e9r\u00e9monie traditionnelle de mariage cambodgien \u00e0 l'H\u00f4tel Aquabella, Aix-en-Provence.<\/div>\n\t\t\t\t\t\t\t\t\t\t\t<\/div>\n\t\t<\/div>\n\n\t<\/div>\n\n<\/div><div class=\"modula-item effect-pufrobo\" >\n\t<div class=\"modula-item-overlay\"><\/div>\n\n\t<div class=\"modula-item-content\">\n\n\t\t<a data-image-id=\"453\" role=\"button\" tabindex=\"0\" rel=\"jtg-355\" data-caption=\"Regard de la mari\u00e9e sur son \u00e9poux au Ch\u00e2teau La Beaumetane - Florian Frison Photographe Mariage Provence.\" aria-label=\"Open image in lightbox\" class=\"tile-inner modula-item-link\"><\/a><img loading=\"lazy\" decoding=\"async\" class=\"pic wp-image-453\"  data-valign=\"middle\" data-halign=\"center\" alt=\"Regard de la mari\u00e9e sur son \u00e9poux au Ch\u00e2teau La Beaumetane - Florian Frison Photographe Mariage Provence.\" data-full=\"https:\/\/florianfrison.com\/wp-content\/uploads\/2025\/12\/MariageFlotographie-8577_lwsoptimized.avif\" title=\"Mariage Ch\u00e2teau La Beaumetane\" crop=\"\" width=\"1536\" height=\"1024\" src=\"https:\/\/florianfrison.com\/wp-content\/uploads\/2025\/12\/MariageFlotographie-8577_lwsoptimized.avif\" data-src=\"https:\/\/florianfrison.com\/wp-content\/uploads\/2025\/12\/MariageFlotographie-8577_lwsoptimized.avif\" data-caption=\"Regard de la mari\u00e9e sur son \u00e9poux au Ch\u00e2teau La Beaumetane - Florian Frison Photographe Mariage Provence.\"\/>\n\t\t<div class=\"figc\">\n\t\t\t<div class=\"figc-inner\">\n\t\t\t\t\t\t\t\t\t\t\t\t\t<div class=\"jtg-description\">Regard de la mari\u00e9e sur son \u00e9poux au Ch\u00e2teau La Beaumetane - Florian Frison Photographe Mariage Provence.<\/div>\n\t\t\t\t\t\t\t\t\t\t\t<\/div>\n\t\t<\/div>\n\n\t<\/div>\n\n<\/div><div class=\"modula-item effect-pufrobo\" >\n\t<div class=\"modula-item-overlay\"><\/div>\n\n\t<div class=\"modula-item-content\">\n\n\t\t<a data-image-id=\"1167\" role=\"button\" tabindex=\"0\" rel=\"jtg-355\" data-caption=\"Reportage de Mariage \u00e0 Saint-Jeoire-Prieur\u00e9 et Jacob-Bellecombette\" aria-label=\"Open image in lightbox\" class=\"tile-inner modula-item-link\"><\/a><img loading=\"lazy\" decoding=\"async\" class=\"pic wp-image-1167\"  data-valign=\"middle\" data-halign=\"center\" alt=\"Reportage de Mariage \u00e0 Saint-Jeoire-Prieur\u00e9 et Jacob-Bellecombette\" data-full=\"https:\/\/florianfrison.com\/wp-content\/uploads\/2026\/04\/MariageSiradaDamienFlorianFrison26-2065.avif\" title=\"MariageSirada&amp;amp;DamienFlorianFrison26-2065\" crop=\"\" width=\"1536\" height=\"1024\" src=\"https:\/\/florianfrison.com\/wp-content\/uploads\/2026\/04\/MariageSiradaDamienFlorianFrison26-2065.avif\" data-src=\"https:\/\/florianfrison.com\/wp-content\/uploads\/2026\/04\/MariageSiradaDamienFlorianFrison26-2065.avif\" data-caption=\"Reportage de Mariage \u00e0 Saint-Jeoire-Prieur\u00e9 et Jacob-Bellecombette\"\/>\n\t\t<div class=\"figc\">\n\t\t\t<div class=\"figc-inner\">\n\t\t\t\t\t\t\t\t\t\t\t\t\t<div class=\"jtg-description\">Reportage de Mariage \u00e0 Saint-Jeoire-Prieur\u00e9 et Jacob-Bellecombette<\/div>\n\t\t\t\t\t\t\t\t\t\t\t<\/div>\n\t\t<\/div>\n\n\t<\/div>\n\n<\/div><div class=\"modula-item effect-pufrobo\" >\n\t<div class=\"modula-item-overlay\"><\/div>\n\n\t<div class=\"modula-item-content\">\n\n\t\t<a data-image-id=\"425\" role=\"button\" tabindex=\"0\" rel=\"jtg-355\" data-caption=\"Couple invit\u00e9 posant au couch\u00e9 de soleil, pr\u00e8s de Sault et du Mont Ventoux.\" aria-label=\"Open image in lightbox\" class=\"tile-inner modula-item-link\"><\/a><img loading=\"lazy\" decoding=\"async\" class=\"pic wp-image-425\"  data-valign=\"middle\" data-halign=\"center\" alt=\"Couple invit\u00e9 posant au couch\u00e9 de soleil, pr\u00e8s de Sault et du Mont Ventoux.\" data-full=\"https:\/\/florianfrison.com\/wp-content\/uploads\/2025\/12\/MariageFlotographie-0967_lwsoptimized.avif\" title=\"Mariage-Domaine-La-Tour-Sault-Ventoux\" crop=\"\" width=\"1536\" height=\"1024\" src=\"https:\/\/florianfrison.com\/wp-content\/uploads\/2025\/12\/MariageFlotographie-0967_lwsoptimized.avif\" data-src=\"https:\/\/florianfrison.com\/wp-content\/uploads\/2025\/12\/MariageFlotographie-0967_lwsoptimized.avif\" data-caption=\"Couple invit\u00e9 posant au couch\u00e9 de soleil, pr\u00e8s de Sault et du Mont Ventoux.\"\/>\n\t\t<div class=\"figc\">\n\t\t\t<div class=\"figc-inner\">\n\t\t\t\t\t\t\t\t\t\t\t\t\t<div class=\"jtg-description\">Couple invit\u00e9 posant au couch\u00e9 de soleil, pr\u00e8s de Sault et du Mont Ventoux.<\/div>\n\t\t\t\t\t\t\t\t\t\t\t<\/div>\n\t\t<\/div>\n\n\t<\/div>\n\n<\/div><div class=\"modula-item effect-pufrobo\" >\n\t<div class=\"modula-item-overlay\"><\/div>\n\n\t<div class=\"modula-item-content\">\n\n\t\t<a data-image-id=\"429\" role=\"button\" tabindex=\"0\" rel=\"jtg-355\" data-caption=\"Ambiance festive et danse de mariage au Domaine La Tour, pr\u00e8s de Sault et du Mont Ventoux.\" aria-label=\"Open image in lightbox\" class=\"tile-inner modula-item-link\"><\/a><img loading=\"lazy\" decoding=\"async\" class=\"pic wp-image-429\"  data-valign=\"middle\" data-halign=\"center\" alt=\"Ambiance festive et danse de mariage au Domaine La Tour, pr\u00e8s de Sault et du Mont Ventoux.\" data-full=\"https:\/\/florianfrison.com\/wp-content\/uploads\/2025\/12\/MariageFlotographie-1648_lwsoptimized.avif\" title=\"Soiree-Mariage-Domaine-La-Tour-Sault-Ventoux\" crop=\"\" width=\"1536\" height=\"1024\" src=\"https:\/\/florianfrison.com\/wp-content\/uploads\/2025\/12\/MariageFlotographie-1648_lwsoptimized.avif\" data-src=\"https:\/\/florianfrison.com\/wp-content\/uploads\/2025\/12\/MariageFlotographie-1648_lwsoptimized.avif\" data-caption=\"Ambiance festive et danse de mariage au Domaine La Tour, pr\u00e8s de Sault et du Mont Ventoux.\"\/>\n\t\t<div class=\"figc\">\n\t\t\t<div class=\"figc-inner\">\n\t\t\t\t\t\t\t\t\t\t\t\t\t<div class=\"jtg-description\">Ambiance festive et danse de mariage au Domaine La Tour, pr\u00e8s de Sault et du Mont Ventoux.<\/div>\n\t\t\t\t\t\t\t\t\t\t\t<\/div>\n\t\t<\/div>\n\n\t<\/div>\n\n<\/div><div class=\"modula-item effect-pufrobo\" >\n\t<div class=\"modula-item-overlay\"><\/div>\n\n\t<div class=\"modula-item-content\">\n\n\t\t<a data-image-id=\"1201\" role=\"button\" tabindex=\"0\" rel=\"jtg-355\" data-caption=\"Reportage de Mariage \u00e0 Saint-Jeoire-Prieur\u00e9 et Jacob-Bellecombette\" aria-label=\"Open image in lightbox\" class=\"tile-inner modula-item-link\"><\/a><img loading=\"lazy\" decoding=\"async\" class=\"pic wp-image-1201\"  data-valign=\"middle\" data-halign=\"center\" alt=\"Reportage de Mariage \u00e0 Saint-Jeoire-Prieur\u00e9 et Jacob-Bellecombette\" data-full=\"https:\/\/florianfrison.com\/wp-content\/uploads\/2026\/04\/MariageSiradaDamienFlorianFrison26-4798.avif\" title=\"MariageSirada&amp;amp;DamienFlorianFrison26-4798\" crop=\"\" width=\"1536\" height=\"1024\" src=\"https:\/\/florianfrison.com\/wp-content\/uploads\/2026\/04\/MariageSiradaDamienFlorianFrison26-4798.avif\" data-src=\"https:\/\/florianfrison.com\/wp-content\/uploads\/2026\/04\/MariageSiradaDamienFlorianFrison26-4798.avif\" data-caption=\"Reportage de Mariage \u00e0 Saint-Jeoire-Prieur\u00e9 et Jacob-Bellecombette\"\/>\n\t\t<div class=\"figc\">\n\t\t\t<div class=\"figc-inner\">\n\t\t\t\t\t\t\t\t\t\t\t\t\t<div class=\"jtg-description\">Reportage de Mariage \u00e0 Saint-Jeoire-Prieur\u00e9 et Jacob-Bellecombette<\/div>\n\t\t\t\t\t\t\t\t\t\t\t<\/div>\n\t\t<\/div>\n\n\t<\/div>\n\n<\/div><div class=\"modula-item effect-pufrobo\" >\n\t<div class=\"modula-item-overlay\"><\/div>\n\n\t<div class=\"modula-item-content\">\n\n\t\t<a data-image-id=\"437\" role=\"button\" tabindex=\"0\" rel=\"jtg-355\" data-caption=\"Entr\u00e9e rayonnante des mari\u00e9s dans la salle de r\u00e9ception. Un moment de joie pure lors d&#039;un mariage authentique dans le Gard, pr\u00e8s de N\u00eemes.\" aria-label=\"Open image in lightbox\" class=\"tile-inner modula-item-link\"><\/a><img loading=\"lazy\" decoding=\"async\" class=\"pic wp-image-437\"  data-valign=\"middle\" data-halign=\"center\" alt=\"Entr\u00e9e rayonnante des mari\u00e9s dans la salle de r\u00e9ception. Un moment de joie pure lors d&#039;un mariage authentique dans le Gard, pr\u00e8s de N\u00eemes.\" data-full=\"https:\/\/florianfrison.com\/wp-content\/uploads\/2025\/12\/MariageFlotographie-4212_lwsoptimized.avif\" title=\"Entree-Salle-Mariage-Gard-Nimes-Emotion\" crop=\"\" width=\"1536\" height=\"1022\" src=\"https:\/\/florianfrison.com\/wp-content\/uploads\/2025\/12\/MariageFlotographie-4212_lwsoptimized.avif\" data-src=\"https:\/\/florianfrison.com\/wp-content\/uploads\/2025\/12\/MariageFlotographie-4212_lwsoptimized.avif\" data-caption=\"Entr\u00e9e rayonnante des mari\u00e9s dans la salle de r\u00e9ception. Un moment de joie pure lors d&#039;un mariage authentique dans le Gard, pr\u00e8s de N\u00eemes.\"\/>\n\t\t<div class=\"figc\">\n\t\t\t<div class=\"figc-inner\">\n\t\t\t\t\t\t\t\t\t\t\t\t\t<div class=\"jtg-description\">Entr\u00e9e rayonnante des mari\u00e9s dans la salle de r\u00e9ception. Un moment de joie pure lors d'un mariage authentique dans le Gard, pr\u00e8s de N\u00eemes.<\/div>\n\t\t\t\t\t\t\t\t\t\t\t<\/div>\n\t\t<\/div>\n\n\t<\/div>\n\n<\/div><div class=\"modula-item effect-pufrobo\" >\n\t<div class=\"modula-item-overlay\"><\/div>\n\n\t<div class=\"modula-item-content\">\n\n\t\t<a data-image-id=\"1181\" role=\"button\" tabindex=\"0\" rel=\"jtg-355\" data-caption=\"Reportage de Mariage \u00e0 Saint-Jeoire-Prieur\u00e9 et Jacob-Bellecombette\" aria-label=\"Open image in lightbox\" class=\"tile-inner modula-item-link\"><\/a><img loading=\"lazy\" decoding=\"async\" class=\"pic wp-image-1181\"  data-valign=\"middle\" data-halign=\"center\" alt=\"Reportage de Mariage \u00e0 Saint-Jeoire-Prieur\u00e9 et Jacob-Bellecombette\" data-full=\"https:\/\/florianfrison.com\/wp-content\/uploads\/2026\/04\/MariageSiradaDamienFlorianFrison26-2889.avif\" title=\"MariageSirada&amp;amp;DamienFlorianFrison26-2889\" crop=\"\" width=\"1536\" height=\"1024\" src=\"https:\/\/florianfrison.com\/wp-content\/uploads\/2026\/04\/MariageSiradaDamienFlorianFrison26-2889.avif\" data-src=\"https:\/\/florianfrison.com\/wp-content\/uploads\/2026\/04\/MariageSiradaDamienFlorianFrison26-2889.avif\" data-caption=\"Reportage de Mariage \u00e0 Saint-Jeoire-Prieur\u00e9 et Jacob-Bellecombette\"\/>\n\t\t<div class=\"figc\">\n\t\t\t<div class=\"figc-inner\">\n\t\t\t\t\t\t\t\t\t\t\t\t\t<div class=\"jtg-description\">Reportage de Mariage \u00e0 Saint-Jeoire-Prieur\u00e9 et Jacob-Bellecombette<\/div>\n\t\t\t\t\t\t\t\t\t\t\t<\/div>\n\t\t<\/div>\n\n\t<\/div>\n\n<\/div><div class=\"modula-item effect-pufrobo\" >\n\t<div class=\"modula-item-overlay\"><\/div>\n\n\t<div class=\"modula-item-content\">\n\n\t\t<a data-image-id=\"1163\" role=\"button\" tabindex=\"0\" rel=\"jtg-355\" data-caption=\"Reportage de Mariage \u00e0 Saint-Jeoire-Prieur\u00e9 et Jacob-Bellecombette\" aria-label=\"Open image in lightbox\" class=\"tile-inner modula-item-link\"><\/a><img loading=\"lazy\" decoding=\"async\" class=\"pic wp-image-1163\"  data-valign=\"middle\" data-halign=\"center\" alt=\"Reportage de Mariage \u00e0 Saint-Jeoire-Prieur\u00e9 et Jacob-Bellecombette\" data-full=\"https:\/\/florianfrison.com\/wp-content\/uploads\/2026\/04\/MariageSiradaDamienFlorianFrison26-1914.avif\" title=\"MariageSirada&amp;amp;DamienFlorianFrison26-1914\" crop=\"\" width=\"1536\" height=\"1024\" src=\"https:\/\/florianfrison.com\/wp-content\/uploads\/2026\/04\/MariageSiradaDamienFlorianFrison26-1914.avif\" data-src=\"https:\/\/florianfrison.com\/wp-content\/uploads\/2026\/04\/MariageSiradaDamienFlorianFrison26-1914.avif\" data-caption=\"Reportage de Mariage \u00e0 Saint-Jeoire-Prieur\u00e9 et Jacob-Bellecombette\"\/>\n\t\t<div class=\"figc\">\n\t\t\t<div class=\"figc-inner\">\n\t\t\t\t\t\t\t\t\t\t\t\t\t<div class=\"jtg-description\">Reportage de Mariage \u00e0 Saint-Jeoire-Prieur\u00e9 et Jacob-Bellecombette<\/div>\n\t\t\t\t\t\t\t\t\t\t\t<\/div>\n\t\t<\/div>\n\n\t<\/div>\n\n<\/div><div class=\"modula-item effect-pufrobo\" >\n\t<div class=\"modula-item-overlay\"><\/div>\n\n\t<div class=\"modula-item-content\">\n\n\t\t<a data-image-id=\"422\" role=\"button\" tabindex=\"0\" rel=\"jtg-355\" data-caption=\"Couple de mari\u00e9s riant aux \u00e9clats sur un carrousel - Parc de la Maison Blanche Marseille\" aria-label=\"Open image in lightbox\" class=\"tile-inner modula-item-link\"><\/a><img loading=\"lazy\" decoding=\"async\" class=\"pic wp-image-422\"  data-valign=\"middle\" data-halign=\"center\" alt=\"Couple de mari\u00e9s riant aux \u00e9clats sur un carrousel - Parc de la Maison Blanche Marseille\" data-full=\"https:\/\/florianfrison.com\/wp-content\/uploads\/2025\/12\/MariageFlotographie-0149_lwsoptimized.avif\" title=\"Mariage Civil Parc Maison Blanche Marseille Couple Complice\" crop=\"\" width=\"1536\" height=\"1024\" src=\"https:\/\/florianfrison.com\/wp-content\/uploads\/2025\/12\/MariageFlotographie-0149_lwsoptimized.avif\" data-src=\"https:\/\/florianfrison.com\/wp-content\/uploads\/2025\/12\/MariageFlotographie-0149_lwsoptimized.avif\" data-caption=\"Couple de mari\u00e9s riant aux \u00e9clats sur un carrousel - Parc de la Maison Blanche Marseille\"\/>\n\t\t<div class=\"figc\">\n\t\t\t<div class=\"figc-inner\">\n\t\t\t\t\t\t\t\t\t\t\t\t\t<div class=\"jtg-description\">Couple de mari\u00e9s riant aux \u00e9clats sur un carrousel - Parc de la Maison Blanche Marseille<\/div>\n\t\t\t\t\t\t\t\t\t\t\t<\/div>\n\t\t<\/div>\n\n\t<\/div>\n\n<\/div><div class=\"modula-item effect-pufrobo\" >\n\t<div class=\"modula-item-overlay\"><\/div>\n\n\t<div class=\"modula-item-content\">\n\n\t\t<a data-image-id=\"1188\" role=\"button\" tabindex=\"0\" rel=\"jtg-355\" data-caption=\"Reportage de Mariage \u00e0 Saint-Jeoire-Prieur\u00e9 et Jacob-Bellecombette\" aria-label=\"Open image in lightbox\" class=\"tile-inner modula-item-link\"><\/a><img loading=\"lazy\" decoding=\"async\" class=\"pic wp-image-1188\"  data-valign=\"middle\" data-halign=\"center\" alt=\"Reportage de Mariage \u00e0 Saint-Jeoire-Prieur\u00e9 et Jacob-Bellecombette\" data-full=\"https:\/\/florianfrison.com\/wp-content\/uploads\/2026\/04\/MariageSiradaDamienFlorianFrison26-4276.avif\" title=\"MariageSirada&amp;amp;DamienFlorianFrison26-4276\" crop=\"\" width=\"1536\" height=\"1024\" src=\"https:\/\/florianfrison.com\/wp-content\/uploads\/2026\/04\/MariageSiradaDamienFlorianFrison26-4276.avif\" data-src=\"https:\/\/florianfrison.com\/wp-content\/uploads\/2026\/04\/MariageSiradaDamienFlorianFrison26-4276.avif\" data-caption=\"Reportage de Mariage \u00e0 Saint-Jeoire-Prieur\u00e9 et Jacob-Bellecombette\"\/>\n\t\t<div class=\"figc\">\n\t\t\t<div class=\"figc-inner\">\n\t\t\t\t\t\t\t\t\t\t\t\t\t<div class=\"jtg-description\">Reportage de Mariage \u00e0 Saint-Jeoire-Prieur\u00e9 et Jacob-Bellecombette<\/div>\n\t\t\t\t\t\t\t\t\t\t\t<\/div>\n\t\t<\/div>\n\n\t<\/div>\n\n<\/div><div class=\"modula-item effect-pufrobo\" >\n\t<div class=\"modula-item-overlay\"><\/div>\n\n\t<div class=\"modula-item-content\">\n\n\t\t<a data-image-id=\"163\" role=\"button\" tabindex=\"0\" rel=\"jtg-355\" data-caption=\"Entr\u00e9e rayonnante de la mari\u00e9e accompagn\u00e9e de son p\u00e8re dans la salle de r\u00e9ception. Un moment de joie pure lors d&#039;un mariage authentique dans le Gard, pr\u00e8s de N\u00eemes.\" aria-label=\"Open image in lightbox\" class=\"tile-inner modula-item-link\"><\/a><img loading=\"lazy\" decoding=\"async\" class=\"pic wp-image-163\"  data-valign=\"middle\" data-halign=\"center\" alt=\"Entr\u00e9e rayonnante de la mari\u00e9e accompagn\u00e9e de son p\u00e8re dans la salle de r\u00e9ception. Un moment de joie pure lors d&#039;un mariage authentique dans le Gard, pr\u00e8s de N\u00eemes.\" data-full=\"https:\/\/florianfrison.com\/wp-content\/uploads\/2025\/11\/MariageFlotographie-3498_lwsoptimized.avif\" title=\"Entree-Salle-Mariage-Gard-Nimes-Emotion\" crop=\"\" width=\"1536\" height=\"1022\" src=\"https:\/\/florianfrison.com\/wp-content\/uploads\/2025\/11\/MariageFlotographie-3498_lwsoptimized.avif\" data-src=\"https:\/\/florianfrison.com\/wp-content\/uploads\/2025\/11\/MariageFlotographie-3498_lwsoptimized.avif\" data-caption=\"Entr\u00e9e rayonnante de la mari\u00e9e accompagn\u00e9e de son p\u00e8re dans la salle de r\u00e9ception. Un moment de joie pure lors d&#039;un mariage authentique dans le Gard, pr\u00e8s de N\u00eemes.\"\/>\n\t\t<div class=\"figc\">\n\t\t\t<div class=\"figc-inner\">\n\t\t\t\t\t\t\t\t\t\t\t\t\t<div class=\"jtg-description\">Entr\u00e9e rayonnante de la mari\u00e9e accompagn\u00e9e de son p\u00e8re dans la salle de r\u00e9ception. Un moment de joie pure lors d'un mariage authentique dans le Gard, pr\u00e8s de N\u00eemes.<\/div>\n\t\t\t\t\t\t\t\t\t\t\t<\/div>\n\t\t<\/div>\n\n\t<\/div>\n\n<\/div><div class=\"modula-item effect-pufrobo\" >\n\t<div class=\"modula-item-overlay\"><\/div>\n\n\t<div class=\"modula-item-content\">\n\n\t\t<a data-image-id=\"418\" role=\"button\" tabindex=\"0\" rel=\"jtg-355\" data-caption=\"flotographie.com\" aria-label=\"Open image in lightbox\" class=\"tile-inner modula-item-link\"><\/a><img loading=\"lazy\" decoding=\"async\" class=\"pic wp-image-418\"  data-valign=\"middle\" data-halign=\"center\" alt=\"\" data-full=\"https:\/\/florianfrison.com\/wp-content\/uploads\/2025\/12\/MariageFlotographie-_lwsoptimized.avif\" title=\"flotographie.com\" crop=\"\" width=\"1536\" height=\"1020\" src=\"https:\/\/florianfrison.com\/wp-content\/uploads\/2025\/12\/MariageFlotographie-_lwsoptimized.avif\" data-src=\"https:\/\/florianfrison.com\/wp-content\/uploads\/2025\/12\/MariageFlotographie-_lwsoptimized.avif\" data-caption=\"flotographie.com\"\/>\n\t\t<div class=\"figc\">\n\t\t\t<div class=\"figc-inner\">\n\t\t\t\t\t\t\t\t\t\t\t\t\t<div class=\"jtg-description\">flotographie.com<\/div>\n\t\t\t\t\t\t\t\t\t\t\t<\/div>\n\t\t<\/div>\n\n\t<\/div>\n\n<\/div><div class=\"modula-item effect-pufrobo\" >\n\t<div class=\"modula-item-overlay\"><\/div>\n\n\t<div class=\"modula-item-content\">\n\n\t\t<a data-image-id=\"176\" role=\"button\" tabindex=\"0\" rel=\"jtg-355\" data-caption=\"Traditionnel lancer du bouquet de la mari\u00e9e dans le parc de la Maison Blanche (Mairie 9\/10) \u00e0 Marseille.\" aria-label=\"Open image in lightbox\" class=\"tile-inner modula-item-link\"><\/a><img loading=\"lazy\" decoding=\"async\" class=\"pic wp-image-176\"  data-valign=\"middle\" data-halign=\"center\" alt=\"Traditionnel lancer du bouquet de la mari\u00e9e dans le parc de la Maison Blanche (Mairie 9\/10) \u00e0 Marseille.\" data-full=\"https:\/\/florianfrison.com\/wp-content\/uploads\/2025\/11\/MariageFlotographie-9586_lwsoptimized.avif\" title=\"Lancer-Bouquet-Mariage-Parc-Maison-Blanche-Marseille\" crop=\"\" width=\"1536\" height=\"1024\" src=\"https:\/\/florianfrison.com\/wp-content\/uploads\/2025\/11\/MariageFlotographie-9586_lwsoptimized.avif\" data-src=\"https:\/\/florianfrison.com\/wp-content\/uploads\/2025\/11\/MariageFlotographie-9586_lwsoptimized.avif\" data-caption=\"Traditionnel lancer du bouquet de la mari\u00e9e dans le parc de la Maison Blanche (Mairie 9\/10) \u00e0 Marseille.\"\/>\n\t\t<div class=\"figc\">\n\t\t\t<div class=\"figc-inner\">\n\t\t\t\t\t\t\t\t\t\t\t\t\t<div class=\"jtg-description\">Traditionnel lancer du bouquet de la mari\u00e9e dans le parc de la Maison Blanche (Mairie 9\/10) \u00e0 Marseille.<\/div>\n\t\t\t\t\t\t\t\t\t\t\t<\/div>\n\t\t<\/div>\n\n\t<\/div>\n\n<\/div><div class=\"modula-item effect-pufrobo\" >\n\t<div class=\"modula-item-overlay\"><\/div>\n\n\t<div class=\"modula-item-content\">\n\n\t\t<a data-image-id=\"145\" role=\"button\" tabindex=\"0\" rel=\"jtg-355\" data-caption=\"Couple de mari\u00e9s marchant main dans la main en se regardant avec complicit\u00e9 dans un parc \u00e0 Marseille - Photographe Mariage Provence.\" aria-label=\"Open image in lightbox\" class=\"tile-inner modula-item-link\"><\/a><img loading=\"lazy\" decoding=\"async\" class=\"pic wp-image-145\"  data-valign=\"middle\" data-halign=\"center\" alt=\"Couple de mari\u00e9s marchant main dans la main en se regardant avec complicit\u00e9 dans un parc \u00e0 Marseille - Photographe Mariage Provence.\" data-full=\"https:\/\/florianfrison.com\/wp-content\/uploads\/2025\/11\/MariageFlotographie-0245-1_lwsoptimized.avif\" title=\"Mariage Civil Parc Maison Blanche Marseille &amp;#8211; Couple Complice\" crop=\"\" width=\"1536\" height=\"1024\" src=\"https:\/\/florianfrison.com\/wp-content\/uploads\/2025\/11\/MariageFlotographie-0245-1_lwsoptimized.avif\" data-src=\"https:\/\/florianfrison.com\/wp-content\/uploads\/2025\/11\/MariageFlotographie-0245-1_lwsoptimized.avif\" data-caption=\"Couple de mari\u00e9s marchant main dans la main en se regardant avec complicit\u00e9 dans un parc \u00e0 Marseille - Photographe Mariage Provence.\"\/>\n\t\t<div class=\"figc\">\n\t\t\t<div class=\"figc-inner\">\n\t\t\t\t\t\t\t\t\t\t\t\t\t<div class=\"jtg-description\">Couple de mari\u00e9s marchant main dans la main en se regardant avec complicit\u00e9 dans un parc \u00e0 Marseille - Photographe Mariage Provence.<\/div>\n\t\t\t\t\t\t\t\t\t\t\t<\/div>\n\t\t<\/div>\n\n\t<\/div>\n\n<\/div><div class=\"modula-item effect-pufrobo\" >\n\t<div class=\"modula-item-overlay\"><\/div>\n\n\t<div class=\"modula-item-content\">\n\n\t\t<a data-image-id=\"1204\" role=\"button\" tabindex=\"0\" rel=\"jtg-355\" data-caption=\"Reportage de Mariage \u00e0 Saint-Jeoire-Prieur\u00e9 et Jacob-Bellecombette\" aria-label=\"Open image in lightbox\" class=\"tile-inner modula-item-link\"><\/a><img loading=\"lazy\" decoding=\"async\" class=\"pic wp-image-1204\"  data-valign=\"middle\" data-halign=\"center\" alt=\"Reportage de Mariage \u00e0 Saint-Jeoire-Prieur\u00e9 et Jacob-Bellecombette\" data-full=\"https:\/\/florianfrison.com\/wp-content\/uploads\/2026\/04\/MariageSiradaDamienFlorianFrison26-4951.avif\" title=\"MariageSirada&amp;amp;DamienFlorianFrison26-4951\" crop=\"\" width=\"1536\" height=\"1024\" src=\"https:\/\/florianfrison.com\/wp-content\/uploads\/2026\/04\/MariageSiradaDamienFlorianFrison26-4951.avif\" data-src=\"https:\/\/florianfrison.com\/wp-content\/uploads\/2026\/04\/MariageSiradaDamienFlorianFrison26-4951.avif\" data-caption=\"Reportage de Mariage \u00e0 Saint-Jeoire-Prieur\u00e9 et Jacob-Bellecombette\"\/>\n\t\t<div class=\"figc\">\n\t\t\t<div class=\"figc-inner\">\n\t\t\t\t\t\t\t\t\t\t\t\t\t<div class=\"jtg-description\">Reportage de Mariage \u00e0 Saint-Jeoire-Prieur\u00e9 et Jacob-Bellecombette<\/div>\n\t\t\t\t\t\t\t\t\t\t\t<\/div>\n\t\t<\/div>\n\n\t<\/div>\n\n<\/div><div class=\"modula-item effect-pufrobo\" >\n\t<div class=\"modula-item-overlay\"><\/div>\n\n\t<div class=\"modula-item-content\">\n\n\t\t<a data-image-id=\"424\" role=\"button\" tabindex=\"0\" rel=\"jtg-355\" data-caption=\"Photo de Groupe pr\u00e8s de Sault et du Mont Ventoux.\" aria-label=\"Open image in lightbox\" class=\"tile-inner modula-item-link\"><\/a><img loading=\"lazy\" decoding=\"async\" class=\"pic wp-image-424\"  data-valign=\"middle\" data-halign=\"center\" alt=\"Photo de Groupe pr\u00e8s de Sault et du Mont Ventoux.\" data-full=\"https:\/\/florianfrison.com\/wp-content\/uploads\/2025\/12\/MariageFlotographie-0625_lwsoptimized.webp\" title=\"Mariage-Domaine-La-Tour-Sault-Ventoux\" crop=\"\" width=\"1536\" height=\"1024\" src=\"https:\/\/florianfrison.com\/wp-content\/uploads\/2025\/12\/MariageFlotographie-0625_lwsoptimized-1536x1024.webp\" data-src=\"https:\/\/florianfrison.com\/wp-content\/uploads\/2025\/12\/MariageFlotographie-0625_lwsoptimized-1536x1024.webp\" data-caption=\"Photo de Groupe pr\u00e8s de Sault et du Mont Ventoux.\" srcset=\"https:\/\/florianfrison.com\/wp-content\/uploads\/2025\/12\/MariageFlotographie-0625_lwsoptimized.webp 2000w, https:\/\/florianfrison.com\/wp-content\/uploads\/2025\/12\/MariageFlotographie-0625_lwsoptimized-300x200.webp 300w, https:\/\/florianfrison.com\/wp-content\/uploads\/2025\/12\/MariageFlotographie-0625_lwsoptimized-1024x682.webp 1024w, https:\/\/florianfrison.com\/wp-content\/uploads\/2025\/12\/MariageFlotographie-0625_lwsoptimized-768x512.webp 768w, https:\/\/florianfrison.com\/wp-content\/uploads\/2025\/12\/MariageFlotographie-0625_lwsoptimized-1536x1024.webp 1536w, https:\/\/florianfrison.com\/wp-content\/uploads\/2025\/12\/MariageFlotographie-0625_lwsoptimized-18x12.webp 18w, https:\/\/florianfrison.com\/wp-content\/uploads\/2025\/12\/MariageFlotographie-0625_lwsoptimized-610x407.webp 610w, https:\/\/florianfrison.com\/wp-content\/uploads\/2025\/12\/MariageFlotographie-0625_lwsoptimized-1080x720.webp 1080w, https:\/\/florianfrison.com\/wp-content\/uploads\/2025\/12\/MariageFlotographie-0625_lwsoptimized-1280x853.webp 1280w, https:\/\/florianfrison.com\/wp-content\/uploads\/2025\/12\/MariageFlotographie-0625_lwsoptimized-980x653.webp 980w, https:\/\/florianfrison.com\/wp-content\/uploads\/2025\/12\/MariageFlotographie-0625_lwsoptimized-480x320.webp 480w\" sizes=\"(max-width: 1536px) 100vw, 1536px\" \/>\n\t\t<div class=\"figc\">\n\t\t\t<div class=\"figc-inner\">\n\t\t\t\t\t\t\t\t\t\t\t\t\t<div class=\"jtg-description\">Photo de Groupe pr\u00e8s de Sault et du Mont Ventoux.<\/div>\n\t\t\t\t\t\t\t\t\t\t\t<\/div>\n\t\t<\/div>\n\n\t<\/div>\n\n<\/div><div class=\"modula-item effect-pufrobo\" >\n\t<div class=\"modula-item-overlay\"><\/div>\n\n\t<div class=\"modula-item-content\">\n\n\t\t<a data-image-id=\"1168\" role=\"button\" tabindex=\"0\" rel=\"jtg-355\" data-caption=\"Reportage de Mariage \u00e0 Saint-Jeoire-Prieur\u00e9 et Jacob-Bellecombette\" aria-label=\"Open image in lightbox\" class=\"tile-inner modula-item-link\"><\/a><img loading=\"lazy\" decoding=\"async\" class=\"pic wp-image-1168\"  data-valign=\"middle\" data-halign=\"center\" alt=\"Reportage de Mariage \u00e0 Saint-Jeoire-Prieur\u00e9 et Jacob-Bellecombette\" data-full=\"https:\/\/florianfrison.com\/wp-content\/uploads\/2026\/04\/MariageSiradaDamienFlorianFrison26-2071.avif\" title=\"MariageSirada&amp;amp;DamienFlorianFrison26-2071\" crop=\"\" width=\"1536\" height=\"1024\" src=\"https:\/\/florianfrison.com\/wp-content\/uploads\/2026\/04\/MariageSiradaDamienFlorianFrison26-2071.avif\" data-src=\"https:\/\/florianfrison.com\/wp-content\/uploads\/2026\/04\/MariageSiradaDamienFlorianFrison26-2071.avif\" data-caption=\"Reportage de Mariage \u00e0 Saint-Jeoire-Prieur\u00e9 et Jacob-Bellecombette\"\/>\n\t\t<div class=\"figc\">\n\t\t\t<div class=\"figc-inner\">\n\t\t\t\t\t\t\t\t\t\t\t\t\t<div class=\"jtg-description\">Reportage de Mariage \u00e0 Saint-Jeoire-Prieur\u00e9 et Jacob-Bellecombette<\/div>\n\t\t\t\t\t\t\t\t\t\t\t<\/div>\n\t\t<\/div>\n\n\t<\/div>\n\n<\/div><div class=\"modula-item effect-pufrobo\" >\n\t<div class=\"modula-item-overlay\"><\/div>\n\n\t<div class=\"modula-item-content\">\n\n\t\t<a data-image-id=\"444\" role=\"button\" tabindex=\"0\" rel=\"jtg-355\" data-caption=\"D\u00e9coupe du gateau au Ch\u00e2teau La Beaumetane - Florian Frison Photographe Mariage Provence.\" aria-label=\"Open image in lightbox\" class=\"tile-inner modula-item-link\"><\/a><img loading=\"lazy\" decoding=\"async\" class=\"pic wp-image-444\"  data-valign=\"middle\" data-halign=\"center\" alt=\"D\u00e9coupe du gateau au Ch\u00e2teau La Beaumetane - Florian Frison Photographe Mariage Provence.\" data-full=\"https:\/\/florianfrison.com\/wp-content\/uploads\/2025\/12\/MariageFlotographie-5441_lwsoptimized.avif\" title=\"Mariage Ch\u00e2teau La Beaumetane\" crop=\"\" width=\"1536\" height=\"1022\" src=\"https:\/\/florianfrison.com\/wp-content\/uploads\/2025\/12\/MariageFlotographie-5441_lwsoptimized.avif\" data-src=\"https:\/\/florianfrison.com\/wp-content\/uploads\/2025\/12\/MariageFlotographie-5441_lwsoptimized.avif\" data-caption=\"D\u00e9coupe du gateau au Ch\u00e2teau La Beaumetane - Florian Frison Photographe Mariage Provence.\"\/>\n\t\t<div class=\"figc\">\n\t\t\t<div class=\"figc-inner\">\n\t\t\t\t\t\t\t\t\t\t\t\t\t<div class=\"jtg-description\">D\u00e9coupe du gateau au Ch\u00e2teau La Beaumetane - Florian Frison Photographe Mariage Provence.<\/div>\n\t\t\t\t\t\t\t\t\t\t\t<\/div>\n\t\t<\/div>\n\n\t<\/div>\n\n<\/div><div class=\"modula-item effect-pufrobo\" >\n\t<div class=\"modula-item-overlay\"><\/div>\n\n\t<div class=\"modula-item-content\">\n\n\t\t<a data-image-id=\"440\" role=\"button\" tabindex=\"0\" rel=\"jtg-355\" data-caption=\"Une m\u00e8re et sa fille danse lors d&#039;un mariage authentique dans le Gard, pr\u00e8s de N\u00eemes.\" aria-label=\"Open image in lightbox\" class=\"tile-inner modula-item-link\"><\/a><img loading=\"lazy\" decoding=\"async\" class=\"pic wp-image-440\"  data-valign=\"middle\" data-halign=\"center\" alt=\"Une m\u00e8re et sa fille danse lors d&#039;un mariage authentique dans le Gard, pr\u00e8s de N\u00eemes.\" data-full=\"https:\/\/florianfrison.com\/wp-content\/uploads\/2025\/12\/MariageFlotographie-4794_lwsoptimized.avif\" title=\"Enfant-m\u00e8re-Salle-Mariage-Gard-Nimes-Emotion\" crop=\"\" width=\"1536\" height=\"1022\" src=\"https:\/\/florianfrison.com\/wp-content\/uploads\/2025\/12\/MariageFlotographie-4794_lwsoptimized.avif\" data-src=\"https:\/\/florianfrison.com\/wp-content\/uploads\/2025\/12\/MariageFlotographie-4794_lwsoptimized.avif\" data-caption=\"Une m\u00e8re et sa fille danse lors d&#039;un mariage authentique dans le Gard, pr\u00e8s de N\u00eemes.\"\/>\n\t\t<div class=\"figc\">\n\t\t\t<div class=\"figc-inner\">\n\t\t\t\t\t\t\t\t\t\t\t\t\t<div class=\"jtg-description\">Une m\u00e8re et sa fille danse lors d'un mariage authentique dans le Gard, pr\u00e8s de N\u00eemes.<\/div>\n\t\t\t\t\t\t\t\t\t\t\t<\/div>\n\t\t<\/div>\n\n\t<\/div>\n\n<\/div><div class=\"modula-item effect-pufrobo\" >\n\t<div class=\"modula-item-overlay\"><\/div>\n\n\t<div class=\"modula-item-content\">\n\n\t\t<a data-image-id=\"160\" role=\"button\" tabindex=\"0\" rel=\"jtg-355\" data-caption=\"\u00c9motion du mari\u00e9 lors d&#039;une c\u00e9r\u00e9monie traditionnelle de mariage cambodgien \u00e0 l&#039;H\u00f4tel Aquabella, Aix-en-Provence.\" aria-label=\"Open image in lightbox\" class=\"tile-inner modula-item-link\"><\/a><img loading=\"lazy\" decoding=\"async\" class=\"pic wp-image-160\"  data-valign=\"middle\" data-halign=\"center\" alt=\"\u00c9motion du mari\u00e9 lors d&#039;une c\u00e9r\u00e9monie traditionnelle de mariage cambodgien \u00e0 l&#039;H\u00f4tel Aquabella, Aix-en-Provence.\" data-full=\"https:\/\/florianfrison.com\/wp-content\/uploads\/2025\/11\/MariageFlotographie-6236_lwsoptimized.avif\" title=\"Mariage-Cambodgien-Aix-en-Provence-Hotel-Aquabella\" crop=\"\" width=\"1536\" height=\"1020\" src=\"https:\/\/florianfrison.com\/wp-content\/uploads\/2025\/11\/MariageFlotographie-6236_lwsoptimized.avif\" data-src=\"https:\/\/florianfrison.com\/wp-content\/uploads\/2025\/11\/MariageFlotographie-6236_lwsoptimized.avif\" data-caption=\"\u00c9motion du mari\u00e9 lors d&#039;une c\u00e9r\u00e9monie traditionnelle de mariage cambodgien \u00e0 l&#039;H\u00f4tel Aquabella, Aix-en-Provence.\"\/>\n\t\t<div class=\"figc\">\n\t\t\t<div class=\"figc-inner\">\n\t\t\t\t\t\t\t\t\t\t\t\t\t<div class=\"jtg-description\">\u00c9motion du mari\u00e9 lors d'une c\u00e9r\u00e9monie traditionnelle de mariage cambodgien \u00e0 l'H\u00f4tel Aquabella, Aix-en-Provence.<\/div>\n\t\t\t\t\t\t\t\t\t\t\t<\/div>\n\t\t<\/div>\n\n\t<\/div>\n\n<\/div><div class=\"modula-item effect-pufrobo\" >\n\t<div class=\"modula-item-overlay\"><\/div>\n\n\t<div class=\"modula-item-content\">\n\n\t\t<a data-image-id=\"459\" role=\"button\" tabindex=\"0\" rel=\"jtg-355\" data-caption=\"Signature de la mari\u00e9e dans la mairie de la Maison Blanche (Mairie 9\/10) \u00e0 Marseille.\" aria-label=\"Open image in lightbox\" class=\"tile-inner modula-item-link\"><\/a><img loading=\"lazy\" decoding=\"async\" class=\"pic wp-image-459\"  data-valign=\"middle\" data-halign=\"center\" alt=\"Signature de la mari\u00e9e dans la mairie de la Maison Blanche (Mairie 9\/10) \u00e0 Marseille.\" data-full=\"https:\/\/florianfrison.com\/wp-content\/uploads\/2025\/12\/MariageFlotographie-9492_lwsoptimized.avif\" title=\"Signature-Mari\u00e9e-Mariage-Parc-Maison-Blanche-Marseille\" crop=\"\" width=\"1536\" height=\"1024\" src=\"https:\/\/florianfrison.com\/wp-content\/uploads\/2025\/12\/MariageFlotographie-9492_lwsoptimized.avif\" data-src=\"https:\/\/florianfrison.com\/wp-content\/uploads\/2025\/12\/MariageFlotographie-9492_lwsoptimized.avif\" data-caption=\"Signature de la mari\u00e9e dans la mairie de la Maison Blanche (Mairie 9\/10) \u00e0 Marseille.\"\/>\n\t\t<div class=\"figc\">\n\t\t\t<div class=\"figc-inner\">\n\t\t\t\t\t\t\t\t\t\t\t\t\t<div class=\"jtg-description\">Signature de la mari\u00e9e dans la mairie de la Maison Blanche (Mairie 9\/10) \u00e0 Marseille.<\/div>\n\t\t\t\t\t\t\t\t\t\t\t<\/div>\n\t\t<\/div>\n\n\t<\/div>\n\n<\/div><div class=\"modula-item effect-pufrobo\" >\n\t<div class=\"modula-item-overlay\"><\/div>\n\n\t<div class=\"modula-item-content\">\n\n\t\t<a data-image-id=\"1162\" role=\"button\" tabindex=\"0\" rel=\"jtg-355\" data-caption=\"Reportage de Mariage \u00e0 Saint-Jeoire-Prieur\u00e9 et Jacob-Bellecombette\" aria-label=\"Open image in lightbox\" class=\"tile-inner modula-item-link\"><\/a><img loading=\"lazy\" decoding=\"async\" class=\"pic wp-image-1162\"  data-valign=\"middle\" data-halign=\"center\" alt=\"Reportage de Mariage \u00e0 Saint-Jeoire-Prieur\u00e9 et Jacob-Bellecombette\" data-full=\"https:\/\/florianfrison.com\/wp-content\/uploads\/2026\/04\/MariageSiradaDamienFlorianFrison26-1881.avif\" title=\"MariageSirada&amp;amp;DamienFlorianFrison26-1881\" crop=\"\" width=\"1536\" height=\"1024\" src=\"https:\/\/florianfrison.com\/wp-content\/uploads\/2026\/04\/MariageSiradaDamienFlorianFrison26-1881.avif\" data-src=\"https:\/\/florianfrison.com\/wp-content\/uploads\/2026\/04\/MariageSiradaDamienFlorianFrison26-1881.avif\" data-caption=\"Reportage de Mariage \u00e0 Saint-Jeoire-Prieur\u00e9 et Jacob-Bellecombette\"\/>\n\t\t<div class=\"figc\">\n\t\t\t<div class=\"figc-inner\">\n\t\t\t\t\t\t\t\t\t\t\t\t\t<div class=\"jtg-description\">Reportage de Mariage \u00e0 Saint-Jeoire-Prieur\u00e9 et Jacob-Bellecombette<\/div>\n\t\t\t\t\t\t\t\t\t\t\t<\/div>\n\t\t<\/div>\n\n\t<\/div>\n\n<\/div><div class=\"modula-item effect-pufrobo\" >\n\t<div class=\"modula-item-overlay\"><\/div>\n\n\t<div class=\"modula-item-content\">\n\n\t\t<a data-image-id=\"1174\" role=\"button\" tabindex=\"0\" rel=\"jtg-355\" data-caption=\"Reportage de Mariage \u00e0 Saint-Jeoire-Prieur\u00e9 et Jacob-Bellecombette\" aria-label=\"Open image in lightbox\" class=\"tile-inner modula-item-link\"><\/a><img loading=\"lazy\" decoding=\"async\" class=\"pic wp-image-1174\"  data-valign=\"middle\" data-halign=\"center\" alt=\"Reportage de Mariage \u00e0 Saint-Jeoire-Prieur\u00e9 et Jacob-Bellecombette\" data-full=\"https:\/\/florianfrison.com\/wp-content\/uploads\/2026\/04\/MariageSiradaDamienFlorianFrison26-2284.avif\" title=\"MariageSirada&amp;amp;DamienFlorianFrison26-2284\" crop=\"\" width=\"1536\" height=\"1024\" src=\"https:\/\/florianfrison.com\/wp-content\/uploads\/2026\/04\/MariageSiradaDamienFlorianFrison26-2284.avif\" data-src=\"https:\/\/florianfrison.com\/wp-content\/uploads\/2026\/04\/MariageSiradaDamienFlorianFrison26-2284.avif\" data-caption=\"Reportage de Mariage \u00e0 Saint-Jeoire-Prieur\u00e9 et Jacob-Bellecombette\"\/>\n\t\t<div class=\"figc\">\n\t\t\t<div class=\"figc-inner\">\n\t\t\t\t\t\t\t\t\t\t\t\t\t<div class=\"jtg-description\">Reportage de Mariage \u00e0 Saint-Jeoire-Prieur\u00e9 et Jacob-Bellecombette<\/div>\n\t\t\t\t\t\t\t\t\t\t\t<\/div>\n\t\t<\/div>\n\n\t<\/div>\n\n<\/div><div class=\"modula-item effect-pufrobo\" >\n\t<div class=\"modula-item-overlay\"><\/div>\n\n\t<div class=\"modula-item-content\">\n\n\t\t<a data-image-id=\"1210\" role=\"button\" tabindex=\"0\" rel=\"jtg-355\" data-caption=\"Reportage de Mariage \u00e0 Saint-Jeoire-Prieur\u00e9 et Jacob-Bellecombette\" aria-label=\"Open image in lightbox\" class=\"tile-inner modula-item-link\"><\/a><img loading=\"lazy\" decoding=\"async\" class=\"pic wp-image-1210\"  data-valign=\"middle\" data-halign=\"center\" alt=\"Reportage de Mariage \u00e0 Saint-Jeoire-Prieur\u00e9 et Jacob-Bellecombette\" data-full=\"https:\/\/florianfrison.com\/wp-content\/uploads\/2026\/04\/MariageSiradaDamienFlorianFrison26-5303.avif\" title=\"MariageSirada&amp;amp;DamienFlorianFrison26-5303\" crop=\"\" width=\"1536\" height=\"1024\" src=\"https:\/\/florianfrison.com\/wp-content\/uploads\/2026\/04\/MariageSiradaDamienFlorianFrison26-5303.avif\" data-src=\"https:\/\/florianfrison.com\/wp-content\/uploads\/2026\/04\/MariageSiradaDamienFlorianFrison26-5303.avif\" data-caption=\"Reportage de Mariage \u00e0 Saint-Jeoire-Prieur\u00e9 et Jacob-Bellecombette\"\/>\n\t\t<div class=\"figc\">\n\t\t\t<div class=\"figc-inner\">\n\t\t\t\t\t\t\t\t\t\t\t\t\t<div class=\"jtg-description\">Reportage de Mariage \u00e0 Saint-Jeoire-Prieur\u00e9 et Jacob-Bellecombette<\/div>\n\t\t\t\t\t\t\t\t\t\t\t<\/div>\n\t\t<\/div>\n\n\t<\/div>\n\n<\/div><div class=\"modula-item effect-pufrobo\" >\n\t<div class=\"modula-item-overlay\"><\/div>\n\n\t<div class=\"modula-item-content\">\n\n\t\t<a data-image-id=\"436\" role=\"button\" tabindex=\"0\" rel=\"jtg-355\" data-caption=\"S\u00e9ance couple lors d&#039;un mariage authentique dans le Gard, pr\u00e8s de N\u00eemes.\" aria-label=\"Open image in lightbox\" class=\"tile-inner modula-item-link\"><\/a><img loading=\"lazy\" decoding=\"async\" class=\"pic wp-image-436\"  data-valign=\"middle\" data-halign=\"center\" alt=\"S\u00e9ance couple lors d&#039;un mariage authentique dans le Gard, pr\u00e8s de N\u00eemes.\" data-full=\"https:\/\/florianfrison.com\/wp-content\/uploads\/2025\/12\/MariageFlotographie-4136_lwsoptimized.webp\" title=\"S\u00e9ance-Couple-Mariage-Gard-Nimes-Emotion\" crop=\"\" width=\"1022\" height=\"1536\" src=\"https:\/\/florianfrison.com\/wp-content\/uploads\/2025\/12\/MariageFlotographie-4136_lwsoptimized-1022x1536.webp\" data-src=\"https:\/\/florianfrison.com\/wp-content\/uploads\/2025\/12\/MariageFlotographie-4136_lwsoptimized-1022x1536.webp\" data-caption=\"S\u00e9ance couple lors d&#039;un mariage authentique dans le Gard, pr\u00e8s de N\u00eemes.\" srcset=\"https:\/\/florianfrison.com\/wp-content\/uploads\/2025\/12\/MariageFlotographie-4136_lwsoptimized.webp 1331w, https:\/\/florianfrison.com\/wp-content\/uploads\/2025\/12\/MariageFlotographie-4136_lwsoptimized-200x300.webp 200w, https:\/\/florianfrison.com\/wp-content\/uploads\/2025\/12\/MariageFlotographie-4136_lwsoptimized-681x1024.webp 681w, https:\/\/florianfrison.com\/wp-content\/uploads\/2025\/12\/MariageFlotographie-4136_lwsoptimized-768x1154.webp 768w, https:\/\/florianfrison.com\/wp-content\/uploads\/2025\/12\/MariageFlotographie-4136_lwsoptimized-1022x1536.webp 1022w, https:\/\/florianfrison.com\/wp-content\/uploads\/2025\/12\/MariageFlotographie-4136_lwsoptimized-8x12.webp 8w, https:\/\/florianfrison.com\/wp-content\/uploads\/2025\/12\/MariageFlotographie-4136_lwsoptimized-610x917.webp 610w, https:\/\/florianfrison.com\/wp-content\/uploads\/2025\/12\/MariageFlotographie-4136_lwsoptimized-1080x1623.webp 1080w, https:\/\/florianfrison.com\/wp-content\/uploads\/2025\/12\/MariageFlotographie-4136_lwsoptimized-1280x1923.webp 1280w, https:\/\/florianfrison.com\/wp-content\/uploads\/2025\/12\/MariageFlotographie-4136_lwsoptimized-980x1473.webp 980w, https:\/\/florianfrison.com\/wp-content\/uploads\/2025\/12\/MariageFlotographie-4136_lwsoptimized-480x721.webp 480w\" sizes=\"(max-width: 1022px) 100vw, 1022px\" \/>\n\t\t<div class=\"figc\">\n\t\t\t<div class=\"figc-inner\">\n\t\t\t\t\t\t\t\t\t\t\t\t\t<div class=\"jtg-description\">S\u00e9ance couple lors d'un mariage authentique dans le Gard, pr\u00e8s de N\u00eemes.<\/div>\n\t\t\t\t\t\t\t\t\t\t\t<\/div>\n\t\t<\/div>\n\n\t<\/div>\n\n<\/div><div class=\"modula-item effect-pufrobo\" >\n\t<div class=\"modula-item-overlay\"><\/div>\n\n\t<div class=\"modula-item-content\">\n\n\t\t<a data-image-id=\"1203\" role=\"button\" tabindex=\"0\" rel=\"jtg-355\" data-caption=\"Reportage de Mariage \u00e0 Saint-Jeoire-Prieur\u00e9 et Jacob-Bellecombette\" aria-label=\"Open image in lightbox\" class=\"tile-inner modula-item-link\"><\/a><img loading=\"lazy\" decoding=\"async\" class=\"pic wp-image-1203\"  data-valign=\"middle\" data-halign=\"center\" alt=\"Reportage de Mariage \u00e0 Saint-Jeoire-Prieur\u00e9 et Jacob-Bellecombette\" data-full=\"https:\/\/florianfrison.com\/wp-content\/uploads\/2026\/04\/MariageSiradaDamienFlorianFrison26-4942.avif\" title=\"MariageSirada&amp;amp;DamienFlorianFrison26-4942\" crop=\"\" width=\"1536\" height=\"1024\" src=\"https:\/\/florianfrison.com\/wp-content\/uploads\/2026\/04\/MariageSiradaDamienFlorianFrison26-4942.avif\" data-src=\"https:\/\/florianfrison.com\/wp-content\/uploads\/2026\/04\/MariageSiradaDamienFlorianFrison26-4942.avif\" data-caption=\"Reportage de Mariage \u00e0 Saint-Jeoire-Prieur\u00e9 et Jacob-Bellecombette\"\/>\n\t\t<div class=\"figc\">\n\t\t\t<div class=\"figc-inner\">\n\t\t\t\t\t\t\t\t\t\t\t\t\t<div class=\"jtg-description\">Reportage de Mariage \u00e0 Saint-Jeoire-Prieur\u00e9 et Jacob-Bellecombette<\/div>\n\t\t\t\t\t\t\t\t\t\t\t<\/div>\n\t\t<\/div>\n\n\t<\/div>\n\n<\/div><div class=\"modula-item effect-pufrobo\" >\n\t<div class=\"modula-item-overlay\"><\/div>\n\n\t<div class=\"modula-item-content\">\n\n\t\t<a data-image-id=\"767\" role=\"button\" tabindex=\"0\" rel=\"jtg-355\" data-caption=\"Portrait invit\u00e9e \u00e9l\u00e9gante sourire naturel soir\u00e9e mariage russe Ch\u00e2teau la Beaumetane.\" aria-label=\"Open image in lightbox\" class=\"tile-inner modula-item-link\"><\/a><img loading=\"lazy\" decoding=\"async\" class=\"pic wp-image-767\"  data-valign=\"middle\" data-halign=\"center\" alt=\"Portrait invit\u00e9e \u00e9l\u00e9gante sourire naturel soir\u00e9e mariage russe Ch\u00e2teau la Beaumetane.\" data-full=\"https:\/\/florianfrison.com\/wp-content\/uploads\/2025\/12\/MariageFlotographie-8946_lwsoptimized.avif\" title=\"MariageFlotographie-8946\" crop=\"\" width=\"1536\" height=\"971\" src=\"https:\/\/florianfrison.com\/wp-content\/uploads\/2025\/12\/MariageFlotographie-8946_lwsoptimized.avif\" data-src=\"https:\/\/florianfrison.com\/wp-content\/uploads\/2025\/12\/MariageFlotographie-8946_lwsoptimized.avif\" data-caption=\"Portrait invit\u00e9e \u00e9l\u00e9gante sourire naturel soir\u00e9e mariage russe Ch\u00e2teau la Beaumetane.\"\/>\n\t\t<div class=\"figc\">\n\t\t\t<div class=\"figc-inner\">\n\t\t\t\t\t\t\t\t\t\t\t\t\t<div class=\"jtg-description\">Portrait invit\u00e9e \u00e9l\u00e9gante sourire naturel soir\u00e9e mariage russe Ch\u00e2teau la Beaumetane.<\/div>\n\t\t\t\t\t\t\t\t\t\t\t<\/div>\n\t\t<\/div>\n\n\t<\/div>\n\n<\/div><div class=\"modula-item effect-pufrobo\" >\n\t<div class=\"modula-item-overlay\"><\/div>\n\n\t<div class=\"modula-item-content\">\n\n\t\t<a data-image-id=\"1194\" role=\"button\" tabindex=\"0\" rel=\"jtg-355\" data-caption=\"Reportage de Mariage \u00e0 Saint-Jeoire-Prieur\u00e9 et Jacob-Bellecombette\" aria-label=\"Open image in lightbox\" class=\"tile-inner modula-item-link\"><\/a><img loading=\"lazy\" decoding=\"async\" class=\"pic wp-image-1194\"  data-valign=\"middle\" data-halign=\"center\" alt=\"Reportage de Mariage \u00e0 Saint-Jeoire-Prieur\u00e9 et Jacob-Bellecombette\" data-full=\"https:\/\/florianfrison.com\/wp-content\/uploads\/2026\/04\/MariageSiradaDamienFlorianFrison26-4416.avif\" title=\"MariageSirada&amp;amp;DamienFlorianFrison26-4416\" crop=\"\" width=\"1536\" height=\"1024\" src=\"https:\/\/florianfrison.com\/wp-content\/uploads\/2026\/04\/MariageSiradaDamienFlorianFrison26-4416.avif\" data-src=\"https:\/\/florianfrison.com\/wp-content\/uploads\/2026\/04\/MariageSiradaDamienFlorianFrison26-4416.avif\" data-caption=\"Reportage de Mariage \u00e0 Saint-Jeoire-Prieur\u00e9 et Jacob-Bellecombette\"\/>\n\t\t<div class=\"figc\">\n\t\t\t<div class=\"figc-inner\">\n\t\t\t\t\t\t\t\t\t\t\t\t\t<div class=\"jtg-description\">Reportage de Mariage \u00e0 Saint-Jeoire-Prieur\u00e9 et Jacob-Bellecombette<\/div>\n\t\t\t\t\t\t\t\t\t\t\t<\/div>\n\t\t<\/div>\n\n\t<\/div>\n\n<\/div><div class=\"modula-item effect-pufrobo\" >\n\t<div class=\"modula-item-overlay\"><\/div>\n\n\t<div class=\"modula-item-content\">\n\n\t\t<a data-image-id=\"943\" role=\"button\" tabindex=\"0\" rel=\"jtg-355\" data-caption=\"Moment de joie et de complicit\u00e9 entre les mari\u00e9s pendant la soir\u00e9e de mariage, captur\u00e9 sur le vif.\" aria-label=\"Open image in lightbox\" class=\"tile-inner modula-item-link\"><\/a><img loading=\"lazy\" decoding=\"async\" class=\"pic wp-image-943\"  data-valign=\"middle\" data-halign=\"center\" alt=\"Moment de joie et de complicit\u00e9 entre les mari\u00e9s pendant la soir\u00e9e de mariage, captur\u00e9 sur le vif.\" data-full=\"https:\/\/florianfrison.com\/wp-content\/uploads\/2026\/01\/MariageFlotographie-8805.avif\" title=\"Rires-complices-maries-reportage-photo\" crop=\"\" width=\"1536\" height=\"1024\" src=\"https:\/\/florianfrison.com\/wp-content\/uploads\/2026\/01\/MariageFlotographie-8805.avif\" data-src=\"https:\/\/florianfrison.com\/wp-content\/uploads\/2026\/01\/MariageFlotographie-8805.avif\" data-caption=\"Moment de joie et de complicit\u00e9 entre les mari\u00e9s pendant la soir\u00e9e de mariage, captur\u00e9 sur le vif.\"\/>\n\t\t<div class=\"figc\">\n\t\t\t<div class=\"figc-inner\">\n\t\t\t\t\t\t\t\t\t\t\t\t\t<div class=\"jtg-description\">Moment de joie et de complicit\u00e9 entre les mari\u00e9s pendant la soir\u00e9e de mariage, captur\u00e9 sur le vif.<\/div>\n\t\t\t\t\t\t\t\t\t\t\t<\/div>\n\t\t<\/div>\n\n\t<\/div>\n\n<\/div><div class=\"modula-item effect-pufrobo\" >\n\t<div class=\"modula-item-overlay\"><\/div>\n\n\t<div class=\"modula-item-content\">\n\n\t\t<a data-image-id=\"448\" role=\"button\" tabindex=\"0\" rel=\"jtg-355\" data-caption=\"Visionnage du film lors d&#039;un mariage \u00e0 Castelnau le Lez\" aria-label=\"Open image in lightbox\" class=\"tile-inner modula-item-link\"><\/a><img loading=\"lazy\" decoding=\"async\" class=\"pic wp-image-448\"  data-valign=\"middle\" data-halign=\"center\" alt=\"Visionnage du film lors d&#039;un mariage \u00e0 Castelnau le Lez\" data-full=\"https:\/\/florianfrison.com\/wp-content\/uploads\/2025\/12\/MariageFlotographie-7367_lwsoptimized.avif\" title=\"Calstelnau le Lez\" crop=\"\" width=\"1536\" height=\"1024\" src=\"https:\/\/florianfrison.com\/wp-content\/uploads\/2025\/12\/MariageFlotographie-7367_lwsoptimized.avif\" data-src=\"https:\/\/florianfrison.com\/wp-content\/uploads\/2025\/12\/MariageFlotographie-7367_lwsoptimized.avif\" data-caption=\"Visionnage du film lors d&#039;un mariage \u00e0 Castelnau le Lez\"\/>\n\t\t<div class=\"figc\">\n\t\t\t<div class=\"figc-inner\">\n\t\t\t\t\t\t\t\t\t\t\t\t\t<div class=\"jtg-description\">Visionnage du film lors d'un mariage \u00e0 Castelnau le Lez<\/div>\n\t\t\t\t\t\t\t\t\t\t\t<\/div>\n\t\t<\/div>\n\n\t<\/div>\n\n<\/div><div class=\"modula-item effect-pufrobo\" >\n\t<div class=\"modula-item-overlay\"><\/div>\n\n\t<div class=\"modula-item-content\">\n\n\t\t<a data-image-id=\"1192\" role=\"button\" tabindex=\"0\" rel=\"jtg-355\" data-caption=\"Reportage de Mariage \u00e0 Saint-Jeoire-Prieur\u00e9 et Jacob-Bellecombette\" aria-label=\"Open image in lightbox\" class=\"tile-inner modula-item-link\"><\/a><img loading=\"lazy\" decoding=\"async\" class=\"pic wp-image-1192\"  data-valign=\"middle\" data-halign=\"center\" alt=\"Reportage de Mariage \u00e0 Saint-Jeoire-Prieur\u00e9 et Jacob-Bellecombette\" data-full=\"https:\/\/florianfrison.com\/wp-content\/uploads\/2026\/04\/MariageSiradaDamienFlorianFrison26-4383.avif\" title=\"MariageSirada&amp;amp;DamienFlorianFrison26-4383\" crop=\"\" width=\"1536\" height=\"1024\" src=\"https:\/\/florianfrison.com\/wp-content\/uploads\/2026\/04\/MariageSiradaDamienFlorianFrison26-4383.avif\" data-src=\"https:\/\/florianfrison.com\/wp-content\/uploads\/2026\/04\/MariageSiradaDamienFlorianFrison26-4383.avif\" data-caption=\"Reportage de Mariage \u00e0 Saint-Jeoire-Prieur\u00e9 et Jacob-Bellecombette\"\/>\n\t\t<div class=\"figc\">\n\t\t\t<div class=\"figc-inner\">\n\t\t\t\t\t\t\t\t\t\t\t\t\t<div class=\"jtg-description\">Reportage de Mariage \u00e0 Saint-Jeoire-Prieur\u00e9 et Jacob-Bellecombette<\/div>\n\t\t\t\t\t\t\t\t\t\t\t<\/div>\n\t\t<\/div>\n\n\t<\/div>\n\n<\/div><div class=\"modula-item effect-pufrobo\" >\n\t<div class=\"modula-item-overlay\"><\/div>\n\n\t<div class=\"modula-item-content\">\n\n\t\t<a data-image-id=\"1193\" role=\"button\" tabindex=\"0\" rel=\"jtg-355\" data-caption=\"Reportage de Mariage \u00e0 Saint-Jeoire-Prieur\u00e9 et Jacob-Bellecombette\" aria-label=\"Open image in lightbox\" class=\"tile-inner modula-item-link\"><\/a><img loading=\"lazy\" decoding=\"async\" class=\"pic wp-image-1193\"  data-valign=\"middle\" data-halign=\"center\" alt=\"Reportage de Mariage \u00e0 Saint-Jeoire-Prieur\u00e9 et Jacob-Bellecombette\" data-full=\"https:\/\/florianfrison.com\/wp-content\/uploads\/2026\/04\/MariageSiradaDamienFlorianFrison26-4389.avif\" title=\"MariageSirada&amp;amp;DamienFlorianFrison26-4389\" crop=\"\" width=\"1536\" height=\"1024\" src=\"https:\/\/florianfrison.com\/wp-content\/uploads\/2026\/04\/MariageSiradaDamienFlorianFrison26-4389.avif\" data-src=\"https:\/\/florianfrison.com\/wp-content\/uploads\/2026\/04\/MariageSiradaDamienFlorianFrison26-4389.avif\" data-caption=\"Reportage de Mariage \u00e0 Saint-Jeoire-Prieur\u00e9 et Jacob-Bellecombette\"\/>\n\t\t<div class=\"figc\">\n\t\t\t<div class=\"figc-inner\">\n\t\t\t\t\t\t\t\t\t\t\t\t\t<div class=\"jtg-description\">Reportage de Mariage \u00e0 Saint-Jeoire-Prieur\u00e9 et Jacob-Bellecombette<\/div>\n\t\t\t\t\t\t\t\t\t\t\t<\/div>\n\t\t<\/div>\n\n\t<\/div>\n\n<\/div><div class=\"modula-item effect-pufrobo\" >\n\t<div class=\"modula-item-overlay\"><\/div>\n\n\t<div class=\"modula-item-content\">\n\n\t\t<a data-image-id=\"430\" role=\"button\" tabindex=\"0\" rel=\"jtg-355\" data-caption=\"Ambiance festive et danse de mariage au Domaine La Tour, pr\u00e8s de Sault et du Mont Ventoux.\" aria-label=\"Open image in lightbox\" class=\"tile-inner modula-item-link\"><\/a><img loading=\"lazy\" decoding=\"async\" class=\"pic wp-image-430\"  data-valign=\"middle\" data-halign=\"center\" alt=\"Ambiance festive et danse de mariage au Domaine La Tour, pr\u00e8s de Sault et du Mont Ventoux.\" data-full=\"https:\/\/florianfrison.com\/wp-content\/uploads\/2025\/12\/MariageFlotographie-1690_lwsoptimized.avif\" title=\"Soiree-Mariage-Domaine-La-Tour-Sault-Ventoux\" crop=\"\" width=\"1536\" height=\"1024\" src=\"https:\/\/florianfrison.com\/wp-content\/uploads\/2025\/12\/MariageFlotographie-1690_lwsoptimized.avif\" data-src=\"https:\/\/florianfrison.com\/wp-content\/uploads\/2025\/12\/MariageFlotographie-1690_lwsoptimized.avif\" data-caption=\"Ambiance festive et danse de mariage au Domaine La Tour, pr\u00e8s de Sault et du Mont Ventoux.\"\/>\n\t\t<div class=\"figc\">\n\t\t\t<div class=\"figc-inner\">\n\t\t\t\t\t\t\t\t\t\t\t\t\t<div class=\"jtg-description\">Ambiance festive et danse de mariage au Domaine La Tour, pr\u00e8s de Sault et du Mont Ventoux.<\/div>\n\t\t\t\t\t\t\t\t\t\t\t<\/div>\n\t\t<\/div>\n\n\t<\/div>\n\n<\/div><div class=\"modula-item effect-pufrobo\" >\n\t<div class=\"modula-item-overlay\"><\/div>\n\n\t<div class=\"modula-item-content\">\n\n\t\t<a data-image-id=\"1209\" role=\"button\" tabindex=\"0\" rel=\"jtg-355\" data-caption=\"Reportage de Mariage \u00e0 Saint-Jeoire-Prieur\u00e9 et Jacob-Bellecombette\" aria-label=\"Open image in lightbox\" class=\"tile-inner modula-item-link\"><\/a><img loading=\"lazy\" decoding=\"async\" class=\"pic wp-image-1209\"  data-valign=\"middle\" data-halign=\"center\" alt=\"Reportage de Mariage \u00e0 Saint-Jeoire-Prieur\u00e9 et Jacob-Bellecombette\" data-full=\"https:\/\/florianfrison.com\/wp-content\/uploads\/2026\/04\/MariageSiradaDamienFlorianFrison26-5277.avif\" title=\"MariageSirada&amp;amp;DamienFlorianFrison26-5277\" crop=\"\" width=\"1536\" height=\"1024\" src=\"https:\/\/florianfrison.com\/wp-content\/uploads\/2026\/04\/MariageSiradaDamienFlorianFrison26-5277.avif\" data-src=\"https:\/\/florianfrison.com\/wp-content\/uploads\/2026\/04\/MariageSiradaDamienFlorianFrison26-5277.avif\" data-caption=\"Reportage de Mariage \u00e0 Saint-Jeoire-Prieur\u00e9 et Jacob-Bellecombette\"\/>\n\t\t<div class=\"figc\">\n\t\t\t<div class=\"figc-inner\">\n\t\t\t\t\t\t\t\t\t\t\t\t\t<div class=\"jtg-description\">Reportage de Mariage \u00e0 Saint-Jeoire-Prieur\u00e9 et Jacob-Bellecombette<\/div>\n\t\t\t\t\t\t\t\t\t\t\t<\/div>\n\t\t<\/div>\n\n\t<\/div>\n\n<\/div><div class=\"modula-item effect-pufrobo\" >\n\t<div class=\"modula-item-overlay\"><\/div>\n\n\t<div class=\"modula-item-content\">\n\n\t\t<a data-image-id=\"456\" role=\"button\" tabindex=\"0\" rel=\"jtg-355\" data-caption=\"La soir\u00e9e au Ch\u00e2teau La Beaumetane - Florian Frison Photographe Mariage Provence.\" aria-label=\"Open image in lightbox\" class=\"tile-inner modula-item-link\"><\/a><img loading=\"lazy\" decoding=\"async\" class=\"pic wp-image-456\"  data-valign=\"middle\" data-halign=\"center\" alt=\"La soir\u00e9e au Ch\u00e2teau La Beaumetane - Florian Frison Photographe Mariage Provence.\" data-full=\"https:\/\/florianfrison.com\/wp-content\/uploads\/2025\/12\/MariageFlotographie-8852_lwsoptimized.avif\" title=\"Mariage Ch\u00e2teau La Beaumetane\" crop=\"\" width=\"1536\" height=\"1024\" src=\"https:\/\/florianfrison.com\/wp-content\/uploads\/2025\/12\/MariageFlotographie-8852_lwsoptimized.avif\" data-src=\"https:\/\/florianfrison.com\/wp-content\/uploads\/2025\/12\/MariageFlotographie-8852_lwsoptimized.avif\" data-caption=\"La soir\u00e9e au Ch\u00e2teau La Beaumetane - Florian Frison Photographe Mariage Provence.\"\/>\n\t\t<div class=\"figc\">\n\t\t\t<div class=\"figc-inner\">\n\t\t\t\t\t\t\t\t\t\t\t\t\t<div class=\"jtg-description\">La soir\u00e9e au Ch\u00e2teau La Beaumetane - Florian Frison Photographe Mariage Provence.<\/div>\n\t\t\t\t\t\t\t\t\t\t\t<\/div>\n\t\t<\/div>\n\n\t<\/div>\n\n<\/div><div class=\"modula-item effect-pufrobo\" >\n\t<div class=\"modula-item-overlay\"><\/div>\n\n\t<div class=\"modula-item-content\">\n\n\t\t<a data-image-id=\"449\" role=\"button\" tabindex=\"0\" rel=\"jtg-355\" data-caption=\"Invit\u00e9s au soleil couchant du Ch\u00e2teau La Beaumetane - Florian Frison Photographe Mariage Provence.\" aria-label=\"Open image in lightbox\" class=\"tile-inner modula-item-link\"><\/a><img loading=\"lazy\" decoding=\"async\" class=\"pic wp-image-449\"  data-valign=\"middle\" data-halign=\"center\" alt=\"Invit\u00e9s au soleil couchant du Ch\u00e2teau La Beaumetane - Florian Frison Photographe Mariage Provence.\" data-full=\"https:\/\/florianfrison.com\/wp-content\/uploads\/2025\/12\/MariageFlotographie-8447_lwsoptimized.avif\" title=\"Mariage Ch\u00e2teau La Beaumetane\" crop=\"\" width=\"1536\" height=\"1024\" src=\"https:\/\/florianfrison.com\/wp-content\/uploads\/2025\/12\/MariageFlotographie-8447_lwsoptimized.avif\" data-src=\"https:\/\/florianfrison.com\/wp-content\/uploads\/2025\/12\/MariageFlotographie-8447_lwsoptimized.avif\" data-caption=\"Invit\u00e9s au soleil couchant du Ch\u00e2teau La Beaumetane - Florian Frison Photographe Mariage Provence.\"\/>\n\t\t<div class=\"figc\">\n\t\t\t<div class=\"figc-inner\">\n\t\t\t\t\t\t\t\t\t\t\t\t\t<div class=\"jtg-description\">Invit\u00e9s au soleil couchant du Ch\u00e2teau La Beaumetane - Florian Frison Photographe Mariage Provence.<\/div>\n\t\t\t\t\t\t\t\t\t\t\t<\/div>\n\t\t<\/div>\n\n\t<\/div>\n\n<\/div><div class=\"modula-item effect-pufrobo\" >\n\t<div class=\"modula-item-overlay\"><\/div>\n\n\t<div class=\"modula-item-content\">\n\n\t\t<a data-image-id=\"944\" role=\"button\" tabindex=\"0\" rel=\"jtg-355\" data-caption=\"Mari\u00e9e \u00e9mue aux larmes \u00e9coutant un discours lors de son mariage au Ch\u00e2teau La Beaumetane en Provence.\" aria-label=\"Open image in lightbox\" class=\"tile-inner modula-item-link\"><\/a><img loading=\"lazy\" decoding=\"async\" class=\"pic wp-image-944\"  data-valign=\"middle\" data-halign=\"center\" alt=\"Mari\u00e9e \u00e9mue aux larmes \u00e9coutant un discours lors de son mariage au Ch\u00e2teau La Beaumetane en Provence.\" data-full=\"https:\/\/florianfrison.com\/wp-content\/uploads\/2026\/01\/MariageFlotographie-8815.avif\" title=\"Emotion-mariee-discours-chateau-la-beaumetane\" crop=\"\" width=\"1536\" height=\"1024\" src=\"https:\/\/florianfrison.com\/wp-content\/uploads\/2026\/01\/MariageFlotographie-8815.avif\" data-src=\"https:\/\/florianfrison.com\/wp-content\/uploads\/2026\/01\/MariageFlotographie-8815.avif\" data-caption=\"Mari\u00e9e \u00e9mue aux larmes \u00e9coutant un discours lors de son mariage au Ch\u00e2teau La Beaumetane en Provence.\"\/>\n\t\t<div class=\"figc\">\n\t\t\t<div class=\"figc-inner\">\n\t\t\t\t\t\t\t\t\t\t\t\t\t<div class=\"jtg-description\">Mari\u00e9e \u00e9mue aux larmes \u00e9coutant un discours lors de son mariage au Ch\u00e2teau La Beaumetane en Provence.<\/div>\n\t\t\t\t\t\t\t\t\t\t\t<\/div>\n\t\t<\/div>\n\n\t<\/div>\n\n<\/div><div class=\"modula-item effect-pufrobo\" >\n\t<div class=\"modula-item-overlay\"><\/div>\n\n\t<div class=\"modula-item-content\">\n\n\t\t<a data-image-id=\"1197\" role=\"button\" tabindex=\"0\" rel=\"jtg-355\" data-caption=\"Reportage de Mariage \u00e0 Saint-Jeoire-Prieur\u00e9 et Jacob-Bellecombette\" aria-label=\"Open image in lightbox\" class=\"tile-inner modula-item-link\"><\/a><img loading=\"lazy\" decoding=\"async\" class=\"pic wp-image-1197\"  data-valign=\"middle\" data-halign=\"center\" alt=\"Reportage de Mariage \u00e0 Saint-Jeoire-Prieur\u00e9 et Jacob-Bellecombette\" data-full=\"https:\/\/florianfrison.com\/wp-content\/uploads\/2026\/04\/MariageSiradaDamienFlorianFrison26-4566.avif\" title=\"MariageSirada&amp;amp;DamienFlorianFrison26-4566\" crop=\"\" width=\"1536\" height=\"1024\" src=\"https:\/\/florianfrison.com\/wp-content\/uploads\/2026\/04\/MariageSiradaDamienFlorianFrison26-4566.avif\" data-src=\"https:\/\/florianfrison.com\/wp-content\/uploads\/2026\/04\/MariageSiradaDamienFlorianFrison26-4566.avif\" data-caption=\"Reportage de Mariage \u00e0 Saint-Jeoire-Prieur\u00e9 et Jacob-Bellecombette\"\/>\n\t\t<div class=\"figc\">\n\t\t\t<div class=\"figc-inner\">\n\t\t\t\t\t\t\t\t\t\t\t\t\t<div class=\"jtg-description\">Reportage de Mariage \u00e0 Saint-Jeoire-Prieur\u00e9 et Jacob-Bellecombette<\/div>\n\t\t\t\t\t\t\t\t\t\t\t<\/div>\n\t\t<\/div>\n\n\t<\/div>\n\n<\/div><div class=\"modula-item effect-pufrobo\" >\n\t<div class=\"modula-item-overlay\"><\/div>\n\n\t<div class=\"modula-item-content\">\n\n\t\t<a data-image-id=\"421\" role=\"button\" tabindex=\"0\" rel=\"jtg-355\" data-caption=\"Couple de mari\u00e9s s&#039;enla\u00e7ant avec complicit\u00e9 dans un parc \u00e0 Marseille - Photographe Mariage Provence.\" aria-label=\"Open image in lightbox\" class=\"tile-inner modula-item-link\"><\/a><img loading=\"lazy\" decoding=\"async\" class=\"pic wp-image-421\"  data-valign=\"middle\" data-halign=\"center\" alt=\"Couple de mari\u00e9s s&#039;enla\u00e7ant avec complicit\u00e9 dans un parc \u00e0 Marseille - Photographe Mariage Provence.\" data-full=\"https:\/\/florianfrison.com\/wp-content\/uploads\/2025\/12\/MariageFlotographie-0021_lwsoptimized.avif\" title=\"Mariage Civil Parc Maison Blanche Marseille Couple Complice\" crop=\"\" width=\"1536\" height=\"1024\" src=\"https:\/\/florianfrison.com\/wp-content\/uploads\/2025\/12\/MariageFlotographie-0021_lwsoptimized.avif\" data-src=\"https:\/\/florianfrison.com\/wp-content\/uploads\/2025\/12\/MariageFlotographie-0021_lwsoptimized.avif\" data-caption=\"Couple de mari\u00e9s s&#039;enla\u00e7ant avec complicit\u00e9 dans un parc \u00e0 Marseille - Photographe Mariage Provence.\"\/>\n\t\t<div class=\"figc\">\n\t\t\t<div class=\"figc-inner\">\n\t\t\t\t\t\t\t\t\t\t\t\t\t<div class=\"jtg-description\">Couple de mari\u00e9s s'enla\u00e7ant avec complicit\u00e9 dans un parc \u00e0 Marseille - Photographe Mariage Provence.<\/div>\n\t\t\t\t\t\t\t\t\t\t\t<\/div>\n\t\t<\/div>\n\n\t<\/div>\n\n<\/div><div class=\"modula-item effect-pufrobo\" >\n\t<div class=\"modula-item-overlay\"><\/div>\n\n\t<div class=\"modula-item-content\">\n\n\t\t<a data-image-id=\"1191\" role=\"button\" tabindex=\"0\" rel=\"jtg-355\" data-caption=\"Reportage de Mariage \u00e0 Saint-Jeoire-Prieur\u00e9 et Jacob-Bellecombette\" aria-label=\"Open image in lightbox\" class=\"tile-inner modula-item-link\"><\/a><img loading=\"lazy\" decoding=\"async\" class=\"pic wp-image-1191\"  data-valign=\"middle\" data-halign=\"center\" alt=\"Reportage de Mariage \u00e0 Saint-Jeoire-Prieur\u00e9 et Jacob-Bellecombette\" data-full=\"https:\/\/florianfrison.com\/wp-content\/uploads\/2026\/04\/MariageSiradaDamienFlorianFrison26-4347.avif\" title=\"MariageSirada&amp;amp;DamienFlorianFrison26-4347\" crop=\"\" width=\"1536\" height=\"1024\" src=\"https:\/\/florianfrison.com\/wp-content\/uploads\/2026\/04\/MariageSiradaDamienFlorianFrison26-4347.avif\" data-src=\"https:\/\/florianfrison.com\/wp-content\/uploads\/2026\/04\/MariageSiradaDamienFlorianFrison26-4347.avif\" data-caption=\"Reportage de Mariage \u00e0 Saint-Jeoire-Prieur\u00e9 et Jacob-Bellecombette\"\/>\n\t\t<div class=\"figc\">\n\t\t\t<div class=\"figc-inner\">\n\t\t\t\t\t\t\t\t\t\t\t\t\t<div class=\"jtg-description\">Reportage de Mariage \u00e0 Saint-Jeoire-Prieur\u00e9 et Jacob-Bellecombette<\/div>\n\t\t\t\t\t\t\t\t\t\t\t<\/div>\n\t\t<\/div>\n\n\t<\/div>\n\n<\/div><div class=\"modula-item effect-pufrobo\" >\n\t<div class=\"modula-item-overlay\"><\/div>\n\n\t<div class=\"modula-item-content\">\n\n\t\t<a data-image-id=\"427\" role=\"button\" tabindex=\"0\" rel=\"jtg-355\" data-caption=\"Jeune filles se prenant dans les bras lors d&#039;une c\u00e9r\u00e9monie de mariage civile \u00e0 Aubignan - Instant vol\u00e9.\" aria-label=\"Open image in lightbox\" class=\"tile-inner modula-item-link\"><\/a><img loading=\"lazy\" decoding=\"async\" class=\"pic wp-image-427\"  data-valign=\"middle\" data-halign=\"center\" alt=\"Jeune filles se prenant dans les bras lors d&#039;une c\u00e9r\u00e9monie de mariage civile \u00e0 Aubignan - Instant vol\u00e9.\" data-full=\"https:\/\/florianfrison.com\/wp-content\/uploads\/2025\/12\/MariageFlotographie-1401_lwsoptimized.avif\" title=\"Emotion-Mariage-Ceremonie-Civil\" crop=\"\" width=\"1536\" height=\"1024\" src=\"https:\/\/florianfrison.com\/wp-content\/uploads\/2025\/12\/MariageFlotographie-1401_lwsoptimized.avif\" data-src=\"https:\/\/florianfrison.com\/wp-content\/uploads\/2025\/12\/MariageFlotographie-1401_lwsoptimized.avif\" data-caption=\"Jeune filles se prenant dans les bras lors d&#039;une c\u00e9r\u00e9monie de mariage civile \u00e0 Aubignan - Instant vol\u00e9.\"\/>\n\t\t<div class=\"figc\">\n\t\t\t<div class=\"figc-inner\">\n\t\t\t\t\t\t\t\t\t\t\t\t\t<div class=\"jtg-description\">Jeune filles se prenant dans les bras lors d'une c\u00e9r\u00e9monie de mariage civile \u00e0 Aubignan - Instant vol\u00e9.<\/div>\n\t\t\t\t\t\t\t\t\t\t\t<\/div>\n\t\t<\/div>\n\n\t<\/div>\n\n<\/div><div class=\"modula-item effect-pufrobo\" >\n\t<div class=\"modula-item-overlay\"><\/div>\n\n\t<div class=\"modula-item-content\">\n\n\t\t<a data-image-id=\"442\" role=\"button\" tabindex=\"0\" rel=\"jtg-355\" data-caption=\"Enfant qui crie lors d&#039;un mariage authentique dans le Gard, pr\u00e8s de N\u00eemes.\" aria-label=\"Open image in lightbox\" class=\"tile-inner modula-item-link\"><\/a><img loading=\"lazy\" decoding=\"async\" class=\"pic wp-image-442\"  data-valign=\"middle\" data-halign=\"center\" alt=\"Enfant qui crie lors d&#039;un mariage authentique dans le Gard, pr\u00e8s de N\u00eemes.\" data-full=\"https:\/\/florianfrison.com\/wp-content\/uploads\/2025\/12\/MariageFlotographie-5048-scaled_lwsoptimized.avif\" title=\"Enfant-Crie-Mariage-Gard-Nimes-Emotion\" crop=\"\" width=\"1536\" height=\"1022\" src=\"https:\/\/florianfrison.com\/wp-content\/uploads\/2025\/12\/MariageFlotographie-5048-scaled_lwsoptimized.avif\" data-src=\"https:\/\/florianfrison.com\/wp-content\/uploads\/2025\/12\/MariageFlotographie-5048-scaled_lwsoptimized.avif\" data-caption=\"Enfant qui crie lors d&#039;un mariage authentique dans le Gard, pr\u00e8s de N\u00eemes.\"\/>\n\t\t<div class=\"figc\">\n\t\t\t<div class=\"figc-inner\">\n\t\t\t\t\t\t\t\t\t\t\t\t\t<div class=\"jtg-description\">Enfant qui crie lors d'un mariage authentique dans le Gard, pr\u00e8s de N\u00eemes.<\/div>\n\t\t\t\t\t\t\t\t\t\t\t<\/div>\n\t\t<\/div>\n\n\t<\/div>\n\n<\/div><div class=\"modula-item effect-pufrobo\" >\n\t<div class=\"modula-item-overlay\"><\/div>\n\n\t<div class=\"modula-item-content\">\n\n\t\t<a data-image-id=\"112\" role=\"button\" tabindex=\"0\" rel=\"jtg-355\" data-caption=\"Mari\u00e9e riant aux \u00e9clats dans les bras d&#039;un proche devant la voiture - Mariage civil \u00e0 la Mairie de Mauguio H\u00e9rault - Photographe style vif\" aria-label=\"Open image in lightbox\" class=\"tile-inner modula-item-link\"><\/a><img loading=\"lazy\" decoding=\"async\" class=\"pic wp-image-112\"  data-valign=\"middle\" data-halign=\"center\" alt=\"Mari\u00e9e riant aux \u00e9clats dans les bras d&#039;un proche devant la voiture - Mariage civil \u00e0 la Mairie de Mauguio H\u00e9rault - Photographe style vif\" data-full=\"https:\/\/florianfrison.com\/wp-content\/uploads\/2025\/11\/MariageFlotographie-6471_lwsoptimized.avif\" title=\"Mariage Mairie Mauguio H\u00e9rault &amp;#8211; \u00c9motion Spontan\u00e9e\" crop=\"\" width=\"1536\" height=\"1024\" src=\"https:\/\/florianfrison.com\/wp-content\/uploads\/2025\/11\/MariageFlotographie-6471_lwsoptimized.avif\" data-src=\"https:\/\/florianfrison.com\/wp-content\/uploads\/2025\/11\/MariageFlotographie-6471_lwsoptimized.avif\" data-caption=\"Mari\u00e9e riant aux \u00e9clats dans les bras d&#039;un proche devant la voiture - Mariage civil \u00e0 la Mairie de Mauguio H\u00e9rault - Photographe style vif\"\/>\n\t\t<div class=\"figc\">\n\t\t\t<div class=\"figc-inner\">\n\t\t\t\t\t\t\t\t\t\t\t\t\t<div class=\"jtg-description\">Mari\u00e9e riant aux \u00e9clats dans les bras d'un proche devant la voiture - Mariage civil \u00e0 la Mairie de Mauguio H\u00e9rault - Photographe style vif<\/div>\n\t\t\t\t\t\t\t\t\t\t\t<\/div>\n\t\t<\/div>\n\n\t<\/div>\n\n<\/div><div class=\"modula-item effect-pufrobo\" >\n\t<div class=\"modula-item-overlay\"><\/div>\n\n\t<div class=\"modula-item-content\">\n\n\t\t<a data-image-id=\"1180\" role=\"button\" tabindex=\"0\" rel=\"jtg-355\" data-caption=\"Reportage de Mariage \u00e0 Saint-Jeoire-Prieur\u00e9 et Jacob-Bellecombette\" aria-label=\"Open image in lightbox\" class=\"tile-inner modula-item-link\"><\/a><img loading=\"lazy\" decoding=\"async\" class=\"pic wp-image-1180\"  data-valign=\"middle\" data-halign=\"center\" alt=\"Reportage de Mariage \u00e0 Saint-Jeoire-Prieur\u00e9 et Jacob-Bellecombette\" data-full=\"https:\/\/florianfrison.com\/wp-content\/uploads\/2026\/04\/MariageSiradaDamienFlorianFrison26-2870.webp\" title=\"MariageSirada&amp;amp;DamienFlorianFrison26-2870\" crop=\"\" width=\"1536\" height=\"1024\" src=\"https:\/\/florianfrison.com\/wp-content\/uploads\/2026\/04\/MariageSiradaDamienFlorianFrison26-2870-1536x1024.webp\" data-src=\"https:\/\/florianfrison.com\/wp-content\/uploads\/2026\/04\/MariageSiradaDamienFlorianFrison26-2870-1536x1024.webp\" data-caption=\"Reportage de Mariage \u00e0 Saint-Jeoire-Prieur\u00e9 et Jacob-Bellecombette\" srcset=\"https:\/\/florianfrison.com\/wp-content\/uploads\/2026\/04\/MariageSiradaDamienFlorianFrison26-2870.webp 1536w, https:\/\/florianfrison.com\/wp-content\/uploads\/2026\/04\/MariageSiradaDamienFlorianFrison26-2870-1280x853.webp 1280w, https:\/\/florianfrison.com\/wp-content\/uploads\/2026\/04\/MariageSiradaDamienFlorianFrison26-2870-980x653.webp 980w, https:\/\/florianfrison.com\/wp-content\/uploads\/2026\/04\/MariageSiradaDamienFlorianFrison26-2870-480x320.webp 480w\" sizes=\"(min-width: 0px) and (max-width: 480px) 480px, (min-width: 481px) and (max-width: 980px) 980px, (min-width: 981px) and (max-width: 1280px) 1280px, (min-width: 1281px) 1536px, 100vw\" \/>\n\t\t<div class=\"figc\">\n\t\t\t<div class=\"figc-inner\">\n\t\t\t\t\t\t\t\t\t\t\t\t\t<div class=\"jtg-description\">Reportage de Mariage \u00e0 Saint-Jeoire-Prieur\u00e9 et Jacob-Bellecombette<\/div>\n\t\t\t\t\t\t\t\t\t\t\t<\/div>\n\t\t<\/div>\n\n\t<\/div>\n\n<\/div><div class=\"modula-item effect-pufrobo\" >\n\t<div class=\"modula-item-overlay\"><\/div>\n\n\t<div class=\"modula-item-content\">\n\n\t\t<a data-image-id=\"455\" role=\"button\" tabindex=\"0\" rel=\"jtg-355\" data-caption=\"Couple faisant un selfie au Ch\u00e2teau La Beaumetane - Florian Frison Photographe Mariage Provence.\" aria-label=\"Open image in lightbox\" class=\"tile-inner modula-item-link\"><\/a><img loading=\"lazy\" decoding=\"async\" class=\"pic wp-image-455\"  data-valign=\"middle\" data-halign=\"center\" alt=\"Couple faisant un selfie au Ch\u00e2teau La Beaumetane - Florian Frison Photographe Mariage Provence.\" data-full=\"https:\/\/florianfrison.com\/wp-content\/uploads\/2025\/12\/MariageFlotographie-8627_lwsoptimized.avif\" title=\"Mariage Ch\u00e2teau La Beaumetane\" crop=\"\" width=\"1536\" height=\"1024\" src=\"https:\/\/florianfrison.com\/wp-content\/uploads\/2025\/12\/MariageFlotographie-8627_lwsoptimized.avif\" data-src=\"https:\/\/florianfrison.com\/wp-content\/uploads\/2025\/12\/MariageFlotographie-8627_lwsoptimized.avif\" data-caption=\"Couple faisant un selfie au Ch\u00e2teau La Beaumetane - Florian Frison Photographe Mariage Provence.\"\/>\n\t\t<div class=\"figc\">\n\t\t\t<div class=\"figc-inner\">\n\t\t\t\t\t\t\t\t\t\t\t\t\t<div class=\"jtg-description\">Couple faisant un selfie au Ch\u00e2teau La Beaumetane - Florian Frison Photographe Mariage Provence.<\/div>\n\t\t\t\t\t\t\t\t\t\t\t<\/div>\n\t\t<\/div>\n\n\t<\/div>\n\n<\/div><div class=\"modula-item effect-pufrobo\" >\n\t<div class=\"modula-item-overlay\"><\/div>\n\n\t<div class=\"modula-item-content\">\n\n\t\t<a data-image-id=\"978\" role=\"button\" tabindex=\"0\" rel=\"jtg-355\" data-caption=\"Ambiance festive et danse de mariage au Domaine La Tour, pr\u00e8s de Sault et du Mont Ventoux.\" aria-label=\"Open image in lightbox\" class=\"tile-inner modula-item-link\"><\/a><img loading=\"lazy\" decoding=\"async\" class=\"pic wp-image-978\"  data-valign=\"middle\" data-halign=\"center\" alt=\"Ambiance festive et danse de mariage au Domaine La Tour, pr\u00e8s de Sault et du Mont Ventoux.\" data-full=\"https:\/\/florianfrison.com\/wp-content\/uploads\/2026\/01\/MariageFlotographie-1750.avif\" title=\"Soiree-Mariage-Domaine-La-Tour-Sault-Ventoux\" crop=\"\" width=\"1536\" height=\"1024\" src=\"https:\/\/florianfrison.com\/wp-content\/uploads\/2026\/01\/MariageFlotographie-1750.avif\" data-src=\"https:\/\/florianfrison.com\/wp-content\/uploads\/2026\/01\/MariageFlotographie-1750.avif\" data-caption=\"Ambiance festive et danse de mariage au Domaine La Tour, pr\u00e8s de Sault et du Mont Ventoux.\"\/>\n\t\t<div class=\"figc\">\n\t\t\t<div class=\"figc-inner\">\n\t\t\t\t\t\t\t\t\t\t\t\t\t<div class=\"jtg-description\">Ambiance festive et danse de mariage au Domaine La Tour, pr\u00e8s de Sault et du Mont Ventoux.<\/div>\n\t\t\t\t\t\t\t\t\t\t\t<\/div>\n\t\t<\/div>\n\n\t<\/div>\n\n<\/div><div class=\"modula-item effect-pufrobo\" >\n\t<div class=\"modula-item-overlay\"><\/div>\n\n\t<div class=\"modula-item-content\">\n\n\t\t<a data-image-id=\"1208\" role=\"button\" tabindex=\"0\" rel=\"jtg-355\" data-caption=\"Reportage de Mariage \u00e0 Saint-Jeoire-Prieur\u00e9 et Jacob-Bellecombette\" aria-label=\"Open image in lightbox\" class=\"tile-inner modula-item-link\"><\/a><img loading=\"lazy\" decoding=\"async\" class=\"pic wp-image-1208\"  data-valign=\"middle\" data-halign=\"center\" alt=\"Reportage de Mariage \u00e0 Saint-Jeoire-Prieur\u00e9 et Jacob-Bellecombette\" data-full=\"https:\/\/florianfrison.com\/wp-content\/uploads\/2026\/04\/MariageSiradaDamienFlorianFrison26-5269.avif\" title=\"MariageSirada&amp;amp;DamienFlorianFrison26-5269\" crop=\"\" width=\"1536\" height=\"1024\" src=\"https:\/\/florianfrison.com\/wp-content\/uploads\/2026\/04\/MariageSiradaDamienFlorianFrison26-5269.avif\" data-src=\"https:\/\/florianfrison.com\/wp-content\/uploads\/2026\/04\/MariageSiradaDamienFlorianFrison26-5269.avif\" data-caption=\"Reportage de Mariage \u00e0 Saint-Jeoire-Prieur\u00e9 et Jacob-Bellecombette\"\/>\n\t\t<div class=\"figc\">\n\t\t\t<div class=\"figc-inner\">\n\t\t\t\t\t\t\t\t\t\t\t\t\t<div class=\"jtg-description\">Reportage de Mariage \u00e0 Saint-Jeoire-Prieur\u00e9 et Jacob-Bellecombette<\/div>\n\t\t\t\t\t\t\t\t\t\t\t<\/div>\n\t\t<\/div>\n\n\t<\/div>\n\n<\/div><div class=\"modula-item effect-pufrobo\" >\n\t<div class=\"modula-item-overlay\"><\/div>\n\n\t<div class=\"modula-item-content\">\n\n\t\t<a data-image-id=\"447\" role=\"button\" tabindex=\"0\" rel=\"jtg-355\" data-caption=\"Remise des alliances par les mari\u00e9s lors de la c\u00e9r\u00e9monie civile \u00e0 la Mairie de Mauguio.\" aria-label=\"Open image in lightbox\" class=\"tile-inner modula-item-link\"><\/a><img loading=\"lazy\" decoding=\"async\" class=\"pic wp-image-447\"  data-valign=\"middle\" data-halign=\"center\" alt=\"Remise des alliances par les mari\u00e9s lors de la c\u00e9r\u00e9monie civile \u00e0 la Mairie de Mauguio.\" data-full=\"https:\/\/florianfrison.com\/wp-content\/uploads\/2025\/12\/MariageFlotographie-6553_lwsoptimized.avif\" title=\"Alliance-Mariage-Mairie-Mauguio\" crop=\"\" width=\"1536\" height=\"1024\" src=\"https:\/\/florianfrison.com\/wp-content\/uploads\/2025\/12\/MariageFlotographie-6553_lwsoptimized.avif\" data-src=\"https:\/\/florianfrison.com\/wp-content\/uploads\/2025\/12\/MariageFlotographie-6553_lwsoptimized.avif\" data-caption=\"Remise des alliances par les mari\u00e9s lors de la c\u00e9r\u00e9monie civile \u00e0 la Mairie de Mauguio.\"\/>\n\t\t<div class=\"figc\">\n\t\t\t<div class=\"figc-inner\">\n\t\t\t\t\t\t\t\t\t\t\t\t\t<div class=\"jtg-description\">Remise des alliances par les mari\u00e9s lors de la c\u00e9r\u00e9monie civile \u00e0 la Mairie de Mauguio.<\/div>\n\t\t\t\t\t\t\t\t\t\t\t<\/div>\n\t\t<\/div>\n\n\t<\/div>\n\n<\/div><div class=\"modula-item effect-pufrobo\" >\n\t<div class=\"modula-item-overlay\"><\/div>\n\n\t<div class=\"modula-item-content\">\n\n\t\t<a data-image-id=\"1179\" role=\"button\" tabindex=\"0\" rel=\"jtg-355\" data-caption=\"Reportage de Mariage \u00e0 Saint-Jeoire-Prieur\u00e9 et Jacob-Bellecombette\" aria-label=\"Open image in lightbox\" class=\"tile-inner modula-item-link\"><\/a><img loading=\"lazy\" decoding=\"async\" class=\"pic wp-image-1179\"  data-valign=\"middle\" data-halign=\"center\" alt=\"Reportage de Mariage \u00e0 Saint-Jeoire-Prieur\u00e9 et Jacob-Bellecombette\" data-full=\"https:\/\/florianfrison.com\/wp-content\/uploads\/2026\/04\/MariageSiradaDamienFlorianFrison26-2800.avif\" title=\"MariageSirada&amp;amp;DamienFlorianFrison26-2800\" crop=\"\" width=\"1536\" height=\"1024\" src=\"https:\/\/florianfrison.com\/wp-content\/uploads\/2026\/04\/MariageSiradaDamienFlorianFrison26-2800.avif\" data-src=\"https:\/\/florianfrison.com\/wp-content\/uploads\/2026\/04\/MariageSiradaDamienFlorianFrison26-2800.avif\" data-caption=\"Reportage de Mariage \u00e0 Saint-Jeoire-Prieur\u00e9 et Jacob-Bellecombette\"\/>\n\t\t<div class=\"figc\">\n\t\t\t<div class=\"figc-inner\">\n\t\t\t\t\t\t\t\t\t\t\t\t\t<div class=\"jtg-description\">Reportage de Mariage \u00e0 Saint-Jeoire-Prieur\u00e9 et Jacob-Bellecombette<\/div>\n\t\t\t\t\t\t\t\t\t\t\t<\/div>\n\t\t<\/div>\n\n\t<\/div>\n\n<\/div><div class=\"modula-item effect-pufrobo\" >\n\t<div class=\"modula-item-overlay\"><\/div>\n\n\t<div class=\"modula-item-content\">\n\n\t\t<a data-image-id=\"177\" role=\"button\" tabindex=\"0\" rel=\"jtg-355\" data-caption=\"Moment de d\u00e9tente et de rire : le mari\u00e9 porte la mari\u00e9e dans le parc de la Maison Blanche \u00e0 Marseille.\" aria-label=\"Open image in lightbox\" class=\"tile-inner modula-item-link\"><\/a><img loading=\"lazy\" decoding=\"async\" class=\"pic wp-image-177\"  data-valign=\"middle\" data-halign=\"center\" alt=\"Moment de d\u00e9tente et de rire : le mari\u00e9 porte la mari\u00e9e dans le parc de la Maison Blanche \u00e0 Marseille.\" data-full=\"https:\/\/florianfrison.com\/wp-content\/uploads\/2025\/11\/MariageFlotographie-0288_lwsoptimized.avif\" title=\"Couple-Mariage-Fun-Parc-Maison-Blanche-Marseille\" crop=\"\" width=\"1536\" height=\"1024\" src=\"https:\/\/florianfrison.com\/wp-content\/uploads\/2025\/11\/MariageFlotographie-0288_lwsoptimized.avif\" data-src=\"https:\/\/florianfrison.com\/wp-content\/uploads\/2025\/11\/MariageFlotographie-0288_lwsoptimized.avif\" data-caption=\"Moment de d\u00e9tente et de rire : le mari\u00e9 porte la mari\u00e9e dans le parc de la Maison Blanche \u00e0 Marseille.\"\/>\n\t\t<div class=\"figc\">\n\t\t\t<div class=\"figc-inner\">\n\t\t\t\t\t\t\t\t\t\t\t\t\t<div class=\"jtg-description\">Moment de d\u00e9tente et de rire : le mari\u00e9 porte la mari\u00e9e dans le parc de la Maison Blanche \u00e0 Marseille.<\/div>\n\t\t\t\t\t\t\t\t\t\t\t<\/div>\n\t\t<\/div>\n\n\t<\/div>\n\n<\/div><div class=\"modula-item effect-pufrobo\" >\n\t<div class=\"modula-item-overlay\"><\/div>\n\n\t<div class=\"modula-item-content\">\n\n\t\t<a data-image-id=\"439\" role=\"button\" tabindex=\"0\" rel=\"jtg-355\" data-caption=\"Un couple d&#039;invit\u00e9 pose dans la joie lors d&#039;un mariage authentique dans le Gard, pr\u00e8s de N\u00eemes.\" aria-label=\"Open image in lightbox\" class=\"tile-inner modula-item-link\"><\/a><img loading=\"lazy\" decoding=\"async\" class=\"pic wp-image-439\"  data-valign=\"middle\" data-halign=\"center\" alt=\"Un couple d&#039;invit\u00e9 pose dans la joie lors d&#039;un mariage authentique dans le Gard, pr\u00e8s de N\u00eemes.\" data-full=\"https:\/\/florianfrison.com\/wp-content\/uploads\/2025\/12\/MariageFlotographie-4364_lwsoptimized.avif\" title=\"Pose-Salle-Mariage-Gard-Nimes-Emotion\" crop=\"\" width=\"1536\" height=\"1022\" src=\"https:\/\/florianfrison.com\/wp-content\/uploads\/2025\/12\/MariageFlotographie-4364_lwsoptimized.avif\" data-src=\"https:\/\/florianfrison.com\/wp-content\/uploads\/2025\/12\/MariageFlotographie-4364_lwsoptimized.avif\" data-caption=\"Un couple d&#039;invit\u00e9 pose dans la joie lors d&#039;un mariage authentique dans le Gard, pr\u00e8s de N\u00eemes.\"\/>\n\t\t<div class=\"figc\">\n\t\t\t<div class=\"figc-inner\">\n\t\t\t\t\t\t\t\t\t\t\t\t\t<div class=\"jtg-description\">Un couple d'invit\u00e9 pose dans la joie lors d'un mariage authentique dans le Gard, pr\u00e8s de N\u00eemes.<\/div>\n\t\t\t\t\t\t\t\t\t\t\t<\/div>\n\t\t<\/div>\n\n\t<\/div>\n\n<\/div><div class=\"modula-item effect-pufrobo\" >\n\t<div class=\"modula-item-overlay\"><\/div>\n\n\t<div class=\"modula-item-content\">\n\n\t\t<a data-image-id=\"1161\" role=\"button\" tabindex=\"0\" rel=\"jtg-355\" data-caption=\"Reportage de Mariage \u00e0 Saint-Jeoire-Prieur\u00e9 et Jacob-Bellecombette\" aria-label=\"Open image in lightbox\" class=\"tile-inner modula-item-link\"><\/a><img loading=\"lazy\" decoding=\"async\" class=\"pic wp-image-1161\"  data-valign=\"middle\" data-halign=\"center\" alt=\"Reportage de Mariage \u00e0 Saint-Jeoire-Prieur\u00e9 et Jacob-Bellecombette\" data-full=\"https:\/\/florianfrison.com\/wp-content\/uploads\/2026\/04\/MariageSiradaDamienFlorianFrison26-1869.avif\" title=\"MariageSirada&amp;amp;DamienFlorianFrison26-1869\" crop=\"\" width=\"1536\" height=\"1024\" src=\"https:\/\/florianfrison.com\/wp-content\/uploads\/2026\/04\/MariageSiradaDamienFlorianFrison26-1869.avif\" data-src=\"https:\/\/florianfrison.com\/wp-content\/uploads\/2026\/04\/MariageSiradaDamienFlorianFrison26-1869.avif\" data-caption=\"Reportage de Mariage \u00e0 Saint-Jeoire-Prieur\u00e9 et Jacob-Bellecombette\"\/>\n\t\t<div class=\"figc\">\n\t\t\t<div class=\"figc-inner\">\n\t\t\t\t\t\t\t\t\t\t\t\t\t<div class=\"jtg-description\">Reportage de Mariage \u00e0 Saint-Jeoire-Prieur\u00e9 et Jacob-Bellecombette<\/div>\n\t\t\t\t\t\t\t\t\t\t\t<\/div>\n\t\t<\/div>\n\n\t<\/div>\n\n<\/div><div class=\"modula-item effect-pufrobo\" >\n\t<div class=\"modula-item-overlay\"><\/div>\n\n\t<div class=\"modula-item-content\">\n\n\t\t<a data-image-id=\"441\" role=\"button\" tabindex=\"0\" rel=\"jtg-355\" data-caption=\"Un couple d&#039;invit\u00e9 danse dans la joie lors d&#039;un mariage authentique dans le Gard, pr\u00e8s de N\u00eemes.\" aria-label=\"Open image in lightbox\" class=\"tile-inner modula-item-link\"><\/a><img loading=\"lazy\" decoding=\"async\" class=\"pic wp-image-441\"  data-valign=\"middle\" data-halign=\"center\" alt=\"Un couple d&#039;invit\u00e9 danse dans la joie lors d&#039;un mariage authentique dans le Gard, pr\u00e8s de N\u00eemes.\" data-full=\"https:\/\/florianfrison.com\/wp-content\/uploads\/2025\/12\/MariageFlotographie-4857_lwsoptimized.avif\" title=\"Danse-Salle-Mariage-Gard-Nimes-Emotion\" crop=\"\" width=\"1536\" height=\"1022\" src=\"https:\/\/florianfrison.com\/wp-content\/uploads\/2025\/12\/MariageFlotographie-4857_lwsoptimized.avif\" data-src=\"https:\/\/florianfrison.com\/wp-content\/uploads\/2025\/12\/MariageFlotographie-4857_lwsoptimized.avif\" data-caption=\"Un couple d&#039;invit\u00e9 danse dans la joie lors d&#039;un mariage authentique dans le Gard, pr\u00e8s de N\u00eemes.\"\/>\n\t\t<div class=\"figc\">\n\t\t\t<div class=\"figc-inner\">\n\t\t\t\t\t\t\t\t\t\t\t\t\t<div class=\"jtg-description\">Un couple d'invit\u00e9 danse dans la joie lors d'un mariage authentique dans le Gard, pr\u00e8s de N\u00eemes.<\/div>\n\t\t\t\t\t\t\t\t\t\t\t<\/div>\n\t\t<\/div>\n\n\t<\/div>\n\n<\/div><div class=\"modula-item effect-pufrobo\" >\n\t<div class=\"modula-item-overlay\"><\/div>\n\n\t<div class=\"modula-item-content\">\n\n\t\t<a data-image-id=\"1173\" role=\"button\" tabindex=\"0\" rel=\"jtg-355\" data-caption=\"Reportage de Mariage \u00e0 Saint-Jeoire-Prieur\u00e9 et Jacob-Bellecombette\" aria-label=\"Open image in lightbox\" class=\"tile-inner modula-item-link\"><\/a><img loading=\"lazy\" decoding=\"async\" class=\"pic wp-image-1173\"  data-valign=\"middle\" data-halign=\"center\" alt=\"Reportage de Mariage \u00e0 Saint-Jeoire-Prieur\u00e9 et Jacob-Bellecombette\" data-full=\"https:\/\/florianfrison.com\/wp-content\/uploads\/2026\/04\/MariageSiradaDamienFlorianFrison26-2275.avif\" title=\"MariageSirada&amp;amp;DamienFlorianFrison26-2275\" crop=\"\" width=\"1536\" height=\"1024\" src=\"https:\/\/florianfrison.com\/wp-content\/uploads\/2026\/04\/MariageSiradaDamienFlorianFrison26-2275.avif\" data-src=\"https:\/\/florianfrison.com\/wp-content\/uploads\/2026\/04\/MariageSiradaDamienFlorianFrison26-2275.avif\" data-caption=\"Reportage de Mariage \u00e0 Saint-Jeoire-Prieur\u00e9 et Jacob-Bellecombette\"\/>\n\t\t<div class=\"figc\">\n\t\t\t<div class=\"figc-inner\">\n\t\t\t\t\t\t\t\t\t\t\t\t\t<div class=\"jtg-description\">Reportage de Mariage \u00e0 Saint-Jeoire-Prieur\u00e9 et Jacob-Bellecombette<\/div>\n\t\t\t\t\t\t\t\t\t\t\t<\/div>\n\t\t<\/div>\n\n\t<\/div>\n\n<\/div><div class=\"modula-item effect-pufrobo\" >\n\t<div class=\"modula-item-overlay\"><\/div>\n\n\t<div class=\"modula-item-content\">\n\n\t\t<a data-image-id=\"1199\" role=\"button\" tabindex=\"0\" rel=\"jtg-355\" data-caption=\"Reportage de Mariage \u00e0 Saint-Jeoire-Prieur\u00e9 et Jacob-Bellecombette\" aria-label=\"Open image in lightbox\" class=\"tile-inner modula-item-link\"><\/a><img loading=\"lazy\" decoding=\"async\" class=\"pic wp-image-1199\"  data-valign=\"middle\" data-halign=\"center\" alt=\"Reportage de Mariage \u00e0 Saint-Jeoire-Prieur\u00e9 et Jacob-Bellecombette\" data-full=\"https:\/\/florianfrison.com\/wp-content\/uploads\/2026\/04\/MariageSiradaDamienFlorianFrison26-4710.avif\" title=\"MariageSirada&amp;amp;DamienFlorianFrison26-4710\" crop=\"\" width=\"1536\" height=\"1024\" src=\"https:\/\/florianfrison.com\/wp-content\/uploads\/2026\/04\/MariageSiradaDamienFlorianFrison26-4710.avif\" data-src=\"https:\/\/florianfrison.com\/wp-content\/uploads\/2026\/04\/MariageSiradaDamienFlorianFrison26-4710.avif\" data-caption=\"Reportage de Mariage \u00e0 Saint-Jeoire-Prieur\u00e9 et Jacob-Bellecombette\"\/>\n\t\t<div class=\"figc\">\n\t\t\t<div class=\"figc-inner\">\n\t\t\t\t\t\t\t\t\t\t\t\t\t<div class=\"jtg-description\">Reportage de Mariage \u00e0 Saint-Jeoire-Prieur\u00e9 et Jacob-Bellecombette<\/div>\n\t\t\t\t\t\t\t\t\t\t\t<\/div>\n\t\t<\/div>\n\n\t<\/div>\n\n<\/div><div class=\"modula-item effect-pufrobo\" >\n\t<div class=\"modula-item-overlay\"><\/div>\n\n\t<div class=\"modula-item-content\">\n\n\t\t<a data-image-id=\"431\" role=\"button\" tabindex=\"0\" rel=\"jtg-355\" data-caption=\"Emotion entre un grand-p\u00e8re et sa petite fille, Ambiance festive et danse de mariage au Domaine La Tour, pr\u00e8s de Sault et du Mont Ventoux.\" aria-label=\"Open image in lightbox\" class=\"tile-inner modula-item-link\"><\/a><img loading=\"lazy\" decoding=\"async\" class=\"pic wp-image-431\"  data-valign=\"middle\" data-halign=\"center\" alt=\"Emotion entre un grand-p\u00e8re et sa petite fille, Ambiance festive et danse de mariage au Domaine La Tour, pr\u00e8s de Sault et du Mont Ventoux.\" data-full=\"https:\/\/florianfrison.com\/wp-content\/uploads\/2025\/12\/MariageFlotographie-1876_lwsoptimized.avif\" title=\"Soiree-Mariage-Domaine-La-Tour-Sault-Ventoux\" crop=\"\" width=\"1536\" height=\"1024\" src=\"https:\/\/florianfrison.com\/wp-content\/uploads\/2025\/12\/MariageFlotographie-1876_lwsoptimized.avif\" data-src=\"https:\/\/florianfrison.com\/wp-content\/uploads\/2025\/12\/MariageFlotographie-1876_lwsoptimized.avif\" data-caption=\"Emotion entre un grand-p\u00e8re et sa petite fille, Ambiance festive et danse de mariage au Domaine La Tour, pr\u00e8s de Sault et du Mont Ventoux.\"\/>\n\t\t<div class=\"figc\">\n\t\t\t<div class=\"figc-inner\">\n\t\t\t\t\t\t\t\t\t\t\t\t\t<div class=\"jtg-description\">Emotion entre un grand-p\u00e8re et sa petite fille, Ambiance festive et danse de mariage au Domaine La Tour, pr\u00e8s de Sault et du Mont Ventoux.<\/div>\n\t\t\t\t\t\t\t\t\t\t\t<\/div>\n\t\t<\/div>\n\n\t<\/div>\n\n<\/div><div class=\"modula-item effect-pufrobo\" >\n\t<div class=\"modula-item-overlay\"><\/div>\n\n\t<div class=\"modula-item-content\">\n\n\t\t<a data-image-id=\"451\" role=\"button\" tabindex=\"0\" rel=\"jtg-355\" data-caption=\"Regard de la mari\u00e9e de nuit au Ch\u00e2teau La Beaumetane - Florian Frison Photographe Mariage Provence.\" aria-label=\"Open image in lightbox\" class=\"tile-inner modula-item-link\"><\/a><img loading=\"lazy\" decoding=\"async\" class=\"pic wp-image-451\"  data-valign=\"middle\" data-halign=\"center\" alt=\"Regard de la mari\u00e9e de nuit au Ch\u00e2teau La Beaumetane - Florian Frison Photographe Mariage Provence.\" data-full=\"https:\/\/florianfrison.com\/wp-content\/uploads\/2025\/12\/MariageFlotographie-8560_lwsoptimized.avif\" title=\"Mariage Ch\u00e2teau La Beaumetane\" crop=\"\" width=\"1536\" height=\"1024\" src=\"https:\/\/florianfrison.com\/wp-content\/uploads\/2025\/12\/MariageFlotographie-8560_lwsoptimized.avif\" data-src=\"https:\/\/florianfrison.com\/wp-content\/uploads\/2025\/12\/MariageFlotographie-8560_lwsoptimized.avif\" data-caption=\"Regard de la mari\u00e9e de nuit au Ch\u00e2teau La Beaumetane - Florian Frison Photographe Mariage Provence.\"\/>\n\t\t<div class=\"figc\">\n\t\t\t<div class=\"figc-inner\">\n\t\t\t\t\t\t\t\t\t\t\t\t\t<div class=\"jtg-description\">Regard de la mari\u00e9e de nuit au Ch\u00e2teau La Beaumetane - Florian Frison Photographe Mariage Provence.<\/div>\n\t\t\t\t\t\t\t\t\t\t\t<\/div>\n\t\t<\/div>\n\n\t<\/div>\n\n<\/div><div class=\"modula-item effect-pufrobo\" >\n\t<div class=\"modula-item-overlay\"><\/div>\n\n\t<div class=\"modula-item-content\">\n\n\t\t<a data-image-id=\"426\" role=\"button\" tabindex=\"0\" rel=\"jtg-355\" data-caption=\"Ambiance festive et premi\u00e8re danse de mariage au Domaine La Tour, pr\u00e8s de Sault et du Mont Ventoux.\" aria-label=\"Open image in lightbox\" class=\"tile-inner modula-item-link\"><\/a><img loading=\"lazy\" decoding=\"async\" class=\"pic wp-image-426\"  data-valign=\"middle\" data-halign=\"center\" alt=\"Ambiance festive et premi\u00e8re danse de mariage au Domaine La Tour, pr\u00e8s de Sault et du Mont Ventoux.\" data-full=\"https:\/\/florianfrison.com\/wp-content\/uploads\/2025\/12\/MariageFlotographie-1216_lwsoptimized.avif\" title=\"Soiree-Mariage-Domaine-La-Tour-Sault-Ventoux\" crop=\"\" width=\"1536\" height=\"1024\" src=\"https:\/\/florianfrison.com\/wp-content\/uploads\/2025\/12\/MariageFlotographie-1216_lwsoptimized.avif\" data-src=\"https:\/\/florianfrison.com\/wp-content\/uploads\/2025\/12\/MariageFlotographie-1216_lwsoptimized.avif\" data-caption=\"Ambiance festive et premi\u00e8re danse de mariage au Domaine La Tour, pr\u00e8s de Sault et du Mont Ventoux.\"\/>\n\t\t<div class=\"figc\">\n\t\t\t<div class=\"figc-inner\">\n\t\t\t\t\t\t\t\t\t\t\t\t\t<div class=\"jtg-description\">Ambiance festive et premi\u00e8re danse de mariage au Domaine La Tour, pr\u00e8s de Sault et du Mont Ventoux.<\/div>\n\t\t\t\t\t\t\t\t\t\t\t<\/div>\n\t\t<\/div>\n\n\t<\/div>\n\n<\/div><div class=\"modula-item effect-pufrobo\" >\n\t<div class=\"modula-item-overlay\"><\/div>\n\n\t<div class=\"modula-item-content\">\n\n\t\t<a data-image-id=\"1183\" role=\"button\" tabindex=\"0\" rel=\"jtg-355\" data-caption=\"Reportage de Mariage \u00e0 Saint-Jeoire-Prieur\u00e9 et Jacob-Bellecombette\" aria-label=\"Open image in lightbox\" class=\"tile-inner modula-item-link\"><\/a><img loading=\"lazy\" decoding=\"async\" class=\"pic wp-image-1183\"  data-valign=\"middle\" data-halign=\"center\" alt=\"Reportage de Mariage \u00e0 Saint-Jeoire-Prieur\u00e9 et Jacob-Bellecombette\" data-full=\"https:\/\/florianfrison.com\/wp-content\/uploads\/2026\/04\/MariageSiradaDamienFlorianFrison26-4181.avif\" title=\"MariageSirada&amp;amp;DamienFlorianFrison26-4181\" crop=\"\" width=\"1536\" height=\"1024\" src=\"https:\/\/florianfrison.com\/wp-content\/uploads\/2026\/04\/MariageSiradaDamienFlorianFrison26-4181.avif\" data-src=\"https:\/\/florianfrison.com\/wp-content\/uploads\/2026\/04\/MariageSiradaDamienFlorianFrison26-4181.avif\" data-caption=\"Reportage de Mariage \u00e0 Saint-Jeoire-Prieur\u00e9 et Jacob-Bellecombette\"\/>\n\t\t<div class=\"figc\">\n\t\t\t<div class=\"figc-inner\">\n\t\t\t\t\t\t\t\t\t\t\t\t\t<div class=\"jtg-description\">Reportage de Mariage \u00e0 Saint-Jeoire-Prieur\u00e9 et Jacob-Bellecombette<\/div>\n\t\t\t\t\t\t\t\t\t\t\t<\/div>\n\t\t<\/div>\n\n\t<\/div>\n\n<\/div><div class=\"modula-item effect-pufrobo\" >\n\t<div class=\"modula-item-overlay\"><\/div>\n\n\t<div class=\"modula-item-content\">\n\n\t\t<a data-image-id=\"942\" role=\"button\" tabindex=\"0\" rel=\"jtg-355\" data-caption=\"Trio de musiciennes avec harpe et violoncelle animant le vin d&#039;honneur dans les jardins du Ch\u00e2teau La Beaumetane.\" aria-label=\"Open image in lightbox\" class=\"tile-inner modula-item-link\"><\/a><img loading=\"lazy\" decoding=\"async\" class=\"pic wp-image-942\"  data-valign=\"middle\" data-halign=\"center\" alt=\"Trio de musiciennes avec harpe et violoncelle animant le vin d&#039;honneur dans les jardins du Ch\u00e2teau La Beaumetane.\" data-full=\"https:\/\/florianfrison.com\/wp-content\/uploads\/2026\/01\/MariageFlotographie-8417.avif\" title=\"Musiciens-cocktail-mariage-chateau-provence\" crop=\"\" width=\"1536\" height=\"1024\" src=\"https:\/\/florianfrison.com\/wp-content\/uploads\/2026\/01\/MariageFlotographie-8417.avif\" data-src=\"https:\/\/florianfrison.com\/wp-content\/uploads\/2026\/01\/MariageFlotographie-8417.avif\" data-caption=\"Trio de musiciennes avec harpe et violoncelle animant le vin d&#039;honneur dans les jardins du Ch\u00e2teau La Beaumetane.\"\/>\n\t\t<div class=\"figc\">\n\t\t\t<div class=\"figc-inner\">\n\t\t\t\t\t\t\t\t\t\t\t\t\t<div class=\"jtg-description\">Trio de musiciennes avec harpe et violoncelle animant le vin d'honneur dans les jardins du Ch\u00e2teau La Beaumetane.<\/div>\n\t\t\t\t\t\t\t\t\t\t\t<\/div>\n\t\t<\/div>\n\n\t<\/div>\n\n<\/div><div class=\"modula-item effect-pufrobo\" >\n\t<div class=\"modula-item-overlay\"><\/div>\n\n\t<div class=\"modula-item-content\">\n\n\t\t<a data-image-id=\"768\" role=\"button\" tabindex=\"0\" rel=\"jtg-355\" data-caption=\"DJ Ruslan Shults animation soir\u00e9e mariage russe Ch\u00e2teau la Beaumetane Provence.\" aria-label=\"Open image in lightbox\" class=\"tile-inner modula-item-link\"><\/a><img loading=\"lazy\" decoding=\"async\" class=\"pic wp-image-768\"  data-valign=\"middle\" data-halign=\"center\" alt=\"DJ Ruslan Shults animation soir\u00e9e mariage russe Ch\u00e2teau la Beaumetane Provence.\" data-full=\"https:\/\/florianfrison.com\/wp-content\/uploads\/2025\/12\/MariageFlotographie-9408_lwsoptimized.avif\" title=\"MariageFlotographie-9408\" crop=\"\" width=\"1536\" height=\"1024\" src=\"https:\/\/florianfrison.com\/wp-content\/uploads\/2025\/12\/MariageFlotographie-9408_lwsoptimized.avif\" data-src=\"https:\/\/florianfrison.com\/wp-content\/uploads\/2025\/12\/MariageFlotographie-9408_lwsoptimized.avif\" data-caption=\"DJ Ruslan Shults animation soir\u00e9e mariage russe Ch\u00e2teau la Beaumetane Provence.\"\/>\n\t\t<div class=\"figc\">\n\t\t\t<div class=\"figc-inner\">\n\t\t\t\t\t\t\t\t\t\t\t\t\t<div class=\"jtg-description\">DJ Ruslan Shults animation soir\u00e9e mariage russe Ch\u00e2teau la Beaumetane Provence.<\/div>\n\t\t\t\t\t\t\t\t\t\t\t<\/div>\n\t\t<\/div>\n\n\t<\/div>\n\n<\/div><div class=\"modula-item effect-pufrobo\" >\n\t<div class=\"modula-item-overlay\"><\/div>\n\n\t<div class=\"modula-item-content\">\n\n\t\t<a data-image-id=\"458\" role=\"button\" tabindex=\"0\" rel=\"jtg-355\" data-caption=\"La soir\u00e9e au Ch\u00e2teau La Beaumetane - Florian Frison Photographe Mariage Provence.\" aria-label=\"Open image in lightbox\" class=\"tile-inner modula-item-link\"><\/a><img loading=\"lazy\" decoding=\"async\" class=\"pic wp-image-458\"  data-valign=\"middle\" data-halign=\"center\" alt=\"La soir\u00e9e au Ch\u00e2teau La Beaumetane - Florian Frison Photographe Mariage Provence.\" data-full=\"https:\/\/florianfrison.com\/wp-content\/uploads\/2025\/12\/MariageFlotographie-9478_lwsoptimized.avif\" title=\"Mariage Ch\u00e2teau La Beaumetane\" crop=\"\" width=\"1536\" height=\"1024\" src=\"https:\/\/florianfrison.com\/wp-content\/uploads\/2025\/12\/MariageFlotographie-9478_lwsoptimized.avif\" data-src=\"https:\/\/florianfrison.com\/wp-content\/uploads\/2025\/12\/MariageFlotographie-9478_lwsoptimized.avif\" data-caption=\"La soir\u00e9e au Ch\u00e2teau La Beaumetane - Florian Frison Photographe Mariage Provence.\"\/>\n\t\t<div class=\"figc\">\n\t\t\t<div class=\"figc-inner\">\n\t\t\t\t\t\t\t\t\t\t\t\t\t<div class=\"jtg-description\">La soir\u00e9e au Ch\u00e2teau La Beaumetane - Florian Frison Photographe Mariage Provence.<\/div>\n\t\t\t\t\t\t\t\t\t\t\t<\/div>\n\t\t<\/div>\n\n\t<\/div>\n\n<\/div><div class=\"modula-item effect-pufrobo\" >\n\t<div class=\"modula-item-overlay\"><\/div>\n\n\t<div class=\"modula-item-content\">\n\n\t\t<a data-image-id=\"457\" role=\"button\" tabindex=\"0\" rel=\"jtg-355\" data-caption=\"La soir\u00e9e au Ch\u00e2teau La Beaumetane - Florian Frison Photographe Mariage Provence.\" aria-label=\"Open image in lightbox\" class=\"tile-inner modula-item-link\"><\/a><img loading=\"lazy\" decoding=\"async\" class=\"pic wp-image-457\"  data-valign=\"middle\" data-halign=\"center\" alt=\"La soir\u00e9e au Ch\u00e2teau La Beaumetane - Florian Frison Photographe Mariage Provence.\" data-full=\"https:\/\/florianfrison.com\/wp-content\/uploads\/2025\/12\/MariageFlotographie-9466_lwsoptimized.avif\" title=\"Mariage Ch\u00e2teau La Beaumetane\" crop=\"\" width=\"1536\" height=\"1024\" src=\"https:\/\/florianfrison.com\/wp-content\/uploads\/2025\/12\/MariageFlotographie-9466_lwsoptimized.avif\" data-src=\"https:\/\/florianfrison.com\/wp-content\/uploads\/2025\/12\/MariageFlotographie-9466_lwsoptimized.avif\" data-caption=\"La soir\u00e9e au Ch\u00e2teau La Beaumetane - Florian Frison Photographe Mariage Provence.\"\/>\n\t\t<div class=\"figc\">\n\t\t\t<div class=\"figc-inner\">\n\t\t\t\t\t\t\t\t\t\t\t\t\t<div class=\"jtg-description\">La soir\u00e9e au Ch\u00e2teau La Beaumetane - Florian Frison Photographe Mariage Provence.<\/div>\n\t\t\t\t\t\t\t\t\t\t\t<\/div>\n\t\t<\/div>\n\n\t<\/div>\n\n<\/div><div class=\"modula-item effect-pufrobo\" >\n\t<div class=\"modula-item-overlay\"><\/div>\n\n\t<div class=\"modula-item-content\">\n\n\t\t<a data-image-id=\"987\" role=\"button\" tabindex=\"0\" rel=\"jtg-355\" data-caption=\"L&#039;\u00e9quipe du Domaine La Tour, pr\u00e8s de Sault et du Mont Ventoux.\" aria-label=\"Open image in lightbox\" class=\"tile-inner modula-item-link\"><\/a><img loading=\"lazy\" decoding=\"async\" class=\"pic wp-image-987\"  data-valign=\"middle\" data-halign=\"center\" alt=\"L&#039;\u00e9quipe du Domaine La Tour, pr\u00e8s de Sault et du Mont Ventoux.\" data-full=\"https:\/\/florianfrison.com\/wp-content\/uploads\/2026\/01\/MariageFlotographie-1995.avif\" title=\"Soiree-Mariage-Domaine-La-Tour-Sault-Ventoux\" crop=\"\" width=\"1536\" height=\"1024\" src=\"https:\/\/florianfrison.com\/wp-content\/uploads\/2026\/01\/MariageFlotographie-1995.avif\" data-src=\"https:\/\/florianfrison.com\/wp-content\/uploads\/2026\/01\/MariageFlotographie-1995.avif\" data-caption=\"L&#039;\u00e9quipe du Domaine La Tour, pr\u00e8s de Sault et du Mont Ventoux.\"\/>\n\t\t<div class=\"figc\">\n\t\t\t<div class=\"figc-inner\">\n\t\t\t\t\t\t\t\t\t\t\t\t\t<div class=\"jtg-description\">L'\u00e9quipe du Domaine La Tour, pr\u00e8s de Sault et du Mont Ventoux.<\/div>\n\t\t\t\t\t\t\t\t\t\t\t<\/div>\n\t\t<\/div>\n\n\t<\/div>\n\n<\/div><div class=\"modula-item effect-pufrobo\" >\n\t<div class=\"modula-item-overlay\"><\/div>\n\n\t<div class=\"modula-item-content\">\n\n\t\t<a data-image-id=\"1189\" role=\"button\" tabindex=\"0\" rel=\"jtg-355\" data-caption=\"Reportage de Mariage \u00e0 Saint-Jeoire-Prieur\u00e9 et Jacob-Bellecombette\" aria-label=\"Open image in lightbox\" class=\"tile-inner modula-item-link\"><\/a><img loading=\"lazy\" decoding=\"async\" class=\"pic wp-image-1189\"  data-valign=\"middle\" data-halign=\"center\" alt=\"Reportage de Mariage \u00e0 Saint-Jeoire-Prieur\u00e9 et Jacob-Bellecombette\" data-full=\"https:\/\/florianfrison.com\/wp-content\/uploads\/2026\/04\/MariageSiradaDamienFlorianFrison26-4306.avif\" title=\"MariageSirada&amp;amp;DamienFlorianFrison26-4306\" crop=\"\" width=\"1536\" height=\"1024\" src=\"https:\/\/florianfrison.com\/wp-content\/uploads\/2026\/04\/MariageSiradaDamienFlorianFrison26-4306.avif\" data-src=\"https:\/\/florianfrison.com\/wp-content\/uploads\/2026\/04\/MariageSiradaDamienFlorianFrison26-4306.avif\" data-caption=\"Reportage de Mariage \u00e0 Saint-Jeoire-Prieur\u00e9 et Jacob-Bellecombette\"\/>\n\t\t<div class=\"figc\">\n\t\t\t<div class=\"figc-inner\">\n\t\t\t\t\t\t\t\t\t\t\t\t\t<div class=\"jtg-description\">Reportage de Mariage \u00e0 Saint-Jeoire-Prieur\u00e9 et Jacob-Bellecombette<\/div>\n\t\t\t\t\t\t\t\t\t\t\t<\/div>\n\t\t<\/div>\n\n\t<\/div>\n\n<\/div><div class=\"modula-item effect-pufrobo\" >\n\t<div class=\"modula-item-overlay\"><\/div>\n\n\t<div class=\"modula-item-content\">\n\n\t\t<a data-image-id=\"1202\" role=\"button\" tabindex=\"0\" rel=\"jtg-355\" data-caption=\"Reportage de Mariage \u00e0 Saint-Jeoire-Prieur\u00e9 et Jacob-Bellecombette\" aria-label=\"Open image in lightbox\" class=\"tile-inner modula-item-link\"><\/a><img loading=\"lazy\" decoding=\"async\" class=\"pic wp-image-1202\"  data-valign=\"middle\" data-halign=\"center\" alt=\"Reportage de Mariage \u00e0 Saint-Jeoire-Prieur\u00e9 et Jacob-Bellecombette\" data-full=\"https:\/\/florianfrison.com\/wp-content\/uploads\/2026\/04\/MariageSiradaDamienFlorianFrison26-4815.avif\" title=\"MariageSirada&amp;amp;DamienFlorianFrison26-4815\" crop=\"\" width=\"1536\" height=\"1024\" src=\"https:\/\/florianfrison.com\/wp-content\/uploads\/2026\/04\/MariageSiradaDamienFlorianFrison26-4815.avif\" data-src=\"https:\/\/florianfrison.com\/wp-content\/uploads\/2026\/04\/MariageSiradaDamienFlorianFrison26-4815.avif\" data-caption=\"Reportage de Mariage \u00e0 Saint-Jeoire-Prieur\u00e9 et Jacob-Bellecombette\"\/>\n\t\t<div class=\"figc\">\n\t\t\t<div class=\"figc-inner\">\n\t\t\t\t\t\t\t\t\t\t\t\t\t<div class=\"jtg-description\">Reportage de Mariage \u00e0 Saint-Jeoire-Prieur\u00e9 et Jacob-Bellecombette<\/div>\n\t\t\t\t\t\t\t\t\t\t\t<\/div>\n\t\t<\/div>\n\n\t<\/div>\n\n<\/div><div class=\"modula-item effect-pufrobo\" >\n\t<div class=\"modula-item-overlay\"><\/div>\n\n\t<div class=\"modula-item-content\">\n\n\t\t<a data-image-id=\"454\" role=\"button\" tabindex=\"0\" rel=\"jtg-355\" data-caption=\"La soir\u00e9e au Ch\u00e2teau La Beaumetane - Florian Frison Photographe Mariage Provence.\" aria-label=\"Open image in lightbox\" class=\"tile-inner modula-item-link\"><\/a><img loading=\"lazy\" decoding=\"async\" class=\"pic wp-image-454\"  data-valign=\"middle\" data-halign=\"center\" alt=\"La soir\u00e9e au Ch\u00e2teau La Beaumetane - Florian Frison Photographe Mariage Provence.\" data-full=\"https:\/\/florianfrison.com\/wp-content\/uploads\/2025\/12\/MariageFlotographie-8618_lwsoptimized.avif\" title=\"Mariage Ch\u00e2teau La Beaumetane\" crop=\"\" width=\"1536\" height=\"1024\" src=\"https:\/\/florianfrison.com\/wp-content\/uploads\/2025\/12\/MariageFlotographie-8618_lwsoptimized.avif\" data-src=\"https:\/\/florianfrison.com\/wp-content\/uploads\/2025\/12\/MariageFlotographie-8618_lwsoptimized.avif\" data-caption=\"La soir\u00e9e au Ch\u00e2teau La Beaumetane - Florian Frison Photographe Mariage Provence.\"\/>\n\t\t<div class=\"figc\">\n\t\t\t<div class=\"figc-inner\">\n\t\t\t\t\t\t\t\t\t\t\t\t\t<div class=\"jtg-description\">La soir\u00e9e au Ch\u00e2teau La Beaumetane - Florian Frison Photographe Mariage Provence.<\/div>\n\t\t\t\t\t\t\t\t\t\t\t<\/div>\n\t\t<\/div>\n\n\t<\/div>\n\n<\/div><div class=\"modula-item effect-pufrobo\" >\n\t<div class=\"modula-item-overlay\"><\/div>\n\n\t<div class=\"modula-item-content\">\n\n\t\t<a data-image-id=\"428\" role=\"button\" tabindex=\"0\" rel=\"jtg-355\" data-caption=\"Ambiance festive et danse de mariage au Domaine La Tour, pr\u00e8s de Sault et du Mont Ventoux.\" aria-label=\"Open image in lightbox\" class=\"tile-inner modula-item-link\"><\/a><img loading=\"lazy\" decoding=\"async\" class=\"pic wp-image-428\"  data-valign=\"middle\" data-halign=\"center\" alt=\"Ambiance festive et danse de mariage au Domaine La Tour, pr\u00e8s de Sault et du Mont Ventoux.\" data-full=\"https:\/\/florianfrison.com\/wp-content\/uploads\/2025\/12\/MariageFlotographie-1629_lwsoptimized.avif\" title=\"Soiree-Mariage-Domaine-La-Tour-Sault-Ventoux\" crop=\"\" width=\"1536\" height=\"1024\" src=\"https:\/\/florianfrison.com\/wp-content\/uploads\/2025\/12\/MariageFlotographie-1629_lwsoptimized.avif\" data-src=\"https:\/\/florianfrison.com\/wp-content\/uploads\/2025\/12\/MariageFlotographie-1629_lwsoptimized.avif\" data-caption=\"Ambiance festive et danse de mariage au Domaine La Tour, pr\u00e8s de Sault et du Mont Ventoux.\"\/>\n\t\t<div class=\"figc\">\n\t\t\t<div class=\"figc-inner\">\n\t\t\t\t\t\t\t\t\t\t\t\t\t<div class=\"jtg-description\">Ambiance festive et danse de mariage au Domaine La Tour, pr\u00e8s de Sault et du Mont Ventoux.<\/div>\n\t\t\t\t\t\t\t\t\t\t\t<\/div>\n\t\t<\/div>\n\n\t<\/div>\n\n<\/div><div class=\"modula-item effect-pufrobo\" >\n\t<div class=\"modula-item-overlay\"><\/div>\n\n\t<div class=\"modula-item-content\">\n\n\t\t<a data-image-id=\"297\" role=\"button\" tabindex=\"0\" rel=\"jtg-355\" data-caption=\"\u00c9motion du mari\u00e9 lors d&#039;une c\u00e9r\u00e9monie traditionnelle de mariage cambodgien \u00e0 l&#039;H\u00f4tel Aquabella, Aix-en-Provence.\" aria-label=\"Open image in lightbox\" class=\"tile-inner modula-item-link\"><\/a><img loading=\"lazy\" decoding=\"async\" class=\"pic wp-image-297\"  data-valign=\"middle\" data-halign=\"center\" alt=\"\u00c9motion du mari\u00e9 lors d&#039;une c\u00e9r\u00e9monie traditionnelle de mariage cambodgien \u00e0 l&#039;H\u00f4tel Aquabella, Aix-en-Provence.\" data-full=\"https:\/\/florianfrison.com\/wp-content\/uploads\/2025\/12\/MariageFlotographie-3240_lwsoptimized.avif\" title=\"Mariage-Cambodgien-Aix-en-Provence-Hotel-Aquabella\" crop=\"\" width=\"1536\" height=\"1022\" src=\"https:\/\/florianfrison.com\/wp-content\/uploads\/2025\/12\/MariageFlotographie-3240_lwsoptimized.avif\" data-src=\"https:\/\/florianfrison.com\/wp-content\/uploads\/2025\/12\/MariageFlotographie-3240_lwsoptimized.avif\" data-caption=\"\u00c9motion du mari\u00e9 lors d&#039;une c\u00e9r\u00e9monie traditionnelle de mariage cambodgien \u00e0 l&#039;H\u00f4tel Aquabella, Aix-en-Provence.\"\/>\n\t\t<div class=\"figc\">\n\t\t\t<div class=\"figc-inner\">\n\t\t\t\t\t\t\t\t\t\t\t\t\t<div class=\"jtg-description\">\u00c9motion du mari\u00e9 lors d'une c\u00e9r\u00e9monie traditionnelle de mariage cambodgien \u00e0 l'H\u00f4tel Aquabella, Aix-en-Provence.<\/div>\n\t\t\t\t\t\t\t\t\t\t\t<\/div>\n\t\t<\/div>\n\n\t<\/div>\n\n<\/div><div class=\"modula-item effect-pufrobo\" >\n\t<div class=\"modula-item-overlay\"><\/div>\n\n\t<div class=\"modula-item-content\">\n\n\t\t<a data-image-id=\"446\" role=\"button\" tabindex=\"0\" rel=\"jtg-355\" data-caption=\"Regard complice des mari\u00e9s lors de la C\u00e9r\u00e9monie civile \u00e0 la Mairie de Mauguio.\" aria-label=\"Open image in lightbox\" class=\"tile-inner modula-item-link\"><\/a><img loading=\"lazy\" decoding=\"async\" class=\"pic wp-image-446\"  data-valign=\"middle\" data-halign=\"center\" alt=\"Regard complice des mari\u00e9s lors de la C\u00e9r\u00e9monie civile \u00e0 la Mairie de Mauguio.\" data-full=\"https:\/\/florianfrison.com\/wp-content\/uploads\/2025\/12\/MariageFlotographie-6529_lwsoptimized.avif\" title=\"Regard-Complice-Mariage-Mairie-Mauguio\" crop=\"\" width=\"1536\" height=\"1024\" src=\"https:\/\/florianfrison.com\/wp-content\/uploads\/2025\/12\/MariageFlotographie-6529_lwsoptimized.avif\" data-src=\"https:\/\/florianfrison.com\/wp-content\/uploads\/2025\/12\/MariageFlotographie-6529_lwsoptimized.avif\" data-caption=\"Regard complice des mari\u00e9s lors de la C\u00e9r\u00e9monie civile \u00e0 la Mairie de Mauguio.\"\/>\n\t\t<div class=\"figc\">\n\t\t\t<div class=\"figc-inner\">\n\t\t\t\t\t\t\t\t\t\t\t\t\t<div class=\"jtg-description\">Regard complice des mari\u00e9s lors de la C\u00e9r\u00e9monie civile \u00e0 la Mairie de Mauguio.<\/div>\n\t\t\t\t\t\t\t\t\t\t\t<\/div>\n\t\t<\/div>\n\n\t<\/div>\n\n<\/div>\t\t\n\t<\/div>\n\n\t\n\t\n\t<script type=\"application\/ld+json\">\n\t{\n\t\t\"@context\": \"http:\/\/schema.org\",\n\t\t\"@type\"   : \"ImageGallery\",\n\t\t\"id\"      : \"https:\/\/florianfrison.com\/en\/portfolio\/\",\n\t\t\"url\"     : \"https:\/\/florianfrison.com\/en\/portfolio\/\"\n\t}\n\n\t<\/script>\n\n\t\n<\/div>\n[\/et_pb_code][\/et_pb_column][\/et_pb_row][et_pb_row _builder_version=\u00a0\u00bb4.27.4&Prime; _module_preset=\u00a0\u00bbdefault\u00a0\u00bb global_colors_info=\u00a0\u00bb{}\u00a0\u00bb][et_pb_column type=\u00a0\u00bb4_4&Prime; _builder_version=\u00a0\u00bb4.27.4&Prime; _module_preset=\u00a0\u00bbdefault\u00a0\u00bb global_colors_info=\u00a0\u00bb{}\u00a0\u00bb][et_pb_divider divider_weight=\u00a0\u00bb2px\u00a0\u00bb _builder_version=\u00a0\u00bb4.27.4&Prime; _module_preset=\u00a0\u00bbdefault\u00a0\u00bb width=\u00a0\u00bb25%\u00a0\u00bb module_alignment=\u00a0\u00bbcenter\u00a0\u00bb custom_margin=\u00a0\u00bb||100px||false|false\u00a0\u00bb global_colors_info=\u00a0\u00bb{}\u00a0\u00bb][\/et_pb_divider][\/et_pb_column][\/et_pb_row][et_pb_row module_id=\u00a0\u00bbportrait\u00a0\u00bb _builder_version=\u00a0\u00bb4.27.4&Prime; _module_preset=\u00a0\u00bbdefault\u00a0\u00bb global_colors_info=\u00a0\u00bb{}\u00a0\u00bb][et_pb_column type=\u00a0\u00bb4_4&Prime; _builder_version=\u00a0\u00bb4.27.4&Prime; _module_preset=\u00a0\u00bbdefault\u00a0\u00bb global_colors_info=\u00a0\u00bb{}\u00a0\u00bb][et_pb_text _builder_version=\u00a0\u00bb4.27.4&Prime; _module_preset=\u00a0\u00bbdefault\u00a0\u00bb global_colors_info=\u00a0\u00bb{}\u00a0\u00bb]<\/p>\n<h3 style=\"text-align: center;\">PORTRAITS &amp; LIFESTYLE<\/h3>\n<p>[\/et_pb_text][et_pb_text _builder_version=\u00a0\u00bb4.27.4&Prime; _module_preset=\u00a0\u00bbdefault\u00a0\u00bb text_font_size=\u00a0\u00bb14px\u00a0\u00bb global_colors_info=\u00a0\u00bb{}\u00a0\u00bb]<\/p>\n<p style=\"text-align: center;\"><a href=\"#mariage\">VOIR LES MARIAGES<\/a> | <a href=\"#portrait\">VOIR LES PORTRAITS<\/a><\/p>\n<p>[\/et_pb_text][et_pb_code _builder_version=\u00a0\u00bb4.27.4&Prime; _module_preset=\u00a0\u00bbdefault\u00a0\u00bb global_colors_info=\u00a0\u00bb{}\u00a0\u00bb]<div  id=\"jtg-464\" class=\"modula modula-gallery modula-columns\" data-config=\"{&quot;tabletHeight&quot;:800,&quot;mobileHeight&quot;:800,&quot;desktopHeight&quot;:800,&quot;enableTwitter&quot;:false,&quot;enableWhatsapp&quot;:false,&quot;enableFacebook&quot;:false,&quot;enablePinterest&quot;:false,&quot;enableLinkedin&quot;:false,&quot;enableEmail&quot;:false,&quot;randomFactor&quot;:0.5,&quot;type&quot;:&quot;grid&quot;,&quot;columns&quot;:12,&quot;gutter&quot;:0,&quot;mobileGutter&quot;:0,&quot;tabletGutter&quot;:0,&quot;desktopGutter&quot;:0,&quot;enableResponsive&quot;:true,&quot;tabletColumns&quot;:2,&quot;mobileColumns&quot;:1,&quot;lazyLoad&quot;:0,&quot;lightboxOpts&quot;:{&quot;animated&quot;:true,&quot;Thumbs&quot;:{&quot;type&quot;:&quot;modern&quot;,&quot;showOnStart&quot;:false},&quot;Toolbar&quot;:{&quot;display&quot;:{&quot;right&quot;:[&quot;close&quot;]},&quot;enabled&quot;:true},&quot;Carousel&quot;:{&quot;Panzoom&quot;:{&quot;touch&quot;:true},&quot;infinite&quot;:false},&quot;keyboard&quot;:{&quot;Escape&quot;:&quot;close&quot;,&quot;Delete&quot;:&quot;close&quot;,&quot;Backspace&quot;:&quot;close&quot;,&quot;PageUp&quot;:false,&quot;PageDown&quot;:false,&quot;ArrowUp&quot;:false,&quot;ArrowDown&quot;:false,&quot;ArrowRight&quot;:false,&quot;ArrowLeft&quot;:false},&quot;touch&quot;:false,&quot;backdropClick&quot;:false,&quot;l10n&quot;:{&quot;CLOSE&quot;:&quot;Close&quot;,&quot;NEXT&quot;:&quot;Next&quot;,&quot;PREV&quot;:&quot;Previous&quot;,&quot;Error&quot;:&quot;The requested content cannot be loaded. Please try again later.&quot;,&quot;PLAY_START&quot;:&quot;Start slideshow&quot;,&quot;PLAY_STOP&quot;:&quot;Pause slideshow&quot;,&quot;FULL_SCREEN&quot;:&quot;Full screen&quot;,&quot;THUMBS&quot;:&quot;Thumbnails&quot;,&quot;DOWNLOAD&quot;:&quot;Download&quot;,&quot;SHARE&quot;:&quot;Share&quot;,&quot;ZOOM&quot;:&quot;Zoom&quot;,&quot;EMAIL&quot;:&quot;Here is the link to the image : %%image_link%% and this is the link to the gallery : %%gallery_link%%&quot;,&quot;MODAL&quot;:&quot;You can close this modal content with the ESC key&quot;,&quot;ERROR&quot;:&quot;Something Went Wrong, Please Try Again Later&quot;,&quot;IMAGE_ERROR&quot;:&quot;Image Not Found&quot;,&quot;ELEMENT_NOT_FOUND&quot;:&quot;HTML Element Not Found&quot;,&quot;AJAX_NOT_FOUND&quot;:&quot;Error Loading AJAX : Not Found&quot;,&quot;AJAX_FORBIDDEN&quot;:&quot;Error Loading AJAX : Forbidden&quot;,&quot;IFRAME_ERROR&quot;:&quot;Error Loading Page&quot;,&quot;TOGGLE_ZOOM&quot;:&quot;Toggle zoom level&quot;,&quot;TOGGLE_THUMBS&quot;:&quot;Toggle thumbnails&quot;,&quot;TOGGLE_SLIDESHOW&quot;:&quot;Toggle slideshow&quot;,&quot;TOGGLE_FULLSCREEN&quot;:&quot;Toggle full-screen mode&quot;},&quot;Images&quot;:{&quot;Panzoom&quot;:{&quot;maxScale&quot;:2}},&quot;mainClass&quot;:&quot;modula-fancybox-container modula-lightbox-jtg-464&quot;,&quot;Html&quot;:{&quot;videoAutoplay&quot;:0,&quot;videoTpl&quot;:&quot;&lt;video class=\\&quot;fancybox__html5video\\&quot; controls muted playsinline controlsList controlsList=\\&quot;nodownload\\&quot; poster=\\&quot;{{poster}}\\&quot; src=\\&quot;{{src}}\\&quot; type=\\&quot;{{format}}\\&quot; &gt;  Sorry, your browser doesn&#039;t support embedded videos, &lt;a href=\\&quot;{{src}}\\&quot;&gt; download &lt;\\\/a&gt; and watch with your favorite video player! &lt;\\\/video&gt;&quot;}},&quot;inView&quot;:false,&quot;email_subject&quot;:&quot;Check out this awesome image !!&quot;,&quot;email_message&quot;:&quot;Here is the link to the image : %%image_link%% and this is the link to the gallery : %%gallery_link%%&quot;,&quot;grid_type&quot;:&quot;automatic&quot;,&quot;rowHeight&quot;:250,&quot;lastRow&quot;:&quot;justify&quot;,&quot;lightbox&quot;:&quot;fancybox&quot;}\">\n\n\t\n\t<div  class=\"modula-items grid-gallery\">\n\t\t<div class=\"modula-item effect-pufrobo\" >\n\t<div class=\"modula-item-overlay\"><\/div>\n\n\t<div class=\"modula-item-content\">\n\n\t\t<a data-image-id=\"471\" role=\"button\" tabindex=\"0\" rel=\"jtg-464\" data-caption=\"Couple complice lors d&#039;une s\u00e9ance photo romantique en automne \u00e0 Fontaine de Vaucluse.\" aria-label=\"Open image in lightbox\" class=\"tile-inner modula-item-link\"><\/a><img loading=\"lazy\" decoding=\"async\" class=\"pic wp-image-471\"  data-valign=\"middle\" data-halign=\"center\" alt=\"Couple complice lors d&#039;une s\u00e9ance photo romantique en automne \u00e0 Fontaine de Vaucluse.\" data-full=\"https:\/\/florianfrison.com\/wp-content\/uploads\/2025\/12\/PortraitFlotographie-6334_lwsoptimized.avif\" title=\"PortraitFlotographiSeance-Photo-Couple-Romantique-Fontaine-de-Vaucluse-Provencee-6334\" crop=\"\" width=\"1536\" height=\"1022\" src=\"https:\/\/florianfrison.com\/wp-content\/uploads\/2025\/12\/PortraitFlotographie-6334_lwsoptimized.avif\" data-src=\"https:\/\/florianfrison.com\/wp-content\/uploads\/2025\/12\/PortraitFlotographie-6334_lwsoptimized.avif\" data-caption=\"Couple complice lors d&#039;une s\u00e9ance photo romantique en automne \u00e0 Fontaine de Vaucluse.\"\/>\n\t\t<div class=\"figc\">\n\t\t\t<div class=\"figc-inner\">\n\t\t\t\t\t\t\t\t\t\t\t\t\t<div class=\"jtg-description\">Couple complice lors d'une s\u00e9ance photo romantique en automne \u00e0 Fontaine de Vaucluse.<\/div>\n\t\t\t\t\t\t\t\t\t\t\t<\/div>\n\t\t<\/div>\n\n\t<\/div>\n\n<\/div><div class=\"modula-item effect-pufrobo\" >\n\t<div class=\"modula-item-overlay\"><\/div>\n\n\t<div class=\"modula-item-content\">\n\n\t\t<a data-image-id=\"494\" role=\"button\" tabindex=\"0\" rel=\"jtg-464\" data-caption=\"Danseuse du studio 6th Art (Aix-les-Bains) posant en tutu dans les rues pi\u00e9tonnes de Chamb\u00e9ry.\" aria-label=\"Open image in lightbox\" class=\"tile-inner modula-item-link\"><\/a><img loading=\"lazy\" decoding=\"async\" class=\"pic wp-image-494\"  data-valign=\"middle\" data-halign=\"center\" alt=\"Danseuse du studio 6th Art (Aix-les-Bains) posant en tutu dans les rues pi\u00e9tonnes de Chamb\u00e9ry.\" data-full=\"https:\/\/florianfrison.com\/wp-content\/uploads\/2025\/12\/PortraitFlotographie-3770_lwsoptimized.avif\" title=\"Shooting-Danse-Urbaine-Chambery-6thArt\" crop=\"\" width=\"1536\" height=\"1024\" src=\"https:\/\/florianfrison.com\/wp-content\/uploads\/2025\/12\/PortraitFlotographie-3770_lwsoptimized.avif\" data-src=\"https:\/\/florianfrison.com\/wp-content\/uploads\/2025\/12\/PortraitFlotographie-3770_lwsoptimized.avif\" data-caption=\"Danseuse du studio 6th Art (Aix-les-Bains) posant en tutu dans les rues pi\u00e9tonnes de Chamb\u00e9ry.\"\/>\n\t\t<div class=\"figc\">\n\t\t\t<div class=\"figc-inner\">\n\t\t\t\t\t\t\t\t\t\t\t\t\t<div class=\"jtg-description\">Danseuse du studio 6th Art (Aix-les-Bains) posant en tutu dans les rues pi\u00e9tonnes de Chamb\u00e9ry.<\/div>\n\t\t\t\t\t\t\t\t\t\t\t<\/div>\n\t\t<\/div>\n\n\t<\/div>\n\n<\/div><div class=\"modula-item effect-pufrobo\" >\n\t<div class=\"modula-item-overlay\"><\/div>\n\n\t<div class=\"modula-item-content\">\n\n\t\t<a data-image-id=\"497\" role=\"button\" tabindex=\"0\" rel=\"jtg-464\" data-caption=\"Danseuse du studio 6th Art (Aix-les-Bains) posant en tutu dans les rues pi\u00e9tonnes de Chamb\u00e9ry.\" aria-label=\"Open image in lightbox\" class=\"tile-inner modula-item-link\"><\/a><img loading=\"lazy\" decoding=\"async\" class=\"pic wp-image-497\"  data-valign=\"middle\" data-halign=\"center\" alt=\"Danseuse du studio 6th Art (Aix-les-Bains) posant en tutu dans les rues pi\u00e9tonnes de Chamb\u00e9ry.\" data-full=\"https:\/\/florianfrison.com\/wp-content\/uploads\/2025\/12\/PortraitFlotographie-3530_lwsoptimized.avif\" title=\"Shooting-Danse-Urbaine-Chambery-6thArt\" crop=\"\" width=\"1536\" height=\"1024\" src=\"https:\/\/florianfrison.com\/wp-content\/uploads\/2025\/12\/PortraitFlotographie-3530_lwsoptimized.avif\" data-src=\"https:\/\/florianfrison.com\/wp-content\/uploads\/2025\/12\/PortraitFlotographie-3530_lwsoptimized.avif\" data-caption=\"Danseuse du studio 6th Art (Aix-les-Bains) posant en tutu dans les rues pi\u00e9tonnes de Chamb\u00e9ry.\"\/>\n\t\t<div class=\"figc\">\n\t\t\t<div class=\"figc-inner\">\n\t\t\t\t\t\t\t\t\t\t\t\t\t<div class=\"jtg-description\">Danseuse du studio 6th Art (Aix-les-Bains) posant en tutu dans les rues pi\u00e9tonnes de Chamb\u00e9ry.<\/div>\n\t\t\t\t\t\t\t\t\t\t\t<\/div>\n\t\t<\/div>\n\n\t<\/div>\n\n<\/div><div class=\"modula-item effect-pufrobo\" >\n\t<div class=\"modula-item-overlay\"><\/div>\n\n\t<div class=\"modula-item-content\">\n\n\t\t<a data-image-id=\"770\" role=\"button\" tabindex=\"0\" rel=\"jtg-464\" data-caption=\"Portrait studio Yumi Tanaka athl\u00e8te olympique japonaise 100m haies photographe Mallemort - Chamb\u00e9ry - Miramas\" aria-label=\"Open image in lightbox\" class=\"tile-inner modula-item-link\"><\/a><img loading=\"lazy\" decoding=\"async\" class=\"pic wp-image-770\"  data-valign=\"middle\" data-halign=\"center\" alt=\"Portrait studio Yumi Tanaka athl\u00e8te olympique japonaise 100m haies photographe Mallemort - Chamb\u00e9ry - Miramas\" data-full=\"https:\/\/florianfrison.com\/wp-content\/uploads\/2025\/12\/PortraitFlotographie-_lwsoptimized.avif\" title=\"PortraitFlotographie-Yumi Tanaka\" crop=\"\" width=\"1536\" height=\"1024\" src=\"https:\/\/florianfrison.com\/wp-content\/uploads\/2025\/12\/PortraitFlotographie-_lwsoptimized.avif\" data-src=\"https:\/\/florianfrison.com\/wp-content\/uploads\/2025\/12\/PortraitFlotographie-_lwsoptimized.avif\" data-caption=\"Portrait studio Yumi Tanaka athl\u00e8te olympique japonaise 100m haies photographe Mallemort - Chamb\u00e9ry - Miramas\"\/>\n\t\t<div class=\"figc\">\n\t\t\t<div class=\"figc-inner\">\n\t\t\t\t\t\t\t\t\t\t\t\t\t<div class=\"jtg-description\">Portrait studio Yumi Tanaka athl\u00e8te olympique japonaise 100m haies photographe Mallemort - Chamb\u00e9ry - Miramas<\/div>\n\t\t\t\t\t\t\t\t\t\t\t<\/div>\n\t\t<\/div>\n\n\t<\/div>\n\n<\/div><div class=\"modula-item effect-pufrobo\" >\n\t<div class=\"modula-item-overlay\"><\/div>\n\n\t<div class=\"modula-item-content\">\n\n\t\t<a data-image-id=\"250\" role=\"button\" tabindex=\"0\" rel=\"jtg-464\" data-caption=\"Couple complice lors d&#039;une s\u00e9ance photo romantique en automne \u00e0 Fontaine de Vaucluse.\" aria-label=\"Open image in lightbox\" class=\"tile-inner modula-item-link\"><\/a><img loading=\"lazy\" decoding=\"async\" class=\"pic wp-image-250\"  data-valign=\"middle\" data-halign=\"center\" alt=\"Couple complice lors d&#039;une s\u00e9ance photo romantique en automne \u00e0 Fontaine de Vaucluse.\" data-full=\"https:\/\/florianfrison.com\/wp-content\/uploads\/2025\/12\/PortraitFlotographie-6176_lwsoptimized.avif\" title=\"Seance-Photo-Couple-Romantique-Fontaine-de-Vaucluse-Provence\" crop=\"\" width=\"1536\" height=\"1022\" src=\"https:\/\/florianfrison.com\/wp-content\/uploads\/2025\/12\/PortraitFlotographie-6176_lwsoptimized.avif\" data-src=\"https:\/\/florianfrison.com\/wp-content\/uploads\/2025\/12\/PortraitFlotographie-6176_lwsoptimized.avif\" data-caption=\"Couple complice lors d&#039;une s\u00e9ance photo romantique en automne \u00e0 Fontaine de Vaucluse.\"\/>\n\t\t<div class=\"figc\">\n\t\t\t<div class=\"figc-inner\">\n\t\t\t\t\t\t\t\t\t\t\t\t\t<div class=\"jtg-description\">Couple complice lors d'une s\u00e9ance photo romantique en automne \u00e0 Fontaine de Vaucluse.<\/div>\n\t\t\t\t\t\t\t\t\t\t\t<\/div>\n\t\t<\/div>\n\n\t<\/div>\n\n<\/div><div class=\"modula-item effect-pufrobo\" >\n\t<div class=\"modula-item-overlay\"><\/div>\n\n\t<div class=\"modula-item-content\">\n\n\t\t<a data-image-id=\"1134\" role=\"button\" tabindex=\"0\" rel=\"jtg-464\" data-caption=\"S\u00e9ance Photo de Grossesse \u00e0 l&#039;arbre magique de Saint-Antonin-sur-Bayon\" aria-label=\"Open image in lightbox\" class=\"tile-inner modula-item-link\"><\/a><img loading=\"lazy\" decoding=\"async\" class=\"pic wp-image-1134\"  data-valign=\"middle\" data-halign=\"center\" alt=\"S\u00e9ance Photo de Grossesse \u00e0 l&#039;arbre magique de Saint-Antonin-sur-Bayon\" data-full=\"https:\/\/florianfrison.com\/wp-content\/uploads\/2026\/04\/MaechaEliotFlorianFrison26-3493.avif\" title=\"Maecha&amp;amp;EliotFlorianFrison26-3493\" crop=\"\" width=\"1536\" height=\"1024\" src=\"https:\/\/florianfrison.com\/wp-content\/uploads\/2026\/04\/MaechaEliotFlorianFrison26-3493.avif\" data-src=\"https:\/\/florianfrison.com\/wp-content\/uploads\/2026\/04\/MaechaEliotFlorianFrison26-3493.avif\" data-caption=\"S\u00e9ance Photo de Grossesse \u00e0 l&#039;arbre magique de Saint-Antonin-sur-Bayon\"\/>\n\t\t<div class=\"figc\">\n\t\t\t<div class=\"figc-inner\">\n\t\t\t\t\t\t\t\t\t\t\t\t\t<div class=\"jtg-description\">S\u00e9ance Photo de Grossesse \u00e0 l'arbre magique de Saint-Antonin-sur-Bayon<\/div>\n\t\t\t\t\t\t\t\t\t\t\t<\/div>\n\t\t<\/div>\n\n\t<\/div>\n\n<\/div><div class=\"modula-item effect-pufrobo\" >\n\t<div class=\"modula-item-overlay\"><\/div>\n\n\t<div class=\"modula-item-content\">\n\n\t\t<a data-image-id=\"472\" role=\"button\" tabindex=\"0\" rel=\"jtg-464\" data-caption=\"S\u00e9ance photo romantique en automne \u00e0 Fontaine de Vaucluse.\" aria-label=\"Open image in lightbox\" class=\"tile-inner modula-item-link\"><\/a><img loading=\"lazy\" decoding=\"async\" class=\"pic wp-image-472\"  data-valign=\"middle\" data-halign=\"center\" alt=\"S\u00e9ance photo romantique en automne \u00e0 Fontaine de Vaucluse.\" data-full=\"https:\/\/florianfrison.com\/wp-content\/uploads\/2025\/12\/PortraitFlotographie-6278_lwsoptimized.avif\" title=\"Seance-Photo-Couple-Romantique-Fontaine-de-Vaucluse-Provence\" crop=\"\" width=\"1536\" height=\"1022\" src=\"https:\/\/florianfrison.com\/wp-content\/uploads\/2025\/12\/PortraitFlotographie-6278_lwsoptimized.avif\" data-src=\"https:\/\/florianfrison.com\/wp-content\/uploads\/2025\/12\/PortraitFlotographie-6278_lwsoptimized.avif\" data-caption=\"S\u00e9ance photo romantique en automne \u00e0 Fontaine de Vaucluse.\"\/>\n\t\t<div class=\"figc\">\n\t\t\t<div class=\"figc-inner\">\n\t\t\t\t\t\t\t\t\t\t\t\t\t<div class=\"jtg-description\">S\u00e9ance photo romantique en automne \u00e0 Fontaine de Vaucluse.<\/div>\n\t\t\t\t\t\t\t\t\t\t\t<\/div>\n\t\t<\/div>\n\n\t<\/div>\n\n<\/div><div class=\"modula-item effect-pufrobo\" >\n\t<div class=\"modula-item-overlay\"><\/div>\n\n\t<div class=\"modula-item-content\">\n\n\t\t<a data-image-id=\"280\" role=\"button\" tabindex=\"0\" rel=\"jtg-464\" data-caption=\"Portrait spontan\u00e9 d&#039;une femme riant aux \u00e9clats lors d&#039;une s\u00e9ance photo lumi\u00e8re naturelle \u00e0 Aix-les-Bains, pr\u00e8s du lac du Bourget.\" aria-label=\"Open image in lightbox\" class=\"tile-inner modula-item-link\"><\/a><img loading=\"lazy\" decoding=\"async\" class=\"pic wp-image-280\"  data-valign=\"middle\" data-halign=\"center\" alt=\"Portrait spontan\u00e9 d&#039;une femme riant aux \u00e9clats lors d&#039;une s\u00e9ance photo lumi\u00e8re naturelle \u00e0 Aix-les-Bains, pr\u00e8s du lac du Bourget.\" data-full=\"https:\/\/florianfrison.com\/wp-content\/uploads\/2025\/12\/PortraitFlotographie-5900_lwsoptimized.avif\" title=\"Portrait-Femme-Sourire-Naturel-Aix-les-Bains\" crop=\"\" width=\"1536\" height=\"1022\" src=\"https:\/\/florianfrison.com\/wp-content\/uploads\/2025\/12\/PortraitFlotographie-5900_lwsoptimized.avif\" data-src=\"https:\/\/florianfrison.com\/wp-content\/uploads\/2025\/12\/PortraitFlotographie-5900_lwsoptimized.avif\" data-caption=\"Portrait spontan\u00e9 d&#039;une femme riant aux \u00e9clats lors d&#039;une s\u00e9ance photo lumi\u00e8re naturelle \u00e0 Aix-les-Bains, pr\u00e8s du lac du Bourget.\"\/>\n\t\t<div class=\"figc\">\n\t\t\t<div class=\"figc-inner\">\n\t\t\t\t\t\t\t\t\t\t\t\t\t<div class=\"jtg-description\">Portrait spontan\u00e9 d'une femme riant aux \u00e9clats lors d'une s\u00e9ance photo lumi\u00e8re naturelle \u00e0 Aix-les-Bains, pr\u00e8s du lac du Bourget.<\/div>\n\t\t\t\t\t\t\t\t\t\t\t<\/div>\n\t\t<\/div>\n\n\t<\/div>\n\n<\/div><div class=\"modula-item effect-pufrobo\" >\n\t<div class=\"modula-item-overlay\"><\/div>\n\n\t<div class=\"modula-item-content\">\n\n\t\t<a data-image-id=\"1131\" role=\"button\" tabindex=\"0\" rel=\"jtg-464\" data-caption=\"S\u00e9ance Photo de Grossesse \u00e0 l&#039;arbre magique de Saint-Antonin-sur-Bayon\" aria-label=\"Open image in lightbox\" class=\"tile-inner modula-item-link\"><\/a><img loading=\"lazy\" decoding=\"async\" class=\"pic wp-image-1131\"  data-valign=\"middle\" data-halign=\"center\" alt=\"S\u00e9ance Photo de Grossesse \u00e0 l&#039;arbre magique de Saint-Antonin-sur-Bayon\" data-full=\"https:\/\/florianfrison.com\/wp-content\/uploads\/2026\/04\/MaechaEliotFlorianFrison26-1747.avif\" title=\"Maecha&amp;amp;EliotFlorianFrison26-1747\" crop=\"\" width=\"1536\" height=\"1024\" src=\"https:\/\/florianfrison.com\/wp-content\/uploads\/2026\/04\/MaechaEliotFlorianFrison26-1747.avif\" data-src=\"https:\/\/florianfrison.com\/wp-content\/uploads\/2026\/04\/MaechaEliotFlorianFrison26-1747.avif\" data-caption=\"S\u00e9ance Photo de Grossesse \u00e0 l&#039;arbre magique de Saint-Antonin-sur-Bayon\"\/>\n\t\t<div class=\"figc\">\n\t\t\t<div class=\"figc-inner\">\n\t\t\t\t\t\t\t\t\t\t\t\t\t<div class=\"jtg-description\">S\u00e9ance Photo de Grossesse \u00e0 l'arbre magique de Saint-Antonin-sur-Bayon<\/div>\n\t\t\t\t\t\t\t\t\t\t\t<\/div>\n\t\t<\/div>\n\n\t<\/div>\n\n<\/div><div class=\"modula-item effect-pufrobo\" >\n\t<div class=\"modula-item-overlay\"><\/div>\n\n\t<div class=\"modula-item-content\">\n\n\t\t<a data-image-id=\"473\" role=\"button\" tabindex=\"0\" rel=\"jtg-464\" data-caption=\"Portrait lors d&#039;une s\u00e9ance photo lumi\u00e8re naturelle \u00e0 Aix-les-Bains, pr\u00e8s du lac du Bourget.\" aria-label=\"Open image in lightbox\" class=\"tile-inner modula-item-link\"><\/a><img loading=\"lazy\" decoding=\"async\" class=\"pic wp-image-473\"  data-valign=\"middle\" data-halign=\"center\" alt=\"Portrait lors d&#039;une s\u00e9ance photo lumi\u00e8re naturelle \u00e0 Aix-les-Bains, pr\u00e8s du lac du Bourget.\" data-full=\"https:\/\/florianfrison.com\/wp-content\/uploads\/2025\/12\/PortraitFlotographie-5691_lwsoptimized.avif\" title=\"Portrait-Femme-Sourire-Naturel-Aix-les-Bains\" crop=\"\" width=\"1022\" height=\"1536\" src=\"https:\/\/florianfrison.com\/wp-content\/uploads\/2025\/12\/PortraitFlotographie-5691_lwsoptimized.avif\" data-src=\"https:\/\/florianfrison.com\/wp-content\/uploads\/2025\/12\/PortraitFlotographie-5691_lwsoptimized.avif\" data-caption=\"Portrait lors d&#039;une s\u00e9ance photo lumi\u00e8re naturelle \u00e0 Aix-les-Bains, pr\u00e8s du lac du Bourget.\"\/>\n\t\t<div class=\"figc\">\n\t\t\t<div class=\"figc-inner\">\n\t\t\t\t\t\t\t\t\t\t\t\t\t<div class=\"jtg-description\">Portrait lors d'une s\u00e9ance photo lumi\u00e8re naturelle \u00e0 Aix-les-Bains, pr\u00e8s du lac du Bourget.<\/div>\n\t\t\t\t\t\t\t\t\t\t\t<\/div>\n\t\t<\/div>\n\n\t<\/div>\n\n<\/div><div class=\"modula-item effect-pufrobo\" >\n\t<div class=\"modula-item-overlay\"><\/div>\n\n\t<div class=\"modula-item-content\">\n\n\t\t<a data-image-id=\"480\" role=\"button\" tabindex=\"0\" rel=\"jtg-464\" data-caption=\"Portrait femme souriante dans un champ de colza sur les hauteurs de Chamb\u00e9ry en Savoie.\" aria-label=\"Open image in lightbox\" class=\"tile-inner modula-item-link\"><\/a><img loading=\"lazy\" decoding=\"async\" class=\"pic wp-image-480\"  data-valign=\"middle\" data-halign=\"center\" alt=\"Portrait femme souriante dans un champ de colza sur les hauteurs de Chamb\u00e9ry en Savoie.\" data-full=\"https:\/\/florianfrison.com\/wp-content\/uploads\/2025\/12\/PortraitFlotographie-8401_lwsoptimized.avif\" title=\"S\u00e9ance Portrait Femme Chamb\u00e9ry &amp;#8211; Champs Colza\" crop=\"\" width=\"1022\" height=\"1536\" src=\"https:\/\/florianfrison.com\/wp-content\/uploads\/2025\/12\/PortraitFlotographie-8401_lwsoptimized.avif\" data-src=\"https:\/\/florianfrison.com\/wp-content\/uploads\/2025\/12\/PortraitFlotographie-8401_lwsoptimized.avif\" data-caption=\"Portrait femme souriante dans un champ de colza sur les hauteurs de Chamb\u00e9ry en Savoie.\"\/>\n\t\t<div class=\"figc\">\n\t\t\t<div class=\"figc-inner\">\n\t\t\t\t\t\t\t\t\t\t\t\t\t<div class=\"jtg-description\">Portrait femme souriante dans un champ de colza sur les hauteurs de Chamb\u00e9ry en Savoie.<\/div>\n\t\t\t\t\t\t\t\t\t\t\t<\/div>\n\t\t<\/div>\n\n\t<\/div>\n\n<\/div><div class=\"modula-item effect-pufrobo\" >\n\t<div class=\"modula-item-overlay\"><\/div>\n\n\t<div class=\"modula-item-content\">\n\n\t\t<a data-image-id=\"1141\" role=\"button\" tabindex=\"0\" rel=\"jtg-464\" data-caption=\"S\u00e9ance Photo de Grossesse \u00e0 l&#039;arbre magique de Saint-Antonin-sur-Bayon\" aria-label=\"Open image in lightbox\" class=\"tile-inner modula-item-link\"><\/a><img loading=\"lazy\" decoding=\"async\" class=\"pic wp-image-1141\"  data-valign=\"middle\" data-halign=\"center\" alt=\"S\u00e9ance Photo de Grossesse \u00e0 l&#039;arbre magique de Saint-Antonin-sur-Bayon\" data-full=\"https:\/\/florianfrison.com\/wp-content\/uploads\/2026\/04\/MaechaEliotFlorianFrison26-4111.avif\" title=\"Maecha&amp;amp;EliotFlorianFrison26-4111\" crop=\"\" width=\"1536\" height=\"1024\" src=\"https:\/\/florianfrison.com\/wp-content\/uploads\/2026\/04\/MaechaEliotFlorianFrison26-4111.avif\" data-src=\"https:\/\/florianfrison.com\/wp-content\/uploads\/2026\/04\/MaechaEliotFlorianFrison26-4111.avif\" data-caption=\"S\u00e9ance Photo de Grossesse \u00e0 l&#039;arbre magique de Saint-Antonin-sur-Bayon\"\/>\n\t\t<div class=\"figc\">\n\t\t\t<div class=\"figc-inner\">\n\t\t\t\t\t\t\t\t\t\t\t\t\t<div class=\"jtg-description\">S\u00e9ance Photo de Grossesse \u00e0 l'arbre magique de Saint-Antonin-sur-Bayon<\/div>\n\t\t\t\t\t\t\t\t\t\t\t<\/div>\n\t\t<\/div>\n\n\t<\/div>\n\n<\/div><div class=\"modula-item effect-pufrobo\" >\n\t<div class=\"modula-item-overlay\"><\/div>\n\n\t<div class=\"modula-item-content\">\n\n\t\t<a data-image-id=\"243\" role=\"button\" tabindex=\"0\" rel=\"jtg-464\" data-caption=\"Couple d&#039;amoureux s&#039;enla\u00e7ant tendrement au milieu des ocres du Colorado Proven\u00e7al \u00e0 Rustrel.\" aria-label=\"Open image in lightbox\" class=\"tile-inner modula-item-link\"><\/a><img loading=\"lazy\" decoding=\"async\" class=\"pic wp-image-243\"  data-valign=\"middle\" data-halign=\"center\" alt=\"Couple d&#039;amoureux s&#039;enla\u00e7ant tendrement au milieu des ocres du Colorado Proven\u00e7al \u00e0 Rustrel.\" data-full=\"https:\/\/florianfrison.com\/wp-content\/uploads\/2025\/12\/PortraitFlotographie-8109_lwsoptimized.avif\" title=\"Seance-Couple-Colorado-Provencal-Rustrel-Ocres\" crop=\"\" width=\"1536\" height=\"1022\" src=\"https:\/\/florianfrison.com\/wp-content\/uploads\/2025\/12\/PortraitFlotographie-8109_lwsoptimized.avif\" data-src=\"https:\/\/florianfrison.com\/wp-content\/uploads\/2025\/12\/PortraitFlotographie-8109_lwsoptimized.avif\" data-caption=\"Couple d&#039;amoureux s&#039;enla\u00e7ant tendrement au milieu des ocres du Colorado Proven\u00e7al \u00e0 Rustrel.\"\/>\n\t\t<div class=\"figc\">\n\t\t\t<div class=\"figc-inner\">\n\t\t\t\t\t\t\t\t\t\t\t\t\t<div class=\"jtg-description\">Couple d'amoureux s'enla\u00e7ant tendrement au milieu des ocres du Colorado Proven\u00e7al \u00e0 Rustrel.<\/div>\n\t\t\t\t\t\t\t\t\t\t\t<\/div>\n\t\t<\/div>\n\n\t<\/div>\n\n<\/div><div class=\"modula-item effect-pufrobo\" >\n\t<div class=\"modula-item-overlay\"><\/div>\n\n\t<div class=\"modula-item-content\">\n\n\t\t<a data-image-id=\"492\" role=\"button\" tabindex=\"0\" rel=\"jtg-464\" data-caption=\"Danseuse du studio 6th Art (Aix-les-Bains) posant en tutu dans les rues pi\u00e9tonnes de Chamb\u00e9ry.\" aria-label=\"Open image in lightbox\" class=\"tile-inner modula-item-link\"><\/a><img loading=\"lazy\" decoding=\"async\" class=\"pic wp-image-492\"  data-valign=\"middle\" data-halign=\"center\" alt=\"Danseuse du studio 6th Art (Aix-les-Bains) posant en tutu dans les rues pi\u00e9tonnes de Chamb\u00e9ry.\" data-full=\"https:\/\/florianfrison.com\/wp-content\/uploads\/2025\/12\/PortraitFlotographie-3907_lwsoptimized.avif\" title=\"Shooting-Danse-Urbaine-Chambery-6thArt\" crop=\"\" width=\"1536\" height=\"1024\" src=\"https:\/\/florianfrison.com\/wp-content\/uploads\/2025\/12\/PortraitFlotographie-3907_lwsoptimized.avif\" data-src=\"https:\/\/florianfrison.com\/wp-content\/uploads\/2025\/12\/PortraitFlotographie-3907_lwsoptimized.avif\" data-caption=\"Danseuse du studio 6th Art (Aix-les-Bains) posant en tutu dans les rues pi\u00e9tonnes de Chamb\u00e9ry.\"\/>\n\t\t<div class=\"figc\">\n\t\t\t<div class=\"figc-inner\">\n\t\t\t\t\t\t\t\t\t\t\t\t\t<div class=\"jtg-description\">Danseuse du studio 6th Art (Aix-les-Bains) posant en tutu dans les rues pi\u00e9tonnes de Chamb\u00e9ry.<\/div>\n\t\t\t\t\t\t\t\t\t\t\t<\/div>\n\t\t<\/div>\n\n\t<\/div>\n\n<\/div><div class=\"modula-item effect-pufrobo\" >\n\t<div class=\"modula-item-overlay\"><\/div>\n\n\t<div class=\"modula-item-content\">\n\n\t\t<a data-image-id=\"284\" role=\"button\" tabindex=\"0\" rel=\"jtg-464\" data-caption=\"Portrait lifestyle naturel d&#039;une jeune femme assise sur les rochers du plateau de Vern\u00e8gues, pr\u00e8s de Salon-de-Provence.\" aria-label=\"Open image in lightbox\" class=\"tile-inner modula-item-link\"><\/a><img loading=\"lazy\" decoding=\"async\" class=\"pic wp-image-284\"  data-valign=\"middle\" data-halign=\"center\" alt=\"Portrait lifestyle naturel d&#039;une jeune femme assise sur les rochers du plateau de Vern\u00e8gues, pr\u00e8s de Salon-de-Provence.\" data-full=\"https:\/\/florianfrison.com\/wp-content\/uploads\/2025\/12\/PortraitFlotographie-4766_lwsoptimized.webp\" title=\"Portrait-Lifestyle-Femme-Plateau-Vernegues-Salon-de-Provence\" crop=\"\" width=\"1536\" height=\"1022\" src=\"https:\/\/florianfrison.com\/wp-content\/uploads\/2025\/12\/PortraitFlotographie-4766_lwsoptimized-1536x1022.webp\" data-src=\"https:\/\/florianfrison.com\/wp-content\/uploads\/2025\/12\/PortraitFlotographie-4766_lwsoptimized-1536x1022.webp\" data-caption=\"Portrait lifestyle naturel d&#039;une jeune femme assise sur les rochers du plateau de Vern\u00e8gues, pr\u00e8s de Salon-de-Provence.\" srcset=\"https:\/\/florianfrison.com\/wp-content\/uploads\/2025\/12\/PortraitFlotographie-4766_lwsoptimized.webp 2000w, https:\/\/florianfrison.com\/wp-content\/uploads\/2025\/12\/PortraitFlotographie-4766_lwsoptimized-300x200.webp 300w, https:\/\/florianfrison.com\/wp-content\/uploads\/2025\/12\/PortraitFlotographie-4766_lwsoptimized-1024x681.webp 1024w, https:\/\/florianfrison.com\/wp-content\/uploads\/2025\/12\/PortraitFlotographie-4766_lwsoptimized-768x511.webp 768w, https:\/\/florianfrison.com\/wp-content\/uploads\/2025\/12\/PortraitFlotographie-4766_lwsoptimized-1536x1022.webp 1536w, https:\/\/florianfrison.com\/wp-content\/uploads\/2025\/12\/PortraitFlotographie-4766_lwsoptimized-18x12.webp 18w, https:\/\/florianfrison.com\/wp-content\/uploads\/2025\/12\/PortraitFlotographie-4766_lwsoptimized-610x406.webp 610w, https:\/\/florianfrison.com\/wp-content\/uploads\/2025\/12\/PortraitFlotographie-4766_lwsoptimized-1080x719.webp 1080w, https:\/\/florianfrison.com\/wp-content\/uploads\/2025\/12\/PortraitFlotographie-4766_lwsoptimized-1280x852.webp 1280w, https:\/\/florianfrison.com\/wp-content\/uploads\/2025\/12\/PortraitFlotographie-4766_lwsoptimized-980x652.webp 980w, https:\/\/florianfrison.com\/wp-content\/uploads\/2025\/12\/PortraitFlotographie-4766_lwsoptimized-480x319.webp 480w\" sizes=\"(max-width: 1536px) 100vw, 1536px\" \/>\n\t\t<div class=\"figc\">\n\t\t\t<div class=\"figc-inner\">\n\t\t\t\t\t\t\t\t\t\t\t\t\t<div class=\"jtg-description\">Portrait lifestyle naturel d'une jeune femme assise sur les rochers du plateau de Vern\u00e8gues, pr\u00e8s de Salon-de-Provence.<\/div>\n\t\t\t\t\t\t\t\t\t\t\t<\/div>\n\t\t<\/div>\n\n\t<\/div>\n\n<\/div><div class=\"modula-item effect-pufrobo\" >\n\t<div class=\"modula-item-overlay\"><\/div>\n\n\t<div class=\"modula-item-content\">\n\n\t\t<a data-image-id=\"1137\" role=\"button\" tabindex=\"0\" rel=\"jtg-464\" data-caption=\"S\u00e9ance Photo de Grossesse \u00e0 l&#039;arbre magique de Saint-Antonin-sur-Bayon\" aria-label=\"Open image in lightbox\" class=\"tile-inner modula-item-link\"><\/a><img loading=\"lazy\" decoding=\"async\" class=\"pic wp-image-1137\"  data-valign=\"middle\" data-halign=\"center\" alt=\"S\u00e9ance Photo de Grossesse \u00e0 l&#039;arbre magique de Saint-Antonin-sur-Bayon\" data-full=\"https:\/\/florianfrison.com\/wp-content\/uploads\/2026\/04\/MaechaEliotFlorianFrison26-3821.avif\" title=\"Maecha&amp;amp;EliotFlorianFrison26-3821\" crop=\"\" width=\"1536\" height=\"1024\" src=\"https:\/\/florianfrison.com\/wp-content\/uploads\/2026\/04\/MaechaEliotFlorianFrison26-3821.avif\" data-src=\"https:\/\/florianfrison.com\/wp-content\/uploads\/2026\/04\/MaechaEliotFlorianFrison26-3821.avif\" data-caption=\"S\u00e9ance Photo de Grossesse \u00e0 l&#039;arbre magique de Saint-Antonin-sur-Bayon\"\/>\n\t\t<div class=\"figc\">\n\t\t\t<div class=\"figc-inner\">\n\t\t\t\t\t\t\t\t\t\t\t\t\t<div class=\"jtg-description\">S\u00e9ance Photo de Grossesse \u00e0 l'arbre magique de Saint-Antonin-sur-Bayon<\/div>\n\t\t\t\t\t\t\t\t\t\t\t<\/div>\n\t\t<\/div>\n\n\t<\/div>\n\n<\/div><div class=\"modula-item effect-pufrobo\" >\n\t<div class=\"modula-item-overlay\"><\/div>\n\n\t<div class=\"modula-item-content\">\n\n\t\t<a data-image-id=\"491\" role=\"button\" tabindex=\"0\" rel=\"jtg-464\" data-caption=\"Danseuse du studio 6th Art (Aix-les-Bains) posant en tutu dans les rues pi\u00e9tonnes de Chamb\u00e9ry.\" aria-label=\"Open image in lightbox\" class=\"tile-inner modula-item-link\"><\/a><img loading=\"lazy\" decoding=\"async\" class=\"pic wp-image-491\"  data-valign=\"middle\" data-halign=\"center\" alt=\"Danseuse du studio 6th Art (Aix-les-Bains) posant en tutu dans les rues pi\u00e9tonnes de Chamb\u00e9ry.\" data-full=\"https:\/\/florianfrison.com\/wp-content\/uploads\/2025\/12\/PortraitFlotographie-3932_lwsoptimized.avif\" title=\"Shooting-Danse-Urbaine-Chambery-6thArt\" crop=\"\" width=\"1024\" height=\"1536\" src=\"https:\/\/florianfrison.com\/wp-content\/uploads\/2025\/12\/PortraitFlotographie-3932_lwsoptimized.avif\" data-src=\"https:\/\/florianfrison.com\/wp-content\/uploads\/2025\/12\/PortraitFlotographie-3932_lwsoptimized.avif\" data-caption=\"Danseuse du studio 6th Art (Aix-les-Bains) posant en tutu dans les rues pi\u00e9tonnes de Chamb\u00e9ry.\"\/>\n\t\t<div class=\"figc\">\n\t\t\t<div class=\"figc-inner\">\n\t\t\t\t\t\t\t\t\t\t\t\t\t<div class=\"jtg-description\">Danseuse du studio 6th Art (Aix-les-Bains) posant en tutu dans les rues pi\u00e9tonnes de Chamb\u00e9ry.<\/div>\n\t\t\t\t\t\t\t\t\t\t\t<\/div>\n\t\t<\/div>\n\n\t<\/div>\n\n<\/div><div class=\"modula-item effect-pufrobo\" >\n\t<div class=\"modula-item-overlay\"><\/div>\n\n\t<div class=\"modula-item-content\">\n\n\t\t<a data-image-id=\"1129\" role=\"button\" tabindex=\"0\" rel=\"jtg-464\" data-caption=\"S\u00e9ance Photo de Grossesse \u00e0 l&#039;arbre magique de Saint-Antonin-sur-Bayon\" aria-label=\"Open image in lightbox\" class=\"tile-inner modula-item-link\"><\/a><img loading=\"lazy\" decoding=\"async\" class=\"pic wp-image-1129\"  data-valign=\"middle\" data-halign=\"center\" alt=\"S\u00e9ance Photo de Grossesse \u00e0 l&#039;arbre magique de Saint-Antonin-sur-Bayon\" data-full=\"https:\/\/florianfrison.com\/wp-content\/uploads\/2026\/04\/MaechaEliotFlorianFrison26-1720.webp\" title=\"Maecha&amp;amp;EliotFlorianFrison26-1720\" crop=\"\" width=\"1536\" height=\"1024\" src=\"https:\/\/florianfrison.com\/wp-content\/uploads\/2026\/04\/MaechaEliotFlorianFrison26-1720-1536x1024.webp\" data-src=\"https:\/\/florianfrison.com\/wp-content\/uploads\/2026\/04\/MaechaEliotFlorianFrison26-1720-1536x1024.webp\" data-caption=\"S\u00e9ance Photo de Grossesse \u00e0 l&#039;arbre magique de Saint-Antonin-sur-Bayon\" srcset=\"https:\/\/florianfrison.com\/wp-content\/uploads\/2026\/04\/MaechaEliotFlorianFrison26-1720.webp 1536w, https:\/\/florianfrison.com\/wp-content\/uploads\/2026\/04\/MaechaEliotFlorianFrison26-1720-1280x853.webp 1280w, https:\/\/florianfrison.com\/wp-content\/uploads\/2026\/04\/MaechaEliotFlorianFrison26-1720-980x653.webp 980w, https:\/\/florianfrison.com\/wp-content\/uploads\/2026\/04\/MaechaEliotFlorianFrison26-1720-480x320.webp 480w\" sizes=\"(min-width: 0px) and (max-width: 480px) 480px, (min-width: 481px) and (max-width: 980px) 980px, (min-width: 981px) and (max-width: 1280px) 1280px, (min-width: 1281px) 1536px, 100vw\" \/>\n\t\t<div class=\"figc\">\n\t\t\t<div class=\"figc-inner\">\n\t\t\t\t\t\t\t\t\t\t\t\t\t<div class=\"jtg-description\">S\u00e9ance Photo de Grossesse \u00e0 l'arbre magique de Saint-Antonin-sur-Bayon<\/div>\n\t\t\t\t\t\t\t\t\t\t\t<\/div>\n\t\t<\/div>\n\n\t<\/div>\n\n<\/div><div class=\"modula-item effect-pufrobo\" >\n\t<div class=\"modula-item-overlay\"><\/div>\n\n\t<div class=\"modula-item-content\">\n\n\t\t<a data-image-id=\"502\" role=\"button\" tabindex=\"0\" rel=\"jtg-464\" data-caption=\"Portrait mode \u00e9ditorial d&#039;une mod\u00e8le ukrainienne pour la marque Icone \u00e0 Gen\u00e8ve. Femme blonde, tenue noire et voile, \u00e9clairage studio artistique et retouche naturelle.\" aria-label=\"Open image in lightbox\" class=\"tile-inner modula-item-link\"><\/a><img loading=\"lazy\" decoding=\"async\" class=\"pic wp-image-502\"  data-valign=\"middle\" data-halign=\"center\" alt=\"Portrait mode \u00e9ditorial d&#039;une mod\u00e8le ukrainienne pour la marque Icone \u00e0 Gen\u00e8ve. Femme blonde, tenue noire et voile, \u00e9clairage studio artistique et retouche naturelle.\" data-full=\"https:\/\/florianfrison.com\/wp-content\/uploads\/2025\/12\/PortraitFlotographie-4638_lwsoptimized.avif\" title=\"Portrait-Mode-Femme-Ukrainienne-Studio-Geneve-Icone\" crop=\"\" width=\"1536\" height=\"1024\" src=\"https:\/\/florianfrison.com\/wp-content\/uploads\/2025\/12\/PortraitFlotographie-4638_lwsoptimized.avif\" data-src=\"https:\/\/florianfrison.com\/wp-content\/uploads\/2025\/12\/PortraitFlotographie-4638_lwsoptimized.avif\" data-caption=\"Portrait mode \u00e9ditorial d&#039;une mod\u00e8le ukrainienne pour la marque Icone \u00e0 Gen\u00e8ve. Femme blonde, tenue noire et voile, \u00e9clairage studio artistique et retouche naturelle.\"\/>\n\t\t<div class=\"figc\">\n\t\t\t<div class=\"figc-inner\">\n\t\t\t\t\t\t\t\t\t\t\t\t\t<div class=\"jtg-description\">Portrait mode \u00e9ditorial d'une mod\u00e8le ukrainienne pour la marque Icone \u00e0 Gen\u00e8ve. Femme blonde, tenue noire et voile, \u00e9clairage studio artistique et retouche naturelle.<\/div>\n\t\t\t\t\t\t\t\t\t\t\t<\/div>\n\t\t<\/div>\n\n\t<\/div>\n\n<\/div><div class=\"modula-item effect-pufrobo\" >\n\t<div class=\"modula-item-overlay\"><\/div>\n\n\t<div class=\"modula-item-content\">\n\n\t\t<a data-image-id=\"277\" role=\"button\" tabindex=\"0\" rel=\"jtg-464\" data-caption=\"Portrait naturel et d\u00e9tendu d&#039;une femme en bord de lac, lumi\u00e8re douce.\" aria-label=\"Open image in lightbox\" class=\"tile-inner modula-item-link\"><\/a><img loading=\"lazy\" decoding=\"async\" class=\"pic wp-image-277\"  data-valign=\"middle\" data-halign=\"center\" alt=\"Portrait naturel et d\u00e9tendu d&#039;une femme en bord de lac, lumi\u00e8re douce.\" data-full=\"https:\/\/florianfrison.com\/wp-content\/uploads\/2025\/12\/PortraitFlotographie-7823_lwsoptimized.avif\" title=\"Seance-Portrait-Femme-Lac-Bourget-Lifestyle\" crop=\"\" width=\"1536\" height=\"1022\" src=\"https:\/\/florianfrison.com\/wp-content\/uploads\/2025\/12\/PortraitFlotographie-7823_lwsoptimized.avif\" data-src=\"https:\/\/florianfrison.com\/wp-content\/uploads\/2025\/12\/PortraitFlotographie-7823_lwsoptimized.avif\" data-caption=\"Portrait naturel et d\u00e9tendu d&#039;une femme en bord de lac, lumi\u00e8re douce.\"\/>\n\t\t<div class=\"figc\">\n\t\t\t<div class=\"figc-inner\">\n\t\t\t\t\t\t\t\t\t\t\t\t\t<div class=\"jtg-description\">Portrait naturel et d\u00e9tendu d'une femme en bord de lac, lumi\u00e8re douce.<\/div>\n\t\t\t\t\t\t\t\t\t\t\t<\/div>\n\t\t<\/div>\n\n\t<\/div>\n\n<\/div><div class=\"modula-item effect-pufrobo\" >\n\t<div class=\"modula-item-overlay\"><\/div>\n\n\t<div class=\"modula-item-content\">\n\n\t\t<a data-image-id=\"1139\" role=\"button\" tabindex=\"0\" rel=\"jtg-464\" data-caption=\"S\u00e9ance Photo de Grossesse \u00e0 l&#039;arbre magique de Saint-Antonin-sur-Bayon\" aria-label=\"Open image in lightbox\" class=\"tile-inner modula-item-link\"><\/a><img loading=\"lazy\" decoding=\"async\" class=\"pic wp-image-1139\"  data-valign=\"middle\" data-halign=\"center\" alt=\"S\u00e9ance Photo de Grossesse \u00e0 l&#039;arbre magique de Saint-Antonin-sur-Bayon\" data-full=\"https:\/\/florianfrison.com\/wp-content\/uploads\/2026\/04\/MaechaEliotFlorianFrison26-3957.webp\" title=\"Maecha&amp;amp;EliotFlorianFrison26-3957\" crop=\"\" width=\"1536\" height=\"1024\" src=\"https:\/\/florianfrison.com\/wp-content\/uploads\/2026\/04\/MaechaEliotFlorianFrison26-3957-1536x1024.webp\" data-src=\"https:\/\/florianfrison.com\/wp-content\/uploads\/2026\/04\/MaechaEliotFlorianFrison26-3957-1536x1024.webp\" data-caption=\"S\u00e9ance Photo de Grossesse \u00e0 l&#039;arbre magique de Saint-Antonin-sur-Bayon\" srcset=\"https:\/\/florianfrison.com\/wp-content\/uploads\/2026\/04\/MaechaEliotFlorianFrison26-3957.webp 1536w, https:\/\/florianfrison.com\/wp-content\/uploads\/2026\/04\/MaechaEliotFlorianFrison26-3957-1280x853.webp 1280w, https:\/\/florianfrison.com\/wp-content\/uploads\/2026\/04\/MaechaEliotFlorianFrison26-3957-980x653.webp 980w, https:\/\/florianfrison.com\/wp-content\/uploads\/2026\/04\/MaechaEliotFlorianFrison26-3957-480x320.webp 480w\" sizes=\"(min-width: 0px) and (max-width: 480px) 480px, (min-width: 481px) and (max-width: 980px) 980px, (min-width: 981px) and (max-width: 1280px) 1280px, (min-width: 1281px) 1536px, 100vw\" \/>\n\t\t<div class=\"figc\">\n\t\t\t<div class=\"figc-inner\">\n\t\t\t\t\t\t\t\t\t\t\t\t\t<div class=\"jtg-description\">S\u00e9ance Photo de Grossesse \u00e0 l'arbre magique de Saint-Antonin-sur-Bayon<\/div>\n\t\t\t\t\t\t\t\t\t\t\t<\/div>\n\t\t<\/div>\n\n\t<\/div>\n\n<\/div><div class=\"modula-item effect-pufrobo\" >\n\t<div class=\"modula-item-overlay\"><\/div>\n\n\t<div class=\"modula-item-content\">\n\n\t\t<a data-image-id=\"1136\" role=\"button\" tabindex=\"0\" rel=\"jtg-464\" data-caption=\"S\u00e9ance Photo de Grossesse \u00e0 l&#039;arbre magique de Saint-Antonin-sur-Bayon\" aria-label=\"Open image in lightbox\" class=\"tile-inner modula-item-link\"><\/a><img loading=\"lazy\" decoding=\"async\" class=\"pic wp-image-1136\"  data-valign=\"middle\" data-halign=\"center\" alt=\"S\u00e9ance Photo de Grossesse \u00e0 l&#039;arbre magique de Saint-Antonin-sur-Bayon\" data-full=\"https:\/\/florianfrison.com\/wp-content\/uploads\/2026\/04\/MaechaEliotFlorianFrison26-3714.webp\" title=\"Maecha&amp;amp;EliotFlorianFrison26-3714\" crop=\"\" width=\"1536\" height=\"1024\" src=\"https:\/\/florianfrison.com\/wp-content\/uploads\/2026\/04\/MaechaEliotFlorianFrison26-3714-1536x1024.webp\" data-src=\"https:\/\/florianfrison.com\/wp-content\/uploads\/2026\/04\/MaechaEliotFlorianFrison26-3714-1536x1024.webp\" data-caption=\"S\u00e9ance Photo de Grossesse \u00e0 l&#039;arbre magique de Saint-Antonin-sur-Bayon\" srcset=\"https:\/\/florianfrison.com\/wp-content\/uploads\/2026\/04\/MaechaEliotFlorianFrison26-3714.webp 1536w, https:\/\/florianfrison.com\/wp-content\/uploads\/2026\/04\/MaechaEliotFlorianFrison26-3714-1280x853.webp 1280w, https:\/\/florianfrison.com\/wp-content\/uploads\/2026\/04\/MaechaEliotFlorianFrison26-3714-980x653.webp 980w, https:\/\/florianfrison.com\/wp-content\/uploads\/2026\/04\/MaechaEliotFlorianFrison26-3714-480x320.webp 480w\" sizes=\"(min-width: 0px) and (max-width: 480px) 480px, (min-width: 481px) and (max-width: 980px) 980px, (min-width: 981px) and (max-width: 1280px) 1280px, (min-width: 1281px) 1536px, 100vw\" \/>\n\t\t<div class=\"figc\">\n\t\t\t<div class=\"figc-inner\">\n\t\t\t\t\t\t\t\t\t\t\t\t\t<div class=\"jtg-description\">S\u00e9ance Photo de Grossesse \u00e0 l'arbre magique de Saint-Antonin-sur-Bayon<\/div>\n\t\t\t\t\t\t\t\t\t\t\t<\/div>\n\t\t<\/div>\n\n\t<\/div>\n\n<\/div><div class=\"modula-item effect-pufrobo\" >\n\t<div class=\"modula-item-overlay\"><\/div>\n\n\t<div class=\"modula-item-content\">\n\n\t\t<a data-image-id=\"278\" role=\"button\" tabindex=\"0\" rel=\"jtg-464\" data-caption=\"Couple d&#039;amoureux s&#039;enla\u00e7ant tendrement au milieu des ocres du Colorado Proven\u00e7al \u00e0 Rustrel.\" aria-label=\"Open image in lightbox\" class=\"tile-inner modula-item-link\"><\/a><img loading=\"lazy\" decoding=\"async\" class=\"pic wp-image-278\"  data-valign=\"middle\" data-halign=\"center\" alt=\"Couple d&#039;amoureux s&#039;enla\u00e7ant tendrement au milieu des ocres du Colorado Proven\u00e7al \u00e0 Rustrel.\" data-full=\"https:\/\/florianfrison.com\/wp-content\/uploads\/2025\/12\/PortraitFlotographie-8096_lwsoptimized.avif\" title=\"Seance-Couple-Colorado-Provencal-Rustrel-Ocres\" crop=\"\" width=\"1536\" height=\"1022\" src=\"https:\/\/florianfrison.com\/wp-content\/uploads\/2025\/12\/PortraitFlotographie-8096_lwsoptimized.avif\" data-src=\"https:\/\/florianfrison.com\/wp-content\/uploads\/2025\/12\/PortraitFlotographie-8096_lwsoptimized.avif\" data-caption=\"Couple d&#039;amoureux s&#039;enla\u00e7ant tendrement au milieu des ocres du Colorado Proven\u00e7al \u00e0 Rustrel.\"\/>\n\t\t<div class=\"figc\">\n\t\t\t<div class=\"figc-inner\">\n\t\t\t\t\t\t\t\t\t\t\t\t\t<div class=\"jtg-description\">Couple d'amoureux s'enla\u00e7ant tendrement au milieu des ocres du Colorado Proven\u00e7al \u00e0 Rustrel.<\/div>\n\t\t\t\t\t\t\t\t\t\t\t<\/div>\n\t\t<\/div>\n\n\t<\/div>\n\n<\/div><div class=\"modula-item effect-pufrobo\" >\n\t<div class=\"modula-item-overlay\"><\/div>\n\n\t<div class=\"modula-item-content\">\n\n\t\t<a data-image-id=\"477\" role=\"button\" tabindex=\"0\" rel=\"jtg-464\" data-caption=\"S\u00e9ance portrait lifestyle de la cycliste professionnelle Julia Aubry, posant sur un ponton au Lac du Bourget en Savoie.\" aria-label=\"Open image in lightbox\" class=\"tile-inner modula-item-link\"><\/a><img loading=\"lazy\" decoding=\"async\" class=\"pic wp-image-477\"  data-valign=\"middle\" data-halign=\"center\" alt=\"S\u00e9ance portrait lifestyle de la cycliste professionnelle Julia Aubry, posant sur un ponton au Lac du Bourget en Savoie.\" data-full=\"https:\/\/florianfrison.com\/wp-content\/uploads\/2025\/12\/PortraitFlotographie-8560_lwsoptimized.avif\" title=\"Portrait-Mode-Julia-Aubry-Cycliste-Lac-du-Bourget\" crop=\"\" width=\"1022\" height=\"1536\" src=\"https:\/\/florianfrison.com\/wp-content\/uploads\/2025\/12\/PortraitFlotographie-8560_lwsoptimized.avif\" data-src=\"https:\/\/florianfrison.com\/wp-content\/uploads\/2025\/12\/PortraitFlotographie-8560_lwsoptimized.avif\" data-caption=\"S\u00e9ance portrait lifestyle de la cycliste professionnelle Julia Aubry, posant sur un ponton au Lac du Bourget en Savoie.\"\/>\n\t\t<div class=\"figc\">\n\t\t\t<div class=\"figc-inner\">\n\t\t\t\t\t\t\t\t\t\t\t\t\t<div class=\"jtg-description\">S\u00e9ance portrait lifestyle de la cycliste professionnelle Julia Aubry, posant sur un ponton au Lac du Bourget en Savoie.<\/div>\n\t\t\t\t\t\t\t\t\t\t\t<\/div>\n\t\t<\/div>\n\n\t<\/div>\n\n<\/div><div class=\"modula-item effect-pufrobo\" >\n\t<div class=\"modula-item-overlay\"><\/div>\n\n\t<div class=\"modula-item-content\">\n\n\t\t<a data-image-id=\"264\" role=\"button\" tabindex=\"0\" rel=\"jtg-464\" data-caption=\"Portrait naturel et d\u00e9tendu d&#039;une femme en bord de lac, lumi\u00e8re douce.\" aria-label=\"Open image in lightbox\" class=\"tile-inner modula-item-link\"><\/a><img loading=\"lazy\" decoding=\"async\" class=\"pic wp-image-264\"  data-valign=\"middle\" data-halign=\"center\" alt=\"Portrait naturel et d\u00e9tendu d&#039;une femme en bord de lac, lumi\u00e8re douce.\" data-full=\"https:\/\/florianfrison.com\/wp-content\/uploads\/2025\/12\/PortraitFlotographie-7704_lwsoptimized.avif\" title=\"Seance-Portrait-Femme-Lac-Bourget-Lifestyle\" crop=\"\" width=\"1536\" height=\"1022\" src=\"https:\/\/florianfrison.com\/wp-content\/uploads\/2025\/12\/PortraitFlotographie-7704_lwsoptimized.avif\" data-src=\"https:\/\/florianfrison.com\/wp-content\/uploads\/2025\/12\/PortraitFlotographie-7704_lwsoptimized.avif\" data-caption=\"Portrait naturel et d\u00e9tendu d&#039;une femme en bord de lac, lumi\u00e8re douce.\"\/>\n\t\t<div class=\"figc\">\n\t\t\t<div class=\"figc-inner\">\n\t\t\t\t\t\t\t\t\t\t\t\t\t<div class=\"jtg-description\">Portrait naturel et d\u00e9tendu d'une femme en bord de lac, lumi\u00e8re douce.<\/div>\n\t\t\t\t\t\t\t\t\t\t\t<\/div>\n\t\t<\/div>\n\n\t<\/div>\n\n<\/div><div class=\"modula-item effect-pufrobo\" >\n\t<div class=\"modula-item-overlay\"><\/div>\n\n\t<div class=\"modula-item-content\">\n\n\t\t<a data-image-id=\"470\" role=\"button\" tabindex=\"0\" rel=\"jtg-464\" data-caption=\"Couple complice lors d&#039;une s\u00e9ance photo romantique en automne \u00e0 Fontaine de Vaucluse.\" aria-label=\"Open image in lightbox\" class=\"tile-inner modula-item-link\"><\/a><img loading=\"lazy\" decoding=\"async\" class=\"pic wp-image-470\"  data-valign=\"middle\" data-halign=\"center\" alt=\"Couple complice lors d&#039;une s\u00e9ance photo romantique en automne \u00e0 Fontaine de Vaucluse.\" data-full=\"https:\/\/florianfrison.com\/wp-content\/uploads\/2025\/12\/PortraitFlotographie-6408_lwsoptimized.avif\" title=\"Seance-Photo-Couple-Romantique-Fontaine-de-Vaucluse-Provence\" crop=\"\" width=\"1536\" height=\"1022\" src=\"https:\/\/florianfrison.com\/wp-content\/uploads\/2025\/12\/PortraitFlotographie-6408_lwsoptimized.avif\" data-src=\"https:\/\/florianfrison.com\/wp-content\/uploads\/2025\/12\/PortraitFlotographie-6408_lwsoptimized.avif\" data-caption=\"Couple complice lors d&#039;une s\u00e9ance photo romantique en automne \u00e0 Fontaine de Vaucluse.\"\/>\n\t\t<div class=\"figc\">\n\t\t\t<div class=\"figc-inner\">\n\t\t\t\t\t\t\t\t\t\t\t\t\t<div class=\"jtg-description\">Couple complice lors d'une s\u00e9ance photo romantique en automne \u00e0 Fontaine de Vaucluse.<\/div>\n\t\t\t\t\t\t\t\t\t\t\t<\/div>\n\t\t<\/div>\n\n\t<\/div>\n\n<\/div><div class=\"modula-item effect-pufrobo\" >\n\t<div class=\"modula-item-overlay\"><\/div>\n\n\t<div class=\"modula-item-content\">\n\n\t\t<a data-image-id=\"481\" role=\"button\" tabindex=\"0\" rel=\"jtg-464\" data-caption=\"Portrait lifestyle naturel d&#039;une jeune femme assise sur les rochers du plateau de Vern\u00e8gues, pr\u00e8s de Salon-de-Provence.\" aria-label=\"Open image in lightbox\" class=\"tile-inner modula-item-link\"><\/a><img loading=\"lazy\" decoding=\"async\" class=\"pic wp-image-481\"  data-valign=\"middle\" data-halign=\"center\" alt=\"Portrait lifestyle naturel d&#039;une jeune femme assise sur les rochers du plateau de Vern\u00e8gues, pr\u00e8s de Salon-de-Provence.\" data-full=\"https:\/\/florianfrison.com\/wp-content\/uploads\/2025\/12\/PortraitFlotographie-5046_lwsoptimized.avif\" title=\"Portrait-Lifestyle-Femme-Plateau-Vernegues-Salon-de-Provence\" crop=\"\" width=\"1022\" height=\"1536\" src=\"https:\/\/florianfrison.com\/wp-content\/uploads\/2025\/12\/PortraitFlotographie-5046_lwsoptimized.avif\" data-src=\"https:\/\/florianfrison.com\/wp-content\/uploads\/2025\/12\/PortraitFlotographie-5046_lwsoptimized.avif\" data-caption=\"Portrait lifestyle naturel d&#039;une jeune femme assise sur les rochers du plateau de Vern\u00e8gues, pr\u00e8s de Salon-de-Provence.\"\/>\n\t\t<div class=\"figc\">\n\t\t\t<div class=\"figc-inner\">\n\t\t\t\t\t\t\t\t\t\t\t\t\t<div class=\"jtg-description\">Portrait lifestyle naturel d'une jeune femme assise sur les rochers du plateau de Vern\u00e8gues, pr\u00e8s de Salon-de-Provence.<\/div>\n\t\t\t\t\t\t\t\t\t\t\t<\/div>\n\t\t<\/div>\n\n\t<\/div>\n\n<\/div><div class=\"modula-item effect-pufrobo\" >\n\t<div class=\"modula-item-overlay\"><\/div>\n\n\t<div class=\"modula-item-content\">\n\n\t\t<a data-image-id=\"501\" role=\"button\" tabindex=\"0\" rel=\"jtg-464\" data-caption=\"Portrait mode \u00e9ditorial d&#039;une mod\u00e8le ukrainienne pour la marque Icone \u00e0 Gen\u00e8ve. Femme blonde, tenue noire et voile, \u00e9clairage studio artistique et retouche naturelle.\" aria-label=\"Open image in lightbox\" class=\"tile-inner modula-item-link\"><\/a><img loading=\"lazy\" decoding=\"async\" class=\"pic wp-image-501\"  data-valign=\"middle\" data-halign=\"center\" alt=\"Portrait mode \u00e9ditorial d&#039;une mod\u00e8le ukrainienne pour la marque Icone \u00e0 Gen\u00e8ve. Femme blonde, tenue noire et voile, \u00e9clairage studio artistique et retouche naturelle.\" data-full=\"https:\/\/florianfrison.com\/wp-content\/uploads\/2025\/12\/PortraitFlotographie-4640_lwsoptimized.avif\" title=\"Portrait-Mode-Femme-Ukrainienne-Studio-Geneve-Icone\" crop=\"\" width=\"1536\" height=\"1024\" src=\"https:\/\/florianfrison.com\/wp-content\/uploads\/2025\/12\/PortraitFlotographie-4640_lwsoptimized.avif\" data-src=\"https:\/\/florianfrison.com\/wp-content\/uploads\/2025\/12\/PortraitFlotographie-4640_lwsoptimized.avif\" data-caption=\"Portrait mode \u00e9ditorial d&#039;une mod\u00e8le ukrainienne pour la marque Icone \u00e0 Gen\u00e8ve. Femme blonde, tenue noire et voile, \u00e9clairage studio artistique et retouche naturelle.\"\/>\n\t\t<div class=\"figc\">\n\t\t\t<div class=\"figc-inner\">\n\t\t\t\t\t\t\t\t\t\t\t\t\t<div class=\"jtg-description\">Portrait mode \u00e9ditorial d'une mod\u00e8le ukrainienne pour la marque Icone \u00e0 Gen\u00e8ve. Femme blonde, tenue noire et voile, \u00e9clairage studio artistique et retouche naturelle.<\/div>\n\t\t\t\t\t\t\t\t\t\t\t<\/div>\n\t\t<\/div>\n\n\t<\/div>\n\n<\/div><div class=\"modula-item effect-pufrobo\" >\n\t<div class=\"modula-item-overlay\"><\/div>\n\n\t<div class=\"modula-item-content\">\n\n\t\t<a data-image-id=\"503\" role=\"button\" tabindex=\"0\" rel=\"jtg-464\" data-caption=\"Portrait mode \u00e9ditorial d&#039;une mod\u00e8le ukrainienne pour la marque Icone \u00e0 Gen\u00e8ve. Femme blonde, tenue noire et voile, \u00e9clairage studio artistique et retouche naturelle.\" aria-label=\"Open image in lightbox\" class=\"tile-inner modula-item-link\"><\/a><img loading=\"lazy\" decoding=\"async\" class=\"pic wp-image-503\"  data-valign=\"middle\" data-halign=\"center\" alt=\"Portrait mode \u00e9ditorial d&#039;une mod\u00e8le ukrainienne pour la marque Icone \u00e0 Gen\u00e8ve. Femme blonde, tenue noire et voile, \u00e9clairage studio artistique et retouche naturelle.\" data-full=\"https:\/\/florianfrison.com\/wp-content\/uploads\/2025\/12\/PortraitFlotographie-4614_lwsoptimized.avif\" title=\"Portrait-Mode-Femme-Ukrainienne-Studio-Geneve-Icone\" crop=\"\" width=\"1536\" height=\"1024\" src=\"https:\/\/florianfrison.com\/wp-content\/uploads\/2025\/12\/PortraitFlotographie-4614_lwsoptimized.avif\" data-src=\"https:\/\/florianfrison.com\/wp-content\/uploads\/2025\/12\/PortraitFlotographie-4614_lwsoptimized.avif\" data-caption=\"Portrait mode \u00e9ditorial d&#039;une mod\u00e8le ukrainienne pour la marque Icone \u00e0 Gen\u00e8ve. Femme blonde, tenue noire et voile, \u00e9clairage studio artistique et retouche naturelle.\"\/>\n\t\t<div class=\"figc\">\n\t\t\t<div class=\"figc-inner\">\n\t\t\t\t\t\t\t\t\t\t\t\t\t<div class=\"jtg-description\">Portrait mode \u00e9ditorial d'une mod\u00e8le ukrainienne pour la marque Icone \u00e0 Gen\u00e8ve. Femme blonde, tenue noire et voile, \u00e9clairage studio artistique et retouche naturelle.<\/div>\n\t\t\t\t\t\t\t\t\t\t\t<\/div>\n\t\t<\/div>\n\n\t<\/div>\n\n<\/div><div class=\"modula-item effect-pufrobo\" >\n\t<div class=\"modula-item-overlay\"><\/div>\n\n\t<div class=\"modula-item-content\">\n\n\t\t<a data-image-id=\"246\" role=\"button\" tabindex=\"0\" rel=\"jtg-464\" data-caption=\"Couple complice lors d&#039;une s\u00e9ance photo romantique en automne \u00e0 Fontaine de Vaucluse.\" aria-label=\"Open image in lightbox\" class=\"tile-inner modula-item-link\"><\/a><img loading=\"lazy\" decoding=\"async\" class=\"pic wp-image-246\"  data-valign=\"middle\" data-halign=\"center\" alt=\"Couple complice lors d&#039;une s\u00e9ance photo romantique en automne \u00e0 Fontaine de Vaucluse.\" data-full=\"https:\/\/florianfrison.com\/wp-content\/uploads\/2025\/12\/PortraitFlotographie-6433_lwsoptimized.avif\" title=\"Seance-Photo-Couple-Romantique-Fontaine-de-Vaucluse-Provence\" crop=\"\" width=\"1536\" height=\"1022\" src=\"https:\/\/florianfrison.com\/wp-content\/uploads\/2025\/12\/PortraitFlotographie-6433_lwsoptimized.avif\" data-src=\"https:\/\/florianfrison.com\/wp-content\/uploads\/2025\/12\/PortraitFlotographie-6433_lwsoptimized.avif\" data-caption=\"Couple complice lors d&#039;une s\u00e9ance photo romantique en automne \u00e0 Fontaine de Vaucluse.\"\/>\n\t\t<div class=\"figc\">\n\t\t\t<div class=\"figc-inner\">\n\t\t\t\t\t\t\t\t\t\t\t\t\t<div class=\"jtg-description\">Couple complice lors d'une s\u00e9ance photo romantique en automne \u00e0 Fontaine de Vaucluse.<\/div>\n\t\t\t\t\t\t\t\t\t\t\t<\/div>\n\t\t<\/div>\n\n\t<\/div>\n\n<\/div><div class=\"modula-item effect-pufrobo\" >\n\t<div class=\"modula-item-overlay\"><\/div>\n\n\t<div class=\"modula-item-content\">\n\n\t\t<a data-image-id=\"482\" role=\"button\" tabindex=\"0\" rel=\"jtg-464\" data-caption=\"Portrait lifestyle naturel d&#039;une jeune femme assise sur les rochers du plateau de Vern\u00e8gues, pr\u00e8s de Salon-de-Provence.\" aria-label=\"Open image in lightbox\" class=\"tile-inner modula-item-link\"><\/a><img loading=\"lazy\" decoding=\"async\" class=\"pic wp-image-482\"  data-valign=\"middle\" data-halign=\"center\" alt=\"Portrait lifestyle naturel d&#039;une jeune femme assise sur les rochers du plateau de Vern\u00e8gues, pr\u00e8s de Salon-de-Provence.\" data-full=\"https:\/\/florianfrison.com\/wp-content\/uploads\/2025\/12\/PortraitFlotographie-4921_lwsoptimized.avif\" title=\"Portrait-Lifestyle-Femme-Plateau-Vernegues-Salon-de-Provence\" crop=\"\" width=\"1022\" height=\"1536\" src=\"https:\/\/florianfrison.com\/wp-content\/uploads\/2025\/12\/PortraitFlotographie-4921_lwsoptimized.avif\" data-src=\"https:\/\/florianfrison.com\/wp-content\/uploads\/2025\/12\/PortraitFlotographie-4921_lwsoptimized.avif\" data-caption=\"Portrait lifestyle naturel d&#039;une jeune femme assise sur les rochers du plateau de Vern\u00e8gues, pr\u00e8s de Salon-de-Provence.\"\/>\n\t\t<div class=\"figc\">\n\t\t\t<div class=\"figc-inner\">\n\t\t\t\t\t\t\t\t\t\t\t\t\t<div class=\"jtg-description\">Portrait lifestyle naturel d'une jeune femme assise sur les rochers du plateau de Vern\u00e8gues, pr\u00e8s de Salon-de-Provence.<\/div>\n\t\t\t\t\t\t\t\t\t\t\t<\/div>\n\t\t<\/div>\n\n\t<\/div>\n\n<\/div><div class=\"modula-item effect-pufrobo\" >\n\t<div class=\"modula-item-overlay\"><\/div>\n\n\t<div class=\"modula-item-content\">\n\n\t\t<a data-image-id=\"498\" role=\"button\" tabindex=\"0\" rel=\"jtg-464\" data-caption=\"Portrait mode \u00e9ditorial d&#039;une mod\u00e8le ukrainienne pour la marque Icone \u00e0 Gen\u00e8ve. Femme blonde, tenue noire et voile, \u00e9clairage studio artistique et retouche naturelle.\" aria-label=\"Open image in lightbox\" class=\"tile-inner modula-item-link\"><\/a><img loading=\"lazy\" decoding=\"async\" class=\"pic wp-image-498\"  data-valign=\"middle\" data-halign=\"center\" alt=\"Portrait mode \u00e9ditorial d&#039;une mod\u00e8le ukrainienne pour la marque Icone \u00e0 Gen\u00e8ve. Femme blonde, tenue noire et voile, \u00e9clairage studio artistique et retouche naturelle.\" data-full=\"https:\/\/florianfrison.com\/wp-content\/uploads\/2025\/12\/PortraitFlotographie-5319_lwsoptimized.webp\" title=\"Portrait-Mode-Femme-Ukrainienne-Studio-Geneve-Icone\" crop=\"\" width=\"1024\" height=\"1536\" src=\"https:\/\/florianfrison.com\/wp-content\/uploads\/2025\/12\/PortraitFlotographie-5319_lwsoptimized-1024x1536.webp\" data-src=\"https:\/\/florianfrison.com\/wp-content\/uploads\/2025\/12\/PortraitFlotographie-5319_lwsoptimized-1024x1536.webp\" data-caption=\"Portrait mode \u00e9ditorial d&#039;une mod\u00e8le ukrainienne pour la marque Icone \u00e0 Gen\u00e8ve. Femme blonde, tenue noire et voile, \u00e9clairage studio artistique et retouche naturelle.\" srcset=\"https:\/\/florianfrison.com\/wp-content\/uploads\/2025\/12\/PortraitFlotographie-5319_lwsoptimized.webp 1333w, https:\/\/florianfrison.com\/wp-content\/uploads\/2025\/12\/PortraitFlotographie-5319_lwsoptimized-200x300.webp 200w, https:\/\/florianfrison.com\/wp-content\/uploads\/2025\/12\/PortraitFlotographie-5319_lwsoptimized-682x1024.webp 682w, https:\/\/florianfrison.com\/wp-content\/uploads\/2025\/12\/PortraitFlotographie-5319_lwsoptimized-768x1152.webp 768w, https:\/\/florianfrison.com\/wp-content\/uploads\/2025\/12\/PortraitFlotographie-5319_lwsoptimized-1024x1536.webp 1024w, https:\/\/florianfrison.com\/wp-content\/uploads\/2025\/12\/PortraitFlotographie-5319_lwsoptimized-8x12.webp 8w, https:\/\/florianfrison.com\/wp-content\/uploads\/2025\/12\/PortraitFlotographie-5319_lwsoptimized-610x915.webp 610w, https:\/\/florianfrison.com\/wp-content\/uploads\/2025\/12\/PortraitFlotographie-5319_lwsoptimized-1080x1620.webp 1080w, https:\/\/florianfrison.com\/wp-content\/uploads\/2025\/12\/PortraitFlotographie-5319_lwsoptimized-1280x1920.webp 1280w, https:\/\/florianfrison.com\/wp-content\/uploads\/2025\/12\/PortraitFlotographie-5319_lwsoptimized-980x1470.webp 980w, https:\/\/florianfrison.com\/wp-content\/uploads\/2025\/12\/PortraitFlotographie-5319_lwsoptimized-480x720.webp 480w\" sizes=\"(max-width: 1024px) 100vw, 1024px\" \/>\n\t\t<div class=\"figc\">\n\t\t\t<div class=\"figc-inner\">\n\t\t\t\t\t\t\t\t\t\t\t\t\t<div class=\"jtg-description\">Portrait mode \u00e9ditorial d'une mod\u00e8le ukrainienne pour la marque Icone \u00e0 Gen\u00e8ve. Femme blonde, tenue noire et voile, \u00e9clairage studio artistique et retouche naturelle.<\/div>\n\t\t\t\t\t\t\t\t\t\t\t<\/div>\n\t\t<\/div>\n\n\t<\/div>\n\n<\/div><div class=\"modula-item effect-pufrobo\" >\n\t<div class=\"modula-item-overlay\"><\/div>\n\n\t<div class=\"modula-item-content\">\n\n\t\t<a data-image-id=\"1128\" role=\"button\" tabindex=\"0\" rel=\"jtg-464\" data-caption=\"S\u00e9ance Photo de Grossesse \u00e0 l&#039;arbre magique de Saint-Antonin-sur-Bayon\" aria-label=\"Open image in lightbox\" class=\"tile-inner modula-item-link\"><\/a><img loading=\"lazy\" decoding=\"async\" class=\"pic wp-image-1128\"  data-valign=\"middle\" data-halign=\"center\" alt=\"S\u00e9ance Photo de Grossesse \u00e0 l&#039;arbre magique de Saint-Antonin-sur-Bayon\" data-full=\"https:\/\/florianfrison.com\/wp-content\/uploads\/2026\/04\/MaechaEliotFlorianFrison26-1713.webp\" title=\"Maecha&amp;amp;EliotFlorianFrison26-1713\" crop=\"\" width=\"1536\" height=\"1024\" src=\"https:\/\/florianfrison.com\/wp-content\/uploads\/2026\/04\/MaechaEliotFlorianFrison26-1713-1536x1024.webp\" data-src=\"https:\/\/florianfrison.com\/wp-content\/uploads\/2026\/04\/MaechaEliotFlorianFrison26-1713-1536x1024.webp\" data-caption=\"S\u00e9ance Photo de Grossesse \u00e0 l&#039;arbre magique de Saint-Antonin-sur-Bayon\" srcset=\"https:\/\/florianfrison.com\/wp-content\/uploads\/2026\/04\/MaechaEliotFlorianFrison26-1713.webp 1536w, https:\/\/florianfrison.com\/wp-content\/uploads\/2026\/04\/MaechaEliotFlorianFrison26-1713-1280x853.webp 1280w, https:\/\/florianfrison.com\/wp-content\/uploads\/2026\/04\/MaechaEliotFlorianFrison26-1713-980x653.webp 980w, https:\/\/florianfrison.com\/wp-content\/uploads\/2026\/04\/MaechaEliotFlorianFrison26-1713-480x320.webp 480w\" sizes=\"(min-width: 0px) and (max-width: 480px) 480px, (min-width: 481px) and (max-width: 980px) 980px, (min-width: 981px) and (max-width: 1280px) 1280px, (min-width: 1281px) 1536px, 100vw\" \/>\n\t\t<div class=\"figc\">\n\t\t\t<div class=\"figc-inner\">\n\t\t\t\t\t\t\t\t\t\t\t\t\t<div class=\"jtg-description\">S\u00e9ance Photo de Grossesse \u00e0 l'arbre magique de Saint-Antonin-sur-Bayon<\/div>\n\t\t\t\t\t\t\t\t\t\t\t<\/div>\n\t\t<\/div>\n\n\t<\/div>\n\n<\/div><div class=\"modula-item effect-pufrobo\" >\n\t<div class=\"modula-item-overlay\"><\/div>\n\n\t<div class=\"modula-item-content\">\n\n\t\t<a data-image-id=\"495\" role=\"button\" tabindex=\"0\" rel=\"jtg-464\" data-caption=\"Danseuse du studio 6th Art (Aix-les-Bains) posant en tutu dans les rues pi\u00e9tonnes de Chamb\u00e9ry.\" aria-label=\"Open image in lightbox\" class=\"tile-inner modula-item-link\"><\/a><img loading=\"lazy\" decoding=\"async\" class=\"pic wp-image-495\"  data-valign=\"middle\" data-halign=\"center\" alt=\"Danseuse du studio 6th Art (Aix-les-Bains) posant en tutu dans les rues pi\u00e9tonnes de Chamb\u00e9ry.\" data-full=\"https:\/\/florianfrison.com\/wp-content\/uploads\/2025\/12\/PortraitFlotographie-3662_lwsoptimized.avif\" title=\"Shooting-Danse-Urbaine-Chambery-6thArt\" crop=\"\" width=\"1536\" height=\"1024\" src=\"https:\/\/florianfrison.com\/wp-content\/uploads\/2025\/12\/PortraitFlotographie-3662_lwsoptimized.avif\" data-src=\"https:\/\/florianfrison.com\/wp-content\/uploads\/2025\/12\/PortraitFlotographie-3662_lwsoptimized.avif\" data-caption=\"Danseuse du studio 6th Art (Aix-les-Bains) posant en tutu dans les rues pi\u00e9tonnes de Chamb\u00e9ry.\"\/>\n\t\t<div class=\"figc\">\n\t\t\t<div class=\"figc-inner\">\n\t\t\t\t\t\t\t\t\t\t\t\t\t<div class=\"jtg-description\">Danseuse du studio 6th Art (Aix-les-Bains) posant en tutu dans les rues pi\u00e9tonnes de Chamb\u00e9ry.<\/div>\n\t\t\t\t\t\t\t\t\t\t\t<\/div>\n\t\t<\/div>\n\n\t<\/div>\n\n<\/div><div class=\"modula-item effect-pufrobo\" >\n\t<div class=\"modula-item-overlay\"><\/div>\n\n\t<div class=\"modula-item-content\">\n\n\t\t<a data-image-id=\"1135\" role=\"button\" tabindex=\"0\" rel=\"jtg-464\" data-caption=\"S\u00e9ance Photo de Grossesse \u00e0 l&#039;arbre magique de Saint-Antonin-sur-Bayon\" aria-label=\"Open image in lightbox\" class=\"tile-inner modula-item-link\"><\/a><img loading=\"lazy\" decoding=\"async\" class=\"pic wp-image-1135\"  data-valign=\"middle\" data-halign=\"center\" alt=\"S\u00e9ance Photo de Grossesse \u00e0 l&#039;arbre magique de Saint-Antonin-sur-Bayon\" data-full=\"https:\/\/florianfrison.com\/wp-content\/uploads\/2026\/04\/MaechaEliotFlorianFrison26-3531.avif\" title=\"Maecha&amp;amp;EliotFlorianFrison26-3531\" crop=\"\" width=\"1536\" height=\"1024\" src=\"https:\/\/florianfrison.com\/wp-content\/uploads\/2026\/04\/MaechaEliotFlorianFrison26-3531.avif\" data-src=\"https:\/\/florianfrison.com\/wp-content\/uploads\/2026\/04\/MaechaEliotFlorianFrison26-3531.avif\" data-caption=\"S\u00e9ance Photo de Grossesse \u00e0 l&#039;arbre magique de Saint-Antonin-sur-Bayon\"\/>\n\t\t<div class=\"figc\">\n\t\t\t<div class=\"figc-inner\">\n\t\t\t\t\t\t\t\t\t\t\t\t\t<div class=\"jtg-description\">S\u00e9ance Photo de Grossesse \u00e0 l'arbre magique de Saint-Antonin-sur-Bayon<\/div>\n\t\t\t\t\t\t\t\t\t\t\t<\/div>\n\t\t<\/div>\n\n\t<\/div>\n\n<\/div><div class=\"modula-item effect-pufrobo\" >\n\t<div class=\"modula-item-overlay\"><\/div>\n\n\t<div class=\"modula-item-content\">\n\n\t\t<a data-image-id=\"1125\" role=\"button\" tabindex=\"0\" rel=\"jtg-464\" data-caption=\"S\u00e9ance Photo de Grossesse \u00e0 l&#039;arbre magique de Saint-Antonin-sur-Bayon\" aria-label=\"Open image in lightbox\" class=\"tile-inner modula-item-link\"><\/a><img loading=\"lazy\" decoding=\"async\" class=\"pic wp-image-1125\"  data-valign=\"middle\" data-halign=\"center\" alt=\"S\u00e9ance Photo de Grossesse \u00e0 l&#039;arbre magique de Saint-Antonin-sur-Bayon\" data-full=\"https:\/\/florianfrison.com\/wp-content\/uploads\/2026\/04\/MaechaEliotFlorianFrison26-1685.avif\" title=\"Maecha&amp;amp;EliotFlorianFrison26-1685\" crop=\"\" width=\"1536\" height=\"1024\" src=\"https:\/\/florianfrison.com\/wp-content\/uploads\/2026\/04\/MaechaEliotFlorianFrison26-1685.avif\" data-src=\"https:\/\/florianfrison.com\/wp-content\/uploads\/2026\/04\/MaechaEliotFlorianFrison26-1685.avif\" data-caption=\"S\u00e9ance Photo de Grossesse \u00e0 l&#039;arbre magique de Saint-Antonin-sur-Bayon\"\/>\n\t\t<div class=\"figc\">\n\t\t\t<div class=\"figc-inner\">\n\t\t\t\t\t\t\t\t\t\t\t\t\t<div class=\"jtg-description\">S\u00e9ance Photo de Grossesse \u00e0 l'arbre magique de Saint-Antonin-sur-Bayon<\/div>\n\t\t\t\t\t\t\t\t\t\t\t<\/div>\n\t\t<\/div>\n\n\t<\/div>\n\n<\/div><div class=\"modula-item effect-pufrobo\" >\n\t<div class=\"modula-item-overlay\"><\/div>\n\n\t<div class=\"modula-item-content\">\n\n\t\t<a data-image-id=\"468\" role=\"button\" tabindex=\"0\" rel=\"jtg-464\" data-caption=\"Portrait lifestyle naturel d&#039;une jeune femme au sommet du plateau de Ceze, pr\u00e8s de Salon-de-Provence.\" aria-label=\"Open image in lightbox\" class=\"tile-inner modula-item-link\"><\/a><img loading=\"lazy\" decoding=\"async\" class=\"pic wp-image-468\"  data-valign=\"middle\" data-halign=\"center\" alt=\"Portrait lifestyle naturel d&#039;une jeune femme au sommet du plateau de Ceze, pr\u00e8s de Salon-de-Provence.\" data-full=\"https:\/\/florianfrison.com\/wp-content\/uploads\/2025\/12\/PortraitFlotographie-7883_lwsoptimized.avif\" title=\"Portrait-Lifestyle-Femme-Plateau-Ceze-Salon-de-Provence\" crop=\"\" width=\"1022\" height=\"1536\" src=\"https:\/\/florianfrison.com\/wp-content\/uploads\/2025\/12\/PortraitFlotographie-7883_lwsoptimized.avif\" data-src=\"https:\/\/florianfrison.com\/wp-content\/uploads\/2025\/12\/PortraitFlotographie-7883_lwsoptimized.avif\" data-caption=\"Portrait lifestyle naturel d&#039;une jeune femme au sommet du plateau de Ceze, pr\u00e8s de Salon-de-Provence.\"\/>\n\t\t<div class=\"figc\">\n\t\t\t<div class=\"figc-inner\">\n\t\t\t\t\t\t\t\t\t\t\t\t\t<div class=\"jtg-description\">Portrait lifestyle naturel d'une jeune femme au sommet du plateau de Ceze, pr\u00e8s de Salon-de-Provence.<\/div>\n\t\t\t\t\t\t\t\t\t\t\t<\/div>\n\t\t<\/div>\n\n\t<\/div>\n\n<\/div><div class=\"modula-item effect-pufrobo\" >\n\t<div class=\"modula-item-overlay\"><\/div>\n\n\t<div class=\"modula-item-content\">\n\n\t\t<a data-image-id=\"1133\" role=\"button\" tabindex=\"0\" rel=\"jtg-464\" data-caption=\"S\u00e9ance Photo de Grossesse \u00e0 l&#039;arbre magique de Saint-Antonin-sur-Bayon\" aria-label=\"Open image in lightbox\" class=\"tile-inner modula-item-link\"><\/a><img loading=\"lazy\" decoding=\"async\" class=\"pic wp-image-1133\"  data-valign=\"middle\" data-halign=\"center\" alt=\"S\u00e9ance Photo de Grossesse \u00e0 l&#039;arbre magique de Saint-Antonin-sur-Bayon\" data-full=\"https:\/\/florianfrison.com\/wp-content\/uploads\/2026\/04\/MaechaEliotFlorianFrison26-1751.avif\" title=\"Maecha&amp;amp;EliotFlorianFrison26-1751\" crop=\"\" width=\"1536\" height=\"1024\" src=\"https:\/\/florianfrison.com\/wp-content\/uploads\/2026\/04\/MaechaEliotFlorianFrison26-1751.avif\" data-src=\"https:\/\/florianfrison.com\/wp-content\/uploads\/2026\/04\/MaechaEliotFlorianFrison26-1751.avif\" data-caption=\"S\u00e9ance Photo de Grossesse \u00e0 l&#039;arbre magique de Saint-Antonin-sur-Bayon\"\/>\n\t\t<div class=\"figc\">\n\t\t\t<div class=\"figc-inner\">\n\t\t\t\t\t\t\t\t\t\t\t\t\t<div class=\"jtg-description\">S\u00e9ance Photo de Grossesse \u00e0 l'arbre magique de Saint-Antonin-sur-Bayon<\/div>\n\t\t\t\t\t\t\t\t\t\t\t<\/div>\n\t\t<\/div>\n\n\t<\/div>\n\n<\/div><div class=\"modula-item effect-pufrobo\" >\n\t<div class=\"modula-item-overlay\"><\/div>\n\n\t<div class=\"modula-item-content\">\n\n\t\t<a data-image-id=\"267\" role=\"button\" tabindex=\"0\" rel=\"jtg-464\" data-caption=\"Danseuse du studio 6th Art (Aix-les-Bains) posant en tutu dans les rues pi\u00e9tonnes de Chamb\u00e9ry.\" aria-label=\"Open image in lightbox\" class=\"tile-inner modula-item-link\"><\/a><img loading=\"lazy\" decoding=\"async\" class=\"pic wp-image-267\"  data-valign=\"middle\" data-halign=\"center\" alt=\"Danseuse du studio 6th Art (Aix-les-Bains) posant en tutu dans les rues pi\u00e9tonnes de Chamb\u00e9ry.\" data-full=\"https:\/\/florianfrison.com\/wp-content\/uploads\/2025\/12\/PortraitFlotographie-3655_lwsoptimized.avif\" title=\"Shooting-Danse-Urbaine-Chambery-6thArt\" crop=\"\" width=\"1536\" height=\"1024\" src=\"https:\/\/florianfrison.com\/wp-content\/uploads\/2025\/12\/PortraitFlotographie-3655_lwsoptimized.avif\" data-src=\"https:\/\/florianfrison.com\/wp-content\/uploads\/2025\/12\/PortraitFlotographie-3655_lwsoptimized.avif\" data-caption=\"Danseuse du studio 6th Art (Aix-les-Bains) posant en tutu dans les rues pi\u00e9tonnes de Chamb\u00e9ry.\"\/>\n\t\t<div class=\"figc\">\n\t\t\t<div class=\"figc-inner\">\n\t\t\t\t\t\t\t\t\t\t\t\t\t<div class=\"jtg-description\">Danseuse du studio 6th Art (Aix-les-Bains) posant en tutu dans les rues pi\u00e9tonnes de Chamb\u00e9ry.<\/div>\n\t\t\t\t\t\t\t\t\t\t\t<\/div>\n\t\t<\/div>\n\n\t<\/div>\n\n<\/div><div class=\"modula-item effect-pufrobo\" >\n\t<div class=\"modula-item-overlay\"><\/div>\n\n\t<div class=\"modula-item-content\">\n\n\t\t<a data-image-id=\"1127\" role=\"button\" tabindex=\"0\" rel=\"jtg-464\" data-caption=\"S\u00e9ance Photo de Grossesse \u00e0 l&#039;arbre magique de Saint-Antonin-sur-Bayon\" aria-label=\"Open image in lightbox\" class=\"tile-inner modula-item-link\"><\/a><img loading=\"lazy\" decoding=\"async\" class=\"pic wp-image-1127\"  data-valign=\"middle\" data-halign=\"center\" alt=\"S\u00e9ance Photo de Grossesse \u00e0 l&#039;arbre magique de Saint-Antonin-sur-Bayon\" data-full=\"https:\/\/florianfrison.com\/wp-content\/uploads\/2026\/04\/MaechaEliotFlorianFrison26-1701.avif\" title=\"Maecha&amp;amp;EliotFlorianFrison26-1701\" crop=\"\" width=\"1536\" height=\"1024\" src=\"https:\/\/florianfrison.com\/wp-content\/uploads\/2026\/04\/MaechaEliotFlorianFrison26-1701.avif\" data-src=\"https:\/\/florianfrison.com\/wp-content\/uploads\/2026\/04\/MaechaEliotFlorianFrison26-1701.avif\" data-caption=\"S\u00e9ance Photo de Grossesse \u00e0 l&#039;arbre magique de Saint-Antonin-sur-Bayon\"\/>\n\t\t<div class=\"figc\">\n\t\t\t<div class=\"figc-inner\">\n\t\t\t\t\t\t\t\t\t\t\t\t\t<div class=\"jtg-description\">S\u00e9ance Photo de Grossesse \u00e0 l'arbre magique de Saint-Antonin-sur-Bayon<\/div>\n\t\t\t\t\t\t\t\t\t\t\t<\/div>\n\t\t<\/div>\n\n\t<\/div>\n\n<\/div><div class=\"modula-item effect-pufrobo\" >\n\t<div class=\"modula-item-overlay\"><\/div>\n\n\t<div class=\"modula-item-content\">\n\n\t\t<a data-image-id=\"1132\" role=\"button\" tabindex=\"0\" rel=\"jtg-464\" data-caption=\"S\u00e9ance Photo de Grossesse \u00e0 l&#039;arbre magique de Saint-Antonin-sur-Bayon\" aria-label=\"Open image in lightbox\" class=\"tile-inner modula-item-link\"><\/a><img loading=\"lazy\" decoding=\"async\" class=\"pic wp-image-1132\"  data-valign=\"middle\" data-halign=\"center\" alt=\"S\u00e9ance Photo de Grossesse \u00e0 l&#039;arbre magique de Saint-Antonin-sur-Bayon\" data-full=\"https:\/\/florianfrison.com\/wp-content\/uploads\/2026\/04\/MaechaEliotFlorianFrison26-1750.avif\" title=\"Maecha&amp;amp;EliotFlorianFrison26-1750\" crop=\"\" width=\"1536\" height=\"1024\" src=\"https:\/\/florianfrison.com\/wp-content\/uploads\/2026\/04\/MaechaEliotFlorianFrison26-1750.avif\" data-src=\"https:\/\/florianfrison.com\/wp-content\/uploads\/2026\/04\/MaechaEliotFlorianFrison26-1750.avif\" data-caption=\"S\u00e9ance Photo de Grossesse \u00e0 l&#039;arbre magique de Saint-Antonin-sur-Bayon\"\/>\n\t\t<div class=\"figc\">\n\t\t\t<div class=\"figc-inner\">\n\t\t\t\t\t\t\t\t\t\t\t\t\t<div class=\"jtg-description\">S\u00e9ance Photo de Grossesse \u00e0 l'arbre magique de Saint-Antonin-sur-Bayon<\/div>\n\t\t\t\t\t\t\t\t\t\t\t<\/div>\n\t\t<\/div>\n\n\t<\/div>\n\n<\/div><div class=\"modula-item effect-pufrobo\" >\n\t<div class=\"modula-item-overlay\"><\/div>\n\n\t<div class=\"modula-item-content\">\n\n\t\t<a data-image-id=\"1130\" role=\"button\" tabindex=\"0\" rel=\"jtg-464\" data-caption=\"S\u00e9ance Photo de Grossesse \u00e0 l&#039;arbre magique de Saint-Antonin-sur-Bayon\" aria-label=\"Open image in lightbox\" class=\"tile-inner modula-item-link\"><\/a><img loading=\"lazy\" decoding=\"async\" class=\"pic wp-image-1130\"  data-valign=\"middle\" data-halign=\"center\" alt=\"S\u00e9ance Photo de Grossesse \u00e0 l&#039;arbre magique de Saint-Antonin-sur-Bayon\" data-full=\"https:\/\/florianfrison.com\/wp-content\/uploads\/2026\/04\/MaechaEliotFlorianFrison26-1744.avif\" title=\"Maecha&amp;amp;EliotFlorianFrison26-1744\" crop=\"\" width=\"1536\" height=\"1024\" src=\"https:\/\/florianfrison.com\/wp-content\/uploads\/2026\/04\/MaechaEliotFlorianFrison26-1744.avif\" data-src=\"https:\/\/florianfrison.com\/wp-content\/uploads\/2026\/04\/MaechaEliotFlorianFrison26-1744.avif\" data-caption=\"S\u00e9ance Photo de Grossesse \u00e0 l&#039;arbre magique de Saint-Antonin-sur-Bayon\"\/>\n\t\t<div class=\"figc\">\n\t\t\t<div class=\"figc-inner\">\n\t\t\t\t\t\t\t\t\t\t\t\t\t<div class=\"jtg-description\">S\u00e9ance Photo de Grossesse \u00e0 l'arbre magique de Saint-Antonin-sur-Bayon<\/div>\n\t\t\t\t\t\t\t\t\t\t\t<\/div>\n\t\t<\/div>\n\n\t<\/div>\n\n<\/div><div class=\"modula-item effect-pufrobo\" >\n\t<div class=\"modula-item-overlay\"><\/div>\n\n\t<div class=\"modula-item-content\">\n\n\t\t<a data-image-id=\"475\" role=\"button\" tabindex=\"0\" rel=\"jtg-464\" data-caption=\"S\u00e9ance portrait lifestyle de la cycliste professionnelle Julia Aubry, posant sur un ponton au Lac du Bourget en Savoie.\" aria-label=\"Open image in lightbox\" class=\"tile-inner modula-item-link\"><\/a><img loading=\"lazy\" decoding=\"async\" class=\"pic wp-image-475\"  data-valign=\"middle\" data-halign=\"center\" alt=\"S\u00e9ance portrait lifestyle de la cycliste professionnelle Julia Aubry, posant sur un ponton au Lac du Bourget en Savoie.\" data-full=\"https:\/\/florianfrison.com\/wp-content\/uploads\/2025\/12\/PortraitFlotographie-8684_lwsoptimized.avif\" title=\"Portrait-Mode-Julia-Aubry-Cycliste-Lac-du-Bourget\" crop=\"\" width=\"1022\" height=\"1536\" src=\"https:\/\/florianfrison.com\/wp-content\/uploads\/2025\/12\/PortraitFlotographie-8684_lwsoptimized.avif\" data-src=\"https:\/\/florianfrison.com\/wp-content\/uploads\/2025\/12\/PortraitFlotographie-8684_lwsoptimized.avif\" data-caption=\"S\u00e9ance portrait lifestyle de la cycliste professionnelle Julia Aubry, posant sur un ponton au Lac du Bourget en Savoie.\"\/>\n\t\t<div class=\"figc\">\n\t\t\t<div class=\"figc-inner\">\n\t\t\t\t\t\t\t\t\t\t\t\t\t<div class=\"jtg-description\">S\u00e9ance portrait lifestyle de la cycliste professionnelle Julia Aubry, posant sur un ponton au Lac du Bourget en Savoie.<\/div>\n\t\t\t\t\t\t\t\t\t\t\t<\/div>\n\t\t<\/div>\n\n\t<\/div>\n\n<\/div><div class=\"modula-item effect-pufrobo\" >\n\t<div class=\"modula-item-overlay\"><\/div>\n\n\t<div class=\"modula-item-content\">\n\n\t\t<a data-image-id=\"493\" role=\"button\" tabindex=\"0\" rel=\"jtg-464\" data-caption=\"Danseuse du studio 6th Art (Aix-les-Bains) posant en tutu dans les rues pi\u00e9tonnes de Chamb\u00e9ry.\" aria-label=\"Open image in lightbox\" class=\"tile-inner modula-item-link\"><\/a><img loading=\"lazy\" decoding=\"async\" class=\"pic wp-image-493\"  data-valign=\"middle\" data-halign=\"center\" alt=\"Danseuse du studio 6th Art (Aix-les-Bains) posant en tutu dans les rues pi\u00e9tonnes de Chamb\u00e9ry.\" data-full=\"https:\/\/florianfrison.com\/wp-content\/uploads\/2025\/12\/PortraitFlotographie-3784_lwsoptimized.avif\" title=\"Shooting-Danse-Urbaine-Chambery-6thArt\" crop=\"\" width=\"1024\" height=\"1536\" src=\"https:\/\/florianfrison.com\/wp-content\/uploads\/2025\/12\/PortraitFlotographie-3784_lwsoptimized.avif\" data-src=\"https:\/\/florianfrison.com\/wp-content\/uploads\/2025\/12\/PortraitFlotographie-3784_lwsoptimized.avif\" data-caption=\"Danseuse du studio 6th Art (Aix-les-Bains) posant en tutu dans les rues pi\u00e9tonnes de Chamb\u00e9ry.\"\/>\n\t\t<div class=\"figc\">\n\t\t\t<div class=\"figc-inner\">\n\t\t\t\t\t\t\t\t\t\t\t\t\t<div class=\"jtg-description\">Danseuse du studio 6th Art (Aix-les-Bains) posant en tutu dans les rues pi\u00e9tonnes de Chamb\u00e9ry.<\/div>\n\t\t\t\t\t\t\t\t\t\t\t<\/div>\n\t\t<\/div>\n\n\t<\/div>\n\n<\/div><div class=\"modula-item effect-pufrobo\" >\n\t<div class=\"modula-item-overlay\"><\/div>\n\n\t<div class=\"modula-item-content\">\n\n\t\t<a data-image-id=\"1126\" role=\"button\" tabindex=\"0\" rel=\"jtg-464\" data-caption=\"S\u00e9ance Photo de Grossesse \u00e0 l&#039;arbre magique de Saint-Antonin-sur-Bayon\" aria-label=\"Open image in lightbox\" class=\"tile-inner modula-item-link\"><\/a><img loading=\"lazy\" decoding=\"async\" class=\"pic wp-image-1126\"  data-valign=\"middle\" data-halign=\"center\" alt=\"S\u00e9ance Photo de Grossesse \u00e0 l&#039;arbre magique de Saint-Antonin-sur-Bayon\" data-full=\"https:\/\/florianfrison.com\/wp-content\/uploads\/2026\/04\/MaechaEliotFlorianFrison26-1693.webp\" title=\"Maecha&amp;amp;EliotFlorianFrison26-1693\" crop=\"\" width=\"1536\" height=\"1024\" src=\"https:\/\/florianfrison.com\/wp-content\/uploads\/2026\/04\/MaechaEliotFlorianFrison26-1693-1536x1024.webp\" data-src=\"https:\/\/florianfrison.com\/wp-content\/uploads\/2026\/04\/MaechaEliotFlorianFrison26-1693-1536x1024.webp\" data-caption=\"S\u00e9ance Photo de Grossesse \u00e0 l&#039;arbre magique de Saint-Antonin-sur-Bayon\" srcset=\"https:\/\/florianfrison.com\/wp-content\/uploads\/2026\/04\/MaechaEliotFlorianFrison26-1693.webp 1536w, https:\/\/florianfrison.com\/wp-content\/uploads\/2026\/04\/MaechaEliotFlorianFrison26-1693-1280x853.webp 1280w, https:\/\/florianfrison.com\/wp-content\/uploads\/2026\/04\/MaechaEliotFlorianFrison26-1693-980x653.webp 980w, https:\/\/florianfrison.com\/wp-content\/uploads\/2026\/04\/MaechaEliotFlorianFrison26-1693-480x320.webp 480w\" sizes=\"(min-width: 0px) and (max-width: 480px) 480px, (min-width: 481px) and (max-width: 980px) 980px, (min-width: 981px) and (max-width: 1280px) 1280px, (min-width: 1281px) 1536px, 100vw\" \/>\n\t\t<div class=\"figc\">\n\t\t\t<div class=\"figc-inner\">\n\t\t\t\t\t\t\t\t\t\t\t\t\t<div class=\"jtg-description\">S\u00e9ance Photo de Grossesse \u00e0 l'arbre magique de Saint-Antonin-sur-Bayon<\/div>\n\t\t\t\t\t\t\t\t\t\t\t<\/div>\n\t\t<\/div>\n\n\t<\/div>\n\n<\/div><div class=\"modula-item effect-pufrobo\" >\n\t<div class=\"modula-item-overlay\"><\/div>\n\n\t<div class=\"modula-item-content\">\n\n\t\t<a data-image-id=\"465\" role=\"button\" tabindex=\"0\" rel=\"jtg-464\" data-caption=\"Portrait naturel et d\u00e9tendu d&#039;une femme en bord de lac, lumi\u00e8re douce.\" aria-label=\"Open image in lightbox\" class=\"tile-inner modula-item-link\"><\/a><img loading=\"lazy\" decoding=\"async\" class=\"pic wp-image-465\"  data-valign=\"middle\" data-halign=\"center\" alt=\"Portrait naturel et d\u00e9tendu d&#039;une femme en bord de lac, lumi\u00e8re douce.\" data-full=\"https:\/\/florianfrison.com\/wp-content\/uploads\/2025\/12\/PortraitFlotographie-7640_lwsoptimized.avif\" title=\"Seance-Portrait-Femme-Lac-Bourget-Lifestyle\" crop=\"\" width=\"1536\" height=\"1022\" src=\"https:\/\/florianfrison.com\/wp-content\/uploads\/2025\/12\/PortraitFlotographie-7640_lwsoptimized.avif\" data-src=\"https:\/\/florianfrison.com\/wp-content\/uploads\/2025\/12\/PortraitFlotographie-7640_lwsoptimized.avif\" data-caption=\"Portrait naturel et d\u00e9tendu d&#039;une femme en bord de lac, lumi\u00e8re douce.\"\/>\n\t\t<div class=\"figc\">\n\t\t\t<div class=\"figc-inner\">\n\t\t\t\t\t\t\t\t\t\t\t\t\t<div class=\"jtg-description\">Portrait naturel et d\u00e9tendu d'une femme en bord de lac, lumi\u00e8re douce.<\/div>\n\t\t\t\t\t\t\t\t\t\t\t<\/div>\n\t\t<\/div>\n\n\t<\/div>\n\n<\/div><div class=\"modula-item effect-pufrobo\" >\n\t<div class=\"modula-item-overlay\"><\/div>\n\n\t<div class=\"modula-item-content\">\n\n\t\t<a data-image-id=\"1142\" role=\"button\" tabindex=\"0\" rel=\"jtg-464\" data-caption=\"S\u00e9ance Photo de Grossesse \u00e0 l&#039;arbre magique de Saint-Antonin-sur-Bayon\" aria-label=\"Open image in lightbox\" class=\"tile-inner modula-item-link\"><\/a><img loading=\"lazy\" decoding=\"async\" class=\"pic wp-image-1142\"  data-valign=\"middle\" data-halign=\"center\" alt=\"S\u00e9ance Photo de Grossesse \u00e0 l&#039;arbre magique de Saint-Antonin-sur-Bayon\" data-full=\"https:\/\/florianfrison.com\/wp-content\/uploads\/2026\/04\/MaechaEliotFlorianFrison26-4123.avif\" title=\"Maecha&amp;amp;EliotFlorianFrison26-4123\" crop=\"\" width=\"1536\" height=\"1024\" src=\"https:\/\/florianfrison.com\/wp-content\/uploads\/2026\/04\/MaechaEliotFlorianFrison26-4123.avif\" data-src=\"https:\/\/florianfrison.com\/wp-content\/uploads\/2026\/04\/MaechaEliotFlorianFrison26-4123.avif\" data-caption=\"S\u00e9ance Photo de Grossesse \u00e0 l&#039;arbre magique de Saint-Antonin-sur-Bayon\"\/>\n\t\t<div class=\"figc\">\n\t\t\t<div class=\"figc-inner\">\n\t\t\t\t\t\t\t\t\t\t\t\t\t<div class=\"jtg-description\">S\u00e9ance Photo de Grossesse \u00e0 l'arbre magique de Saint-Antonin-sur-Bayon<\/div>\n\t\t\t\t\t\t\t\t\t\t\t<\/div>\n\t\t<\/div>\n\n\t<\/div>\n\n<\/div><div class=\"modula-item effect-pufrobo\" >\n\t<div class=\"modula-item-overlay\"><\/div>\n\n\t<div class=\"modula-item-content\">\n\n\t\t<a data-image-id=\"467\" role=\"button\" tabindex=\"0\" rel=\"jtg-464\" data-caption=\"Portrait lifestyle naturel d&#039;une jeune femme au sommet du plateau de Ceze, pr\u00e8s de Salon-de-Provence.\" aria-label=\"Open image in lightbox\" class=\"tile-inner modula-item-link\"><\/a><img loading=\"lazy\" decoding=\"async\" class=\"pic wp-image-467\"  data-valign=\"middle\" data-halign=\"center\" alt=\"Portrait lifestyle naturel d&#039;une jeune femme au sommet du plateau de Ceze, pr\u00e8s de Salon-de-Provence.\" data-full=\"https:\/\/florianfrison.com\/wp-content\/uploads\/2025\/12\/PortraitFlotographie-8047_lwsoptimized.avif\" title=\"Portrait-Lifestyle-Femme-Plateau-Ceze-Salon-de-Provence\" crop=\"\" width=\"1536\" height=\"1022\" src=\"https:\/\/florianfrison.com\/wp-content\/uploads\/2025\/12\/PortraitFlotographie-8047_lwsoptimized.avif\" data-src=\"https:\/\/florianfrison.com\/wp-content\/uploads\/2025\/12\/PortraitFlotographie-8047_lwsoptimized.avif\" data-caption=\"Portrait lifestyle naturel d&#039;une jeune femme au sommet du plateau de Ceze, pr\u00e8s de Salon-de-Provence.\"\/>\n\t\t<div class=\"figc\">\n\t\t\t<div class=\"figc-inner\">\n\t\t\t\t\t\t\t\t\t\t\t\t\t<div class=\"jtg-description\">Portrait lifestyle naturel d'une jeune femme au sommet du plateau de Ceze, pr\u00e8s de Salon-de-Provence.<\/div>\n\t\t\t\t\t\t\t\t\t\t\t<\/div>\n\t\t<\/div>\n\n\t<\/div>\n\n<\/div><div class=\"modula-item effect-pufrobo\" >\n\t<div class=\"modula-item-overlay\"><\/div>\n\n\t<div class=\"modula-item-content\">\n\n\t\t<a data-image-id=\"500\" role=\"button\" tabindex=\"0\" rel=\"jtg-464\" data-caption=\"Portrait mode \u00e9ditorial d&#039;une mod\u00e8le ukrainienne pour la marque Icone \u00e0 Gen\u00e8ve. Femme blonde, tenue noire et voile, \u00e9clairage studio artistique et retouche naturelle.\" aria-label=\"Open image in lightbox\" class=\"tile-inner modula-item-link\"><\/a><img loading=\"lazy\" decoding=\"async\" class=\"pic wp-image-500\"  data-valign=\"middle\" data-halign=\"center\" alt=\"Portrait mode \u00e9ditorial d&#039;une mod\u00e8le ukrainienne pour la marque Icone \u00e0 Gen\u00e8ve. Femme blonde, tenue noire et voile, \u00e9clairage studio artistique et retouche naturelle.\" data-full=\"https:\/\/florianfrison.com\/wp-content\/uploads\/2025\/12\/PortraitFlotographie-4741_lwsoptimized.avif\" title=\"Portrait-Mode-Femme-Ukrainienne-Studio-Geneve-Icone\" crop=\"\" width=\"1024\" height=\"1536\" src=\"https:\/\/florianfrison.com\/wp-content\/uploads\/2025\/12\/PortraitFlotographie-4741_lwsoptimized.avif\" data-src=\"https:\/\/florianfrison.com\/wp-content\/uploads\/2025\/12\/PortraitFlotographie-4741_lwsoptimized.avif\" data-caption=\"Portrait mode \u00e9ditorial d&#039;une mod\u00e8le ukrainienne pour la marque Icone \u00e0 Gen\u00e8ve. Femme blonde, tenue noire et voile, \u00e9clairage studio artistique et retouche naturelle.\"\/>\n\t\t<div class=\"figc\">\n\t\t\t<div class=\"figc-inner\">\n\t\t\t\t\t\t\t\t\t\t\t\t\t<div class=\"jtg-description\">Portrait mode \u00e9ditorial d'une mod\u00e8le ukrainienne pour la marque Icone \u00e0 Gen\u00e8ve. Femme blonde, tenue noire et voile, \u00e9clairage studio artistique et retouche naturelle.<\/div>\n\t\t\t\t\t\t\t\t\t\t\t<\/div>\n\t\t<\/div>\n\n\t<\/div>\n\n<\/div><div class=\"modula-item effect-pufrobo\" >\n\t<div class=\"modula-item-overlay\"><\/div>\n\n\t<div class=\"modula-item-content\">\n\n\t\t<a data-image-id=\"474\" role=\"button\" tabindex=\"0\" rel=\"jtg-464\" data-caption=\"Portrait lors d&#039;une s\u00e9ance photo lumi\u00e8re naturelle \u00e0 Aix-les-Bains, pr\u00e8s du lac du Bourget.\" aria-label=\"Open image in lightbox\" class=\"tile-inner modula-item-link\"><\/a><img loading=\"lazy\" decoding=\"async\" class=\"pic wp-image-474\"  data-valign=\"middle\" data-halign=\"center\" alt=\"Portrait lors d&#039;une s\u00e9ance photo lumi\u00e8re naturelle \u00e0 Aix-les-Bains, pr\u00e8s du lac du Bourget.\" data-full=\"https:\/\/florianfrison.com\/wp-content\/uploads\/2025\/12\/PortraitFlotographie-5454_lwsoptimized.avif\" title=\"Portrait-Femme-Sourire-Naturel-Aix-les-Bains\" crop=\"\" width=\"1536\" height=\"1022\" src=\"https:\/\/florianfrison.com\/wp-content\/uploads\/2025\/12\/PortraitFlotographie-5454_lwsoptimized.avif\" data-src=\"https:\/\/florianfrison.com\/wp-content\/uploads\/2025\/12\/PortraitFlotographie-5454_lwsoptimized.avif\" data-caption=\"Portrait lors d&#039;une s\u00e9ance photo lumi\u00e8re naturelle \u00e0 Aix-les-Bains, pr\u00e8s du lac du Bourget.\"\/>\n\t\t<div class=\"figc\">\n\t\t\t<div class=\"figc-inner\">\n\t\t\t\t\t\t\t\t\t\t\t\t\t<div class=\"jtg-description\">Portrait lors d'une s\u00e9ance photo lumi\u00e8re naturelle \u00e0 Aix-les-Bains, pr\u00e8s du lac du Bourget.<\/div>\n\t\t\t\t\t\t\t\t\t\t\t<\/div>\n\t\t<\/div>\n\n\t<\/div>\n\n<\/div><div class=\"modula-item effect-pufrobo\" >\n\t<div class=\"modula-item-overlay\"><\/div>\n\n\t<div class=\"modula-item-content\">\n\n\t\t<a data-image-id=\"1138\" role=\"button\" tabindex=\"0\" rel=\"jtg-464\" data-caption=\"S\u00e9ance Photo de Grossesse \u00e0 l&#039;arbre magique de Saint-Antonin-sur-Bayon\" aria-label=\"Open image in lightbox\" class=\"tile-inner modula-item-link\"><\/a><img loading=\"lazy\" decoding=\"async\" class=\"pic wp-image-1138\"  data-valign=\"middle\" data-halign=\"center\" alt=\"S\u00e9ance Photo de Grossesse \u00e0 l&#039;arbre magique de Saint-Antonin-sur-Bayon\" data-full=\"https:\/\/florianfrison.com\/wp-content\/uploads\/2026\/04\/MaechaEliotFlorianFrison26-3855.avif\" title=\"Maecha&amp;amp;EliotFlorianFrison26-3855\" crop=\"\" width=\"1536\" height=\"1024\" src=\"https:\/\/florianfrison.com\/wp-content\/uploads\/2026\/04\/MaechaEliotFlorianFrison26-3855.avif\" data-src=\"https:\/\/florianfrison.com\/wp-content\/uploads\/2026\/04\/MaechaEliotFlorianFrison26-3855.avif\" data-caption=\"S\u00e9ance Photo de Grossesse \u00e0 l&#039;arbre magique de Saint-Antonin-sur-Bayon\"\/>\n\t\t<div class=\"figc\">\n\t\t\t<div class=\"figc-inner\">\n\t\t\t\t\t\t\t\t\t\t\t\t\t<div class=\"jtg-description\">S\u00e9ance Photo de Grossesse \u00e0 l'arbre magique de Saint-Antonin-sur-Bayon<\/div>\n\t\t\t\t\t\t\t\t\t\t\t<\/div>\n\t\t<\/div>\n\n\t<\/div>\n\n<\/div><div class=\"modula-item effect-pufrobo\" >\n\t<div class=\"modula-item-overlay\"><\/div>\n\n\t<div class=\"modula-item-content\">\n\n\t\t<a data-image-id=\"469\" role=\"button\" tabindex=\"0\" rel=\"jtg-464\" data-caption=\"Portrait lifestyle naturel d&#039;une jeune femme au sommet du plateau de Vern\u00e8gues, pr\u00e8s de Salon-de-Provence.\" aria-label=\"Open image in lightbox\" class=\"tile-inner modula-item-link\"><\/a><img loading=\"lazy\" decoding=\"async\" class=\"pic wp-image-469\"  data-valign=\"middle\" data-halign=\"center\" alt=\"Portrait lifestyle naturel d&#039;une jeune femme au sommet du plateau de Vern\u00e8gues, pr\u00e8s de Salon-de-Provence.\" data-full=\"https:\/\/florianfrison.com\/wp-content\/uploads\/2025\/12\/PortraitFlotographie-7502_lwsoptimized.avif\" title=\"Portrait-Lifestyle-Femme-Plateau-Vernegues-Salon-de-Provence\" crop=\"\" width=\"1022\" height=\"1536\" src=\"https:\/\/florianfrison.com\/wp-content\/uploads\/2025\/12\/PortraitFlotographie-7502_lwsoptimized.avif\" data-src=\"https:\/\/florianfrison.com\/wp-content\/uploads\/2025\/12\/PortraitFlotographie-7502_lwsoptimized.avif\" data-caption=\"Portrait lifestyle naturel d&#039;une jeune femme au sommet du plateau de Vern\u00e8gues, pr\u00e8s de Salon-de-Provence.\"\/>\n\t\t<div class=\"figc\">\n\t\t\t<div class=\"figc-inner\">\n\t\t\t\t\t\t\t\t\t\t\t\t\t<div class=\"jtg-description\">Portrait lifestyle naturel d'une jeune femme au sommet du plateau de Vern\u00e8gues, pr\u00e8s de Salon-de-Provence.<\/div>\n\t\t\t\t\t\t\t\t\t\t\t<\/div>\n\t\t<\/div>\n\n\t<\/div>\n\n<\/div><div class=\"modula-item effect-pufrobo\" >\n\t<div class=\"modula-item-overlay\"><\/div>\n\n\t<div class=\"modula-item-content\">\n\n\t\t<a data-image-id=\"279\" role=\"button\" tabindex=\"0\" rel=\"jtg-464\" data-caption=\"S\u00e9ance portrait lifestyle de la cycliste professionnelle Julia Aubry, posant sur un ponton au Lac du Bourget en Savoie.\" aria-label=\"Open image in lightbox\" class=\"tile-inner modula-item-link\"><\/a><img loading=\"lazy\" decoding=\"async\" class=\"pic wp-image-279\"  data-valign=\"middle\" data-halign=\"center\" alt=\"S\u00e9ance portrait lifestyle de la cycliste professionnelle Julia Aubry, posant sur un ponton au Lac du Bourget en Savoie.\" data-full=\"https:\/\/florianfrison.com\/wp-content\/uploads\/2025\/12\/PortraitFlotographie-8568_lwsoptimized.avif\" title=\"Portrait-Mode-Julia-Aubry-Cycliste-Lac-du-Bourget\" crop=\"\" width=\"1536\" height=\"1022\" src=\"https:\/\/florianfrison.com\/wp-content\/uploads\/2025\/12\/PortraitFlotographie-8568_lwsoptimized.avif\" data-src=\"https:\/\/florianfrison.com\/wp-content\/uploads\/2025\/12\/PortraitFlotographie-8568_lwsoptimized.avif\" data-caption=\"S\u00e9ance portrait lifestyle de la cycliste professionnelle Julia Aubry, posant sur un ponton au Lac du Bourget en Savoie.\"\/>\n\t\t<div class=\"figc\">\n\t\t\t<div class=\"figc-inner\">\n\t\t\t\t\t\t\t\t\t\t\t\t\t<div class=\"jtg-description\">S\u00e9ance portrait lifestyle de la cycliste professionnelle Julia Aubry, posant sur un ponton au Lac du Bourget en Savoie.<\/div>\n\t\t\t\t\t\t\t\t\t\t\t<\/div>\n\t\t<\/div>\n\n\t<\/div>\n\n<\/div><div class=\"modula-item effect-pufrobo\" >\n\t<div class=\"modula-item-overlay\"><\/div>\n\n\t<div class=\"modula-item-content\">\n\n\t\t<a data-image-id=\"478\" role=\"button\" tabindex=\"0\" rel=\"jtg-464\" data-caption=\"Portrait femme souriante dans un champ de colza sur les hauteurs de Chamb\u00e9ry en Savoie.\" aria-label=\"Open image in lightbox\" class=\"tile-inner modula-item-link\"><\/a><img loading=\"lazy\" decoding=\"async\" class=\"pic wp-image-478\"  data-valign=\"middle\" data-halign=\"center\" alt=\"Portrait femme souriante dans un champ de colza sur les hauteurs de Chamb\u00e9ry en Savoie.\" data-full=\"https:\/\/florianfrison.com\/wp-content\/uploads\/2025\/12\/PortraitFlotographie-8402_lwsoptimized.avif\" title=\"S\u00e9ance Portrait Femme Chamb\u00e9ry &amp;#8211; Champs Colza\" crop=\"\" width=\"1022\" height=\"1536\" src=\"https:\/\/florianfrison.com\/wp-content\/uploads\/2025\/12\/PortraitFlotographie-8402_lwsoptimized.avif\" data-src=\"https:\/\/florianfrison.com\/wp-content\/uploads\/2025\/12\/PortraitFlotographie-8402_lwsoptimized.avif\" data-caption=\"Portrait femme souriante dans un champ de colza sur les hauteurs de Chamb\u00e9ry en Savoie.\"\/>\n\t\t<div class=\"figc\">\n\t\t\t<div class=\"figc-inner\">\n\t\t\t\t\t\t\t\t\t\t\t\t\t<div class=\"jtg-description\">Portrait femme souriante dans un champ de colza sur les hauteurs de Chamb\u00e9ry en Savoie.<\/div>\n\t\t\t\t\t\t\t\t\t\t\t<\/div>\n\t\t<\/div>\n\n\t<\/div>\n\n<\/div><div class=\"modula-item effect-pufrobo\" >\n\t<div class=\"modula-item-overlay\"><\/div>\n\n\t<div class=\"modula-item-content\">\n\n\t\t<a data-image-id=\"1140\" role=\"button\" tabindex=\"0\" rel=\"jtg-464\" data-caption=\"S\u00e9ance Photo de Grossesse \u00e0 l&#039;arbre magique de Saint-Antonin-sur-Bayon\" aria-label=\"Open image in lightbox\" class=\"tile-inner modula-item-link\"><\/a><img loading=\"lazy\" decoding=\"async\" class=\"pic wp-image-1140\"  data-valign=\"middle\" data-halign=\"center\" alt=\"S\u00e9ance Photo de Grossesse \u00e0 l&#039;arbre magique de Saint-Antonin-sur-Bayon\" data-full=\"https:\/\/florianfrison.com\/wp-content\/uploads\/2026\/04\/MaechaEliotFlorianFrison26-4048.avif\" title=\"Maecha&amp;amp;EliotFlorianFrison26-4048\" crop=\"\" width=\"1536\" height=\"1024\" src=\"https:\/\/florianfrison.com\/wp-content\/uploads\/2026\/04\/MaechaEliotFlorianFrison26-4048.avif\" data-src=\"https:\/\/florianfrison.com\/wp-content\/uploads\/2026\/04\/MaechaEliotFlorianFrison26-4048.avif\" data-caption=\"S\u00e9ance Photo de Grossesse \u00e0 l&#039;arbre magique de Saint-Antonin-sur-Bayon\"\/>\n\t\t<div class=\"figc\">\n\t\t\t<div class=\"figc-inner\">\n\t\t\t\t\t\t\t\t\t\t\t\t\t<div class=\"jtg-description\">S\u00e9ance Photo de Grossesse \u00e0 l'arbre magique de Saint-Antonin-sur-Bayon<\/div>\n\t\t\t\t\t\t\t\t\t\t\t<\/div>\n\t\t<\/div>\n\n\t<\/div>\n\n<\/div><div class=\"modula-item effect-pufrobo\" >\n\t<div class=\"modula-item-overlay\"><\/div>\n\n\t<div class=\"modula-item-content\">\n\n\t\t<a data-image-id=\"268\" role=\"button\" tabindex=\"0\" rel=\"jtg-464\" data-caption=\"Portrait mode \u00e9ditorial d&#039;une mod\u00e8le ukrainienne pour la marque Icone \u00e0 Gen\u00e8ve. Femme blonde, tenue noire et voile, \u00e9clairage studio artistique et retouche naturelle.\" aria-label=\"Open image in lightbox\" class=\"tile-inner modula-item-link\"><\/a><img loading=\"lazy\" decoding=\"async\" class=\"pic wp-image-268\"  data-valign=\"middle\" data-halign=\"center\" alt=\"Portrait mode \u00e9ditorial d&#039;une mod\u00e8le ukrainienne pour la marque Icone \u00e0 Gen\u00e8ve. Femme blonde, tenue noire et voile, \u00e9clairage studio artistique et retouche naturelle.\" data-full=\"https:\/\/florianfrison.com\/wp-content\/uploads\/2025\/12\/PortraitFlotographie-5023_lwsoptimized.avif\" title=\"Portrait-Mode-Femme-Ukrainienne-Studio-Geneve-Icone\" crop=\"\" width=\"1024\" height=\"1536\" src=\"https:\/\/florianfrison.com\/wp-content\/uploads\/2025\/12\/PortraitFlotographie-5023_lwsoptimized.avif\" data-src=\"https:\/\/florianfrison.com\/wp-content\/uploads\/2025\/12\/PortraitFlotographie-5023_lwsoptimized.avif\" data-caption=\"Portrait mode \u00e9ditorial d&#039;une mod\u00e8le ukrainienne pour la marque Icone \u00e0 Gen\u00e8ve. Femme blonde, tenue noire et voile, \u00e9clairage studio artistique et retouche naturelle.\"\/>\n\t\t<div class=\"figc\">\n\t\t\t<div class=\"figc-inner\">\n\t\t\t\t\t\t\t\t\t\t\t\t\t<div class=\"jtg-description\">Portrait mode \u00e9ditorial d'une mod\u00e8le ukrainienne pour la marque Icone \u00e0 Gen\u00e8ve. Femme blonde, tenue noire et voile, \u00e9clairage studio artistique et retouche naturelle.<\/div>\n\t\t\t\t\t\t\t\t\t\t\t<\/div>\n\t\t<\/div>\n\n\t<\/div>\n\n<\/div>\t\t\n\t<\/div>\n\n\t\n\t\n\t<script type=\"application\/ld+json\">\n\t{\n\t\t\"@context\": \"http:\/\/schema.org\",\n\t\t\"@type\"   : \"ImageGallery\",\n\t\t\"id\"      : \"https:\/\/florianfrison.com\/en\/portfolio\/\",\n\t\t\"url\"     : \"https:\/\/florianfrison.com\/en\/portfolio\/\"\n\t}\n\n\t<\/script>\n\n\t\n<\/div>\n[\/et_pb_code][\/et_pb_column][\/et_pb_row][\/et_pb_section][et_pb_section fb_built=\u00a0\u00bb1&Prime; _builder_version=\u00a0\u00bb4.27.4&Prime; _module_preset=\u00a0\u00bbdefault\u00a0\u00bb background_color=\u00a0\u00bb#1f4278&Prime; custom_margin=\u00a0\u00bb||80px||false|false\u00a0\u00bb locked=\u00a0\u00bboff\u00a0\u00bb global_colors_info=\u00a0\u00bb{}\u00a0\u00bb][et_pb_row _builder_version=\u00a0\u00bb4.27.4&Prime; _module_preset=\u00a0\u00bbdefault\u00a0\u00bb global_colors_info=\u00a0\u00bb{}\u00a0\u00bb][et_pb_column type=\u00a0\u00bb4_4&Prime; _builder_version=\u00a0\u00bb4.27.4&Prime; _module_preset=\u00a0\u00bbdefault\u00a0\u00bb global_colors_info=\u00a0\u00bb{}\u00a0\u00bb][et_pb_text _builder_version=\u00a0\u00bb4.27.4&Prime; _module_preset=\u00a0\u00bbdefault\u00a0\u00bb text_text_color=\u00a0\u00bb#FFFFFF\u00a0\u00bb header_2_text_color=\u00a0\u00bb#FFFFFF\u00a0\u00bb hover_enabled=\u00a0\u00bb0&Prime; global_colors_info=\u00a0\u00bb{}\u00a0\u00bb sticky_enabled=\u00a0\u00bb0&Prime;]<\/p>\n<h2 style=\"text-align: center;\">VOS SOUVENIRS COMMENCENT ICI.<\/h2>\n<p style=\"text-align: center;\">Si mon style r\u00e9sonne avec votre vision, n&rsquo;attendez plus.<\/p>\n<p>[\/et_pb_text][et_pb_button button_url=\u00a0\u00bb@ET-DC@eyJkeW5hbWljIjp0cnVlLCJjb250ZW50IjoicG9zdF9saW5rX3VybF9wYWdlIiwic2V0dGluZ3MiOnsicG9zdF9pZCI6IjM1In19@\u00a0\u00bb button_text=\u00a0\u00bbR\u00c9SERVER MA S\u00c9ANCE\u00a0\u00bb button_alignment=\u00a0\u00bbcenter\u00a0\u00bb _builder_version=\u00a0\u00bb4.27.4&Prime; _dynamic_attributes=\u00a0\u00bbbutton_url\u00a0\u00bb _module_preset=\u00a0\u00bbdefault\u00a0\u00bb custom_button=\u00a0\u00bbon\u00a0\u00bb button_text_color=\u00a0\u00bb#1f4278&Prime; button_bg_color=\u00a0\u00bb#ffffff\u00a0\u00bb button_border_width=\u00a0\u00bb0px\u00a0\u00bb button_font=\u00a0\u00bbMontserrat|700|||||||\u00a0\u00bb background_layout=\u00a0\u00bbdark\u00a0\u00bb global_colors_info=\u00a0\u00bb{}\u00a0\u00bb][\/et_pb_button][\/et_pb_column][\/et_pb_row][\/et_pb_section]<\/p>\n","protected":false},"excerpt":{"rendered":"<p>GALERIES\u00a0 Une plong\u00e9e dans mon univers : vif, contrast\u00e9 et intemporel.VOIR LES MARIAGES | VOIR LES PORTRAITSREPORTAGE MARIAGE<div  id=\"jtg-355\" class=\"modula modula-gallery modula-columns\" data-config=\"{&quot;tabletHeight&quot;:800,&quot;mobileHeight&quot;:800,&quot;desktopHeight&quot;:800,&quot;enableTwitter&quot;:false,&quot;enableWhatsapp&quot;:false,&quot;enableFacebook&quot;:false,&quot;enablePinterest&quot;:false,&quot;enableLinkedin&quot;:false,&quot;enableEmail&quot;:false,&quot;randomFactor&quot;:0.5,&quot;type&quot;:&quot;grid&quot;,&quot;columns&quot;:12,&quot;gutter&quot;:0,&quot;mobileGutter&quot;:0,&quot;tabletGutter&quot;:0,&quot;desktopGutter&quot;:0,&quot;enableResponsive&quot;:true,&quot;tabletColumns&quot;:2,&quot;mobileColumns&quot;:1,&quot;lazyLoad&quot;:0,&quot;lightboxOpts&quot;:{&quot;animated&quot;:true,&quot;Thumbs&quot;:{&quot;type&quot;:&quot;modern&quot;,&quot;showOnStart&quot;:false},&quot;Toolbar&quot;:{&quot;display&quot;:{&quot;right&quot;:[&quot;close&quot;]},&quot;enabled&quot;:true},&quot;Carousel&quot;:{&quot;Panzoom&quot;:{&quot;touch&quot;:true},&quot;infinite&quot;:false},&quot;keyboard&quot;:{&quot;Escape&quot;:&quot;close&quot;,&quot;Delete&quot;:&quot;close&quot;,&quot;Backspace&quot;:&quot;close&quot;,&quot;PageUp&quot;:false,&quot;PageDown&quot;:false,&quot;ArrowUp&quot;:false,&quot;ArrowDown&quot;:false,&quot;ArrowRight&quot;:false,&quot;ArrowLeft&quot;:false},&quot;touch&quot;:false,&quot;backdropClick&quot;:false,&quot;l10n&quot;:{&quot;CLOSE&quot;:&quot;Close&quot;,&quot;NEXT&quot;:&quot;Next&quot;,&quot;PREV&quot;:&quot;Previous&quot;,&quot;Error&quot;:&quot;The requested content cannot be loaded. Please try again later.&quot;,&quot;PLAY_START&quot;:&quot;Start slideshow&quot;,&quot;PLAY_STOP&quot;:&quot;Pause slideshow&quot;,&quot;FULL_SCREEN&quot;:&quot;Full screen&quot;,&quot;THUMBS&quot;:&quot;Thumbnails&quot;,&quot;DOWNLOAD&quot;:&quot;Download&quot;,&quot;SHARE&quot;:&quot;Share&quot;,&quot;ZOOM&quot;:&quot;Zoom&quot;,&quot;EMAIL&quot;:&quot;Here is the link to the image : %%image_link%% and this is the link to the gallery : %%gallery_link%%&quot;,&quot;MODAL&quot;:&quot;You can close this modal content with the ESC key&quot;,&quot;ERROR&quot;:&quot;Something Went Wrong, Please Try Again Later&quot;,&quot;IMAGE_ERROR&quot;:&quot;Image Not Found&quot;,&quot;ELEMENT_NOT_FOUND&quot;:&quot;HTML Element Not Found&quot;,&quot;AJAX_NOT_FOUND&quot;:&quot;Error Loading AJAX : Not Found&quot;,&quot;AJAX_FORBIDDEN&quot;:&quot;Error Loading AJAX : Forbidden&quot;,&quot;IFRAME_ERROR&quot;:&quot;Error Loading Page&quot;,&quot;TOGGLE_ZOOM&quot;:&quot;Toggle zoom level&quot;,&quot;TOGGLE_THUMBS&quot;:&quot;Toggle thumbnails&quot;,&quot;TOGGLE_SLIDESHOW&quot;:&quot;Toggle slideshow&quot;,&quot;TOGGLE_FULLSCREEN&quot;:&quot;Toggle full-screen mode&quot;},&quot;Images&quot;:{&quot;Panzoom&quot;:{&quot;maxScale&quot;:2}},&quot;mainClass&quot;:&quot;modula-fancybox-container modula-lightbox-jtg-355&quot;,&quot;Html&quot;:{&quot;videoAutoplay&quot;:0,&quot;videoTpl&quot;:&quot;&lt;video class=\\&quot;fancybox__html5video\\&quot; controls muted playsinline controlsList controlsList=\\&quot;nodownload\\&quot; poster=\\&quot;{{poster}}\\&quot; src=\\&quot;{{src}}\\&quot; type=\\&quot;{{format}}\\&quot; &gt;  Sorry, your browser doesn&#039;t support embedded videos, &lt;a href=\\&quot;{{src}}\\&quot;&gt; download &lt;\\\/a&gt; and watch with your favorite video player! &lt;\\\/video&gt;&quot;}},&quot;inView&quot;:false,&quot;email_subject&quot;:&quot;Check out this awesome image !!&quot;,&quot;email_message&quot;:&quot;Here is the link to the image : %%image_link%% and this is the link to the gallery : %%gallery_link%%&quot;,&quot;grid_type&quot;:&quot;automatic&quot;,&quot;rowHeight&quot;:250,&quot;lastRow&quot;:&quot;justify&quot;,&quot;lightbox&quot;:&quot;fancybox&quot;}\">\n\n\t\n\t<div  class=\"modula-items grid-gallery\">\n\t\t<div class=\"modula-item effect-pufrobo\" >\n\t<div class=\"modula-item-overlay\"><\/div>\n\n\t<div class=\"modula-item-content\">\n\n\t\t<a data-image-id=\"434\" role=\"button\" tabindex=\"0\" rel=\"jtg-355\" data-caption=\"Premi\u00e8re danse lors d&#039;une c\u00e9r\u00e9monie traditionnelle de mariage cambodgien \u00e0 l&#039;H\u00f4tel Aquabella, Aix-en-Provence.\" aria-label=\"Open image in lightbox\" class=\"tile-inner modula-item-link\"><\/a><img loading=\"lazy\" decoding=\"async\" class=\"pic wp-image-434\"  data-valign=\"middle\" data-halign=\"center\" alt=\"Premi\u00e8re danse lors d&#039;une c\u00e9r\u00e9monie traditionnelle de mariage cambodgien \u00e0 l&#039;H\u00f4tel Aquabella, Aix-en-Provence.\" data-full=\"https:\/\/florianfrison.com\/wp-content\/uploads\/2025\/12\/MariageFlotographie-3862_lwsoptimized.avif\" title=\"Mariage-Cambodgien-Aix-en-Provence-Hotel-Aquabella\" crop=\"\" width=\"1536\" height=\"1022\" src=\"https:\/\/florianfrison.com\/wp-content\/uploads\/2025\/12\/MariageFlotographie-3862_lwsoptimized.avif\" data-src=\"https:\/\/florianfrison.com\/wp-content\/uploads\/2025\/12\/MariageFlotographie-3862_lwsoptimized.avif\" data-caption=\"Premi\u00e8re danse lors d&#039;une c\u00e9r\u00e9monie traditionnelle de mariage cambodgien \u00e0 l&#039;H\u00f4tel Aquabella, Aix-en-Provence.\"\/>\n\t\t<div class=\"figc\">\n\t\t\t<div class=\"figc-inner\">\n\t\t\t\t\t\t\t\t\t\t\t\t\t<div class=\"jtg-description\">Premi\u00e8re danse lors d'une c\u00e9r\u00e9monie traditionnelle de mariage cambodgien \u00e0 l'H\u00f4tel Aquabella, Aix-en-Provence.<\/div>\n\t\t\t\t\t\t\t\t\t\t\t<\/div>\n\t\t<\/div>\n\n\t<\/div>\n\n<\/div><div class=\"modula-item effect-pufrobo\" >\n\t<div class=\"modula-item-overlay\"><\/div>\n\n\t<div class=\"modula-item-content\">\n\n\t\t<a data-image-id=\"943\" role=\"button\" tabindex=\"0\" rel=\"jtg-355\" data-caption=\"Moment de joie et de complicit\u00e9 entre les mari\u00e9s pendant la soir\u00e9e de mariage, captur\u00e9 sur le vif.\" aria-label=\"Open image in lightbox\" class=\"tile-inner modula-item-link\"><\/a><img loading=\"lazy\" decoding=\"async\" class=\"pic wp-image-943\"  data-valign=\"middle\" data-halign=\"center\" alt=\"Moment de joie et de complicit\u00e9 entre les mari\u00e9s pendant la soir\u00e9e de mariage, captur\u00e9 sur le vif.\" data-full=\"https:\/\/florianfrison.com\/wp-content\/uploads\/2026\/01\/MariageFlotographie-8805.avif\" title=\"Rires-complices-maries-reportage-photo\" crop=\"\" width=\"1536\" height=\"1024\" src=\"https:\/\/florianfrison.com\/wp-content\/uploads\/2026\/01\/MariageFlotographie-8805.avif\" data-src=\"https:\/\/florianfrison.com\/wp-content\/uploads\/2026\/01\/MariageFlotographie-8805.avif\" data-caption=\"Moment de joie et de complicit\u00e9 entre les mari\u00e9s pendant la soir\u00e9e de mariage, captur\u00e9 sur le vif.\"\/>\n\t\t<div class=\"figc\">\n\t\t\t<div class=\"figc-inner\">\n\t\t\t\t\t\t\t\t\t\t\t\t\t<div class=\"jtg-description\">Moment de joie et de complicit\u00e9 entre les mari\u00e9s pendant la soir\u00e9e de mariage, captur\u00e9 sur le vif.<\/div>\n\t\t\t\t\t\t\t\t\t\t\t<\/div>\n\t\t<\/div>\n\n\t<\/div>\n\n<\/div><div class=\"modula-item effect-pufrobo\" >\n\t<div class=\"modula-item-overlay\"><\/div>\n\n\t<div class=\"modula-item-content\">\n\n\t\t<a data-image-id=\"1166\" role=\"button\" tabindex=\"0\" rel=\"jtg-355\" data-caption=\"Reportage de Mariage \u00e0 Saint-Jeoire-Prieur\u00e9 et Jacob-Bellecombette\" aria-label=\"Open image in lightbox\" class=\"tile-inner modula-item-link\"><\/a><img loading=\"lazy\" decoding=\"async\" class=\"pic wp-image-1166\"  data-valign=\"middle\" data-halign=\"center\" alt=\"Reportage de Mariage \u00e0 Saint-Jeoire-Prieur\u00e9 et Jacob-Bellecombette\" data-full=\"https:\/\/florianfrison.com\/wp-content\/uploads\/2026\/04\/MariageSiradaDamienFlorianFrison26-2062.avif\" title=\"MariageSirada&amp;amp;DamienFlorianFrison26-2062\" crop=\"\" width=\"1536\" height=\"1024\" src=\"https:\/\/florianfrison.com\/wp-content\/uploads\/2026\/04\/MariageSiradaDamienFlorianFrison26-2062.avif\" data-src=\"https:\/\/florianfrison.com\/wp-content\/uploads\/2026\/04\/MariageSiradaDamienFlorianFrison26-2062.avif\" data-caption=\"Reportage de Mariage \u00e0 Saint-Jeoire-Prieur\u00e9 et Jacob-Bellecombette\"\/>\n\t\t<div class=\"figc\">\n\t\t\t<div class=\"figc-inner\">\n\t\t\t\t\t\t\t\t\t\t\t\t\t<div class=\"jtg-description\">Reportage de Mariage \u00e0 Saint-Jeoire-Prieur\u00e9 et Jacob-Bellecombette<\/div>\n\t\t\t\t\t\t\t\t\t\t\t<\/div>\n\t\t<\/div>\n\n\t<\/div>\n\n<\/div><div class=\"modula-item effect-pufrobo\" >\n\t<div class=\"modula-item-overlay\"><\/div>\n\n\t<div class=\"modula-item-content\">\n\n\t\t<a data-image-id=\"438\" role=\"button\" tabindex=\"0\" rel=\"jtg-355\" data-caption=\"Entr\u00e9e rayonnante des mari\u00e9s dans la salle de r\u00e9ception. Un moment de joie pure lors d&#039;un mariage authentique dans le Gard, pr\u00e8s de N\u00eemes.\" aria-label=\"Open image in lightbox\" class=\"tile-inner modula-item-link\"><\/a><img loading=\"lazy\" decoding=\"async\" class=\"pic wp-image-438\"  data-valign=\"middle\" data-halign=\"center\" alt=\"Entr\u00e9e rayonnante des mari\u00e9s dans la salle de r\u00e9ception. Un moment de joie pure lors d&#039;un mariage authentique dans le Gard, pr\u00e8s de N\u00eemes.\" data-full=\"https:\/\/florianfrison.com\/wp-content\/uploads\/2025\/12\/MariageFlotographie-4217_lwsoptimized.avif\" title=\"Entree-Salle-Mariage-Gard-Nimes-Emotion\" crop=\"\" width=\"1536\" height=\"1022\" src=\"https:\/\/florianfrison.com\/wp-content\/uploads\/2025\/12\/MariageFlotographie-4217_lwsoptimized.avif\" data-src=\"https:\/\/florianfrison.com\/wp-content\/uploads\/2025\/12\/MariageFlotographie-4217_lwsoptimized.avif\" data-caption=\"Entr\u00e9e rayonnante des mari\u00e9s dans la salle de r\u00e9ception. Un moment de joie pure lors d&#039;un mariage authentique dans le Gard, pr\u00e8s de N\u00eemes.\"\/>\n\t\t<div class=\"figc\">\n\t\t\t<div class=\"figc-inner\">\n\t\t\t\t\t\t\t\t\t\t\t\t\t<div class=\"jtg-description\">Entr\u00e9e rayonnante des mari\u00e9s dans la salle de r\u00e9ception. Un moment de joie pure lors d'un mariage authentique dans le Gard, pr\u00e8s de N\u00eemes.<\/div>\n\t\t\t\t\t\t\t\t\t\t\t<\/div>\n\t\t<\/div>\n\n\t<\/div>\n\n<\/div><div class=\"modula-item effect-pufrobo\" >\n\t<div class=\"modula-item-overlay\"><\/div>\n\n\t<div class=\"modula-item-content\">\n\n\t\t<a data-image-id=\"978\" role=\"button\" tabindex=\"0\" rel=\"jtg-355\" data-caption=\"Ambiance festive et danse de mariage au Domaine La Tour, pr\u00e8s de Sault et du Mont Ventoux.\" aria-label=\"Open image in lightbox\" class=\"tile-inner modula-item-link\"><\/a><img loading=\"lazy\" decoding=\"async\" class=\"pic wp-image-978\"  data-valign=\"middle\" data-halign=\"center\" alt=\"Ambiance festive et danse de mariage au Domaine La Tour, pr\u00e8s de Sault et du Mont Ventoux.\" data-full=\"https:\/\/florianfrison.com\/wp-content\/uploads\/2026\/01\/MariageFlotographie-1750.avif\" title=\"Soiree-Mariage-Domaine-La-Tour-Sault-Ventoux\" crop=\"\" width=\"1536\" height=\"1024\" src=\"https:\/\/florianfrison.com\/wp-content\/uploads\/2026\/01\/MariageFlotographie-1750.avif\" data-src=\"https:\/\/florianfrison.com\/wp-content\/uploads\/2026\/01\/MariageFlotographie-1750.avif\" data-caption=\"Ambiance festive et danse de mariage au Domaine La Tour, pr\u00e8s de Sault et du Mont Ventoux.\"\/>\n\t\t<div class=\"figc\">\n\t\t\t<div class=\"figc-inner\">\n\t\t\t\t\t\t\t\t\t\t\t\t\t<div class=\"jtg-description\">Ambiance festive et danse de mariage au Domaine La Tour, pr\u00e8s de Sault et du Mont Ventoux.<\/div>\n\t\t\t\t\t\t\t\t\t\t\t<\/div>\n\t\t<\/div>\n\n\t<\/div>\n\n<\/div><div class=\"modula-item effect-pufrobo\" >\n\t<div class=\"modula-item-overlay\"><\/div>\n\n\t<div class=\"modula-item-content\">\n\n\t\t<a data-image-id=\"428\" role=\"button\" tabindex=\"0\" rel=\"jtg-355\" data-caption=\"Ambiance festive et danse de mariage au Domaine La Tour, pr\u00e8s de Sault et du Mont Ventoux.\" aria-label=\"Open image in lightbox\" class=\"tile-inner modula-item-link\"><\/a><img loading=\"lazy\" decoding=\"async\" class=\"pic wp-image-428\"  data-valign=\"middle\" data-halign=\"center\" alt=\"Ambiance festive et danse de mariage au Domaine La Tour, pr\u00e8s de Sault et du Mont Ventoux.\" data-full=\"https:\/\/florianfrison.com\/wp-content\/uploads\/2025\/12\/MariageFlotographie-1629_lwsoptimized.avif\" title=\"Soiree-Mariage-Domaine-La-Tour-Sault-Ventoux\" crop=\"\" width=\"1536\" height=\"1024\" src=\"https:\/\/florianfrison.com\/wp-content\/uploads\/2025\/12\/MariageFlotographie-1629_lwsoptimized.avif\" data-src=\"https:\/\/florianfrison.com\/wp-content\/uploads\/2025\/12\/MariageFlotographie-1629_lwsoptimized.avif\" data-caption=\"Ambiance festive et danse de mariage au Domaine La Tour, pr\u00e8s de Sault et du Mont Ventoux.\"\/>\n\t\t<div class=\"figc\">\n\t\t\t<div class=\"figc-inner\">\n\t\t\t\t\t\t\t\t\t\t\t\t\t<div class=\"jtg-description\">Ambiance festive et danse de mariage au Domaine La Tour, pr\u00e8s de Sault et du Mont Ventoux.<\/div>\n\t\t\t\t\t\t\t\t\t\t\t<\/div>\n\t\t<\/div>\n\n\t<\/div>\n\n<\/div><div class=\"modula-item effect-pufrobo\" >\n\t<div class=\"modula-item-overlay\"><\/div>\n\n\t<div class=\"modula-item-content\">\n\n\t\t<a data-image-id=\"421\" role=\"button\" tabindex=\"0\" rel=\"jtg-355\" data-caption=\"Couple de mari\u00e9s s&#039;enla\u00e7ant avec complicit\u00e9 dans un parc \u00e0 Marseille - Photographe Mariage Provence.\" aria-label=\"Open image in lightbox\" class=\"tile-inner modula-item-link\"><\/a><img loading=\"lazy\" decoding=\"async\" class=\"pic wp-image-421\"  data-valign=\"middle\" data-halign=\"center\" alt=\"Couple de mari\u00e9s s&#039;enla\u00e7ant avec complicit\u00e9 dans un parc \u00e0 Marseille - Photographe Mariage Provence.\" data-full=\"https:\/\/florianfrison.com\/wp-content\/uploads\/2025\/12\/MariageFlotographie-0021_lwsoptimized.avif\" title=\"Mariage Civil Parc Maison Blanche Marseille Couple Complice\" crop=\"\" width=\"1536\" height=\"1024\" src=\"https:\/\/florianfrison.com\/wp-content\/uploads\/2025\/12\/MariageFlotographie-0021_lwsoptimized.avif\" data-src=\"https:\/\/florianfrison.com\/wp-content\/uploads\/2025\/12\/MariageFlotographie-0021_lwsoptimized.avif\" data-caption=\"Couple de mari\u00e9s s&#039;enla\u00e7ant avec complicit\u00e9 dans un parc \u00e0 Marseille - Photographe Mariage Provence.\"\/>\n\t\t<div class=\"figc\">\n\t\t\t<div class=\"figc-inner\">\n\t\t\t\t\t\t\t\t\t\t\t\t\t<div class=\"jtg-description\">Couple de mari\u00e9s s'enla\u00e7ant avec complicit\u00e9 dans un parc \u00e0 Marseille - Photographe Mariage Provence.<\/div>\n\t\t\t\t\t\t\t\t\t\t\t<\/div>\n\t\t<\/div>\n\n\t<\/div>\n\n<\/div><div class=\"modula-item effect-pufrobo\" >\n\t<div class=\"modula-item-overlay\"><\/div>\n\n\t<div class=\"modula-item-content\">\n\n\t\t<a data-image-id=\"1205\" role=\"button\" tabindex=\"0\" rel=\"jtg-355\" data-caption=\"Reportage de Mariage \u00e0 Saint-Jeoire-Prieur\u00e9 et Jacob-Bellecombette\" aria-label=\"Open image in lightbox\" class=\"tile-inner modula-item-link\"><\/a><img loading=\"lazy\" decoding=\"async\" class=\"pic wp-image-1205\"  data-valign=\"middle\" data-halign=\"center\" alt=\"Reportage de Mariage \u00e0 Saint-Jeoire-Prieur\u00e9 et Jacob-Bellecombette\" data-full=\"https:\/\/florianfrison.com\/wp-content\/uploads\/2026\/04\/MariageSiradaDamienFlorianFrison26-4993.avif\" title=\"MariageSirada&amp;amp;DamienFlorianFrison26-4993\" crop=\"\" width=\"1536\" height=\"1024\" src=\"https:\/\/florianfrison.com\/wp-content\/uploads\/2026\/04\/MariageSiradaDamienFlorianFrison26-4993.avif\" data-src=\"https:\/\/florianfrison.com\/wp-content\/uploads\/2026\/04\/MariageSiradaDamienFlorianFrison26-4993.avif\" data-caption=\"Reportage de Mariage \u00e0 Saint-Jeoire-Prieur\u00e9 et Jacob-Bellecombette\"\/>\n\t\t<div class=\"figc\">\n\t\t\t<div class=\"figc-inner\">\n\t\t\t\t\t\t\t\t\t\t\t\t\t<div class=\"jtg-description\">Reportage de Mariage \u00e0 Saint-Jeoire-Prieur\u00e9 et Jacob-Bellecombette<\/div>\n\t\t\t\t\t\t\t\t\t\t\t<\/div>\n\t\t<\/div>\n\n\t<\/div>\n\n<\/div><div class=\"modula-item effect-pufrobo\" >\n\t<div class=\"modula-item-overlay\"><\/div>\n\n\t<div class=\"modula-item-content\">\n\n\t\t<a data-image-id=\"419\" role=\"button\" tabindex=\"0\" rel=\"jtg-355\" data-caption=\"\" aria-label=\"Open image in lightbox\" class=\"tile-inner modula-item-link\"><\/a><img loading=\"lazy\" decoding=\"async\" class=\"pic wp-image-419\"  data-valign=\"middle\" data-halign=\"center\" alt=\"\" data-full=\"https:\/\/florianfrison.com\/wp-content\/uploads\/2025\/12\/MariageFlotographie-2_lwsoptimized.avif\" title=\"MariageFlotographie&amp;#8211;2\" crop=\"\" width=\"1536\" height=\"1022\" src=\"https:\/\/florianfrison.com\/wp-content\/uploads\/2025\/12\/MariageFlotographie-2_lwsoptimized.avif\" data-src=\"https:\/\/florianfrison.com\/wp-content\/uploads\/2025\/12\/MariageFlotographie-2_lwsoptimized.avif\" data-caption=\"\"\/>\n\t\t<div class=\"figc no-description\">\n\t\t\t<div class=\"figc-inner\">\n\t\t\t\t\t\t\t\t\t\t\t\t\t\t\t<\/div>\n\t\t<\/div>\n\n\t<\/div>\n\n<\/div><div class=\"modula-item effect-pufrobo\" >\n\t<div class=\"modula-item-overlay\"><\/div>\n\n\t<div class=\"modula-item-content\">\n\n\t\t<a data-image-id=\"979\" role=\"button\" tabindex=\"0\" rel=\"jtg-355\" data-caption=\"Ambiance festive et danse de mariage au Domaine La Tour, pr\u00e8s de Sault et du Mont Ventoux.\" aria-label=\"Open image in lightbox\" class=\"tile-inner modula-item-link\"><\/a><img loading=\"lazy\" decoding=\"async\" class=\"pic wp-image-979\"  data-valign=\"middle\" data-halign=\"center\" alt=\"Ambiance festive et danse de mariage au Domaine La Tour, pr\u00e8s de Sault et du Mont Ventoux.\" data-full=\"https:\/\/florianfrison.com\/wp-content\/uploads\/2026\/01\/MariageFlotographie-2092.avif\" title=\"Soiree-Mariage-Domaine-La-Tour-Sault-Ventoux\" crop=\"\" width=\"1536\" height=\"1024\" src=\"https:\/\/florianfrison.com\/wp-content\/uploads\/2026\/01\/MariageFlotographie-2092.avif\" data-src=\"https:\/\/florianfrison.com\/wp-content\/uploads\/2026\/01\/MariageFlotographie-2092.avif\" data-caption=\"Ambiance festive et danse de mariage au Domaine La Tour, pr\u00e8s de Sault et du Mont Ventoux.\"\/>\n\t\t<div class=\"figc\">\n\t\t\t<div class=\"figc-inner\">\n\t\t\t\t\t\t\t\t\t\t\t\t\t<div class=\"jtg-description\">Ambiance festive et danse de mariage au Domaine La Tour, pr\u00e8s de Sault et du Mont Ventoux.<\/div>\n\t\t\t\t\t\t\t\t\t\t\t<\/div>\n\t\t<\/div>\n\n\t<\/div>\n\n<\/div><div class=\"modula-item effect-pufrobo\" >\n\t<div class=\"modula-item-overlay\"><\/div>\n\n\t<div class=\"modula-item-content\">\n\n\t\t<a data-image-id=\"1179\" role=\"button\" tabindex=\"0\" rel=\"jtg-355\" data-caption=\"Reportage de Mariage \u00e0 Saint-Jeoire-Prieur\u00e9 et Jacob-Bellecombette\" aria-label=\"Open image in lightbox\" class=\"tile-inner modula-item-link\"><\/a><img loading=\"lazy\" decoding=\"async\" class=\"pic wp-image-1179\"  data-valign=\"middle\" data-halign=\"center\" alt=\"Reportage de Mariage \u00e0 Saint-Jeoire-Prieur\u00e9 et Jacob-Bellecombette\" data-full=\"https:\/\/florianfrison.com\/wp-content\/uploads\/2026\/04\/MariageSiradaDamienFlorianFrison26-2800.avif\" title=\"MariageSirada&amp;amp;DamienFlorianFrison26-2800\" crop=\"\" width=\"1536\" height=\"1024\" src=\"https:\/\/florianfrison.com\/wp-content\/uploads\/2026\/04\/MariageSiradaDamienFlorianFrison26-2800.avif\" data-src=\"https:\/\/florianfrison.com\/wp-content\/uploads\/2026\/04\/MariageSiradaDamienFlorianFrison26-2800.avif\" data-caption=\"Reportage de Mariage \u00e0 Saint-Jeoire-Prieur\u00e9 et Jacob-Bellecombette\"\/>\n\t\t<div class=\"figc\">\n\t\t\t<div class=\"figc-inner\">\n\t\t\t\t\t\t\t\t\t\t\t\t\t<div class=\"jtg-description\">Reportage de Mariage \u00e0 Saint-Jeoire-Prieur\u00e9 et Jacob-Bellecombette<\/div>\n\t\t\t\t\t\t\t\t\t\t\t<\/div>\n\t\t<\/div>\n\n\t<\/div>\n\n<\/div><div class=\"modula-item effect-pufrobo\" >\n\t<div class=\"modula-item-overlay\"><\/div>\n\n\t<div class=\"modula-item-content\">\n\n\t\t<a data-image-id=\"942\" role=\"button\" tabindex=\"0\" rel=\"jtg-355\" data-caption=\"Trio de musiciennes avec harpe et violoncelle animant le vin d&#039;honneur dans les jardins du Ch\u00e2teau La Beaumetane.\" aria-label=\"Open image in lightbox\" class=\"tile-inner modula-item-link\"><\/a><img loading=\"lazy\" decoding=\"async\" class=\"pic wp-image-942\"  data-valign=\"middle\" data-halign=\"center\" alt=\"Trio de musiciennes avec harpe et violoncelle animant le vin d&#039;honneur dans les jardins du Ch\u00e2teau La Beaumetane.\" data-full=\"https:\/\/florianfrison.com\/wp-content\/uploads\/2026\/01\/MariageFlotographie-8417.avif\" title=\"Musiciens-cocktail-mariage-chateau-provence\" crop=\"\" width=\"1536\" height=\"1024\" src=\"https:\/\/florianfrison.com\/wp-content\/uploads\/2026\/01\/MariageFlotographie-8417.avif\" data-src=\"https:\/\/florianfrison.com\/wp-content\/uploads\/2026\/01\/MariageFlotographie-8417.avif\" data-caption=\"Trio de musiciennes avec harpe et violoncelle animant le vin d&#039;honneur dans les jardins du Ch\u00e2teau La Beaumetane.\"\/>\n\t\t<div class=\"figc\">\n\t\t\t<div class=\"figc-inner\">\n\t\t\t\t\t\t\t\t\t\t\t\t\t<div class=\"jtg-description\">Trio de musiciennes avec harpe et violoncelle animant le vin d'honneur dans les jardins du Ch\u00e2teau La Beaumetane.<\/div>\n\t\t\t\t\t\t\t\t\t\t\t<\/div>\n\t\t<\/div>\n\n\t<\/div>\n\n<\/div><div class=\"modula-item effect-pufrobo\" >\n\t<div class=\"modula-item-overlay\"><\/div>\n\n\t<div class=\"modula-item-content\">\n\n\t\t<a data-image-id=\"163\" role=\"button\" tabindex=\"0\" rel=\"jtg-355\" data-caption=\"Entr\u00e9e rayonnante de la mari\u00e9e accompagn\u00e9e de son p\u00e8re dans la salle de r\u00e9ception. Un moment de joie pure lors d&#039;un mariage authentique dans le Gard, pr\u00e8s de N\u00eemes.\" aria-label=\"Open image in lightbox\" class=\"tile-inner modula-item-link\"><\/a><img loading=\"lazy\" decoding=\"async\" class=\"pic wp-image-163\"  data-valign=\"middle\" data-halign=\"center\" alt=\"Entr\u00e9e rayonnante de la mari\u00e9e accompagn\u00e9e de son p\u00e8re dans la salle de r\u00e9ception. Un moment de joie pure lors d&#039;un mariage authentique dans le Gard, pr\u00e8s de N\u00eemes.\" data-full=\"https:\/\/florianfrison.com\/wp-content\/uploads\/2025\/11\/MariageFlotographie-3498_lwsoptimized.avif\" title=\"Entree-Salle-Mariage-Gard-Nimes-Emotion\" crop=\"\" width=\"1536\" height=\"1022\" src=\"https:\/\/florianfrison.com\/wp-content\/uploads\/2025\/11\/MariageFlotographie-3498_lwsoptimized.avif\" data-src=\"https:\/\/florianfrison.com\/wp-content\/uploads\/2025\/11\/MariageFlotographie-3498_lwsoptimized.avif\" data-caption=\"Entr\u00e9e rayonnante de la mari\u00e9e accompagn\u00e9e de son p\u00e8re dans la salle de r\u00e9ception. Un moment de joie pure lors d&#039;un mariage authentique dans le Gard, pr\u00e8s de N\u00eemes.\"\/>\n\t\t<div class=\"figc\">\n\t\t\t<div class=\"figc-inner\">\n\t\t\t\t\t\t\t\t\t\t\t\t\t<div class=\"jtg-description\">Entr\u00e9e rayonnante de la mari\u00e9e accompagn\u00e9e de son p\u00e8re dans la salle de r\u00e9ception. Un moment de joie pure lors d'un mariage authentique dans le Gard, pr\u00e8s de N\u00eemes.<\/div>\n\t\t\t\t\t\t\t\t\t\t\t<\/div>\n\t\t<\/div>\n\n\t<\/div>\n\n<\/div><div class=\"modula-item effect-pufrobo\" >\n\t<div class=\"modula-item-overlay\"><\/div>\n\n\t<div class=\"modula-item-content\">\n\n\t\t<a data-image-id=\"1210\" role=\"button\" tabindex=\"0\" rel=\"jtg-355\" data-caption=\"Reportage de Mariage \u00e0 Saint-Jeoire-Prieur\u00e9 et Jacob-Bellecombette\" aria-label=\"Open image in lightbox\" class=\"tile-inner modula-item-link\"><\/a><img loading=\"lazy\" decoding=\"async\" class=\"pic wp-image-1210\"  data-valign=\"middle\" data-halign=\"center\" alt=\"Reportage de Mariage \u00e0 Saint-Jeoire-Prieur\u00e9 et Jacob-Bellecombette\" data-full=\"https:\/\/florianfrison.com\/wp-content\/uploads\/2026\/04\/MariageSiradaDamienFlorianFrison26-5303.avif\" title=\"MariageSirada&amp;amp;DamienFlorianFrison26-5303\" crop=\"\" width=\"1536\" height=\"1024\" src=\"https:\/\/florianfrison.com\/wp-content\/uploads\/2026\/04\/MariageSiradaDamienFlorianFrison26-5303.avif\" data-src=\"https:\/\/florianfrison.com\/wp-content\/uploads\/2026\/04\/MariageSiradaDamienFlorianFrison26-5303.avif\" data-caption=\"Reportage de Mariage \u00e0 Saint-Jeoire-Prieur\u00e9 et Jacob-Bellecombette\"\/>\n\t\t<div class=\"figc\">\n\t\t\t<div class=\"figc-inner\">\n\t\t\t\t\t\t\t\t\t\t\t\t\t<div class=\"jtg-description\">Reportage de Mariage \u00e0 Saint-Jeoire-Prieur\u00e9 et Jacob-Bellecombette<\/div>\n\t\t\t\t\t\t\t\t\t\t\t<\/div>\n\t\t<\/div>\n\n\t<\/div>\n\n<\/div><div class=\"modula-item effect-pufrobo\" >\n\t<div class=\"modula-item-overlay\"><\/div>\n\n\t<div class=\"modula-item-content\">\n\n\t\t<a data-image-id=\"1187\" role=\"button\" tabindex=\"0\" rel=\"jtg-355\" data-caption=\"Reportage de Mariage \u00e0 Saint-Jeoire-Prieur\u00e9 et Jacob-Bellecombette\" aria-label=\"Open image in lightbox\" class=\"tile-inner modula-item-link\"><\/a><img loading=\"lazy\" decoding=\"async\" class=\"pic wp-image-1187\"  data-valign=\"middle\" data-halign=\"center\" alt=\"Reportage de Mariage \u00e0 Saint-Jeoire-Prieur\u00e9 et Jacob-Bellecombette\" data-full=\"https:\/\/florianfrison.com\/wp-content\/uploads\/2026\/04\/MariageSiradaDamienFlorianFrison26-4250.avif\" title=\"MariageSirada&amp;amp;DamienFlorianFrison26-4250\" crop=\"\" width=\"1536\" height=\"1024\" src=\"https:\/\/florianfrison.com\/wp-content\/uploads\/2026\/04\/MariageSiradaDamienFlorianFrison26-4250.avif\" data-src=\"https:\/\/florianfrison.com\/wp-content\/uploads\/2026\/04\/MariageSiradaDamienFlorianFrison26-4250.avif\" data-caption=\"Reportage de Mariage \u00e0 Saint-Jeoire-Prieur\u00e9 et Jacob-Bellecombette\"\/>\n\t\t<div class=\"figc\">\n\t\t\t<div class=\"figc-inner\">\n\t\t\t\t\t\t\t\t\t\t\t\t\t<div class=\"jtg-description\">Reportage de Mariage \u00e0 Saint-Jeoire-Prieur\u00e9 et Jacob-Bellecombette<\/div>\n\t\t\t\t\t\t\t\t\t\t\t<\/div>\n\t\t<\/div>\n\n\t<\/div>\n\n<\/div><div class=\"modula-item effect-pufrobo\" >\n\t<div class=\"modula-item-overlay\"><\/div>\n\n\t<div class=\"modula-item-content\">\n\n\t\t<a data-image-id=\"987\" role=\"button\" tabindex=\"0\" rel=\"jtg-355\" data-caption=\"L&#039;\u00e9quipe du Domaine La Tour, pr\u00e8s de Sault et du Mont Ventoux.\" aria-label=\"Open image in lightbox\" class=\"tile-inner modula-item-link\"><\/a><img loading=\"lazy\" decoding=\"async\" class=\"pic wp-image-987\"  data-valign=\"middle\" data-halign=\"center\" alt=\"L&#039;\u00e9quipe du Domaine La Tour, pr\u00e8s de Sault et du Mont Ventoux.\" data-full=\"https:\/\/florianfrison.com\/wp-content\/uploads\/2026\/01\/MariageFlotographie-1995.avif\" title=\"Soiree-Mariage-Domaine-La-Tour-Sault-Ventoux\" crop=\"\" width=\"1536\" height=\"1024\" src=\"https:\/\/florianfrison.com\/wp-content\/uploads\/2026\/01\/MariageFlotographie-1995.avif\" data-src=\"https:\/\/florianfrison.com\/wp-content\/uploads\/2026\/01\/MariageFlotographie-1995.avif\" data-caption=\"L&#039;\u00e9quipe du Domaine La Tour, pr\u00e8s de Sault et du Mont Ventoux.\"\/>\n\t\t<div class=\"figc\">\n\t\t\t<div class=\"figc-inner\">\n\t\t\t\t\t\t\t\t\t\t\t\t\t<div class=\"jtg-description\">L'\u00e9quipe du Domaine La Tour, pr\u00e8s de Sault et du Mont Ventoux.<\/div>\n\t\t\t\t\t\t\t\t\t\t\t<\/div>\n\t\t<\/div>\n\n\t<\/div>\n\n<\/div><div class=\"modula-item effect-pufrobo\" >\n\t<div class=\"modula-item-overlay\"><\/div>\n\n\t<div class=\"modula-item-content\">\n\n\t\t<a data-image-id=\"1207\" role=\"button\" tabindex=\"0\" rel=\"jtg-355\" data-caption=\"Reportage de Mariage \u00e0 Saint-Jeoire-Prieur\u00e9 et Jacob-Bellecombette\" aria-label=\"Open image in lightbox\" class=\"tile-inner modula-item-link\"><\/a><img loading=\"lazy\" decoding=\"async\" class=\"pic wp-image-1207\"  data-valign=\"middle\" data-halign=\"center\" alt=\"Reportage de Mariage \u00e0 Saint-Jeoire-Prieur\u00e9 et Jacob-Bellecombette\" data-full=\"https:\/\/florianfrison.com\/wp-content\/uploads\/2026\/04\/MariageSiradaDamienFlorianFrison26-5265.avif\" title=\"MariageSirada&amp;amp;DamienFlorianFrison26-5265\" crop=\"\" width=\"1536\" height=\"1024\" src=\"https:\/\/florianfrison.com\/wp-content\/uploads\/2026\/04\/MariageSiradaDamienFlorianFrison26-5265.avif\" data-src=\"https:\/\/florianfrison.com\/wp-content\/uploads\/2026\/04\/MariageSiradaDamienFlorianFrison26-5265.avif\" data-caption=\"Reportage de Mariage \u00e0 Saint-Jeoire-Prieur\u00e9 et Jacob-Bellecombette\"\/>\n\t\t<div class=\"figc\">\n\t\t\t<div class=\"figc-inner\">\n\t\t\t\t\t\t\t\t\t\t\t\t\t<div class=\"jtg-description\">Reportage de Mariage \u00e0 Saint-Jeoire-Prieur\u00e9 et Jacob-Bellecombette<\/div>\n\t\t\t\t\t\t\t\t\t\t\t<\/div>\n\t\t<\/div>\n\n\t<\/div>\n\n<\/div><div class=\"modula-item effect-pufrobo\" >\n\t<div class=\"modula-item-overlay\"><\/div>\n\n\t<div class=\"modula-item-content\">\n\n\t\t<a data-image-id=\"429\" role=\"button\" tabindex=\"0\" rel=\"jtg-355\" data-caption=\"Ambiance festive et danse de mariage au Domaine La Tour, pr\u00e8s de Sault et du Mont Ventoux.\" aria-label=\"Open image in lightbox\" class=\"tile-inner modula-item-link\"><\/a><img loading=\"lazy\" decoding=\"async\" class=\"pic wp-image-429\"  data-valign=\"middle\" data-halign=\"center\" alt=\"Ambiance festive et danse de mariage au Domaine La Tour, pr\u00e8s de Sault et du Mont Ventoux.\" data-full=\"https:\/\/florianfrison.com\/wp-content\/uploads\/2025\/12\/MariageFlotographie-1648_lwsoptimized.avif\" title=\"Soiree-Mariage-Domaine-La-Tour-Sault-Ventoux\" crop=\"\" width=\"1536\" height=\"1024\" src=\"https:\/\/florianfrison.com\/wp-content\/uploads\/2025\/12\/MariageFlotographie-1648_lwsoptimized.avif\" data-src=\"https:\/\/florianfrison.com\/wp-content\/uploads\/2025\/12\/MariageFlotographie-1648_lwsoptimized.avif\" data-caption=\"Ambiance festive et danse de mariage au Domaine La Tour, pr\u00e8s de Sault et du Mont Ventoux.\"\/>\n\t\t<div class=\"figc\">\n\t\t\t<div class=\"figc-inner\">\n\t\t\t\t\t\t\t\t\t\t\t\t\t<div class=\"jtg-description\">Ambiance festive et danse de mariage au Domaine La Tour, pr\u00e8s de Sault et du Mont Ventoux.<\/div>\n\t\t\t\t\t\t\t\t\t\t\t<\/div>\n\t\t<\/div>\n\n\t<\/div>\n\n<\/div><div class=\"modula-item effect-pufrobo\" >\n\t<div class=\"modula-item-overlay\"><\/div>\n\n\t<div class=\"modula-item-content\">\n\n\t\t<a data-image-id=\"451\" role=\"button\" tabindex=\"0\" rel=\"jtg-355\" data-caption=\"Regard de la mari\u00e9e de nuit au Ch\u00e2teau La Beaumetane - Florian Frison Photographe Mariage Provence.\" aria-label=\"Open image in lightbox\" class=\"tile-inner modula-item-link\"><\/a><img loading=\"lazy\" decoding=\"async\" class=\"pic wp-image-451\"  data-valign=\"middle\" data-halign=\"center\" alt=\"Regard de la mari\u00e9e de nuit au Ch\u00e2teau La Beaumetane - Florian Frison Photographe Mariage Provence.\" data-full=\"https:\/\/florianfrison.com\/wp-content\/uploads\/2025\/12\/MariageFlotographie-8560_lwsoptimized.avif\" title=\"Mariage Ch\u00e2teau La Beaumetane\" crop=\"\" width=\"1536\" height=\"1024\" src=\"https:\/\/florianfrison.com\/wp-content\/uploads\/2025\/12\/MariageFlotographie-8560_lwsoptimized.avif\" data-src=\"https:\/\/florianfrison.com\/wp-content\/uploads\/2025\/12\/MariageFlotographie-8560_lwsoptimized.avif\" data-caption=\"Regard de la mari\u00e9e de nuit au Ch\u00e2teau La Beaumetane - Florian Frison Photographe Mariage Provence.\"\/>\n\t\t<div class=\"figc\">\n\t\t\t<div class=\"figc-inner\">\n\t\t\t\t\t\t\t\t\t\t\t\t\t<div class=\"jtg-description\">Regard de la mari\u00e9e de nuit au Ch\u00e2teau La Beaumetane - Florian Frison Photographe Mariage Provence.<\/div>\n\t\t\t\t\t\t\t\t\t\t\t<\/div>\n\t\t<\/div>\n\n\t<\/div>\n\n<\/div><div class=\"modula-item effect-pufrobo\" >\n\t<div class=\"modula-item-overlay\"><\/div>\n\n\t<div class=\"modula-item-content\">\n\n\t\t<a data-image-id=\"1175\" role=\"button\" tabindex=\"0\" rel=\"jtg-355\" data-caption=\"Reportage de Mariage \u00e0 Saint-Jeoire-Prieur\u00e9 et Jacob-Bellecombette\" aria-label=\"Open image in lightbox\" class=\"tile-inner modula-item-link\"><\/a><img loading=\"lazy\" decoding=\"async\" class=\"pic wp-image-1175\"  data-valign=\"middle\" data-halign=\"center\" alt=\"Reportage de Mariage \u00e0 Saint-Jeoire-Prieur\u00e9 et Jacob-Bellecombette\" data-full=\"https:\/\/florianfrison.com\/wp-content\/uploads\/2026\/04\/MariageSiradaDamienFlorianFrison26-2309.avif\" title=\"MariageSirada&amp;amp;DamienFlorianFrison26-2309\" crop=\"\" width=\"1536\" height=\"1024\" src=\"https:\/\/florianfrison.com\/wp-content\/uploads\/2026\/04\/MariageSiradaDamienFlorianFrison26-2309.avif\" data-src=\"https:\/\/florianfrison.com\/wp-content\/uploads\/2026\/04\/MariageSiradaDamienFlorianFrison26-2309.avif\" data-caption=\"Reportage de Mariage \u00e0 Saint-Jeoire-Prieur\u00e9 et Jacob-Bellecombette\"\/>\n\t\t<div class=\"figc\">\n\t\t\t<div class=\"figc-inner\">\n\t\t\t\t\t\t\t\t\t\t\t\t\t<div class=\"jtg-description\">Reportage de Mariage \u00e0 Saint-Jeoire-Prieur\u00e9 et Jacob-Bellecombette<\/div>\n\t\t\t\t\t\t\t\t\t\t\t<\/div>\n\t\t<\/div>\n\n\t<\/div>\n\n<\/div><div class=\"modula-item effect-pufrobo\" >\n\t<div class=\"modula-item-overlay\"><\/div>\n\n\t<div class=\"modula-item-content\">\n\n\t\t<a data-image-id=\"431\" role=\"button\" tabindex=\"0\" rel=\"jtg-355\" data-caption=\"Emotion entre un grand-p\u00e8re et sa petite fille, Ambiance festive et danse de mariage au Domaine La Tour, pr\u00e8s de Sault et du Mont Ventoux.\" aria-label=\"Open image in lightbox\" class=\"tile-inner modula-item-link\"><\/a><img loading=\"lazy\" decoding=\"async\" class=\"pic wp-image-431\"  data-valign=\"middle\" data-halign=\"center\" alt=\"Emotion entre un grand-p\u00e8re et sa petite fille, Ambiance festive et danse de mariage au Domaine La Tour, pr\u00e8s de Sault et du Mont Ventoux.\" data-full=\"https:\/\/florianfrison.com\/wp-content\/uploads\/2025\/12\/MariageFlotographie-1876_lwsoptimized.avif\" title=\"Soiree-Mariage-Domaine-La-Tour-Sault-Ventoux\" crop=\"\" width=\"1536\" height=\"1024\" src=\"https:\/\/florianfrison.com\/wp-content\/uploads\/2025\/12\/MariageFlotographie-1876_lwsoptimized.avif\" data-src=\"https:\/\/florianfrison.com\/wp-content\/uploads\/2025\/12\/MariageFlotographie-1876_lwsoptimized.avif\" data-caption=\"Emotion entre un grand-p\u00e8re et sa petite fille, Ambiance festive et danse de mariage au Domaine La Tour, pr\u00e8s de Sault et du Mont Ventoux.\"\/>\n\t\t<div class=\"figc\">\n\t\t\t<div class=\"figc-inner\">\n\t\t\t\t\t\t\t\t\t\t\t\t\t<div class=\"jtg-description\">Emotion entre un grand-p\u00e8re et sa petite fille, Ambiance festive et danse de mariage au Domaine La Tour, pr\u00e8s de Sault et du Mont Ventoux.<\/div>\n\t\t\t\t\t\t\t\t\t\t\t<\/div>\n\t\t<\/div>\n\n\t<\/div>\n\n<\/div><div class=\"modula-item effect-pufrobo\" >\n\t<div class=\"modula-item-overlay\"><\/div>\n\n\t<div class=\"modula-item-content\">\n\n\t\t<a data-image-id=\"157\" role=\"button\" tabindex=\"0\" rel=\"jtg-355\" data-caption=\"Jeune fille lisant un discours \u00e9mouvant lors d&#039;une c\u00e9r\u00e9monie de mariage civile \u00e0 Aubignan - Instant vol\u00e9.\" aria-label=\"Open image in lightbox\" class=\"tile-inner modula-item-link\"><\/a><img loading=\"lazy\" decoding=\"async\" class=\"pic wp-image-157\"  data-valign=\"middle\" data-halign=\"center\" alt=\"Jeune fille lisant un discours \u00e9mouvant lors d&#039;une c\u00e9r\u00e9monie de mariage civile \u00e0 Aubignan - Instant vol\u00e9.\" data-full=\"https:\/\/florianfrison.com\/wp-content\/uploads\/2025\/11\/MariageFlotographie-1258_lwsoptimized.avif\" title=\"Emotion-Discours-Mariage-Ceremonie-Civil\" crop=\"\" width=\"1536\" height=\"1024\" src=\"https:\/\/florianfrison.com\/wp-content\/uploads\/2025\/11\/MariageFlotographie-1258_lwsoptimized.avif\" data-src=\"https:\/\/florianfrison.com\/wp-content\/uploads\/2025\/11\/MariageFlotographie-1258_lwsoptimized.avif\" data-caption=\"Jeune fille lisant un discours \u00e9mouvant lors d&#039;une c\u00e9r\u00e9monie de mariage civile \u00e0 Aubignan - Instant vol\u00e9.\"\/>\n\t\t<div class=\"figc\">\n\t\t\t<div class=\"figc-inner\">\n\t\t\t\t\t\t\t\t\t\t\t\t\t<div class=\"jtg-description\">Jeune fille lisant un discours \u00e9mouvant lors d'une c\u00e9r\u00e9monie de mariage civile \u00e0 Aubignan - Instant vol\u00e9.<\/div>\n\t\t\t\t\t\t\t\t\t\t\t<\/div>\n\t\t<\/div>\n\n\t<\/div>\n\n<\/div><div class=\"modula-item effect-pufrobo\" >\n\t<div class=\"modula-item-overlay\"><\/div>\n\n\t<div class=\"modula-item-content\">\n\n\t\t<a data-image-id=\"427\" role=\"button\" tabindex=\"0\" rel=\"jtg-355\" data-caption=\"Jeune filles se prenant dans les bras lors d&#039;une c\u00e9r\u00e9monie de mariage civile \u00e0 Aubignan - Instant vol\u00e9.\" aria-label=\"Open image in lightbox\" class=\"tile-inner modula-item-link\"><\/a><img loading=\"lazy\" decoding=\"async\" class=\"pic wp-image-427\"  data-valign=\"middle\" data-halign=\"center\" alt=\"Jeune filles se prenant dans les bras lors d&#039;une c\u00e9r\u00e9monie de mariage civile \u00e0 Aubignan - Instant vol\u00e9.\" data-full=\"https:\/\/florianfrison.com\/wp-content\/uploads\/2025\/12\/MariageFlotographie-1401_lwsoptimized.avif\" title=\"Emotion-Mariage-Ceremonie-Civil\" crop=\"\" width=\"1536\" height=\"1024\" src=\"https:\/\/florianfrison.com\/wp-content\/uploads\/2025\/12\/MariageFlotographie-1401_lwsoptimized.avif\" data-src=\"https:\/\/florianfrison.com\/wp-content\/uploads\/2025\/12\/MariageFlotographie-1401_lwsoptimized.avif\" data-caption=\"Jeune filles se prenant dans les bras lors d&#039;une c\u00e9r\u00e9monie de mariage civile \u00e0 Aubignan - Instant vol\u00e9.\"\/>\n\t\t<div class=\"figc\">\n\t\t\t<div class=\"figc-inner\">\n\t\t\t\t\t\t\t\t\t\t\t\t\t<div class=\"jtg-description\">Jeune filles se prenant dans les bras lors d'une c\u00e9r\u00e9monie de mariage civile \u00e0 Aubignan - Instant vol\u00e9.<\/div>\n\t\t\t\t\t\t\t\t\t\t\t<\/div>\n\t\t<\/div>\n\n\t<\/div>\n\n<\/div><div class=\"modula-item effect-pufrobo\" >\n\t<div class=\"modula-item-overlay\"><\/div>\n\n\t<div class=\"modula-item-content\">\n\n\t\t<a data-image-id=\"436\" role=\"button\" tabindex=\"0\" rel=\"jtg-355\" data-caption=\"S\u00e9ance couple lors d&#039;un mariage authentique dans le Gard, pr\u00e8s de N\u00eemes.\" aria-label=\"Open image in lightbox\" class=\"tile-inner modula-item-link\"><\/a><img loading=\"lazy\" decoding=\"async\" class=\"pic wp-image-436\"  data-valign=\"middle\" data-halign=\"center\" alt=\"S\u00e9ance couple lors d&#039;un mariage authentique dans le Gard, pr\u00e8s de N\u00eemes.\" data-full=\"https:\/\/florianfrison.com\/wp-content\/uploads\/2025\/12\/MariageFlotographie-4136_lwsoptimized.webp\" title=\"S\u00e9ance-Couple-Mariage-Gard-Nimes-Emotion\" crop=\"\" width=\"1022\" height=\"1536\" src=\"https:\/\/florianfrison.com\/wp-content\/uploads\/2025\/12\/MariageFlotographie-4136_lwsoptimized-1022x1536.webp\" data-src=\"https:\/\/florianfrison.com\/wp-content\/uploads\/2025\/12\/MariageFlotographie-4136_lwsoptimized-1022x1536.webp\" data-caption=\"S\u00e9ance couple lors d&#039;un mariage authentique dans le Gard, pr\u00e8s de N\u00eemes.\" srcset=\"https:\/\/florianfrison.com\/wp-content\/uploads\/2025\/12\/MariageFlotographie-4136_lwsoptimized.webp 1331w, https:\/\/florianfrison.com\/wp-content\/uploads\/2025\/12\/MariageFlotographie-4136_lwsoptimized-200x300.webp 200w, https:\/\/florianfrison.com\/wp-content\/uploads\/2025\/12\/MariageFlotographie-4136_lwsoptimized-681x1024.webp 681w, https:\/\/florianfrison.com\/wp-content\/uploads\/2025\/12\/MariageFlotographie-4136_lwsoptimized-768x1154.webp 768w, https:\/\/florianfrison.com\/wp-content\/uploads\/2025\/12\/MariageFlotographie-4136_lwsoptimized-1022x1536.webp 1022w, https:\/\/florianfrison.com\/wp-content\/uploads\/2025\/12\/MariageFlotographie-4136_lwsoptimized-8x12.webp 8w, https:\/\/florianfrison.com\/wp-content\/uploads\/2025\/12\/MariageFlotographie-4136_lwsoptimized-610x917.webp 610w, https:\/\/florianfrison.com\/wp-content\/uploads\/2025\/12\/MariageFlotographie-4136_lwsoptimized-1080x1623.webp 1080w, https:\/\/florianfrison.com\/wp-content\/uploads\/2025\/12\/MariageFlotographie-4136_lwsoptimized-1280x1923.webp 1280w, https:\/\/florianfrison.com\/wp-content\/uploads\/2025\/12\/MariageFlotographie-4136_lwsoptimized-980x1473.webp 980w, https:\/\/florianfrison.com\/wp-content\/uploads\/2025\/12\/MariageFlotographie-4136_lwsoptimized-480x721.webp 480w\" sizes=\"(max-width: 1022px) 100vw, 1022px\" \/>\n\t\t<div class=\"figc\">\n\t\t\t<div class=\"figc-inner\">\n\t\t\t\t\t\t\t\t\t\t\t\t\t<div class=\"jtg-description\">S\u00e9ance couple lors d'un mariage authentique dans le Gard, pr\u00e8s de N\u00eemes.<\/div>\n\t\t\t\t\t\t\t\t\t\t\t<\/div>\n\t\t<\/div>\n\n\t<\/div>\n\n<\/div><div class=\"modula-item effect-pufrobo\" >\n\t<div class=\"modula-item-overlay\"><\/div>\n\n\t<div class=\"modula-item-content\">\n\n\t\t<a data-image-id=\"432\" role=\"button\" tabindex=\"0\" rel=\"jtg-355\" data-caption=\"D\u00e9coration lors d&#039;une c\u00e9r\u00e9monie traditionnelle de mariage cambodgien \u00e0 l&#039;H\u00f4tel Aquabella, Aix-en-Provence.\" aria-label=\"Open image in lightbox\" class=\"tile-inner modula-item-link\"><\/a><img loading=\"lazy\" decoding=\"async\" class=\"pic wp-image-432\"  data-valign=\"middle\" data-halign=\"center\" alt=\"D\u00e9coration lors d&#039;une c\u00e9r\u00e9monie traditionnelle de mariage cambodgien \u00e0 l&#039;H\u00f4tel Aquabella, Aix-en-Provence.\" data-full=\"https:\/\/florianfrison.com\/wp-content\/uploads\/2025\/12\/MariageFlotographie-2999_lwsoptimized.avif\" title=\"Mariage-Cambodgien-Aix-en-Provence-Hotel-Aquabella\" crop=\"\" width=\"1022\" height=\"1536\" src=\"https:\/\/florianfrison.com\/wp-content\/uploads\/2025\/12\/MariageFlotographie-2999_lwsoptimized.avif\" data-src=\"https:\/\/florianfrison.com\/wp-content\/uploads\/2025\/12\/MariageFlotographie-2999_lwsoptimized.avif\" data-caption=\"D\u00e9coration lors d&#039;une c\u00e9r\u00e9monie traditionnelle de mariage cambodgien \u00e0 l&#039;H\u00f4tel Aquabella, Aix-en-Provence.\"\/>\n\t\t<div class=\"figc\">\n\t\t\t<div class=\"figc-inner\">\n\t\t\t\t\t\t\t\t\t\t\t\t\t<div class=\"jtg-description\">D\u00e9coration lors d'une c\u00e9r\u00e9monie traditionnelle de mariage cambodgien \u00e0 l'H\u00f4tel Aquabella, Aix-en-Provence.<\/div>\n\t\t\t\t\t\t\t\t\t\t\t<\/div>\n\t\t<\/div>\n\n\t<\/div>\n\n<\/div><div class=\"modula-item effect-pufrobo\" >\n\t<div class=\"modula-item-overlay\"><\/div>\n\n\t<div class=\"modula-item-content\">\n\n\t\t<a data-image-id=\"453\" role=\"button\" tabindex=\"0\" rel=\"jtg-355\" data-caption=\"Regard de la mari\u00e9e sur son \u00e9poux au Ch\u00e2teau La Beaumetane - Florian Frison Photographe Mariage Provence.\" aria-label=\"Open image in lightbox\" class=\"tile-inner modula-item-link\"><\/a><img loading=\"lazy\" decoding=\"async\" class=\"pic wp-image-453\"  data-valign=\"middle\" data-halign=\"center\" alt=\"Regard de la mari\u00e9e sur son \u00e9poux au Ch\u00e2teau La Beaumetane - Florian Frison Photographe Mariage Provence.\" data-full=\"https:\/\/florianfrison.com\/wp-content\/uploads\/2025\/12\/MariageFlotographie-8577_lwsoptimized.avif\" title=\"Mariage Ch\u00e2teau La Beaumetane\" crop=\"\" width=\"1536\" height=\"1024\" src=\"https:\/\/florianfrison.com\/wp-content\/uploads\/2025\/12\/MariageFlotographie-8577_lwsoptimized.avif\" data-src=\"https:\/\/florianfrison.com\/wp-content\/uploads\/2025\/12\/MariageFlotographie-8577_lwsoptimized.avif\" data-caption=\"Regard de la mari\u00e9e sur son \u00e9poux au Ch\u00e2teau La Beaumetane - Florian Frison Photographe Mariage Provence.\"\/>\n\t\t<div class=\"figc\">\n\t\t\t<div class=\"figc-inner\">\n\t\t\t\t\t\t\t\t\t\t\t\t\t<div class=\"jtg-description\">Regard de la mari\u00e9e sur son \u00e9poux au Ch\u00e2teau La Beaumetane - Florian Frison Photographe Mariage Provence.<\/div>\n\t\t\t\t\t\t\t\t\t\t\t<\/div>\n\t\t<\/div>\n\n\t<\/div>\n\n<\/div><div class=\"modula-item effect-pufrobo\" >\n\t<div class=\"modula-item-overlay\"><\/div>\n\n\t<div class=\"modula-item-content\">\n\n\t\t<a data-image-id=\"1194\" role=\"button\" tabindex=\"0\" rel=\"jtg-355\" data-caption=\"Reportage de Mariage \u00e0 Saint-Jeoire-Prieur\u00e9 et Jacob-Bellecombette\" aria-label=\"Open image in lightbox\" class=\"tile-inner modula-item-link\"><\/a><img loading=\"lazy\" decoding=\"async\" class=\"pic wp-image-1194\"  data-valign=\"middle\" data-halign=\"center\" alt=\"Reportage de Mariage \u00e0 Saint-Jeoire-Prieur\u00e9 et Jacob-Bellecombette\" data-full=\"https:\/\/florianfrison.com\/wp-content\/uploads\/2026\/04\/MariageSiradaDamienFlorianFrison26-4416.avif\" title=\"MariageSirada&amp;amp;DamienFlorianFrison26-4416\" crop=\"\" width=\"1536\" height=\"1024\" src=\"https:\/\/florianfrison.com\/wp-content\/uploads\/2026\/04\/MariageSiradaDamienFlorianFrison26-4416.avif\" data-src=\"https:\/\/florianfrison.com\/wp-content\/uploads\/2026\/04\/MariageSiradaDamienFlorianFrison26-4416.avif\" data-caption=\"Reportage de Mariage \u00e0 Saint-Jeoire-Prieur\u00e9 et Jacob-Bellecombette\"\/>\n\t\t<div class=\"figc\">\n\t\t\t<div class=\"figc-inner\">\n\t\t\t\t\t\t\t\t\t\t\t\t\t<div class=\"jtg-description\">Reportage de Mariage \u00e0 Saint-Jeoire-Prieur\u00e9 et Jacob-Bellecombette<\/div>\n\t\t\t\t\t\t\t\t\t\t\t<\/div>\n\t\t<\/div>\n\n\t<\/div>\n\n<\/div><div class=\"modula-item effect-pufrobo\" >\n\t<div class=\"modula-item-overlay\"><\/div>\n\n\t<div class=\"modula-item-content\">\n\n\t\t<a data-image-id=\"944\" role=\"button\" tabindex=\"0\" rel=\"jtg-355\" data-caption=\"Mari\u00e9e \u00e9mue aux larmes \u00e9coutant un discours lors de son mariage au Ch\u00e2teau La Beaumetane en Provence.\" aria-label=\"Open image in lightbox\" class=\"tile-inner modula-item-link\"><\/a><img loading=\"lazy\" decoding=\"async\" class=\"pic wp-image-944\"  data-valign=\"middle\" data-halign=\"center\" alt=\"Mari\u00e9e \u00e9mue aux larmes \u00e9coutant un discours lors de son mariage au Ch\u00e2teau La Beaumetane en Provence.\" data-full=\"https:\/\/florianfrison.com\/wp-content\/uploads\/2026\/01\/MariageFlotographie-8815.avif\" title=\"Emotion-mariee-discours-chateau-la-beaumetane\" crop=\"\" width=\"1536\" height=\"1024\" src=\"https:\/\/florianfrison.com\/wp-content\/uploads\/2026\/01\/MariageFlotographie-8815.avif\" data-src=\"https:\/\/florianfrison.com\/wp-content\/uploads\/2026\/01\/MariageFlotographie-8815.avif\" data-caption=\"Mari\u00e9e \u00e9mue aux larmes \u00e9coutant un discours lors de son mariage au Ch\u00e2teau La Beaumetane en Provence.\"\/>\n\t\t<div class=\"figc\">\n\t\t\t<div class=\"figc-inner\">\n\t\t\t\t\t\t\t\t\t\t\t\t\t<div class=\"jtg-description\">Mari\u00e9e \u00e9mue aux larmes \u00e9coutant un discours lors de son mariage au Ch\u00e2teau La Beaumetane en Provence.<\/div>\n\t\t\t\t\t\t\t\t\t\t\t<\/div>\n\t\t<\/div>\n\n\t<\/div>\n\n<\/div><div class=\"modula-item effect-pufrobo\" >\n\t<div class=\"modula-item-overlay\"><\/div>\n\n\t<div class=\"modula-item-content\">\n\n\t\t<a data-image-id=\"422\" role=\"button\" tabindex=\"0\" rel=\"jtg-355\" data-caption=\"Couple de mari\u00e9s riant aux \u00e9clats sur un carrousel - Parc de la Maison Blanche Marseille\" aria-label=\"Open image in lightbox\" class=\"tile-inner modula-item-link\"><\/a><img loading=\"lazy\" decoding=\"async\" class=\"pic wp-image-422\"  data-valign=\"middle\" data-halign=\"center\" alt=\"Couple de mari\u00e9s riant aux \u00e9clats sur un carrousel - Parc de la Maison Blanche Marseille\" data-full=\"https:\/\/florianfrison.com\/wp-content\/uploads\/2025\/12\/MariageFlotographie-0149_lwsoptimized.avif\" title=\"Mariage Civil Parc Maison Blanche Marseille Couple Complice\" crop=\"\" width=\"1536\" height=\"1024\" src=\"https:\/\/florianfrison.com\/wp-content\/uploads\/2025\/12\/MariageFlotographie-0149_lwsoptimized.avif\" data-src=\"https:\/\/florianfrison.com\/wp-content\/uploads\/2025\/12\/MariageFlotographie-0149_lwsoptimized.avif\" data-caption=\"Couple de mari\u00e9s riant aux \u00e9clats sur un carrousel - Parc de la Maison Blanche Marseille\"\/>\n\t\t<div class=\"figc\">\n\t\t\t<div class=\"figc-inner\">\n\t\t\t\t\t\t\t\t\t\t\t\t\t<div class=\"jtg-description\">Couple de mari\u00e9s riant aux \u00e9clats sur un carrousel - Parc de la Maison Blanche Marseille<\/div>\n\t\t\t\t\t\t\t\t\t\t\t<\/div>\n\t\t<\/div>\n\n\t<\/div>\n\n<\/div><div class=\"modula-item effect-pufrobo\" >\n\t<div class=\"modula-item-overlay\"><\/div>\n\n\t<div class=\"modula-item-content\">\n\n\t\t<a data-image-id=\"454\" role=\"button\" tabindex=\"0\" rel=\"jtg-355\" data-caption=\"La soir\u00e9e au Ch\u00e2teau La Beaumetane - Florian Frison Photographe Mariage Provence.\" aria-label=\"Open image in lightbox\" class=\"tile-inner modula-item-link\"><\/a><img loading=\"lazy\" decoding=\"async\" class=\"pic wp-image-454\"  data-valign=\"middle\" data-halign=\"center\" alt=\"La soir\u00e9e au Ch\u00e2teau La Beaumetane - Florian Frison Photographe Mariage Provence.\" data-full=\"https:\/\/florianfrison.com\/wp-content\/uploads\/2025\/12\/MariageFlotographie-8618_lwsoptimized.avif\" title=\"Mariage Ch\u00e2teau La Beaumetane\" crop=\"\" width=\"1536\" height=\"1024\" src=\"https:\/\/florianfrison.com\/wp-content\/uploads\/2025\/12\/MariageFlotographie-8618_lwsoptimized.avif\" data-src=\"https:\/\/florianfrison.com\/wp-content\/uploads\/2025\/12\/MariageFlotographie-8618_lwsoptimized.avif\" data-caption=\"La soir\u00e9e au Ch\u00e2teau La Beaumetane - Florian Frison Photographe Mariage Provence.\"\/>\n\t\t<div class=\"figc\">\n\t\t\t<div class=\"figc-inner\">\n\t\t\t\t\t\t\t\t\t\t\t\t\t<div class=\"jtg-description\">La soir\u00e9e au Ch\u00e2teau La Beaumetane - Florian Frison Photographe Mariage Provence.<\/div>\n\t\t\t\t\t\t\t\t\t\t\t<\/div>\n\t\t<\/div>\n\n\t<\/div>\n\n<\/div><div class=\"modula-item effect-pufrobo\" >\n\t<div class=\"modula-item-overlay\"><\/div>\n\n\t<div class=\"modula-item-content\">\n\n\t\t<a data-image-id=\"1195\" role=\"button\" tabindex=\"0\" rel=\"jtg-355\" data-caption=\"Reportage de Mariage \u00e0 Saint-Jeoire-Prieur\u00e9 et Jacob-Bellecombette\" aria-label=\"Open image in lightbox\" class=\"tile-inner modula-item-link\"><\/a><img loading=\"lazy\" decoding=\"async\" class=\"pic wp-image-1195\"  data-valign=\"middle\" data-halign=\"center\" alt=\"Reportage de Mariage \u00e0 Saint-Jeoire-Prieur\u00e9 et Jacob-Bellecombette\" data-full=\"https:\/\/florianfrison.com\/wp-content\/uploads\/2026\/04\/MariageSiradaDamienFlorianFrison26-4461.webp\" title=\"MariageSirada&amp;amp;DamienFlorianFrison26-4461\" crop=\"\" width=\"1536\" height=\"1024\" src=\"https:\/\/florianfrison.com\/wp-content\/uploads\/2026\/04\/MariageSiradaDamienFlorianFrison26-4461-1536x1024.webp\" data-src=\"https:\/\/florianfrison.com\/wp-content\/uploads\/2026\/04\/MariageSiradaDamienFlorianFrison26-4461-1536x1024.webp\" data-caption=\"Reportage de Mariage \u00e0 Saint-Jeoire-Prieur\u00e9 et Jacob-Bellecombette\" srcset=\"https:\/\/florianfrison.com\/wp-content\/uploads\/2026\/04\/MariageSiradaDamienFlorianFrison26-4461.webp 1536w, https:\/\/florianfrison.com\/wp-content\/uploads\/2026\/04\/MariageSiradaDamienFlorianFrison26-4461-1280x853.webp 1280w, https:\/\/florianfrison.com\/wp-content\/uploads\/2026\/04\/MariageSiradaDamienFlorianFrison26-4461-980x653.webp 980w, https:\/\/florianfrison.com\/wp-content\/uploads\/2026\/04\/MariageSiradaDamienFlorianFrison26-4461-480x320.webp 480w\" sizes=\"(min-width: 0px) and (max-width: 480px) 480px, (min-width: 481px) and (max-width: 980px) 980px, (min-width: 981px) and (max-width: 1280px) 1280px, (min-width: 1281px) 1536px, 100vw\" \/>\n\t\t<div class=\"figc\">\n\t\t\t<div class=\"figc-inner\">\n\t\t\t\t\t\t\t\t\t\t\t\t\t<div class=\"jtg-description\">Reportage de Mariage \u00e0 Saint-Jeoire-Prieur\u00e9 et Jacob-Bellecombette<\/div>\n\t\t\t\t\t\t\t\t\t\t\t<\/div>\n\t\t<\/div>\n\n\t<\/div>\n\n<\/div><div class=\"modula-item effect-pufrobo\" >\n\t<div class=\"modula-item-overlay\"><\/div>\n\n\t<div class=\"modula-item-content\">\n\n\t\t<a data-image-id=\"112\" role=\"button\" tabindex=\"0\" rel=\"jtg-355\" data-caption=\"Mari\u00e9e riant aux \u00e9clats dans les bras d&#039;un proche devant la voiture - Mariage civil \u00e0 la Mairie de Mauguio H\u00e9rault - Photographe style vif\" aria-label=\"Open image in lightbox\" class=\"tile-inner modula-item-link\"><\/a><img loading=\"lazy\" decoding=\"async\" class=\"pic wp-image-112\"  data-valign=\"middle\" data-halign=\"center\" alt=\"Mari\u00e9e riant aux \u00e9clats dans les bras d&#039;un proche devant la voiture - Mariage civil \u00e0 la Mairie de Mauguio H\u00e9rault - Photographe style vif\" data-full=\"https:\/\/florianfrison.com\/wp-content\/uploads\/2025\/11\/MariageFlotographie-6471_lwsoptimized.avif\" title=\"Mariage Mairie Mauguio H\u00e9rault &amp;#8211; \u00c9motion Spontan\u00e9e\" crop=\"\" width=\"1536\" height=\"1024\" src=\"https:\/\/florianfrison.com\/wp-content\/uploads\/2025\/11\/MariageFlotographie-6471_lwsoptimized.avif\" data-src=\"https:\/\/florianfrison.com\/wp-content\/uploads\/2025\/11\/MariageFlotographie-6471_lwsoptimized.avif\" data-caption=\"Mari\u00e9e riant aux \u00e9clats dans les bras d&#039;un proche devant la voiture - Mariage civil \u00e0 la Mairie de Mauguio H\u00e9rault - Photographe style vif\"\/>\n\t\t<div class=\"figc\">\n\t\t\t<div class=\"figc-inner\">\n\t\t\t\t\t\t\t\t\t\t\t\t\t<div class=\"jtg-description\">Mari\u00e9e riant aux \u00e9clats dans les bras d'un proche devant la voiture - Mariage civil \u00e0 la Mairie de Mauguio H\u00e9rault - Photographe style vif<\/div>\n\t\t\t\t\t\t\t\t\t\t\t<\/div>\n\t\t<\/div>\n\n\t<\/div>\n\n<\/div><div class=\"modula-item effect-pufrobo\" >\n\t<div class=\"modula-item-overlay\"><\/div>\n\n\t<div class=\"modula-item-content\">\n\n\t\t<a data-image-id=\"297\" role=\"button\" tabindex=\"0\" rel=\"jtg-355\" data-caption=\"\u00c9motion du mari\u00e9 lors d&#039;une c\u00e9r\u00e9monie traditionnelle de mariage cambodgien \u00e0 l&#039;H\u00f4tel Aquabella, Aix-en-Provence.\" aria-label=\"Open image in lightbox\" class=\"tile-inner modula-item-link\"><\/a><img loading=\"lazy\" decoding=\"async\" class=\"pic wp-image-297\"  data-valign=\"middle\" data-halign=\"center\" alt=\"\u00c9motion du mari\u00e9 lors d&#039;une c\u00e9r\u00e9monie traditionnelle de mariage cambodgien \u00e0 l&#039;H\u00f4tel Aquabella, Aix-en-Provence.\" data-full=\"https:\/\/florianfrison.com\/wp-content\/uploads\/2025\/12\/MariageFlotographie-3240_lwsoptimized.avif\" title=\"Mariage-Cambodgien-Aix-en-Provence-Hotel-Aquabella\" crop=\"\" width=\"1536\" height=\"1022\" src=\"https:\/\/florianfrison.com\/wp-content\/uploads\/2025\/12\/MariageFlotographie-3240_lwsoptimized.avif\" data-src=\"https:\/\/florianfrison.com\/wp-content\/uploads\/2025\/12\/MariageFlotographie-3240_lwsoptimized.avif\" data-caption=\"\u00c9motion du mari\u00e9 lors d&#039;une c\u00e9r\u00e9monie traditionnelle de mariage cambodgien \u00e0 l&#039;H\u00f4tel Aquabella, Aix-en-Provence.\"\/>\n\t\t<div class=\"figc\">\n\t\t\t<div class=\"figc-inner\">\n\t\t\t\t\t\t\t\t\t\t\t\t\t<div class=\"jtg-description\">\u00c9motion du mari\u00e9 lors d'une c\u00e9r\u00e9monie traditionnelle de mariage cambodgien \u00e0 l'H\u00f4tel Aquabella, Aix-en-Provence.<\/div>\n\t\t\t\t\t\t\t\t\t\t\t<\/div>\n\t\t<\/div>\n\n\t<\/div>\n\n<\/div><div class=\"modula-item effect-pufrobo\" >\n\t<div class=\"modula-item-overlay\"><\/div>\n\n\t<div class=\"modula-item-content\">\n\n\t\t<a data-image-id=\"440\" role=\"button\" tabindex=\"0\" rel=\"jtg-355\" data-caption=\"Une m\u00e8re et sa fille danse lors d&#039;un mariage authentique dans le Gard, pr\u00e8s de N\u00eemes.\" aria-label=\"Open image in lightbox\" class=\"tile-inner modula-item-link\"><\/a><img loading=\"lazy\" decoding=\"async\" class=\"pic wp-image-440\"  data-valign=\"middle\" data-halign=\"center\" alt=\"Une m\u00e8re et sa fille danse lors d&#039;un mariage authentique dans le Gard, pr\u00e8s de N\u00eemes.\" data-full=\"https:\/\/florianfrison.com\/wp-content\/uploads\/2025\/12\/MariageFlotographie-4794_lwsoptimized.avif\" title=\"Enfant-m\u00e8re-Salle-Mariage-Gard-Nimes-Emotion\" crop=\"\" width=\"1536\" height=\"1022\" src=\"https:\/\/florianfrison.com\/wp-content\/uploads\/2025\/12\/MariageFlotographie-4794_lwsoptimized.avif\" data-src=\"https:\/\/florianfrison.com\/wp-content\/uploads\/2025\/12\/MariageFlotographie-4794_lwsoptimized.avif\" data-caption=\"Une m\u00e8re et sa fille danse lors d&#039;un mariage authentique dans le Gard, pr\u00e8s de N\u00eemes.\"\/>\n\t\t<div class=\"figc\">\n\t\t\t<div class=\"figc-inner\">\n\t\t\t\t\t\t\t\t\t\t\t\t\t<div class=\"jtg-description\">Une m\u00e8re et sa fille danse lors d'un mariage authentique dans le Gard, pr\u00e8s de N\u00eemes.<\/div>\n\t\t\t\t\t\t\t\t\t\t\t<\/div>\n\t\t<\/div>\n\n\t<\/div>\n\n<\/div><div class=\"modula-item effect-pufrobo\" >\n\t<div class=\"modula-item-overlay\"><\/div>\n\n\t<div class=\"modula-item-content\">\n\n\t\t<a data-image-id=\"980\" role=\"button\" tabindex=\"0\" rel=\"jtg-355\" data-caption=\"Portrait sur le vif du mari\u00e9 souriant lors d&#039;une c\u00e9r\u00e9monie de mariage \u00e0 la mairie de Sault, au pied du Mont Ventoux.\" aria-label=\"Open image in lightbox\" class=\"tile-inner modula-item-link\"><\/a><img loading=\"lazy\" decoding=\"async\" class=\"pic wp-image-980\"  data-valign=\"middle\" data-halign=\"center\" alt=\"Portrait sur le vif du mari\u00e9 souriant lors d&#039;une c\u00e9r\u00e9monie de mariage \u00e0 la mairie de Sault, au pied du Mont Ventoux.\" data-full=\"https:\/\/florianfrison.com\/wp-content\/uploads\/2026\/01\/MariageFlotographie-9908.avif\" title=\"Mari\u00e9-Mariage-Sourire-Mairie-Sault-Ventoux\" crop=\"\" width=\"1536\" height=\"1024\" src=\"https:\/\/florianfrison.com\/wp-content\/uploads\/2026\/01\/MariageFlotographie-9908.avif\" data-src=\"https:\/\/florianfrison.com\/wp-content\/uploads\/2026\/01\/MariageFlotographie-9908.avif\" data-caption=\"Portrait sur le vif du mari\u00e9 souriant lors d&#039;une c\u00e9r\u00e9monie de mariage \u00e0 la mairie de Sault, au pied du Mont Ventoux.\"\/>\n\t\t<div class=\"figc\">\n\t\t\t<div class=\"figc-inner\">\n\t\t\t\t\t\t\t\t\t\t\t\t\t<div class=\"jtg-description\">Portrait sur le vif du mari\u00e9 souriant lors d'une c\u00e9r\u00e9monie de mariage \u00e0 la mairie de Sault, au pied du Mont Ventoux.<\/div>\n\t\t\t\t\t\t\t\t\t\t\t<\/div>\n\t\t<\/div>\n\n\t<\/div>\n\n<\/div><div class=\"modula-item effect-pufrobo\" >\n\t<div class=\"modula-item-overlay\"><\/div>\n\n\t<div class=\"modula-item-content\">\n\n\t\t<a data-image-id=\"1189\" role=\"button\" tabindex=\"0\" rel=\"jtg-355\" data-caption=\"Reportage de Mariage \u00e0 Saint-Jeoire-Prieur\u00e9 et Jacob-Bellecombette\" aria-label=\"Open image in lightbox\" class=\"tile-inner modula-item-link\"><\/a><img loading=\"lazy\" decoding=\"async\" class=\"pic wp-image-1189\"  data-valign=\"middle\" data-halign=\"center\" alt=\"Reportage de Mariage \u00e0 Saint-Jeoire-Prieur\u00e9 et Jacob-Bellecombette\" data-full=\"https:\/\/florianfrison.com\/wp-content\/uploads\/2026\/04\/MariageSiradaDamienFlorianFrison26-4306.avif\" title=\"MariageSirada&amp;amp;DamienFlorianFrison26-4306\" crop=\"\" width=\"1536\" height=\"1024\" src=\"https:\/\/florianfrison.com\/wp-content\/uploads\/2026\/04\/MariageSiradaDamienFlorianFrison26-4306.avif\" data-src=\"https:\/\/florianfrison.com\/wp-content\/uploads\/2026\/04\/MariageSiradaDamienFlorianFrison26-4306.avif\" data-caption=\"Reportage de Mariage \u00e0 Saint-Jeoire-Prieur\u00e9 et Jacob-Bellecombette\"\/>\n\t\t<div class=\"figc\">\n\t\t\t<div class=\"figc-inner\">\n\t\t\t\t\t\t\t\t\t\t\t\t\t<div class=\"jtg-description\">Reportage de Mariage \u00e0 Saint-Jeoire-Prieur\u00e9 et Jacob-Bellecombette<\/div>\n\t\t\t\t\t\t\t\t\t\t\t<\/div>\n\t\t<\/div>\n\n\t<\/div>\n\n<\/div><div class=\"modula-item effect-pufrobo\" >\n\t<div class=\"modula-item-overlay\"><\/div>\n\n\t<div class=\"modula-item-content\">\n\n\t\t<a data-image-id=\"1203\" role=\"button\" tabindex=\"0\" rel=\"jtg-355\" data-caption=\"Reportage de Mariage \u00e0 Saint-Jeoire-Prieur\u00e9 et Jacob-Bellecombette\" aria-label=\"Open image in lightbox\" class=\"tile-inner modula-item-link\"><\/a><img loading=\"lazy\" decoding=\"async\" class=\"pic wp-image-1203\"  data-valign=\"middle\" data-halign=\"center\" alt=\"Reportage de Mariage \u00e0 Saint-Jeoire-Prieur\u00e9 et Jacob-Bellecombette\" data-full=\"https:\/\/florianfrison.com\/wp-content\/uploads\/2026\/04\/MariageSiradaDamienFlorianFrison26-4942.avif\" title=\"MariageSirada&amp;amp;DamienFlorianFrison26-4942\" crop=\"\" width=\"1536\" height=\"1024\" src=\"https:\/\/florianfrison.com\/wp-content\/uploads\/2026\/04\/MariageSiradaDamienFlorianFrison26-4942.avif\" data-src=\"https:\/\/florianfrison.com\/wp-content\/uploads\/2026\/04\/MariageSiradaDamienFlorianFrison26-4942.avif\" data-caption=\"Reportage de Mariage \u00e0 Saint-Jeoire-Prieur\u00e9 et Jacob-Bellecombette\"\/>\n\t\t<div class=\"figc\">\n\t\t\t<div class=\"figc-inner\">\n\t\t\t\t\t\t\t\t\t\t\t\t\t<div class=\"jtg-description\">Reportage de Mariage \u00e0 Saint-Jeoire-Prieur\u00e9 et Jacob-Bellecombette<\/div>\n\t\t\t\t\t\t\t\t\t\t\t<\/div>\n\t\t<\/div>\n\n\t<\/div>\n\n<\/div><div class=\"modula-item effect-pufrobo\" >\n\t<div class=\"modula-item-overlay\"><\/div>\n\n\t<div class=\"modula-item-content\">\n\n\t\t<a data-image-id=\"1191\" role=\"button\" tabindex=\"0\" rel=\"jtg-355\" data-caption=\"Reportage de Mariage \u00e0 Saint-Jeoire-Prieur\u00e9 et Jacob-Bellecombette\" aria-label=\"Open image in lightbox\" class=\"tile-inner modula-item-link\"><\/a><img loading=\"lazy\" decoding=\"async\" class=\"pic wp-image-1191\"  data-valign=\"middle\" data-halign=\"center\" alt=\"Reportage de Mariage \u00e0 Saint-Jeoire-Prieur\u00e9 et Jacob-Bellecombette\" data-full=\"https:\/\/florianfrison.com\/wp-content\/uploads\/2026\/04\/MariageSiradaDamienFlorianFrison26-4347.avif\" title=\"MariageSirada&amp;amp;DamienFlorianFrison26-4347\" crop=\"\" width=\"1536\" height=\"1024\" src=\"https:\/\/florianfrison.com\/wp-content\/uploads\/2026\/04\/MariageSiradaDamienFlorianFrison26-4347.avif\" data-src=\"https:\/\/florianfrison.com\/wp-content\/uploads\/2026\/04\/MariageSiradaDamienFlorianFrison26-4347.avif\" data-caption=\"Reportage de Mariage \u00e0 Saint-Jeoire-Prieur\u00e9 et Jacob-Bellecombette\"\/>\n\t\t<div class=\"figc\">\n\t\t\t<div class=\"figc-inner\">\n\t\t\t\t\t\t\t\t\t\t\t\t\t<div class=\"jtg-description\">Reportage de Mariage \u00e0 Saint-Jeoire-Prieur\u00e9 et Jacob-Bellecombette<\/div>\n\t\t\t\t\t\t\t\t\t\t\t<\/div>\n\t\t<\/div>\n\n\t<\/div>\n\n<\/div><div class=\"modula-item effect-pufrobo\" >\n\t<div class=\"modula-item-overlay\"><\/div>\n\n\t<div class=\"modula-item-content\">\n\n\t\t<a data-image-id=\"439\" role=\"button\" tabindex=\"0\" rel=\"jtg-355\" data-caption=\"Un couple d&#039;invit\u00e9 pose dans la joie lors d&#039;un mariage authentique dans le Gard, pr\u00e8s de N\u00eemes.\" aria-label=\"Open image in lightbox\" class=\"tile-inner modula-item-link\"><\/a><img loading=\"lazy\" decoding=\"async\" class=\"pic wp-image-439\"  data-valign=\"middle\" data-halign=\"center\" alt=\"Un couple d&#039;invit\u00e9 pose dans la joie lors d&#039;un mariage authentique dans le Gard, pr\u00e8s de N\u00eemes.\" data-full=\"https:\/\/florianfrison.com\/wp-content\/uploads\/2025\/12\/MariageFlotographie-4364_lwsoptimized.avif\" title=\"Pose-Salle-Mariage-Gard-Nimes-Emotion\" crop=\"\" width=\"1536\" height=\"1022\" src=\"https:\/\/florianfrison.com\/wp-content\/uploads\/2025\/12\/MariageFlotographie-4364_lwsoptimized.avif\" data-src=\"https:\/\/florianfrison.com\/wp-content\/uploads\/2025\/12\/MariageFlotographie-4364_lwsoptimized.avif\" data-caption=\"Un couple d&#039;invit\u00e9 pose dans la joie lors d&#039;un mariage authentique dans le Gard, pr\u00e8s de N\u00eemes.\"\/>\n\t\t<div class=\"figc\">\n\t\t\t<div class=\"figc-inner\">\n\t\t\t\t\t\t\t\t\t\t\t\t\t<div class=\"jtg-description\">Un couple d'invit\u00e9 pose dans la joie lors d'un mariage authentique dans le Gard, pr\u00e8s de N\u00eemes.<\/div>\n\t\t\t\t\t\t\t\t\t\t\t<\/div>\n\t\t<\/div>\n\n\t<\/div>\n\n<\/div><div class=\"modula-item effect-pufrobo\" >\n\t<div class=\"modula-item-overlay\"><\/div>\n\n\t<div class=\"modula-item-content\">\n\n\t\t<a data-image-id=\"1188\" role=\"button\" tabindex=\"0\" rel=\"jtg-355\" data-caption=\"Reportage de Mariage \u00e0 Saint-Jeoire-Prieur\u00e9 et Jacob-Bellecombette\" aria-label=\"Open image in lightbox\" class=\"tile-inner modula-item-link\"><\/a><img loading=\"lazy\" decoding=\"async\" class=\"pic wp-image-1188\"  data-valign=\"middle\" data-halign=\"center\" alt=\"Reportage de Mariage \u00e0 Saint-Jeoire-Prieur\u00e9 et Jacob-Bellecombette\" data-full=\"https:\/\/florianfrison.com\/wp-content\/uploads\/2026\/04\/MariageSiradaDamienFlorianFrison26-4276.avif\" title=\"MariageSirada&amp;amp;DamienFlorianFrison26-4276\" crop=\"\" width=\"1536\" height=\"1024\" src=\"https:\/\/florianfrison.com\/wp-content\/uploads\/2026\/04\/MariageSiradaDamienFlorianFrison26-4276.avif\" data-src=\"https:\/\/florianfrison.com\/wp-content\/uploads\/2026\/04\/MariageSiradaDamienFlorianFrison26-4276.avif\" data-caption=\"Reportage de Mariage \u00e0 Saint-Jeoire-Prieur\u00e9 et Jacob-Bellecombette\"\/>\n\t\t<div class=\"figc\">\n\t\t\t<div class=\"figc-inner\">\n\t\t\t\t\t\t\t\t\t\t\t\t\t<div class=\"jtg-description\">Reportage de Mariage \u00e0 Saint-Jeoire-Prieur\u00e9 et Jacob-Bellecombette<\/div>\n\t\t\t\t\t\t\t\t\t\t\t<\/div>\n\t\t<\/div>\n\n\t<\/div>\n\n<\/div><div class=\"modula-item effect-pufrobo\" >\n\t<div class=\"modula-item-overlay\"><\/div>\n\n\t<div class=\"modula-item-content\">\n\n\t\t<a data-image-id=\"461\" role=\"button\" tabindex=\"0\" rel=\"jtg-355\" data-caption=\"Portrait sur le vif d&#039;une invit\u00e9e souriant lors d&#039;une c\u00e9r\u00e9monie de mariage \u00e0 la mairie de Sault, au pied du Mont Ventoux.\" aria-label=\"Open image in lightbox\" class=\"tile-inner modula-item-link\"><\/a><img loading=\"lazy\" decoding=\"async\" class=\"pic wp-image-461\"  data-valign=\"middle\" data-halign=\"center\" alt=\"Portrait sur le vif d&#039;une invit\u00e9e souriant lors d&#039;une c\u00e9r\u00e9monie de mariage \u00e0 la mairie de Sault, au pied du Mont Ventoux.\" data-full=\"https:\/\/florianfrison.com\/wp-content\/uploads\/2025\/12\/MariageFlotographie-9960_lwsoptimized.avif\" title=\"Invit\u00e9e-Mariage-Sourire-Mairie-Sault-Ventoux\" crop=\"\" width=\"1536\" height=\"1024\" src=\"https:\/\/florianfrison.com\/wp-content\/uploads\/2025\/12\/MariageFlotographie-9960_lwsoptimized.avif\" data-src=\"https:\/\/florianfrison.com\/wp-content\/uploads\/2025\/12\/MariageFlotographie-9960_lwsoptimized.avif\" data-caption=\"Portrait sur le vif d&#039;une invit\u00e9e souriant lors d&#039;une c\u00e9r\u00e9monie de mariage \u00e0 la mairie de Sault, au pied du Mont Ventoux.\"\/>\n\t\t<div class=\"figc\">\n\t\t\t<div class=\"figc-inner\">\n\t\t\t\t\t\t\t\t\t\t\t\t\t<div class=\"jtg-description\">Portrait sur le vif d'une invit\u00e9e souriant lors d'une c\u00e9r\u00e9monie de mariage \u00e0 la mairie de Sault, au pied du Mont Ventoux.<\/div>\n\t\t\t\t\t\t\t\t\t\t\t<\/div>\n\t\t<\/div>\n\n\t<\/div>\n\n<\/div><div class=\"modula-item effect-pufrobo\" >\n\t<div class=\"modula-item-overlay\"><\/div>\n\n\t<div class=\"modula-item-content\">\n\n\t\t<a data-image-id=\"769\" role=\"button\" tabindex=\"0\" rel=\"jtg-355\" data-caption=\"Invit\u00e9s mariage russe ambiance festive soir\u00e9e dansante Ch\u00e2teau la Beaumetane Lan\u00e7on-Provence.\" aria-label=\"Open image in lightbox\" class=\"tile-inner modula-item-link\"><\/a><img loading=\"lazy\" decoding=\"async\" class=\"pic wp-image-769\"  data-valign=\"middle\" data-halign=\"center\" alt=\"Invit\u00e9s mariage russe ambiance festive soir\u00e9e dansante Ch\u00e2teau la Beaumetane Lan\u00e7on-Provence.\" data-full=\"https:\/\/florianfrison.com\/wp-content\/uploads\/2025\/12\/MariageFlotographie-9611_lwsoptimized.avif\" title=\"MariageFlotographie-9611\" crop=\"\" width=\"1536\" height=\"1024\" src=\"https:\/\/florianfrison.com\/wp-content\/uploads\/2025\/12\/MariageFlotographie-9611_lwsoptimized.avif\" data-src=\"https:\/\/florianfrison.com\/wp-content\/uploads\/2025\/12\/MariageFlotographie-9611_lwsoptimized.avif\" data-caption=\"Invit\u00e9s mariage russe ambiance festive soir\u00e9e dansante Ch\u00e2teau la Beaumetane Lan\u00e7on-Provence.\"\/>\n\t\t<div class=\"figc\">\n\t\t\t<div class=\"figc-inner\">\n\t\t\t\t\t\t\t\t\t\t\t\t\t<div class=\"jtg-description\">Invit\u00e9s mariage russe ambiance festive soir\u00e9e dansante Ch\u00e2teau la Beaumetane Lan\u00e7on-Provence.<\/div>\n\t\t\t\t\t\t\t\t\t\t\t<\/div>\n\t\t<\/div>\n\n\t<\/div>\n\n<\/div><div class=\"modula-item effect-pufrobo\" >\n\t<div class=\"modula-item-overlay\"><\/div>\n\n\t<div class=\"modula-item-content\">\n\n\t\t<a data-image-id=\"1192\" role=\"button\" tabindex=\"0\" rel=\"jtg-355\" data-caption=\"Reportage de Mariage \u00e0 Saint-Jeoire-Prieur\u00e9 et Jacob-Bellecombette\" aria-label=\"Open image in lightbox\" class=\"tile-inner modula-item-link\"><\/a><img loading=\"lazy\" decoding=\"async\" class=\"pic wp-image-1192\"  data-valign=\"middle\" data-halign=\"center\" alt=\"Reportage de Mariage \u00e0 Saint-Jeoire-Prieur\u00e9 et Jacob-Bellecombette\" data-full=\"https:\/\/florianfrison.com\/wp-content\/uploads\/2026\/04\/MariageSiradaDamienFlorianFrison26-4383.avif\" title=\"MariageSirada&amp;amp;DamienFlorianFrison26-4383\" crop=\"\" width=\"1536\" height=\"1024\" src=\"https:\/\/florianfrison.com\/wp-content\/uploads\/2026\/04\/MariageSiradaDamienFlorianFrison26-4383.avif\" data-src=\"https:\/\/florianfrison.com\/wp-content\/uploads\/2026\/04\/MariageSiradaDamienFlorianFrison26-4383.avif\" data-caption=\"Reportage de Mariage \u00e0 Saint-Jeoire-Prieur\u00e9 et Jacob-Bellecombette\"\/>\n\t\t<div class=\"figc\">\n\t\t\t<div class=\"figc-inner\">\n\t\t\t\t\t\t\t\t\t\t\t\t\t<div class=\"jtg-description\">Reportage de Mariage \u00e0 Saint-Jeoire-Prieur\u00e9 et Jacob-Bellecombette<\/div>\n\t\t\t\t\t\t\t\t\t\t\t<\/div>\n\t\t<\/div>\n\n\t<\/div>\n\n<\/div><div class=\"modula-item effect-pufrobo\" >\n\t<div class=\"modula-item-overlay\"><\/div>\n\n\t<div class=\"modula-item-content\">\n\n\t\t<a data-image-id=\"1190\" role=\"button\" tabindex=\"0\" rel=\"jtg-355\" data-caption=\"Reportage de Mariage \u00e0 Saint-Jeoire-Prieur\u00e9 et Jacob-Bellecombette\" aria-label=\"Open image in lightbox\" class=\"tile-inner modula-item-link\"><\/a><img loading=\"lazy\" decoding=\"async\" class=\"pic wp-image-1190\"  data-valign=\"middle\" data-halign=\"center\" alt=\"Reportage de Mariage \u00e0 Saint-Jeoire-Prieur\u00e9 et Jacob-Bellecombette\" data-full=\"https:\/\/florianfrison.com\/wp-content\/uploads\/2026\/04\/MariageSiradaDamienFlorianFrison26-4344.avif\" title=\"MariageSirada&amp;amp;DamienFlorianFrison26-4344\" crop=\"\" width=\"1536\" height=\"1024\" src=\"https:\/\/florianfrison.com\/wp-content\/uploads\/2026\/04\/MariageSiradaDamienFlorianFrison26-4344.avif\" data-src=\"https:\/\/florianfrison.com\/wp-content\/uploads\/2026\/04\/MariageSiradaDamienFlorianFrison26-4344.avif\" data-caption=\"Reportage de Mariage \u00e0 Saint-Jeoire-Prieur\u00e9 et Jacob-Bellecombette\"\/>\n\t\t<div class=\"figc\">\n\t\t\t<div class=\"figc-inner\">\n\t\t\t\t\t\t\t\t\t\t\t\t\t<div class=\"jtg-description\">Reportage de Mariage \u00e0 Saint-Jeoire-Prieur\u00e9 et Jacob-Bellecombette<\/div>\n\t\t\t\t\t\t\t\t\t\t\t<\/div>\n\t\t<\/div>\n\n\t<\/div>\n\n<\/div><div class=\"modula-item effect-pufrobo\" >\n\t<div class=\"modula-item-overlay\"><\/div>\n\n\t<div class=\"modula-item-content\">\n\n\t\t<a data-image-id=\"1201\" role=\"button\" tabindex=\"0\" rel=\"jtg-355\" data-caption=\"Reportage de Mariage \u00e0 Saint-Jeoire-Prieur\u00e9 et Jacob-Bellecombette\" aria-label=\"Open image in lightbox\" class=\"tile-inner modula-item-link\"><\/a><img loading=\"lazy\" decoding=\"async\" class=\"pic wp-image-1201\"  data-valign=\"middle\" data-halign=\"center\" alt=\"Reportage de Mariage \u00e0 Saint-Jeoire-Prieur\u00e9 et Jacob-Bellecombette\" data-full=\"https:\/\/florianfrison.com\/wp-content\/uploads\/2026\/04\/MariageSiradaDamienFlorianFrison26-4798.avif\" title=\"MariageSirada&amp;amp;DamienFlorianFrison26-4798\" crop=\"\" width=\"1536\" height=\"1024\" src=\"https:\/\/florianfrison.com\/wp-content\/uploads\/2026\/04\/MariageSiradaDamienFlorianFrison26-4798.avif\" data-src=\"https:\/\/florianfrison.com\/wp-content\/uploads\/2026\/04\/MariageSiradaDamienFlorianFrison26-4798.avif\" data-caption=\"Reportage de Mariage \u00e0 Saint-Jeoire-Prieur\u00e9 et Jacob-Bellecombette\"\/>\n\t\t<div class=\"figc\">\n\t\t\t<div class=\"figc-inner\">\n\t\t\t\t\t\t\t\t\t\t\t\t\t<div class=\"jtg-description\">Reportage de Mariage \u00e0 Saint-Jeoire-Prieur\u00e9 et Jacob-Bellecombette<\/div>\n\t\t\t\t\t\t\t\t\t\t\t<\/div>\n\t\t<\/div>\n\n\t<\/div>\n\n<\/div><div class=\"modula-item effect-pufrobo\" >\n\t<div class=\"modula-item-overlay\"><\/div>\n\n\t<div class=\"modula-item-content\">\n\n\t\t<a data-image-id=\"425\" role=\"button\" tabindex=\"0\" rel=\"jtg-355\" data-caption=\"Couple invit\u00e9 posant au couch\u00e9 de soleil, pr\u00e8s de Sault et du Mont Ventoux.\" aria-label=\"Open image in lightbox\" class=\"tile-inner modula-item-link\"><\/a><img loading=\"lazy\" decoding=\"async\" class=\"pic wp-image-425\"  data-valign=\"middle\" data-halign=\"center\" alt=\"Couple invit\u00e9 posant au couch\u00e9 de soleil, pr\u00e8s de Sault et du Mont Ventoux.\" data-full=\"https:\/\/florianfrison.com\/wp-content\/uploads\/2025\/12\/MariageFlotographie-0967_lwsoptimized.avif\" title=\"Mariage-Domaine-La-Tour-Sault-Ventoux\" crop=\"\" width=\"1536\" height=\"1024\" src=\"https:\/\/florianfrison.com\/wp-content\/uploads\/2025\/12\/MariageFlotographie-0967_lwsoptimized.avif\" data-src=\"https:\/\/florianfrison.com\/wp-content\/uploads\/2025\/12\/MariageFlotographie-0967_lwsoptimized.avif\" data-caption=\"Couple invit\u00e9 posant au couch\u00e9 de soleil, pr\u00e8s de Sault et du Mont Ventoux.\"\/>\n\t\t<div class=\"figc\">\n\t\t\t<div class=\"figc-inner\">\n\t\t\t\t\t\t\t\t\t\t\t\t\t<div class=\"jtg-description\">Couple invit\u00e9 posant au couch\u00e9 de soleil, pr\u00e8s de Sault et du Mont Ventoux.<\/div>\n\t\t\t\t\t\t\t\t\t\t\t<\/div>\n\t\t<\/div>\n\n\t<\/div>\n\n<\/div><div class=\"modula-item effect-pufrobo\" >\n\t<div class=\"modula-item-overlay\"><\/div>\n\n\t<div class=\"modula-item-content\">\n\n\t\t<a data-image-id=\"447\" role=\"button\" tabindex=\"0\" rel=\"jtg-355\" data-caption=\"Remise des alliances par les mari\u00e9s lors de la c\u00e9r\u00e9monie civile \u00e0 la Mairie de Mauguio.\" aria-label=\"Open image in lightbox\" class=\"tile-inner modula-item-link\"><\/a><img loading=\"lazy\" decoding=\"async\" class=\"pic wp-image-447\"  data-valign=\"middle\" data-halign=\"center\" alt=\"Remise des alliances par les mari\u00e9s lors de la c\u00e9r\u00e9monie civile \u00e0 la Mairie de Mauguio.\" data-full=\"https:\/\/florianfrison.com\/wp-content\/uploads\/2025\/12\/MariageFlotographie-6553_lwsoptimized.avif\" title=\"Alliance-Mariage-Mairie-Mauguio\" crop=\"\" width=\"1536\" height=\"1024\" src=\"https:\/\/florianfrison.com\/wp-content\/uploads\/2025\/12\/MariageFlotographie-6553_lwsoptimized.avif\" data-src=\"https:\/\/florianfrison.com\/wp-content\/uploads\/2025\/12\/MariageFlotographie-6553_lwsoptimized.avif\" data-caption=\"Remise des alliances par les mari\u00e9s lors de la c\u00e9r\u00e9monie civile \u00e0 la Mairie de Mauguio.\"\/>\n\t\t<div class=\"figc\">\n\t\t\t<div class=\"figc-inner\">\n\t\t\t\t\t\t\t\t\t\t\t\t\t<div class=\"jtg-description\">Remise des alliances par les mari\u00e9s lors de la c\u00e9r\u00e9monie civile \u00e0 la Mairie de Mauguio.<\/div>\n\t\t\t\t\t\t\t\t\t\t\t<\/div>\n\t\t<\/div>\n\n\t<\/div>\n\n<\/div><div class=\"modula-item effect-pufrobo\" >\n\t<div class=\"modula-item-overlay\"><\/div>\n\n\t<div class=\"modula-item-content\">\n\n\t\t<a data-image-id=\"1181\" role=\"button\" tabindex=\"0\" rel=\"jtg-355\" data-caption=\"Reportage de Mariage \u00e0 Saint-Jeoire-Prieur\u00e9 et Jacob-Bellecombette\" aria-label=\"Open image in lightbox\" class=\"tile-inner modula-item-link\"><\/a><img loading=\"lazy\" decoding=\"async\" class=\"pic wp-image-1181\"  data-valign=\"middle\" data-halign=\"center\" alt=\"Reportage de Mariage \u00e0 Saint-Jeoire-Prieur\u00e9 et Jacob-Bellecombette\" data-full=\"https:\/\/florianfrison.com\/wp-content\/uploads\/2026\/04\/MariageSiradaDamienFlorianFrison26-2889.avif\" title=\"MariageSirada&amp;amp;DamienFlorianFrison26-2889\" crop=\"\" width=\"1536\" height=\"1024\" src=\"https:\/\/florianfrison.com\/wp-content\/uploads\/2026\/04\/MariageSiradaDamienFlorianFrison26-2889.avif\" data-src=\"https:\/\/florianfrison.com\/wp-content\/uploads\/2026\/04\/MariageSiradaDamienFlorianFrison26-2889.avif\" data-caption=\"Reportage de Mariage \u00e0 Saint-Jeoire-Prieur\u00e9 et Jacob-Bellecombette\"\/>\n\t\t<div class=\"figc\">\n\t\t\t<div class=\"figc-inner\">\n\t\t\t\t\t\t\t\t\t\t\t\t\t<div class=\"jtg-description\">Reportage de Mariage \u00e0 Saint-Jeoire-Prieur\u00e9 et Jacob-Bellecombette<\/div>\n\t\t\t\t\t\t\t\t\t\t\t<\/div>\n\t\t<\/div>\n\n\t<\/div>\n\n<\/div><div class=\"modula-item effect-pufrobo\" >\n\t<div class=\"modula-item-overlay\"><\/div>\n\n\t<div class=\"modula-item-content\">\n\n\t\t<a data-image-id=\"1206\" role=\"button\" tabindex=\"0\" rel=\"jtg-355\" data-caption=\"Reportage de Mariage \u00e0 Saint-Jeoire-Prieur\u00e9 et Jacob-Bellecombette\" aria-label=\"Open image in lightbox\" class=\"tile-inner modula-item-link\"><\/a><img loading=\"lazy\" decoding=\"async\" class=\"pic wp-image-1206\"  data-valign=\"middle\" data-halign=\"center\" alt=\"Reportage de Mariage \u00e0 Saint-Jeoire-Prieur\u00e9 et Jacob-Bellecombette\" data-full=\"https:\/\/florianfrison.com\/wp-content\/uploads\/2026\/04\/MariageSiradaDamienFlorianFrison26-5009.avif\" title=\"MariageSirada&amp;amp;DamienFlorianFrison26-5009\" crop=\"\" width=\"1536\" height=\"1024\" src=\"https:\/\/florianfrison.com\/wp-content\/uploads\/2026\/04\/MariageSiradaDamienFlorianFrison26-5009.avif\" data-src=\"https:\/\/florianfrison.com\/wp-content\/uploads\/2026\/04\/MariageSiradaDamienFlorianFrison26-5009.avif\" data-caption=\"Reportage de Mariage \u00e0 Saint-Jeoire-Prieur\u00e9 et Jacob-Bellecombette\"\/>\n\t\t<div class=\"figc\">\n\t\t\t<div class=\"figc-inner\">\n\t\t\t\t\t\t\t\t\t\t\t\t\t<div class=\"jtg-description\">Reportage de Mariage \u00e0 Saint-Jeoire-Prieur\u00e9 et Jacob-Bellecombette<\/div>\n\t\t\t\t\t\t\t\t\t\t\t<\/div>\n\t\t<\/div>\n\n\t<\/div>\n\n<\/div><div class=\"modula-item effect-pufrobo\" >\n\t<div class=\"modula-item-overlay\"><\/div>\n\n\t<div class=\"modula-item-content\">\n\n\t\t<a data-image-id=\"452\" role=\"button\" tabindex=\"0\" rel=\"jtg-355\" data-caption=\"Mariage Ch\u00e2teauMari\u00e9e tenant la main de son \u00e9poux de nuit au Ch\u00e2teau La Beaumetane - Florian Frison Photographe Mariage Provence. La Beaumetane\" aria-label=\"Open image in lightbox\" class=\"tile-inner modula-item-link\"><\/a><img loading=\"lazy\" decoding=\"async\" class=\"pic wp-image-452\"  data-valign=\"middle\" data-halign=\"center\" alt=\"Mari\u00e9e tenant la main de son \u00e9poux de nuit au Ch\u00e2teau La Beaumetane - Florian Frison Photographe Mariage Provence.\" data-full=\"https:\/\/florianfrison.com\/wp-content\/uploads\/2025\/12\/MariageFlotographie-8570_lwsoptimized.avif\" title=\"Mariage Ch\u00e2teau La Beaumetane\" crop=\"\" width=\"1536\" height=\"1024\" src=\"https:\/\/florianfrison.com\/wp-content\/uploads\/2025\/12\/MariageFlotographie-8570_lwsoptimized.avif\" data-src=\"https:\/\/florianfrison.com\/wp-content\/uploads\/2025\/12\/MariageFlotographie-8570_lwsoptimized.avif\" data-caption=\"Mariage Ch\u00e2teauMari\u00e9e tenant la main de son \u00e9poux de nuit au Ch\u00e2teau La Beaumetane - Florian Frison Photographe Mariage Provence. La Beaumetane\"\/>\n\t\t<div class=\"figc\">\n\t\t\t<div class=\"figc-inner\">\n\t\t\t\t\t\t\t\t\t\t\t\t\t<div class=\"jtg-description\">Mariage Ch\u00e2teauMari\u00e9e tenant la main de son \u00e9poux de nuit au Ch\u00e2teau La Beaumetane - Florian Frison Photographe Mariage Provence. La Beaumetane<\/div>\n\t\t\t\t\t\t\t\t\t\t\t<\/div>\n\t\t<\/div>\n\n\t<\/div>\n\n<\/div><div class=\"modula-item effect-pufrobo\" >\n\t<div class=\"modula-item-overlay\"><\/div>\n\n\t<div class=\"modula-item-content\">\n\n\t\t<a data-image-id=\"418\" role=\"button\" tabindex=\"0\" rel=\"jtg-355\" data-caption=\"flotographie.com\" aria-label=\"Open image in lightbox\" class=\"tile-inner modula-item-link\"><\/a><img loading=\"lazy\" decoding=\"async\" class=\"pic wp-image-418\"  data-valign=\"middle\" data-halign=\"center\" alt=\"\" data-full=\"https:\/\/florianfrison.com\/wp-content\/uploads\/2025\/12\/MariageFlotographie-_lwsoptimized.avif\" title=\"flotographie.com\" crop=\"\" width=\"1536\" height=\"1020\" src=\"https:\/\/florianfrison.com\/wp-content\/uploads\/2025\/12\/MariageFlotographie-_lwsoptimized.avif\" data-src=\"https:\/\/florianfrison.com\/wp-content\/uploads\/2025\/12\/MariageFlotographie-_lwsoptimized.avif\" data-caption=\"flotographie.com\"\/>\n\t\t<div class=\"figc\">\n\t\t\t<div class=\"figc-inner\">\n\t\t\t\t\t\t\t\t\t\t\t\t\t<div class=\"jtg-description\">flotographie.com<\/div>\n\t\t\t\t\t\t\t\t\t\t\t<\/div>\n\t\t<\/div>\n\n\t<\/div>\n\n<\/div><div class=\"modula-item effect-pufrobo\" >\n\t<div class=\"modula-item-overlay\"><\/div>\n\n\t<div class=\"modula-item-content\">\n\n\t\t<a data-image-id=\"1173\" role=\"button\" tabindex=\"0\" rel=\"jtg-355\" data-caption=\"Reportage de Mariage \u00e0 Saint-Jeoire-Prieur\u00e9 et Jacob-Bellecombette\" aria-label=\"Open image in lightbox\" class=\"tile-inner modula-item-link\"><\/a><img loading=\"lazy\" decoding=\"async\" class=\"pic wp-image-1173\"  data-valign=\"middle\" data-halign=\"center\" alt=\"Reportage de Mariage \u00e0 Saint-Jeoire-Prieur\u00e9 et Jacob-Bellecombette\" data-full=\"https:\/\/florianfrison.com\/wp-content\/uploads\/2026\/04\/MariageSiradaDamienFlorianFrison26-2275.avif\" title=\"MariageSirada&amp;amp;DamienFlorianFrison26-2275\" crop=\"\" width=\"1536\" height=\"1024\" src=\"https:\/\/florianfrison.com\/wp-content\/uploads\/2026\/04\/MariageSiradaDamienFlorianFrison26-2275.avif\" data-src=\"https:\/\/florianfrison.com\/wp-content\/uploads\/2026\/04\/MariageSiradaDamienFlorianFrison26-2275.avif\" data-caption=\"Reportage de Mariage \u00e0 Saint-Jeoire-Prieur\u00e9 et Jacob-Bellecombette\"\/>\n\t\t<div class=\"figc\">\n\t\t\t<div class=\"figc-inner\">\n\t\t\t\t\t\t\t\t\t\t\t\t\t<div class=\"jtg-description\">Reportage de Mariage \u00e0 Saint-Jeoire-Prieur\u00e9 et Jacob-Bellecombette<\/div>\n\t\t\t\t\t\t\t\t\t\t\t<\/div>\n\t\t<\/div>\n\n\t<\/div>\n\n<\/div><div class=\"modula-item effect-pufrobo\" >\n\t<div class=\"modula-item-overlay\"><\/div>\n\n\t<div class=\"modula-item-content\">\n\n\t\t<a data-image-id=\"1197\" role=\"button\" tabindex=\"0\" rel=\"jtg-355\" data-caption=\"Reportage de Mariage \u00e0 Saint-Jeoire-Prieur\u00e9 et Jacob-Bellecombette\" aria-label=\"Open image in lightbox\" class=\"tile-inner modula-item-link\"><\/a><img loading=\"lazy\" decoding=\"async\" class=\"pic wp-image-1197\"  data-valign=\"middle\" data-halign=\"center\" alt=\"Reportage de Mariage \u00e0 Saint-Jeoire-Prieur\u00e9 et Jacob-Bellecombette\" data-full=\"https:\/\/florianfrison.com\/wp-content\/uploads\/2026\/04\/MariageSiradaDamienFlorianFrison26-4566.avif\" title=\"MariageSirada&amp;amp;DamienFlorianFrison26-4566\" crop=\"\" width=\"1536\" height=\"1024\" src=\"https:\/\/florianfrison.com\/wp-content\/uploads\/2026\/04\/MariageSiradaDamienFlorianFrison26-4566.avif\" data-src=\"https:\/\/florianfrison.com\/wp-content\/uploads\/2026\/04\/MariageSiradaDamienFlorianFrison26-4566.avif\" data-caption=\"Reportage de Mariage \u00e0 Saint-Jeoire-Prieur\u00e9 et Jacob-Bellecombette\"\/>\n\t\t<div class=\"figc\">\n\t\t\t<div class=\"figc-inner\">\n\t\t\t\t\t\t\t\t\t\t\t\t\t<div class=\"jtg-description\">Reportage de Mariage \u00e0 Saint-Jeoire-Prieur\u00e9 et Jacob-Bellecombette<\/div>\n\t\t\t\t\t\t\t\t\t\t\t<\/div>\n\t\t<\/div>\n\n\t<\/div>\n\n<\/div><div class=\"modula-item effect-pufrobo\" >\n\t<div class=\"modula-item-overlay\"><\/div>\n\n\t<div class=\"modula-item-content\">\n\n\t\t<a data-image-id=\"1163\" role=\"button\" tabindex=\"0\" rel=\"jtg-355\" data-caption=\"Reportage de Mariage \u00e0 Saint-Jeoire-Prieur\u00e9 et Jacob-Bellecombette\" aria-label=\"Open image in lightbox\" class=\"tile-inner modula-item-link\"><\/a><img loading=\"lazy\" decoding=\"async\" class=\"pic wp-image-1163\"  data-valign=\"middle\" data-halign=\"center\" alt=\"Reportage de Mariage \u00e0 Saint-Jeoire-Prieur\u00e9 et Jacob-Bellecombette\" data-full=\"https:\/\/florianfrison.com\/wp-content\/uploads\/2026\/04\/MariageSiradaDamienFlorianFrison26-1914.avif\" title=\"MariageSirada&amp;amp;DamienFlorianFrison26-1914\" crop=\"\" width=\"1536\" height=\"1024\" src=\"https:\/\/florianfrison.com\/wp-content\/uploads\/2026\/04\/MariageSiradaDamienFlorianFrison26-1914.avif\" data-src=\"https:\/\/florianfrison.com\/wp-content\/uploads\/2026\/04\/MariageSiradaDamienFlorianFrison26-1914.avif\" data-caption=\"Reportage de Mariage \u00e0 Saint-Jeoire-Prieur\u00e9 et Jacob-Bellecombette\"\/>\n\t\t<div class=\"figc\">\n\t\t\t<div class=\"figc-inner\">\n\t\t\t\t\t\t\t\t\t\t\t\t\t<div class=\"jtg-description\">Reportage de Mariage \u00e0 Saint-Jeoire-Prieur\u00e9 et Jacob-Bellecombette<\/div>\n\t\t\t\t\t\t\t\t\t\t\t<\/div>\n\t\t<\/div>\n\n\t<\/div>\n\n<\/div><div class=\"modula-item effect-pufrobo\" >\n\t<div class=\"modula-item-overlay\"><\/div>\n\n\t<div class=\"modula-item-content\">\n\n\t\t<a data-image-id=\"1180\" role=\"button\" tabindex=\"0\" rel=\"jtg-355\" data-caption=\"Reportage de Mariage \u00e0 Saint-Jeoire-Prieur\u00e9 et Jacob-Bellecombette\" aria-label=\"Open image in lightbox\" class=\"tile-inner modula-item-link\"><\/a><img loading=\"lazy\" decoding=\"async\" class=\"pic wp-image-1180\"  data-valign=\"middle\" data-halign=\"center\" alt=\"Reportage de Mariage \u00e0 Saint-Jeoire-Prieur\u00e9 et Jacob-Bellecombette\" data-full=\"https:\/\/florianfrison.com\/wp-content\/uploads\/2026\/04\/MariageSiradaDamienFlorianFrison26-2870.webp\" title=\"MariageSirada&amp;amp;DamienFlorianFrison26-2870\" crop=\"\" width=\"1536\" height=\"1024\" src=\"https:\/\/florianfrison.com\/wp-content\/uploads\/2026\/04\/MariageSiradaDamienFlorianFrison26-2870-1536x1024.webp\" data-src=\"https:\/\/florianfrison.com\/wp-content\/uploads\/2026\/04\/MariageSiradaDamienFlorianFrison26-2870-1536x1024.webp\" data-caption=\"Reportage de Mariage \u00e0 Saint-Jeoire-Prieur\u00e9 et Jacob-Bellecombette\" srcset=\"https:\/\/florianfrison.com\/wp-content\/uploads\/2026\/04\/MariageSiradaDamienFlorianFrison26-2870.webp 1536w, https:\/\/florianfrison.com\/wp-content\/uploads\/2026\/04\/MariageSiradaDamienFlorianFrison26-2870-1280x853.webp 1280w, https:\/\/florianfrison.com\/wp-content\/uploads\/2026\/04\/MariageSiradaDamienFlorianFrison26-2870-980x653.webp 980w, https:\/\/florianfrison.com\/wp-content\/uploads\/2026\/04\/MariageSiradaDamienFlorianFrison26-2870-480x320.webp 480w\" sizes=\"(min-width: 0px) and (max-width: 480px) 480px, (min-width: 481px) and (max-width: 980px) 980px, (min-width: 981px) and (max-width: 1280px) 1280px, (min-width: 1281px) 1536px, 100vw\" \/>\n\t\t<div class=\"figc\">\n\t\t\t<div class=\"figc-inner\">\n\t\t\t\t\t\t\t\t\t\t\t\t\t<div class=\"jtg-description\">Reportage de Mariage \u00e0 Saint-Jeoire-Prieur\u00e9 et Jacob-Bellecombette<\/div>\n\t\t\t\t\t\t\t\t\t\t\t<\/div>\n\t\t<\/div>\n\n\t<\/div>\n\n<\/div><div class=\"modula-item effect-pufrobo\" >\n\t<div class=\"modula-item-overlay\"><\/div>\n\n\t<div class=\"modula-item-content\">\n\n\t\t<a data-image-id=\"177\" role=\"button\" tabindex=\"0\" rel=\"jtg-355\" data-caption=\"Moment de d\u00e9tente et de rire : le mari\u00e9 porte la mari\u00e9e dans le parc de la Maison Blanche \u00e0 Marseille.\" aria-label=\"Open image in lightbox\" class=\"tile-inner modula-item-link\"><\/a><img loading=\"lazy\" decoding=\"async\" class=\"pic wp-image-177\"  data-valign=\"middle\" data-halign=\"center\" alt=\"Moment de d\u00e9tente et de rire : le mari\u00e9 porte la mari\u00e9e dans le parc de la Maison Blanche \u00e0 Marseille.\" data-full=\"https:\/\/florianfrison.com\/wp-content\/uploads\/2025\/11\/MariageFlotographie-0288_lwsoptimized.avif\" title=\"Couple-Mariage-Fun-Parc-Maison-Blanche-Marseille\" crop=\"\" width=\"1536\" height=\"1024\" src=\"https:\/\/florianfrison.com\/wp-content\/uploads\/2025\/11\/MariageFlotographie-0288_lwsoptimized.avif\" data-src=\"https:\/\/florianfrison.com\/wp-content\/uploads\/2025\/11\/MariageFlotographie-0288_lwsoptimized.avif\" data-caption=\"Moment de d\u00e9tente et de rire : le mari\u00e9 porte la mari\u00e9e dans le parc de la Maison Blanche \u00e0 Marseille.\"\/>\n\t\t<div class=\"figc\">\n\t\t\t<div class=\"figc-inner\">\n\t\t\t\t\t\t\t\t\t\t\t\t\t<div class=\"jtg-description\">Moment de d\u00e9tente et de rire : le mari\u00e9 porte la mari\u00e9e dans le parc de la Maison Blanche \u00e0 Marseille.<\/div>\n\t\t\t\t\t\t\t\t\t\t\t<\/div>\n\t\t<\/div>\n\n\t<\/div>\n\n<\/div><div class=\"modula-item effect-pufrobo\" >\n\t<div class=\"modula-item-overlay\"><\/div>\n\n\t<div class=\"modula-item-content\">\n\n\t\t<a data-image-id=\"160\" role=\"button\" tabindex=\"0\" rel=\"jtg-355\" data-caption=\"\u00c9motion du mari\u00e9 lors d&#039;une c\u00e9r\u00e9monie traditionnelle de mariage cambodgien \u00e0 l&#039;H\u00f4tel Aquabella, Aix-en-Provence.\" aria-label=\"Open image in lightbox\" class=\"tile-inner modula-item-link\"><\/a><img loading=\"lazy\" decoding=\"async\" class=\"pic wp-image-160\"  data-valign=\"middle\" data-halign=\"center\" alt=\"\u00c9motion du mari\u00e9 lors d&#039;une c\u00e9r\u00e9monie traditionnelle de mariage cambodgien \u00e0 l&#039;H\u00f4tel Aquabella, Aix-en-Provence.\" data-full=\"https:\/\/florianfrison.com\/wp-content\/uploads\/2025\/11\/MariageFlotographie-6236_lwsoptimized.avif\" title=\"Mariage-Cambodgien-Aix-en-Provence-Hotel-Aquabella\" crop=\"\" width=\"1536\" height=\"1020\" src=\"https:\/\/florianfrison.com\/wp-content\/uploads\/2025\/11\/MariageFlotographie-6236_lwsoptimized.avif\" data-src=\"https:\/\/florianfrison.com\/wp-content\/uploads\/2025\/11\/MariageFlotographie-6236_lwsoptimized.avif\" data-caption=\"\u00c9motion du mari\u00e9 lors d&#039;une c\u00e9r\u00e9monie traditionnelle de mariage cambodgien \u00e0 l&#039;H\u00f4tel Aquabella, Aix-en-Provence.\"\/>\n\t\t<div class=\"figc\">\n\t\t\t<div class=\"figc-inner\">\n\t\t\t\t\t\t\t\t\t\t\t\t\t<div class=\"jtg-description\">\u00c9motion du mari\u00e9 lors d'une c\u00e9r\u00e9monie traditionnelle de mariage cambodgien \u00e0 l'H\u00f4tel Aquabella, Aix-en-Provence.<\/div>\n\t\t\t\t\t\t\t\t\t\t\t<\/div>\n\t\t<\/div>\n\n\t<\/div>\n\n<\/div><div class=\"modula-item effect-pufrobo\" >\n\t<div class=\"modula-item-overlay\"><\/div>\n\n\t<div class=\"modula-item-content\">\n\n\t\t<a data-image-id=\"444\" role=\"button\" tabindex=\"0\" rel=\"jtg-355\" data-caption=\"D\u00e9coupe du gateau au Ch\u00e2teau La Beaumetane - Florian Frison Photographe Mariage Provence.\" aria-label=\"Open image in lightbox\" class=\"tile-inner modula-item-link\"><\/a><img loading=\"lazy\" decoding=\"async\" class=\"pic wp-image-444\"  data-valign=\"middle\" data-halign=\"center\" alt=\"D\u00e9coupe du gateau au Ch\u00e2teau La Beaumetane - Florian Frison Photographe Mariage Provence.\" data-full=\"https:\/\/florianfrison.com\/wp-content\/uploads\/2025\/12\/MariageFlotographie-5441_lwsoptimized.avif\" title=\"Mariage Ch\u00e2teau La Beaumetane\" crop=\"\" width=\"1536\" height=\"1022\" src=\"https:\/\/florianfrison.com\/wp-content\/uploads\/2025\/12\/MariageFlotographie-5441_lwsoptimized.avif\" data-src=\"https:\/\/florianfrison.com\/wp-content\/uploads\/2025\/12\/MariageFlotographie-5441_lwsoptimized.avif\" data-caption=\"D\u00e9coupe du gateau au Ch\u00e2teau La Beaumetane - Florian Frison Photographe Mariage Provence.\"\/>\n\t\t<div class=\"figc\">\n\t\t\t<div class=\"figc-inner\">\n\t\t\t\t\t\t\t\t\t\t\t\t\t<div class=\"jtg-description\">D\u00e9coupe du gateau au Ch\u00e2teau La Beaumetane - Florian Frison Photographe Mariage Provence.<\/div>\n\t\t\t\t\t\t\t\t\t\t\t<\/div>\n\t\t<\/div>\n\n\t<\/div>\n\n<\/div><div class=\"modula-item effect-pufrobo\" >\n\t<div class=\"modula-item-overlay\"><\/div>\n\n\t<div class=\"modula-item-content\">\n\n\t\t<a data-image-id=\"435\" role=\"button\" tabindex=\"0\" rel=\"jtg-355\" data-caption=\"S\u00e9ance couple lors d&#039;un mariage authentique dans le Gard, pr\u00e8s de N\u00eemes.\" aria-label=\"Open image in lightbox\" class=\"tile-inner modula-item-link\"><\/a><img loading=\"lazy\" decoding=\"async\" class=\"pic wp-image-435\"  data-valign=\"middle\" data-halign=\"center\" alt=\"S\u00e9ance couple lors d&#039;un mariage authentique dans le Gard, pr\u00e8s de N\u00eemes.\" data-full=\"https:\/\/florianfrison.com\/wp-content\/uploads\/2025\/12\/MariageFlotographie-4027_lwsoptimized.webp\" title=\"S\u00e9ance-Couple-Mariage-Gard-Nimes-Emotion\" crop=\"\" width=\"1022\" height=\"1536\" src=\"https:\/\/florianfrison.com\/wp-content\/uploads\/2025\/12\/MariageFlotographie-4027_lwsoptimized-1022x1536.webp\" data-src=\"https:\/\/florianfrison.com\/wp-content\/uploads\/2025\/12\/MariageFlotographie-4027_lwsoptimized-1022x1536.webp\" data-caption=\"S\u00e9ance couple lors d&#039;un mariage authentique dans le Gard, pr\u00e8s de N\u00eemes.\" srcset=\"https:\/\/florianfrison.com\/wp-content\/uploads\/2025\/12\/MariageFlotographie-4027_lwsoptimized.webp 1331w, https:\/\/florianfrison.com\/wp-content\/uploads\/2025\/12\/MariageFlotographie-4027_lwsoptimized-200x300.webp 200w, https:\/\/florianfrison.com\/wp-content\/uploads\/2025\/12\/MariageFlotographie-4027_lwsoptimized-681x1024.webp 681w, https:\/\/florianfrison.com\/wp-content\/uploads\/2025\/12\/MariageFlotographie-4027_lwsoptimized-768x1154.webp 768w, https:\/\/florianfrison.com\/wp-content\/uploads\/2025\/12\/MariageFlotographie-4027_lwsoptimized-1022x1536.webp 1022w, https:\/\/florianfrison.com\/wp-content\/uploads\/2025\/12\/MariageFlotographie-4027_lwsoptimized-8x12.webp 8w, https:\/\/florianfrison.com\/wp-content\/uploads\/2025\/12\/MariageFlotographie-4027_lwsoptimized-610x917.webp 610w, https:\/\/florianfrison.com\/wp-content\/uploads\/2025\/12\/MariageFlotographie-4027_lwsoptimized-1080x1623.webp 1080w, https:\/\/florianfrison.com\/wp-content\/uploads\/2025\/12\/MariageFlotographie-4027_lwsoptimized-1280x1923.webp 1280w, https:\/\/florianfrison.com\/wp-content\/uploads\/2025\/12\/MariageFlotographie-4027_lwsoptimized-980x1473.webp 980w, https:\/\/florianfrison.com\/wp-content\/uploads\/2025\/12\/MariageFlotographie-4027_lwsoptimized-480x721.webp 480w\" sizes=\"(max-width: 1022px) 100vw, 1022px\" \/>\n\t\t<div class=\"figc\">\n\t\t\t<div class=\"figc-inner\">\n\t\t\t\t\t\t\t\t\t\t\t\t\t<div class=\"jtg-description\">S\u00e9ance couple lors d'un mariage authentique dans le Gard, pr\u00e8s de N\u00eemes.<\/div>\n\t\t\t\t\t\t\t\t\t\t\t<\/div>\n\t\t<\/div>\n\n\t<\/div>\n\n<\/div><div class=\"modula-item effect-pufrobo\" >\n\t<div class=\"modula-item-overlay\"><\/div>\n\n\t<div class=\"modula-item-content\">\n\n\t\t<a data-image-id=\"1196\" role=\"button\" tabindex=\"0\" rel=\"jtg-355\" data-caption=\"Reportage de Mariage \u00e0 Saint-Jeoire-Prieur\u00e9 et Jacob-Bellecombette\" aria-label=\"Open image in lightbox\" class=\"tile-inner modula-item-link\"><\/a><img loading=\"lazy\" decoding=\"async\" class=\"pic wp-image-1196\"  data-valign=\"middle\" data-halign=\"center\" alt=\"Reportage de Mariage \u00e0 Saint-Jeoire-Prieur\u00e9 et Jacob-Bellecombette\" data-full=\"https:\/\/florianfrison.com\/wp-content\/uploads\/2026\/04\/MariageSiradaDamienFlorianFrison26-4535.avif\" title=\"MariageSirada&amp;amp;DamienFlorianFrison26-4535\" crop=\"\" width=\"1536\" height=\"1024\" src=\"https:\/\/florianfrison.com\/wp-content\/uploads\/2026\/04\/MariageSiradaDamienFlorianFrison26-4535.avif\" data-src=\"https:\/\/florianfrison.com\/wp-content\/uploads\/2026\/04\/MariageSiradaDamienFlorianFrison26-4535.avif\" data-caption=\"Reportage de Mariage \u00e0 Saint-Jeoire-Prieur\u00e9 et Jacob-Bellecombette\"\/>\n\t\t<div class=\"figc\">\n\t\t\t<div class=\"figc-inner\">\n\t\t\t\t\t\t\t\t\t\t\t\t\t<div class=\"jtg-description\">Reportage de Mariage \u00e0 Saint-Jeoire-Prieur\u00e9 et Jacob-Bellecombette<\/div>\n\t\t\t\t\t\t\t\t\t\t\t<\/div>\n\t\t<\/div>\n\n\t<\/div>\n\n<\/div><div class=\"modula-item effect-pufrobo\" >\n\t<div class=\"modula-item-overlay\"><\/div>\n\n\t<div class=\"modula-item-content\">\n\n\t\t<a data-image-id=\"176\" role=\"button\" tabindex=\"0\" rel=\"jtg-355\" data-caption=\"Traditionnel lancer du bouquet de la mari\u00e9e dans le parc de la Maison Blanche (Mairie 9\/10) \u00e0 Marseille.\" aria-label=\"Open image in lightbox\" class=\"tile-inner modula-item-link\"><\/a><img loading=\"lazy\" decoding=\"async\" class=\"pic wp-image-176\"  data-valign=\"middle\" data-halign=\"center\" alt=\"Traditionnel lancer du bouquet de la mari\u00e9e dans le parc de la Maison Blanche (Mairie 9\/10) \u00e0 Marseille.\" data-full=\"https:\/\/florianfrison.com\/wp-content\/uploads\/2025\/11\/MariageFlotographie-9586_lwsoptimized.avif\" title=\"Lancer-Bouquet-Mariage-Parc-Maison-Blanche-Marseille\" crop=\"\" width=\"1536\" height=\"1024\" src=\"https:\/\/florianfrison.com\/wp-content\/uploads\/2025\/11\/MariageFlotographie-9586_lwsoptimized.avif\" data-src=\"https:\/\/florianfrison.com\/wp-content\/uploads\/2025\/11\/MariageFlotographie-9586_lwsoptimized.avif\" data-caption=\"Traditionnel lancer du bouquet de la mari\u00e9e dans le parc de la Maison Blanche (Mairie 9\/10) \u00e0 Marseille.\"\/>\n\t\t<div class=\"figc\">\n\t\t\t<div class=\"figc-inner\">\n\t\t\t\t\t\t\t\t\t\t\t\t\t<div class=\"jtg-description\">Traditionnel lancer du bouquet de la mari\u00e9e dans le parc de la Maison Blanche (Mairie 9\/10) \u00e0 Marseille.<\/div>\n\t\t\t\t\t\t\t\t\t\t\t<\/div>\n\t\t<\/div>\n\n\t<\/div>\n\n<\/div><div class=\"modula-item effect-pufrobo\" >\n\t<div class=\"modula-item-overlay\"><\/div>\n\n\t<div class=\"modula-item-content\">\n\n\t\t<a data-image-id=\"1177\" role=\"button\" tabindex=\"0\" rel=\"jtg-355\" data-caption=\"Reportage de Mariage \u00e0 Saint-Jeoire-Prieur\u00e9 et Jacob-Bellecombette\" aria-label=\"Open image in lightbox\" class=\"tile-inner modula-item-link\"><\/a><img loading=\"lazy\" decoding=\"async\" class=\"pic wp-image-1177\"  data-valign=\"middle\" data-halign=\"center\" alt=\"Reportage de Mariage \u00e0 Saint-Jeoire-Prieur\u00e9 et Jacob-Bellecombette\" data-full=\"https:\/\/florianfrison.com\/wp-content\/uploads\/2026\/04\/MariageSiradaDamienFlorianFrison26-2460.webp\" title=\"MariageSirada&amp;amp;DamienFlorianFrison26-2460\" crop=\"\" width=\"1536\" height=\"1024\" src=\"https:\/\/florianfrison.com\/wp-content\/uploads\/2026\/04\/MariageSiradaDamienFlorianFrison26-2460-1536x1024.webp\" data-src=\"https:\/\/florianfrison.com\/wp-content\/uploads\/2026\/04\/MariageSiradaDamienFlorianFrison26-2460-1536x1024.webp\" data-caption=\"Reportage de Mariage \u00e0 Saint-Jeoire-Prieur\u00e9 et Jacob-Bellecombette\" srcset=\"https:\/\/florianfrison.com\/wp-content\/uploads\/2026\/04\/MariageSiradaDamienFlorianFrison26-2460.webp 1536w, https:\/\/florianfrison.com\/wp-content\/uploads\/2026\/04\/MariageSiradaDamienFlorianFrison26-2460-1280x853.webp 1280w, https:\/\/florianfrison.com\/wp-content\/uploads\/2026\/04\/MariageSiradaDamienFlorianFrison26-2460-980x653.webp 980w, https:\/\/florianfrison.com\/wp-content\/uploads\/2026\/04\/MariageSiradaDamienFlorianFrison26-2460-480x320.webp 480w\" sizes=\"(min-width: 0px) and (max-width: 480px) 480px, (min-width: 481px) and (max-width: 980px) 980px, (min-width: 981px) and (max-width: 1280px) 1280px, (min-width: 1281px) 1536px, 100vw\" \/>\n\t\t<div class=\"figc\">\n\t\t\t<div class=\"figc-inner\">\n\t\t\t\t\t\t\t\t\t\t\t\t\t<div class=\"jtg-description\">Reportage de Mariage \u00e0 Saint-Jeoire-Prieur\u00e9 et Jacob-Bellecombette<\/div>\n\t\t\t\t\t\t\t\t\t\t\t<\/div>\n\t\t<\/div>\n\n\t<\/div>\n\n<\/div><div class=\"modula-item effect-pufrobo\" >\n\t<div class=\"modula-item-overlay\"><\/div>\n\n\t<div class=\"modula-item-content\">\n\n\t\t<a data-image-id=\"1208\" role=\"button\" tabindex=\"0\" rel=\"jtg-355\" data-caption=\"Reportage de Mariage \u00e0 Saint-Jeoire-Prieur\u00e9 et Jacob-Bellecombette\" aria-label=\"Open image in lightbox\" class=\"tile-inner modula-item-link\"><\/a><img loading=\"lazy\" decoding=\"async\" class=\"pic wp-image-1208\"  data-valign=\"middle\" data-halign=\"center\" alt=\"Reportage de Mariage \u00e0 Saint-Jeoire-Prieur\u00e9 et Jacob-Bellecombette\" data-full=\"https:\/\/florianfrison.com\/wp-content\/uploads\/2026\/04\/MariageSiradaDamienFlorianFrison26-5269.avif\" title=\"MariageSirada&amp;amp;DamienFlorianFrison26-5269\" crop=\"\" width=\"1536\" height=\"1024\" src=\"https:\/\/florianfrison.com\/wp-content\/uploads\/2026\/04\/MariageSiradaDamienFlorianFrison26-5269.avif\" data-src=\"https:\/\/florianfrison.com\/wp-content\/uploads\/2026\/04\/MariageSiradaDamienFlorianFrison26-5269.avif\" data-caption=\"Reportage de Mariage \u00e0 Saint-Jeoire-Prieur\u00e9 et Jacob-Bellecombette\"\/>\n\t\t<div class=\"figc\">\n\t\t\t<div class=\"figc-inner\">\n\t\t\t\t\t\t\t\t\t\t\t\t\t<div class=\"jtg-description\">Reportage de Mariage \u00e0 Saint-Jeoire-Prieur\u00e9 et Jacob-Bellecombette<\/div>\n\t\t\t\t\t\t\t\t\t\t\t<\/div>\n\t\t<\/div>\n\n\t<\/div>\n\n<\/div><div class=\"modula-item effect-pufrobo\" >\n\t<div class=\"modula-item-overlay\"><\/div>\n\n\t<div class=\"modula-item-content\">\n\n\t\t<a data-image-id=\"1164\" role=\"button\" tabindex=\"0\" rel=\"jtg-355\" data-caption=\"Reportage de Mariage \u00e0 Saint-Jeoire-Prieur\u00e9 et Jacob-Bellecombette\" aria-label=\"Open image in lightbox\" class=\"tile-inner modula-item-link\"><\/a><img loading=\"lazy\" decoding=\"async\" class=\"pic wp-image-1164\"  data-valign=\"middle\" data-halign=\"center\" alt=\"Reportage de Mariage \u00e0 Saint-Jeoire-Prieur\u00e9 et Jacob-Bellecombette\" data-full=\"https:\/\/florianfrison.com\/wp-content\/uploads\/2026\/04\/MariageSiradaDamienFlorianFrison26-2039.avif\" title=\"MariageSirada&amp;amp;DamienFlorianFrison26-2039\" crop=\"\" width=\"1536\" height=\"1024\" src=\"https:\/\/florianfrison.com\/wp-content\/uploads\/2026\/04\/MariageSiradaDamienFlorianFrison26-2039.avif\" data-src=\"https:\/\/florianfrison.com\/wp-content\/uploads\/2026\/04\/MariageSiradaDamienFlorianFrison26-2039.avif\" data-caption=\"Reportage de Mariage \u00e0 Saint-Jeoire-Prieur\u00e9 et Jacob-Bellecombette\"\/>\n\t\t<div class=\"figc\">\n\t\t\t<div class=\"figc-inner\">\n\t\t\t\t\t\t\t\t\t\t\t\t\t<div class=\"jtg-description\">Reportage de Mariage \u00e0 Saint-Jeoire-Prieur\u00e9 et Jacob-Bellecombette<\/div>\n\t\t\t\t\t\t\t\t\t\t\t<\/div>\n\t\t<\/div>\n\n\t<\/div>\n\n<\/div><div class=\"modula-item effect-pufrobo\" >\n\t<div class=\"modula-item-overlay\"><\/div>\n\n\t<div class=\"modula-item-content\">\n\n\t\t<a data-image-id=\"426\" role=\"button\" tabindex=\"0\" rel=\"jtg-355\" data-caption=\"Ambiance festive et premi\u00e8re danse de mariage au Domaine La Tour, pr\u00e8s de Sault et du Mont Ventoux.\" aria-label=\"Open image in lightbox\" class=\"tile-inner modula-item-link\"><\/a><img loading=\"lazy\" decoding=\"async\" class=\"pic wp-image-426\"  data-valign=\"middle\" data-halign=\"center\" alt=\"Ambiance festive et premi\u00e8re danse de mariage au Domaine La Tour, pr\u00e8s de Sault et du Mont Ventoux.\" data-full=\"https:\/\/florianfrison.com\/wp-content\/uploads\/2025\/12\/MariageFlotographie-1216_lwsoptimized.avif\" title=\"Soiree-Mariage-Domaine-La-Tour-Sault-Ventoux\" crop=\"\" width=\"1536\" height=\"1024\" src=\"https:\/\/florianfrison.com\/wp-content\/uploads\/2025\/12\/MariageFlotographie-1216_lwsoptimized.avif\" data-src=\"https:\/\/florianfrison.com\/wp-content\/uploads\/2025\/12\/MariageFlotographie-1216_lwsoptimized.avif\" data-caption=\"Ambiance festive et premi\u00e8re danse de mariage au Domaine La Tour, pr\u00e8s de Sault et du Mont Ventoux.\"\/>\n\t\t<div class=\"figc\">\n\t\t\t<div class=\"figc-inner\">\n\t\t\t\t\t\t\t\t\t\t\t\t\t<div class=\"jtg-description\">Ambiance festive et premi\u00e8re danse de mariage au Domaine La Tour, pr\u00e8s de Sault et du Mont Ventoux.<\/div>\n\t\t\t\t\t\t\t\t\t\t\t<\/div>\n\t\t<\/div>\n\n\t<\/div>\n\n<\/div><div class=\"modula-item effect-pufrobo\" >\n\t<div class=\"modula-item-overlay\"><\/div>\n\n\t<div class=\"modula-item-content\">\n\n\t\t<a data-image-id=\"446\" role=\"button\" tabindex=\"0\" rel=\"jtg-355\" data-caption=\"Regard complice des mari\u00e9s lors de la C\u00e9r\u00e9monie civile \u00e0 la Mairie de Mauguio.\" aria-label=\"Open image in lightbox\" class=\"tile-inner modula-item-link\"><\/a><img loading=\"lazy\" decoding=\"async\" class=\"pic wp-image-446\"  data-valign=\"middle\" data-halign=\"center\" alt=\"Regard complice des mari\u00e9s lors de la C\u00e9r\u00e9monie civile \u00e0 la Mairie de Mauguio.\" data-full=\"https:\/\/florianfrison.com\/wp-content\/uploads\/2025\/12\/MariageFlotographie-6529_lwsoptimized.avif\" title=\"Regard-Complice-Mariage-Mairie-Mauguio\" crop=\"\" width=\"1536\" height=\"1024\" src=\"https:\/\/florianfrison.com\/wp-content\/uploads\/2025\/12\/MariageFlotographie-6529_lwsoptimized.avif\" data-src=\"https:\/\/florianfrison.com\/wp-content\/uploads\/2025\/12\/MariageFlotographie-6529_lwsoptimized.avif\" data-caption=\"Regard complice des mari\u00e9s lors de la C\u00e9r\u00e9monie civile \u00e0 la Mairie de Mauguio.\"\/>\n\t\t<div class=\"figc\">\n\t\t\t<div class=\"figc-inner\">\n\t\t\t\t\t\t\t\t\t\t\t\t\t<div class=\"jtg-description\">Regard complice des mari\u00e9s lors de la C\u00e9r\u00e9monie civile \u00e0 la Mairie de Mauguio.<\/div>\n\t\t\t\t\t\t\t\t\t\t\t<\/div>\n\t\t<\/div>\n\n\t<\/div>\n\n<\/div><div class=\"modula-item effect-pufrobo\" >\n\t<div class=\"modula-item-overlay\"><\/div>\n\n\t<div class=\"modula-item-content\">\n\n\t\t<a data-image-id=\"1167\" role=\"button\" tabindex=\"0\" rel=\"jtg-355\" data-caption=\"Reportage de Mariage \u00e0 Saint-Jeoire-Prieur\u00e9 et Jacob-Bellecombette\" aria-label=\"Open image in lightbox\" class=\"tile-inner modula-item-link\"><\/a><img loading=\"lazy\" decoding=\"async\" class=\"pic wp-image-1167\"  data-valign=\"middle\" data-halign=\"center\" alt=\"Reportage de Mariage \u00e0 Saint-Jeoire-Prieur\u00e9 et Jacob-Bellecombette\" data-full=\"https:\/\/florianfrison.com\/wp-content\/uploads\/2026\/04\/MariageSiradaDamienFlorianFrison26-2065.avif\" title=\"MariageSirada&amp;amp;DamienFlorianFrison26-2065\" crop=\"\" width=\"1536\" height=\"1024\" src=\"https:\/\/florianfrison.com\/wp-content\/uploads\/2026\/04\/MariageSiradaDamienFlorianFrison26-2065.avif\" data-src=\"https:\/\/florianfrison.com\/wp-content\/uploads\/2026\/04\/MariageSiradaDamienFlorianFrison26-2065.avif\" data-caption=\"Reportage de Mariage \u00e0 Saint-Jeoire-Prieur\u00e9 et Jacob-Bellecombette\"\/>\n\t\t<div class=\"figc\">\n\t\t\t<div class=\"figc-inner\">\n\t\t\t\t\t\t\t\t\t\t\t\t\t<div class=\"jtg-description\">Reportage de Mariage \u00e0 Saint-Jeoire-Prieur\u00e9 et Jacob-Bellecombette<\/div>\n\t\t\t\t\t\t\t\t\t\t\t<\/div>\n\t\t<\/div>\n\n\t<\/div>\n\n<\/div><div class=\"modula-item effect-pufrobo\" >\n\t<div class=\"modula-item-overlay\"><\/div>\n\n\t<div class=\"modula-item-content\">\n\n\t\t<a data-image-id=\"441\" role=\"button\" tabindex=\"0\" rel=\"jtg-355\" data-caption=\"Un couple d&#039;invit\u00e9 danse dans la joie lors d&#039;un mariage authentique dans le Gard, pr\u00e8s de N\u00eemes.\" aria-label=\"Open image in lightbox\" class=\"tile-inner modula-item-link\"><\/a><img loading=\"lazy\" decoding=\"async\" class=\"pic wp-image-441\"  data-valign=\"middle\" data-halign=\"center\" alt=\"Un couple d&#039;invit\u00e9 danse dans la joie lors d&#039;un mariage authentique dans le Gard, pr\u00e8s de N\u00eemes.\" data-full=\"https:\/\/florianfrison.com\/wp-content\/uploads\/2025\/12\/MariageFlotographie-4857_lwsoptimized.avif\" title=\"Danse-Salle-Mariage-Gard-Nimes-Emotion\" crop=\"\" width=\"1536\" height=\"1022\" src=\"https:\/\/florianfrison.com\/wp-content\/uploads\/2025\/12\/MariageFlotographie-4857_lwsoptimized.avif\" data-src=\"https:\/\/florianfrison.com\/wp-content\/uploads\/2025\/12\/MariageFlotographie-4857_lwsoptimized.avif\" data-caption=\"Un couple d&#039;invit\u00e9 danse dans la joie lors d&#039;un mariage authentique dans le Gard, pr\u00e8s de N\u00eemes.\"\/>\n\t\t<div class=\"figc\">\n\t\t\t<div class=\"figc-inner\">\n\t\t\t\t\t\t\t\t\t\t\t\t\t<div class=\"jtg-description\">Un couple d'invit\u00e9 danse dans la joie lors d'un mariage authentique dans le Gard, pr\u00e8s de N\u00eemes.<\/div>\n\t\t\t\t\t\t\t\t\t\t\t<\/div>\n\t\t<\/div>\n\n\t<\/div>\n\n<\/div><div class=\"modula-item effect-pufrobo\" >\n\t<div class=\"modula-item-overlay\"><\/div>\n\n\t<div class=\"modula-item-content\">\n\n\t\t<a data-image-id=\"1199\" role=\"button\" tabindex=\"0\" rel=\"jtg-355\" data-caption=\"Reportage de Mariage \u00e0 Saint-Jeoire-Prieur\u00e9 et Jacob-Bellecombette\" aria-label=\"Open image in lightbox\" class=\"tile-inner modula-item-link\"><\/a><img loading=\"lazy\" decoding=\"async\" class=\"pic wp-image-1199\"  data-valign=\"middle\" data-halign=\"center\" alt=\"Reportage de Mariage \u00e0 Saint-Jeoire-Prieur\u00e9 et Jacob-Bellecombette\" data-full=\"https:\/\/florianfrison.com\/wp-content\/uploads\/2026\/04\/MariageSiradaDamienFlorianFrison26-4710.avif\" title=\"MariageSirada&amp;amp;DamienFlorianFrison26-4710\" crop=\"\" width=\"1536\" height=\"1024\" src=\"https:\/\/florianfrison.com\/wp-content\/uploads\/2026\/04\/MariageSiradaDamienFlorianFrison26-4710.avif\" data-src=\"https:\/\/florianfrison.com\/wp-content\/uploads\/2026\/04\/MariageSiradaDamienFlorianFrison26-4710.avif\" data-caption=\"Reportage de Mariage \u00e0 Saint-Jeoire-Prieur\u00e9 et Jacob-Bellecombette\"\/>\n\t\t<div class=\"figc\">\n\t\t\t<div class=\"figc-inner\">\n\t\t\t\t\t\t\t\t\t\t\t\t\t<div class=\"jtg-description\">Reportage de Mariage \u00e0 Saint-Jeoire-Prieur\u00e9 et Jacob-Bellecombette<\/div>\n\t\t\t\t\t\t\t\t\t\t\t<\/div>\n\t\t<\/div>\n\n\t<\/div>\n\n<\/div><div class=\"modula-item effect-pufrobo\" >\n\t<div class=\"modula-item-overlay\"><\/div>\n\n\t<div class=\"modula-item-content\">\n\n\t\t<a data-image-id=\"1202\" role=\"button\" tabindex=\"0\" rel=\"jtg-355\" data-caption=\"Reportage de Mariage \u00e0 Saint-Jeoire-Prieur\u00e9 et Jacob-Bellecombette\" aria-label=\"Open image in lightbox\" class=\"tile-inner modula-item-link\"><\/a><img loading=\"lazy\" decoding=\"async\" class=\"pic wp-image-1202\"  data-valign=\"middle\" data-halign=\"center\" alt=\"Reportage de Mariage \u00e0 Saint-Jeoire-Prieur\u00e9 et Jacob-Bellecombette\" data-full=\"https:\/\/florianfrison.com\/wp-content\/uploads\/2026\/04\/MariageSiradaDamienFlorianFrison26-4815.avif\" title=\"MariageSirada&amp;amp;DamienFlorianFrison26-4815\" crop=\"\" width=\"1536\" height=\"1024\" src=\"https:\/\/florianfrison.com\/wp-content\/uploads\/2026\/04\/MariageSiradaDamienFlorianFrison26-4815.avif\" data-src=\"https:\/\/florianfrison.com\/wp-content\/uploads\/2026\/04\/MariageSiradaDamienFlorianFrison26-4815.avif\" data-caption=\"Reportage de Mariage \u00e0 Saint-Jeoire-Prieur\u00e9 et Jacob-Bellecombette\"\/>\n\t\t<div class=\"figc\">\n\t\t\t<div class=\"figc-inner\">\n\t\t\t\t\t\t\t\t\t\t\t\t\t<div class=\"jtg-description\">Reportage de Mariage \u00e0 Saint-Jeoire-Prieur\u00e9 et Jacob-Bellecombette<\/div>\n\t\t\t\t\t\t\t\t\t\t\t<\/div>\n\t\t<\/div>\n\n\t<\/div>\n\n<\/div><div class=\"modula-item effect-pufrobo\" >\n\t<div class=\"modula-item-overlay\"><\/div>\n\n\t<div class=\"modula-item-content\">\n\n\t\t<a data-image-id=\"456\" role=\"button\" tabindex=\"0\" rel=\"jtg-355\" data-caption=\"La soir\u00e9e au Ch\u00e2teau La Beaumetane - Florian Frison Photographe Mariage Provence.\" aria-label=\"Open image in lightbox\" class=\"tile-inner modula-item-link\"><\/a><img loading=\"lazy\" decoding=\"async\" class=\"pic wp-image-456\"  data-valign=\"middle\" data-halign=\"center\" alt=\"La soir\u00e9e au Ch\u00e2teau La Beaumetane - Florian Frison Photographe Mariage Provence.\" data-full=\"https:\/\/florianfrison.com\/wp-content\/uploads\/2025\/12\/MariageFlotographie-8852_lwsoptimized.avif\" title=\"Mariage Ch\u00e2teau La Beaumetane\" crop=\"\" width=\"1536\" height=\"1024\" src=\"https:\/\/florianfrison.com\/wp-content\/uploads\/2025\/12\/MariageFlotographie-8852_lwsoptimized.avif\" data-src=\"https:\/\/florianfrison.com\/wp-content\/uploads\/2025\/12\/MariageFlotographie-8852_lwsoptimized.avif\" data-caption=\"La soir\u00e9e au Ch\u00e2teau La Beaumetane - Florian Frison Photographe Mariage Provence.\"\/>\n\t\t<div class=\"figc\">\n\t\t\t<div class=\"figc-inner\">\n\t\t\t\t\t\t\t\t\t\t\t\t\t<div class=\"jtg-description\">La soir\u00e9e au Ch\u00e2teau La Beaumetane - Florian Frison Photographe Mariage Provence.<\/div>\n\t\t\t\t\t\t\t\t\t\t\t<\/div>\n\t\t<\/div>\n\n\t<\/div>\n\n<\/div><div class=\"modula-item effect-pufrobo\" >\n\t<div class=\"modula-item-overlay\"><\/div>\n\n\t<div class=\"modula-item-content\">\n\n\t\t<a data-image-id=\"175\" role=\"button\" tabindex=\"0\" rel=\"jtg-355\" data-caption=\"Signature officielle des registres par les mari\u00e9s lors de la c\u00e9r\u00e9monie civile \u00e0 la Mairie de Mauguio.\" aria-label=\"Open image in lightbox\" class=\"tile-inner modula-item-link\"><\/a><img loading=\"lazy\" decoding=\"async\" class=\"pic wp-image-175\"  data-valign=\"middle\" data-halign=\"center\" alt=\"Signature officielle des registres par les mari\u00e9s lors de la c\u00e9r\u00e9monie civile \u00e0 la Mairie de Mauguio.\" data-full=\"https:\/\/florianfrison.com\/wp-content\/uploads\/2025\/11\/MariageFlotographie-6567_lwsoptimized.avif\" title=\"Signature-Registre-Mariage-Mairie-Mauguio\" crop=\"\" width=\"1536\" height=\"1024\" src=\"https:\/\/florianfrison.com\/wp-content\/uploads\/2025\/11\/MariageFlotographie-6567_lwsoptimized.avif\" data-src=\"https:\/\/florianfrison.com\/wp-content\/uploads\/2025\/11\/MariageFlotographie-6567_lwsoptimized.avif\" data-caption=\"Signature officielle des registres par les mari\u00e9s lors de la c\u00e9r\u00e9monie civile \u00e0 la Mairie de Mauguio.\"\/>\n\t\t<div class=\"figc\">\n\t\t\t<div class=\"figc-inner\">\n\t\t\t\t\t\t\t\t\t\t\t\t\t<div class=\"jtg-description\">Signature officielle des registres par les mari\u00e9s lors de la c\u00e9r\u00e9monie civile \u00e0 la Mairie de Mauguio.<\/div>\n\t\t\t\t\t\t\t\t\t\t\t<\/div>\n\t\t<\/div>\n\n\t<\/div>\n\n<\/div><div class=\"modula-item effect-pufrobo\" >\n\t<div class=\"modula-item-overlay\"><\/div>\n\n\t<div class=\"modula-item-content\">\n\n\t\t<a data-image-id=\"445\" role=\"button\" tabindex=\"0\" rel=\"jtg-355\" data-caption=\"Premi\u00e8re danse lors d&#039;une c\u00e9r\u00e9monie traditionnelle de mariage cambodgien \u00e0 l&#039;H\u00f4tel Aquabella, Aix-en-Provence.\" aria-label=\"Open image in lightbox\" class=\"tile-inner modula-item-link\"><\/a><img loading=\"lazy\" decoding=\"async\" class=\"pic wp-image-445\"  data-valign=\"middle\" data-halign=\"center\" alt=\"Premi\u00e8re danse lors d&#039;une c\u00e9r\u00e9monie traditionnelle de mariage cambodgien \u00e0 l&#039;H\u00f4tel Aquabella, Aix-en-Provence.\" data-full=\"https:\/\/florianfrison.com\/wp-content\/uploads\/2025\/12\/MariageFlotographie-6286_lwsoptimized.avif\" title=\"Mariage-Cambodgien-Aix-en-Provence-Hotel-Aquabella\" crop=\"\" width=\"1536\" height=\"1020\" src=\"https:\/\/florianfrison.com\/wp-content\/uploads\/2025\/12\/MariageFlotographie-6286_lwsoptimized.avif\" data-src=\"https:\/\/florianfrison.com\/wp-content\/uploads\/2025\/12\/MariageFlotographie-6286_lwsoptimized.avif\" data-caption=\"Premi\u00e8re danse lors d&#039;une c\u00e9r\u00e9monie traditionnelle de mariage cambodgien \u00e0 l&#039;H\u00f4tel Aquabella, Aix-en-Provence.\"\/>\n\t\t<div class=\"figc\">\n\t\t\t<div class=\"figc-inner\">\n\t\t\t\t\t\t\t\t\t\t\t\t\t<div class=\"jtg-description\">Premi\u00e8re danse lors d'une c\u00e9r\u00e9monie traditionnelle de mariage cambodgien \u00e0 l'H\u00f4tel Aquabella, Aix-en-Provence.<\/div>\n\t\t\t\t\t\t\t\t\t\t\t<\/div>\n\t\t<\/div>\n\n\t<\/div>\n\n<\/div><div class=\"modula-item effect-pufrobo\" >\n\t<div class=\"modula-item-overlay\"><\/div>\n\n\t<div class=\"modula-item-content\">\n\n\t\t<a data-image-id=\"161\" role=\"button\" tabindex=\"0\" rel=\"jtg-355\" data-caption=\"Ambiance festive et danse de mariage au Domaine La Tour, pr\u00e8s de Sault et du Mont Ventoux.\" aria-label=\"Open image in lightbox\" class=\"tile-inner modula-item-link\"><\/a><img loading=\"lazy\" decoding=\"async\" class=\"pic wp-image-161\"  data-valign=\"middle\" data-halign=\"center\" alt=\"Ambiance festive et danse de mariage au Domaine La Tour, pr\u00e8s de Sault et du Mont Ventoux.\" data-full=\"https:\/\/florianfrison.com\/wp-content\/uploads\/2025\/11\/MariageFlotographie-3716_lwsoptimized.avif\" title=\"Soiree-Mariage-Domaine-La-Tour-Sault-Ventoux\" crop=\"\" width=\"1536\" height=\"1022\" src=\"https:\/\/florianfrison.com\/wp-content\/uploads\/2025\/11\/MariageFlotographie-3716_lwsoptimized.avif\" data-src=\"https:\/\/florianfrison.com\/wp-content\/uploads\/2025\/11\/MariageFlotographie-3716_lwsoptimized.avif\" data-caption=\"Ambiance festive et danse de mariage au Domaine La Tour, pr\u00e8s de Sault et du Mont Ventoux.\"\/>\n\t\t<div class=\"figc\">\n\t\t\t<div class=\"figc-inner\">\n\t\t\t\t\t\t\t\t\t\t\t\t\t<div class=\"jtg-description\">Ambiance festive et danse de mariage au Domaine La Tour, pr\u00e8s de Sault et du Mont Ventoux.<\/div>\n\t\t\t\t\t\t\t\t\t\t\t<\/div>\n\t\t<\/div>\n\n\t<\/div>\n\n<\/div><div class=\"modula-item effect-pufrobo\" >\n\t<div class=\"modula-item-overlay\"><\/div>\n\n\t<div class=\"modula-item-content\">\n\n\t\t<a data-image-id=\"1162\" role=\"button\" tabindex=\"0\" rel=\"jtg-355\" data-caption=\"Reportage de Mariage \u00e0 Saint-Jeoire-Prieur\u00e9 et Jacob-Bellecombette\" aria-label=\"Open image in lightbox\" class=\"tile-inner modula-item-link\"><\/a><img loading=\"lazy\" decoding=\"async\" class=\"pic wp-image-1162\"  data-valign=\"middle\" data-halign=\"center\" alt=\"Reportage de Mariage \u00e0 Saint-Jeoire-Prieur\u00e9 et Jacob-Bellecombette\" data-full=\"https:\/\/florianfrison.com\/wp-content\/uploads\/2026\/04\/MariageSiradaDamienFlorianFrison26-1881.avif\" title=\"MariageSirada&amp;amp;DamienFlorianFrison26-1881\" crop=\"\" width=\"1536\" height=\"1024\" src=\"https:\/\/florianfrison.com\/wp-content\/uploads\/2026\/04\/MariageSiradaDamienFlorianFrison26-1881.avif\" data-src=\"https:\/\/florianfrison.com\/wp-content\/uploads\/2026\/04\/MariageSiradaDamienFlorianFrison26-1881.avif\" data-caption=\"Reportage de Mariage \u00e0 Saint-Jeoire-Prieur\u00e9 et Jacob-Bellecombette\"\/>\n\t\t<div class=\"figc\">\n\t\t\t<div class=\"figc-inner\">\n\t\t\t\t\t\t\t\t\t\t\t\t\t<div class=\"jtg-description\">Reportage de Mariage \u00e0 Saint-Jeoire-Prieur\u00e9 et Jacob-Bellecombette<\/div>\n\t\t\t\t\t\t\t\t\t\t\t<\/div>\n\t\t<\/div>\n\n\t<\/div>\n\n<\/div><div class=\"modula-item effect-pufrobo\" >\n\t<div class=\"modula-item-overlay\"><\/div>\n\n\t<div class=\"modula-item-content\">\n\n\t\t<a data-image-id=\"458\" role=\"button\" tabindex=\"0\" rel=\"jtg-355\" data-caption=\"La soir\u00e9e au Ch\u00e2teau La Beaumetane - Florian Frison Photographe Mariage Provence.\" aria-label=\"Open image in lightbox\" class=\"tile-inner modula-item-link\"><\/a><img loading=\"lazy\" decoding=\"async\" class=\"pic wp-image-458\"  data-valign=\"middle\" data-halign=\"center\" alt=\"La soir\u00e9e au Ch\u00e2teau La Beaumetane - Florian Frison Photographe Mariage Provence.\" data-full=\"https:\/\/florianfrison.com\/wp-content\/uploads\/2025\/12\/MariageFlotographie-9478_lwsoptimized.avif\" title=\"Mariage Ch\u00e2teau La Beaumetane\" crop=\"\" width=\"1536\" height=\"1024\" src=\"https:\/\/florianfrison.com\/wp-content\/uploads\/2025\/12\/MariageFlotographie-9478_lwsoptimized.avif\" data-src=\"https:\/\/florianfrison.com\/wp-content\/uploads\/2025\/12\/MariageFlotographie-9478_lwsoptimized.avif\" data-caption=\"La soir\u00e9e au Ch\u00e2teau La Beaumetane - Florian Frison Photographe Mariage Provence.\"\/>\n\t\t<div class=\"figc\">\n\t\t\t<div class=\"figc-inner\">\n\t\t\t\t\t\t\t\t\t\t\t\t\t<div class=\"jtg-description\">La soir\u00e9e au Ch\u00e2teau La Beaumetane - Florian Frison Photographe Mariage Provence.<\/div>\n\t\t\t\t\t\t\t\t\t\t\t<\/div>\n\t\t<\/div>\n\n\t<\/div>\n\n<\/div><div class=\"modula-item effect-pufrobo\" >\n\t<div class=\"modula-item-overlay\"><\/div>\n\n\t<div class=\"modula-item-content\">\n\n\t\t<a data-image-id=\"1168\" role=\"button\" tabindex=\"0\" rel=\"jtg-355\" data-caption=\"Reportage de Mariage \u00e0 Saint-Jeoire-Prieur\u00e9 et Jacob-Bellecombette\" aria-label=\"Open image in lightbox\" class=\"tile-inner modula-item-link\"><\/a><img loading=\"lazy\" decoding=\"async\" class=\"pic wp-image-1168\"  data-valign=\"middle\" data-halign=\"center\" alt=\"Reportage de Mariage \u00e0 Saint-Jeoire-Prieur\u00e9 et Jacob-Bellecombette\" data-full=\"https:\/\/florianfrison.com\/wp-content\/uploads\/2026\/04\/MariageSiradaDamienFlorianFrison26-2071.avif\" title=\"MariageSirada&amp;amp;DamienFlorianFrison26-2071\" crop=\"\" width=\"1536\" height=\"1024\" src=\"https:\/\/florianfrison.com\/wp-content\/uploads\/2026\/04\/MariageSiradaDamienFlorianFrison26-2071.avif\" data-src=\"https:\/\/florianfrison.com\/wp-content\/uploads\/2026\/04\/MariageSiradaDamienFlorianFrison26-2071.avif\" data-caption=\"Reportage de Mariage \u00e0 Saint-Jeoire-Prieur\u00e9 et Jacob-Bellecombette\"\/>\n\t\t<div class=\"figc\">\n\t\t\t<div class=\"figc-inner\">\n\t\t\t\t\t\t\t\t\t\t\t\t\t<div class=\"jtg-description\">Reportage de Mariage \u00e0 Saint-Jeoire-Prieur\u00e9 et Jacob-Bellecombette<\/div>\n\t\t\t\t\t\t\t\t\t\t\t<\/div>\n\t\t<\/div>\n\n\t<\/div>\n\n<\/div><div class=\"modula-item effect-pufrobo\" >\n\t<div class=\"modula-item-overlay\"><\/div>\n\n\t<div class=\"modula-item-content\">\n\n\t\t<a data-image-id=\"1204\" role=\"button\" tabindex=\"0\" rel=\"jtg-355\" data-caption=\"Reportage de Mariage \u00e0 Saint-Jeoire-Prieur\u00e9 et Jacob-Bellecombette\" aria-label=\"Open image in lightbox\" class=\"tile-inner modula-item-link\"><\/a><img loading=\"lazy\" decoding=\"async\" class=\"pic wp-image-1204\"  data-valign=\"middle\" data-halign=\"center\" alt=\"Reportage de Mariage \u00e0 Saint-Jeoire-Prieur\u00e9 et Jacob-Bellecombette\" data-full=\"https:\/\/florianfrison.com\/wp-content\/uploads\/2026\/04\/MariageSiradaDamienFlorianFrison26-4951.avif\" title=\"MariageSirada&amp;amp;DamienFlorianFrison26-4951\" crop=\"\" width=\"1536\" height=\"1024\" src=\"https:\/\/florianfrison.com\/wp-content\/uploads\/2026\/04\/MariageSiradaDamienFlorianFrison26-4951.avif\" data-src=\"https:\/\/florianfrison.com\/wp-content\/uploads\/2026\/04\/MariageSiradaDamienFlorianFrison26-4951.avif\" data-caption=\"Reportage de Mariage \u00e0 Saint-Jeoire-Prieur\u00e9 et Jacob-Bellecombette\"\/>\n\t\t<div class=\"figc\">\n\t\t\t<div class=\"figc-inner\">\n\t\t\t\t\t\t\t\t\t\t\t\t\t<div class=\"jtg-description\">Reportage de Mariage \u00e0 Saint-Jeoire-Prieur\u00e9 et Jacob-Bellecombette<\/div>\n\t\t\t\t\t\t\t\t\t\t\t<\/div>\n\t\t<\/div>\n\n\t<\/div>\n\n<\/div><div class=\"modula-item effect-pufrobo\" >\n\t<div class=\"modula-item-overlay\"><\/div>\n\n\t<div class=\"modula-item-content\">\n\n\t\t<a data-image-id=\"767\" role=\"button\" tabindex=\"0\" rel=\"jtg-355\" data-caption=\"Portrait invit\u00e9e \u00e9l\u00e9gante sourire naturel soir\u00e9e mariage russe Ch\u00e2teau la Beaumetane.\" aria-label=\"Open image in lightbox\" class=\"tile-inner modula-item-link\"><\/a><img loading=\"lazy\" decoding=\"async\" class=\"pic wp-image-767\"  data-valign=\"middle\" data-halign=\"center\" alt=\"Portrait invit\u00e9e \u00e9l\u00e9gante sourire naturel soir\u00e9e mariage russe Ch\u00e2teau la Beaumetane.\" data-full=\"https:\/\/florianfrison.com\/wp-content\/uploads\/2025\/12\/MariageFlotographie-8946_lwsoptimized.avif\" title=\"MariageFlotographie-8946\" crop=\"\" width=\"1536\" height=\"971\" src=\"https:\/\/florianfrison.com\/wp-content\/uploads\/2025\/12\/MariageFlotographie-8946_lwsoptimized.avif\" data-src=\"https:\/\/florianfrison.com\/wp-content\/uploads\/2025\/12\/MariageFlotographie-8946_lwsoptimized.avif\" data-caption=\"Portrait invit\u00e9e \u00e9l\u00e9gante sourire naturel soir\u00e9e mariage russe Ch\u00e2teau la Beaumetane.\"\/>\n\t\t<div class=\"figc\">\n\t\t\t<div class=\"figc-inner\">\n\t\t\t\t\t\t\t\t\t\t\t\t\t<div class=\"jtg-description\">Portrait invit\u00e9e \u00e9l\u00e9gante sourire naturel soir\u00e9e mariage russe Ch\u00e2teau la Beaumetane.<\/div>\n\t\t\t\t\t\t\t\t\t\t\t<\/div>\n\t\t<\/div>\n\n\t<\/div>\n\n<\/div><div class=\"modula-item effect-pufrobo\" >\n\t<div class=\"modula-item-overlay\"><\/div>\n\n\t<div class=\"modula-item-content\">\n\n\t\t<a data-image-id=\"430\" role=\"button\" tabindex=\"0\" rel=\"jtg-355\" data-caption=\"Ambiance festive et danse de mariage au Domaine La Tour, pr\u00e8s de Sault et du Mont Ventoux.\" aria-label=\"Open image in lightbox\" class=\"tile-inner modula-item-link\"><\/a><img loading=\"lazy\" decoding=\"async\" class=\"pic wp-image-430\"  data-valign=\"middle\" data-halign=\"center\" alt=\"Ambiance festive et danse de mariage au Domaine La Tour, pr\u00e8s de Sault et du Mont Ventoux.\" data-full=\"https:\/\/florianfrison.com\/wp-content\/uploads\/2025\/12\/MariageFlotographie-1690_lwsoptimized.avif\" title=\"Soiree-Mariage-Domaine-La-Tour-Sault-Ventoux\" crop=\"\" width=\"1536\" height=\"1024\" src=\"https:\/\/florianfrison.com\/wp-content\/uploads\/2025\/12\/MariageFlotographie-1690_lwsoptimized.avif\" data-src=\"https:\/\/florianfrison.com\/wp-content\/uploads\/2025\/12\/MariageFlotographie-1690_lwsoptimized.avif\" data-caption=\"Ambiance festive et danse de mariage au Domaine La Tour, pr\u00e8s de Sault et du Mont Ventoux.\"\/>\n\t\t<div class=\"figc\">\n\t\t\t<div class=\"figc-inner\">\n\t\t\t\t\t\t\t\t\t\t\t\t\t<div class=\"jtg-description\">Ambiance festive et danse de mariage au Domaine La Tour, pr\u00e8s de Sault et du Mont Ventoux.<\/div>\n\t\t\t\t\t\t\t\t\t\t\t<\/div>\n\t\t<\/div>\n\n\t<\/div>\n\n<\/div><div class=\"modula-item effect-pufrobo\" >\n\t<div class=\"modula-item-overlay\"><\/div>\n\n\t<div class=\"modula-item-content\">\n\n\t\t<a data-image-id=\"1161\" role=\"button\" tabindex=\"0\" rel=\"jtg-355\" data-caption=\"Reportage de Mariage \u00e0 Saint-Jeoire-Prieur\u00e9 et Jacob-Bellecombette\" aria-label=\"Open image in lightbox\" class=\"tile-inner modula-item-link\"><\/a><img loading=\"lazy\" decoding=\"async\" class=\"pic wp-image-1161\"  data-valign=\"middle\" data-halign=\"center\" alt=\"Reportage de Mariage \u00e0 Saint-Jeoire-Prieur\u00e9 et Jacob-Bellecombette\" data-full=\"https:\/\/florianfrison.com\/wp-content\/uploads\/2026\/04\/MariageSiradaDamienFlorianFrison26-1869.avif\" title=\"MariageSirada&amp;amp;DamienFlorianFrison26-1869\" crop=\"\" width=\"1536\" height=\"1024\" src=\"https:\/\/florianfrison.com\/wp-content\/uploads\/2026\/04\/MariageSiradaDamienFlorianFrison26-1869.avif\" data-src=\"https:\/\/florianfrison.com\/wp-content\/uploads\/2026\/04\/MariageSiradaDamienFlorianFrison26-1869.avif\" data-caption=\"Reportage de Mariage \u00e0 Saint-Jeoire-Prieur\u00e9 et Jacob-Bellecombette\"\/>\n\t\t<div class=\"figc\">\n\t\t\t<div class=\"figc-inner\">\n\t\t\t\t\t\t\t\t\t\t\t\t\t<div class=\"jtg-description\">Reportage de Mariage \u00e0 Saint-Jeoire-Prieur\u00e9 et Jacob-Bellecombette<\/div>\n\t\t\t\t\t\t\t\t\t\t\t<\/div>\n\t\t<\/div>\n\n\t<\/div>\n\n<\/div><div class=\"modula-item effect-pufrobo\" >\n\t<div class=\"modula-item-overlay\"><\/div>\n\n\t<div class=\"modula-item-content\">\n\n\t\t<a data-image-id=\"448\" role=\"button\" tabindex=\"0\" rel=\"jtg-355\" data-caption=\"Visionnage du film lors d&#039;un mariage \u00e0 Castelnau le Lez\" aria-label=\"Open image in lightbox\" class=\"tile-inner modula-item-link\"><\/a><img loading=\"lazy\" decoding=\"async\" class=\"pic wp-image-448\"  data-valign=\"middle\" data-halign=\"center\" alt=\"Visionnage du film lors d&#039;un mariage \u00e0 Castelnau le Lez\" data-full=\"https:\/\/florianfrison.com\/wp-content\/uploads\/2025\/12\/MariageFlotographie-7367_lwsoptimized.avif\" title=\"Calstelnau le Lez\" crop=\"\" width=\"1536\" height=\"1024\" src=\"https:\/\/florianfrison.com\/wp-content\/uploads\/2025\/12\/MariageFlotographie-7367_lwsoptimized.avif\" data-src=\"https:\/\/florianfrison.com\/wp-content\/uploads\/2025\/12\/MariageFlotographie-7367_lwsoptimized.avif\" data-caption=\"Visionnage du film lors d&#039;un mariage \u00e0 Castelnau le Lez\"\/>\n\t\t<div class=\"figc\">\n\t\t\t<div class=\"figc-inner\">\n\t\t\t\t\t\t\t\t\t\t\t\t\t<div class=\"jtg-description\">Visionnage du film lors d'un mariage \u00e0 Castelnau le Lez<\/div>\n\t\t\t\t\t\t\t\t\t\t\t<\/div>\n\t\t<\/div>\n\n\t<\/div>\n\n<\/div><div class=\"modula-item effect-pufrobo\" >\n\t<div class=\"modula-item-overlay\"><\/div>\n\n\t<div class=\"modula-item-content\">\n\n\t\t<a data-image-id=\"424\" role=\"button\" tabindex=\"0\" rel=\"jtg-355\" data-caption=\"Photo de Groupe pr\u00e8s de Sault et du Mont Ventoux.\" aria-label=\"Open image in lightbox\" class=\"tile-inner modula-item-link\"><\/a><img loading=\"lazy\" decoding=\"async\" class=\"pic wp-image-424\"  data-valign=\"middle\" data-halign=\"center\" alt=\"Photo de Groupe pr\u00e8s de Sault et du Mont Ventoux.\" data-full=\"https:\/\/florianfrison.com\/wp-content\/uploads\/2025\/12\/MariageFlotographie-0625_lwsoptimized.webp\" title=\"Mariage-Domaine-La-Tour-Sault-Ventoux\" crop=\"\" width=\"1536\" height=\"1024\" src=\"https:\/\/florianfrison.com\/wp-content\/uploads\/2025\/12\/MariageFlotographie-0625_lwsoptimized-1536x1024.webp\" data-src=\"https:\/\/florianfrison.com\/wp-content\/uploads\/2025\/12\/MariageFlotographie-0625_lwsoptimized-1536x1024.webp\" data-caption=\"Photo de Groupe pr\u00e8s de Sault et du Mont Ventoux.\" srcset=\"https:\/\/florianfrison.com\/wp-content\/uploads\/2025\/12\/MariageFlotographie-0625_lwsoptimized.webp 2000w, https:\/\/florianfrison.com\/wp-content\/uploads\/2025\/12\/MariageFlotographie-0625_lwsoptimized-300x200.webp 300w, https:\/\/florianfrison.com\/wp-content\/uploads\/2025\/12\/MariageFlotographie-0625_lwsoptimized-1024x682.webp 1024w, https:\/\/florianfrison.com\/wp-content\/uploads\/2025\/12\/MariageFlotographie-0625_lwsoptimized-768x512.webp 768w, https:\/\/florianfrison.com\/wp-content\/uploads\/2025\/12\/MariageFlotographie-0625_lwsoptimized-1536x1024.webp 1536w, https:\/\/florianfrison.com\/wp-content\/uploads\/2025\/12\/MariageFlotographie-0625_lwsoptimized-18x12.webp 18w, https:\/\/florianfrison.com\/wp-content\/uploads\/2025\/12\/MariageFlotographie-0625_lwsoptimized-610x407.webp 610w, https:\/\/florianfrison.com\/wp-content\/uploads\/2025\/12\/MariageFlotographie-0625_lwsoptimized-1080x720.webp 1080w, https:\/\/florianfrison.com\/wp-content\/uploads\/2025\/12\/MariageFlotographie-0625_lwsoptimized-1280x853.webp 1280w, https:\/\/florianfrison.com\/wp-content\/uploads\/2025\/12\/MariageFlotographie-0625_lwsoptimized-980x653.webp 980w, https:\/\/florianfrison.com\/wp-content\/uploads\/2025\/12\/MariageFlotographie-0625_lwsoptimized-480x320.webp 480w\" sizes=\"(max-width: 1536px) 100vw, 1536px\" \/>\n\t\t<div class=\"figc\">\n\t\t\t<div class=\"figc-inner\">\n\t\t\t\t\t\t\t\t\t\t\t\t\t<div class=\"jtg-description\">Photo de Groupe pr\u00e8s de Sault et du Mont Ventoux.<\/div>\n\t\t\t\t\t\t\t\t\t\t\t<\/div>\n\t\t<\/div>\n\n\t<\/div>\n\n<\/div><div class=\"modula-item effect-pufrobo\" >\n\t<div class=\"modula-item-overlay\"><\/div>\n\n\t<div class=\"modula-item-content\">\n\n\t\t<a data-image-id=\"145\" role=\"button\" tabindex=\"0\" rel=\"jtg-355\" data-caption=\"Couple de mari\u00e9s marchant main dans la main en se regardant avec complicit\u00e9 dans un parc \u00e0 Marseille - Photographe Mariage Provence.\" aria-label=\"Open image in lightbox\" class=\"tile-inner modula-item-link\"><\/a><img loading=\"lazy\" decoding=\"async\" class=\"pic wp-image-145\"  data-valign=\"middle\" data-halign=\"center\" alt=\"Couple de mari\u00e9s marchant main dans la main en se regardant avec complicit\u00e9 dans un parc \u00e0 Marseille - Photographe Mariage Provence.\" data-full=\"https:\/\/florianfrison.com\/wp-content\/uploads\/2025\/11\/MariageFlotographie-0245-1_lwsoptimized.avif\" title=\"Mariage Civil Parc Maison Blanche Marseille &amp;#8211; Couple Complice\" crop=\"\" width=\"1536\" height=\"1024\" src=\"https:\/\/florianfrison.com\/wp-content\/uploads\/2025\/11\/MariageFlotographie-0245-1_lwsoptimized.avif\" data-src=\"https:\/\/florianfrison.com\/wp-content\/uploads\/2025\/11\/MariageFlotographie-0245-1_lwsoptimized.avif\" data-caption=\"Couple de mari\u00e9s marchant main dans la main en se regardant avec complicit\u00e9 dans un parc \u00e0 Marseille - Photographe Mariage Provence.\"\/>\n\t\t<div class=\"figc\">\n\t\t\t<div class=\"figc-inner\">\n\t\t\t\t\t\t\t\t\t\t\t\t\t<div class=\"jtg-description\">Couple de mari\u00e9s marchant main dans la main en se regardant avec complicit\u00e9 dans un parc \u00e0 Marseille - Photographe Mariage Provence.<\/div>\n\t\t\t\t\t\t\t\t\t\t\t<\/div>\n\t\t<\/div>\n\n\t<\/div>\n\n<\/div><div class=\"modula-item effect-pufrobo\" >\n\t<div class=\"modula-item-overlay\"><\/div>\n\n\t<div class=\"modula-item-content\">\n\n\t\t<a data-image-id=\"1209\" role=\"button\" tabindex=\"0\" rel=\"jtg-355\" data-caption=\"Reportage de Mariage \u00e0 Saint-Jeoire-Prieur\u00e9 et Jacob-Bellecombette\" aria-label=\"Open image in lightbox\" class=\"tile-inner modula-item-link\"><\/a><img loading=\"lazy\" decoding=\"async\" class=\"pic wp-image-1209\"  data-valign=\"middle\" data-halign=\"center\" alt=\"Reportage de Mariage \u00e0 Saint-Jeoire-Prieur\u00e9 et Jacob-Bellecombette\" data-full=\"https:\/\/florianfrison.com\/wp-content\/uploads\/2026\/04\/MariageSiradaDamienFlorianFrison26-5277.avif\" title=\"MariageSirada&amp;amp;DamienFlorianFrison26-5277\" crop=\"\" width=\"1536\" height=\"1024\" src=\"https:\/\/florianfrison.com\/wp-content\/uploads\/2026\/04\/MariageSiradaDamienFlorianFrison26-5277.avif\" data-src=\"https:\/\/florianfrison.com\/wp-content\/uploads\/2026\/04\/MariageSiradaDamienFlorianFrison26-5277.avif\" data-caption=\"Reportage de Mariage \u00e0 Saint-Jeoire-Prieur\u00e9 et Jacob-Bellecombette\"\/>\n\t\t<div class=\"figc\">\n\t\t\t<div class=\"figc-inner\">\n\t\t\t\t\t\t\t\t\t\t\t\t\t<div class=\"jtg-description\">Reportage de Mariage \u00e0 Saint-Jeoire-Prieur\u00e9 et Jacob-Bellecombette<\/div>\n\t\t\t\t\t\t\t\t\t\t\t<\/div>\n\t\t<\/div>\n\n\t<\/div>\n\n<\/div><div class=\"modula-item effect-pufrobo\" >\n\t<div class=\"modula-item-overlay\"><\/div>\n\n\t<div class=\"modula-item-content\">\n\n\t\t<a data-image-id=\"180\" role=\"button\" tabindex=\"0\" rel=\"jtg-355\" data-caption=\"D\u00e9tail des mains et des alliances lors de la b\u00e9n\u00e9diction religieuse dans une petite \u00e9glise de village au-dessus de Sault.\" aria-label=\"Open image in lightbox\" class=\"tile-inner modula-item-link\"><\/a><img loading=\"lazy\" decoding=\"async\" class=\"pic wp-image-180\"  data-valign=\"middle\" data-halign=\"center\" alt=\"D\u00e9tail des mains et des alliances lors de la b\u00e9n\u00e9diction religieuse dans une petite \u00e9glise de village au-dessus de Sault.\" data-full=\"https:\/\/florianfrison.com\/wp-content\/uploads\/2025\/11\/MariageFlotographie-0305_lwsoptimized.avif\" title=\"Echange-Alliances-Eglise-Village-Sault-Ventoux\" crop=\"\" width=\"1536\" height=\"1024\" src=\"https:\/\/florianfrison.com\/wp-content\/uploads\/2025\/11\/MariageFlotographie-0305_lwsoptimized.avif\" data-src=\"https:\/\/florianfrison.com\/wp-content\/uploads\/2025\/11\/MariageFlotographie-0305_lwsoptimized.avif\" data-caption=\"D\u00e9tail des mains et des alliances lors de la b\u00e9n\u00e9diction religieuse dans une petite \u00e9glise de village au-dessus de Sault.\"\/>\n\t\t<div class=\"figc\">\n\t\t\t<div class=\"figc-inner\">\n\t\t\t\t\t\t\t\t\t\t\t\t\t<div class=\"jtg-description\">D\u00e9tail des mains et des alliances lors de la b\u00e9n\u00e9diction religieuse dans une petite \u00e9glise de village au-dessus de Sault.<\/div>\n\t\t\t\t\t\t\t\t\t\t\t<\/div>\n\t\t<\/div>\n\n\t<\/div>\n\n<\/div><div class=\"modula-item effect-pufrobo\" >\n\t<div class=\"modula-item-overlay\"><\/div>\n\n\t<div class=\"modula-item-content\">\n\n\t\t<a data-image-id=\"442\" role=\"button\" tabindex=\"0\" rel=\"jtg-355\" data-caption=\"Enfant qui crie lors d&#039;un mariage authentique dans le Gard, pr\u00e8s de N\u00eemes.\" aria-label=\"Open image in lightbox\" class=\"tile-inner modula-item-link\"><\/a><img loading=\"lazy\" decoding=\"async\" class=\"pic wp-image-442\"  data-valign=\"middle\" data-halign=\"center\" alt=\"Enfant qui crie lors d&#039;un mariage authentique dans le Gard, pr\u00e8s de N\u00eemes.\" data-full=\"https:\/\/florianfrison.com\/wp-content\/uploads\/2025\/12\/MariageFlotographie-5048-scaled_lwsoptimized.avif\" title=\"Enfant-Crie-Mariage-Gard-Nimes-Emotion\" crop=\"\" width=\"1536\" height=\"1022\" src=\"https:\/\/florianfrison.com\/wp-content\/uploads\/2025\/12\/MariageFlotographie-5048-scaled_lwsoptimized.avif\" data-src=\"https:\/\/florianfrison.com\/wp-content\/uploads\/2025\/12\/MariageFlotographie-5048-scaled_lwsoptimized.avif\" data-caption=\"Enfant qui crie lors d&#039;un mariage authentique dans le Gard, pr\u00e8s de N\u00eemes.\"\/>\n\t\t<div class=\"figc\">\n\t\t\t<div class=\"figc-inner\">\n\t\t\t\t\t\t\t\t\t\t\t\t\t<div class=\"jtg-description\">Enfant qui crie lors d'un mariage authentique dans le Gard, pr\u00e8s de N\u00eemes.<\/div>\n\t\t\t\t\t\t\t\t\t\t\t<\/div>\n\t\t<\/div>\n\n\t<\/div>\n\n<\/div><div class=\"modula-item effect-pufrobo\" >\n\t<div class=\"modula-item-overlay\"><\/div>\n\n\t<div class=\"modula-item-content\">\n\n\t\t<a data-image-id=\"1183\" role=\"button\" tabindex=\"0\" rel=\"jtg-355\" data-caption=\"Reportage de Mariage \u00e0 Saint-Jeoire-Prieur\u00e9 et Jacob-Bellecombette\" aria-label=\"Open image in lightbox\" class=\"tile-inner modula-item-link\"><\/a><img loading=\"lazy\" decoding=\"async\" class=\"pic wp-image-1183\"  data-valign=\"middle\" data-halign=\"center\" alt=\"Reportage de Mariage \u00e0 Saint-Jeoire-Prieur\u00e9 et Jacob-Bellecombette\" data-full=\"https:\/\/florianfrison.com\/wp-content\/uploads\/2026\/04\/MariageSiradaDamienFlorianFrison26-4181.avif\" title=\"MariageSirada&amp;amp;DamienFlorianFrison26-4181\" crop=\"\" width=\"1536\" height=\"1024\" src=\"https:\/\/florianfrison.com\/wp-content\/uploads\/2026\/04\/MariageSiradaDamienFlorianFrison26-4181.avif\" data-src=\"https:\/\/florianfrison.com\/wp-content\/uploads\/2026\/04\/MariageSiradaDamienFlorianFrison26-4181.avif\" data-caption=\"Reportage de Mariage \u00e0 Saint-Jeoire-Prieur\u00e9 et Jacob-Bellecombette\"\/>\n\t\t<div class=\"figc\">\n\t\t\t<div class=\"figc-inner\">\n\t\t\t\t\t\t\t\t\t\t\t\t\t<div class=\"jtg-description\">Reportage de Mariage \u00e0 Saint-Jeoire-Prieur\u00e9 et Jacob-Bellecombette<\/div>\n\t\t\t\t\t\t\t\t\t\t\t<\/div>\n\t\t<\/div>\n\n\t<\/div>\n\n<\/div><div class=\"modula-item effect-pufrobo\" >\n\t<div class=\"modula-item-overlay\"><\/div>\n\n\t<div class=\"modula-item-content\">\n\n\t\t<a data-image-id=\"459\" role=\"button\" tabindex=\"0\" rel=\"jtg-355\" data-caption=\"Signature de la mari\u00e9e dans la mairie de la Maison Blanche (Mairie 9\/10) \u00e0 Marseille.\" aria-label=\"Open image in lightbox\" class=\"tile-inner modula-item-link\"><\/a><img loading=\"lazy\" decoding=\"async\" class=\"pic wp-image-459\"  data-valign=\"middle\" data-halign=\"center\" alt=\"Signature de la mari\u00e9e dans la mairie de la Maison Blanche (Mairie 9\/10) \u00e0 Marseille.\" data-full=\"https:\/\/florianfrison.com\/wp-content\/uploads\/2025\/12\/MariageFlotographie-9492_lwsoptimized.avif\" title=\"Signature-Mari\u00e9e-Mariage-Parc-Maison-Blanche-Marseille\" crop=\"\" width=\"1536\" height=\"1024\" src=\"https:\/\/florianfrison.com\/wp-content\/uploads\/2025\/12\/MariageFlotographie-9492_lwsoptimized.avif\" data-src=\"https:\/\/florianfrison.com\/wp-content\/uploads\/2025\/12\/MariageFlotographie-9492_lwsoptimized.avif\" data-caption=\"Signature de la mari\u00e9e dans la mairie de la Maison Blanche (Mairie 9\/10) \u00e0 Marseille.\"\/>\n\t\t<div class=\"figc\">\n\t\t\t<div class=\"figc-inner\">\n\t\t\t\t\t\t\t\t\t\t\t\t\t<div class=\"jtg-description\">Signature de la mari\u00e9e dans la mairie de la Maison Blanche (Mairie 9\/10) \u00e0 Marseille.<\/div>\n\t\t\t\t\t\t\t\t\t\t\t<\/div>\n\t\t<\/div>\n\n\t<\/div>\n\n<\/div><div class=\"modula-item effect-pufrobo\" >\n\t<div class=\"modula-item-overlay\"><\/div>\n\n\t<div class=\"modula-item-content\">\n\n\t\t<a data-image-id=\"449\" role=\"button\" tabindex=\"0\" rel=\"jtg-355\" data-caption=\"Invit\u00e9s au soleil couchant du Ch\u00e2teau La Beaumetane - Florian Frison Photographe Mariage Provence.\" aria-label=\"Open image in lightbox\" class=\"tile-inner modula-item-link\"><\/a><img loading=\"lazy\" decoding=\"async\" class=\"pic wp-image-449\"  data-valign=\"middle\" data-halign=\"center\" alt=\"Invit\u00e9s au soleil couchant du Ch\u00e2teau La Beaumetane - Florian Frison Photographe Mariage Provence.\" data-full=\"https:\/\/florianfrison.com\/wp-content\/uploads\/2025\/12\/MariageFlotographie-8447_lwsoptimized.avif\" title=\"Mariage Ch\u00e2teau La Beaumetane\" crop=\"\" width=\"1536\" height=\"1024\" src=\"https:\/\/florianfrison.com\/wp-content\/uploads\/2025\/12\/MariageFlotographie-8447_lwsoptimized.avif\" data-src=\"https:\/\/florianfrison.com\/wp-content\/uploads\/2025\/12\/MariageFlotographie-8447_lwsoptimized.avif\" data-caption=\"Invit\u00e9s au soleil couchant du Ch\u00e2teau La Beaumetane - Florian Frison Photographe Mariage Provence.\"\/>\n\t\t<div class=\"figc\">\n\t\t\t<div class=\"figc-inner\">\n\t\t\t\t\t\t\t\t\t\t\t\t\t<div class=\"jtg-description\">Invit\u00e9s au soleil couchant du Ch\u00e2teau La Beaumetane - Florian Frison Photographe Mariage Provence.<\/div>\n\t\t\t\t\t\t\t\t\t\t\t<\/div>\n\t\t<\/div>\n\n\t<\/div>\n\n<\/div><div class=\"modula-item effect-pufrobo\" >\n\t<div class=\"modula-item-overlay\"><\/div>\n\n\t<div class=\"modula-item-content\">\n\n\t\t<a data-image-id=\"1170\" role=\"button\" tabindex=\"0\" rel=\"jtg-355\" data-caption=\"Reportage de Mariage \u00e0 Saint-Jeoire-Prieur\u00e9 et Jacob-Bellecombette\" aria-label=\"Open image in lightbox\" class=\"tile-inner modula-item-link\"><\/a><img loading=\"lazy\" decoding=\"async\" class=\"pic wp-image-1170\"  data-valign=\"middle\" data-halign=\"center\" alt=\"Reportage de Mariage \u00e0 Saint-Jeoire-Prieur\u00e9 et Jacob-Bellecombette\" data-full=\"https:\/\/florianfrison.com\/wp-content\/uploads\/2026\/04\/MariageSiradaDamienFlorianFrison26-2153.avif\" title=\"MariageSirada&amp;amp;DamienFlorianFrison26-2153\" crop=\"\" width=\"1536\" height=\"1024\" src=\"https:\/\/florianfrison.com\/wp-content\/uploads\/2026\/04\/MariageSiradaDamienFlorianFrison26-2153.avif\" data-src=\"https:\/\/florianfrison.com\/wp-content\/uploads\/2026\/04\/MariageSiradaDamienFlorianFrison26-2153.avif\" data-caption=\"Reportage de Mariage \u00e0 Saint-Jeoire-Prieur\u00e9 et Jacob-Bellecombette\"\/>\n\t\t<div class=\"figc\">\n\t\t\t<div class=\"figc-inner\">\n\t\t\t\t\t\t\t\t\t\t\t\t\t<div class=\"jtg-description\">Reportage de Mariage \u00e0 Saint-Jeoire-Prieur\u00e9 et Jacob-Bellecombette<\/div>\n\t\t\t\t\t\t\t\t\t\t\t<\/div>\n\t\t<\/div>\n\n\t<\/div>\n\n<\/div><div class=\"modula-item effect-pufrobo\" >\n\t<div class=\"modula-item-overlay\"><\/div>\n\n\t<div class=\"modula-item-content\">\n\n\t\t<a data-image-id=\"1174\" role=\"button\" tabindex=\"0\" rel=\"jtg-355\" data-caption=\"Reportage de Mariage \u00e0 Saint-Jeoire-Prieur\u00e9 et Jacob-Bellecombette\" aria-label=\"Open image in lightbox\" class=\"tile-inner modula-item-link\"><\/a><img loading=\"lazy\" decoding=\"async\" class=\"pic wp-image-1174\"  data-valign=\"middle\" data-halign=\"center\" alt=\"Reportage de Mariage \u00e0 Saint-Jeoire-Prieur\u00e9 et Jacob-Bellecombette\" data-full=\"https:\/\/florianfrison.com\/wp-content\/uploads\/2026\/04\/MariageSiradaDamienFlorianFrison26-2284.avif\" title=\"MariageSirada&amp;amp;DamienFlorianFrison26-2284\" crop=\"\" width=\"1536\" height=\"1024\" src=\"https:\/\/florianfrison.com\/wp-content\/uploads\/2026\/04\/MariageSiradaDamienFlorianFrison26-2284.avif\" data-src=\"https:\/\/florianfrison.com\/wp-content\/uploads\/2026\/04\/MariageSiradaDamienFlorianFrison26-2284.avif\" data-caption=\"Reportage de Mariage \u00e0 Saint-Jeoire-Prieur\u00e9 et Jacob-Bellecombette\"\/>\n\t\t<div class=\"figc\">\n\t\t\t<div class=\"figc-inner\">\n\t\t\t\t\t\t\t\t\t\t\t\t\t<div class=\"jtg-description\">Reportage de Mariage \u00e0 Saint-Jeoire-Prieur\u00e9 et Jacob-Bellecombette<\/div>\n\t\t\t\t\t\t\t\t\t\t\t<\/div>\n\t\t<\/div>\n\n\t<\/div>\n\n<\/div><div class=\"modula-item effect-pufrobo\" >\n\t<div class=\"modula-item-overlay\"><\/div>\n\n\t<div class=\"modula-item-content\">\n\n\t\t<a data-image-id=\"457\" role=\"button\" tabindex=\"0\" rel=\"jtg-355\" data-caption=\"La soir\u00e9e au Ch\u00e2teau La Beaumetane - Florian Frison Photographe Mariage Provence.\" aria-label=\"Open image in lightbox\" class=\"tile-inner modula-item-link\"><\/a><img loading=\"lazy\" decoding=\"async\" class=\"pic wp-image-457\"  data-valign=\"middle\" data-halign=\"center\" alt=\"La soir\u00e9e au Ch\u00e2teau La Beaumetane - Florian Frison Photographe Mariage Provence.\" data-full=\"https:\/\/florianfrison.com\/wp-content\/uploads\/2025\/12\/MariageFlotographie-9466_lwsoptimized.avif\" title=\"Mariage Ch\u00e2teau La Beaumetane\" crop=\"\" width=\"1536\" height=\"1024\" src=\"https:\/\/florianfrison.com\/wp-content\/uploads\/2025\/12\/MariageFlotographie-9466_lwsoptimized.avif\" data-src=\"https:\/\/florianfrison.com\/wp-content\/uploads\/2025\/12\/MariageFlotographie-9466_lwsoptimized.avif\" data-caption=\"La soir\u00e9e au Ch\u00e2teau La Beaumetane - Florian Frison Photographe Mariage Provence.\"\/>\n\t\t<div class=\"figc\">\n\t\t\t<div class=\"figc-inner\">\n\t\t\t\t\t\t\t\t\t\t\t\t\t<div class=\"jtg-description\">La soir\u00e9e au Ch\u00e2teau La Beaumetane - Florian Frison Photographe Mariage Provence.<\/div>\n\t\t\t\t\t\t\t\t\t\t\t<\/div>\n\t\t<\/div>\n\n\t<\/div>\n\n<\/div><div class=\"modula-item effect-pufrobo\" >\n\t<div class=\"modula-item-overlay\"><\/div>\n\n\t<div class=\"modula-item-content\">\n\n\t\t<a data-image-id=\"768\" role=\"button\" tabindex=\"0\" rel=\"jtg-355\" data-caption=\"DJ Ruslan Shults animation soir\u00e9e mariage russe Ch\u00e2teau la Beaumetane Provence.\" aria-label=\"Open image in lightbox\" class=\"tile-inner modula-item-link\"><\/a><img loading=\"lazy\" decoding=\"async\" class=\"pic wp-image-768\"  data-valign=\"middle\" data-halign=\"center\" alt=\"DJ Ruslan Shults animation soir\u00e9e mariage russe Ch\u00e2teau la Beaumetane Provence.\" data-full=\"https:\/\/florianfrison.com\/wp-content\/uploads\/2025\/12\/MariageFlotographie-9408_lwsoptimized.avif\" title=\"MariageFlotographie-9408\" crop=\"\" width=\"1536\" height=\"1024\" src=\"https:\/\/florianfrison.com\/wp-content\/uploads\/2025\/12\/MariageFlotographie-9408_lwsoptimized.avif\" data-src=\"https:\/\/florianfrison.com\/wp-content\/uploads\/2025\/12\/MariageFlotographie-9408_lwsoptimized.avif\" data-caption=\"DJ Ruslan Shults animation soir\u00e9e mariage russe Ch\u00e2teau la Beaumetane Provence.\"\/>\n\t\t<div class=\"figc\">\n\t\t\t<div class=\"figc-inner\">\n\t\t\t\t\t\t\t\t\t\t\t\t\t<div class=\"jtg-description\">DJ Ruslan Shults animation soir\u00e9e mariage russe Ch\u00e2teau la Beaumetane Provence.<\/div>\n\t\t\t\t\t\t\t\t\t\t\t<\/div>\n\t\t<\/div>\n\n\t<\/div>\n\n<\/div><div class=\"modula-item effect-pufrobo\" >\n\t<div class=\"modula-item-overlay\"><\/div>\n\n\t<div class=\"modula-item-content\">\n\n\t\t<a data-image-id=\"1184\" role=\"button\" tabindex=\"0\" rel=\"jtg-355\" data-caption=\"Reportage de Mariage \u00e0 Saint-Jeoire-Prieur\u00e9 et Jacob-Bellecombette\" aria-label=\"Open image in lightbox\" class=\"tile-inner modula-item-link\"><\/a><img loading=\"lazy\" decoding=\"async\" class=\"pic wp-image-1184\"  data-valign=\"middle\" data-halign=\"center\" alt=\"Reportage de Mariage \u00e0 Saint-Jeoire-Prieur\u00e9 et Jacob-Bellecombette\" data-full=\"https:\/\/florianfrison.com\/wp-content\/uploads\/2026\/04\/MariageSiradaDamienFlorianFrison26-4199.avif\" title=\"MariageSirada&amp;amp;DamienFlorianFrison26-4199\" crop=\"\" width=\"1536\" height=\"1024\" src=\"https:\/\/florianfrison.com\/wp-content\/uploads\/2026\/04\/MariageSiradaDamienFlorianFrison26-4199.avif\" data-src=\"https:\/\/florianfrison.com\/wp-content\/uploads\/2026\/04\/MariageSiradaDamienFlorianFrison26-4199.avif\" data-caption=\"Reportage de Mariage \u00e0 Saint-Jeoire-Prieur\u00e9 et Jacob-Bellecombette\"\/>\n\t\t<div class=\"figc\">\n\t\t\t<div class=\"figc-inner\">\n\t\t\t\t\t\t\t\t\t\t\t\t\t<div class=\"jtg-description\">Reportage de Mariage \u00e0 Saint-Jeoire-Prieur\u00e9 et Jacob-Bellecombette<\/div>\n\t\t\t\t\t\t\t\t\t\t\t<\/div>\n\t\t<\/div>\n\n\t<\/div>\n\n<\/div><div class=\"modula-item effect-pufrobo\" >\n\t<div class=\"modula-item-overlay\"><\/div>\n\n\t<div class=\"modula-item-content\">\n\n\t\t<a data-image-id=\"1193\" role=\"button\" tabindex=\"0\" rel=\"jtg-355\" data-caption=\"Reportage de Mariage \u00e0 Saint-Jeoire-Prieur\u00e9 et Jacob-Bellecombette\" aria-label=\"Open image in lightbox\" class=\"tile-inner modula-item-link\"><\/a><img loading=\"lazy\" decoding=\"async\" class=\"pic wp-image-1193\"  data-valign=\"middle\" data-halign=\"center\" alt=\"Reportage de Mariage \u00e0 Saint-Jeoire-Prieur\u00e9 et Jacob-Bellecombette\" data-full=\"https:\/\/florianfrison.com\/wp-content\/uploads\/2026\/04\/MariageSiradaDamienFlorianFrison26-4389.avif\" title=\"MariageSirada&amp;amp;DamienFlorianFrison26-4389\" crop=\"\" width=\"1536\" height=\"1024\" src=\"https:\/\/florianfrison.com\/wp-content\/uploads\/2026\/04\/MariageSiradaDamienFlorianFrison26-4389.avif\" data-src=\"https:\/\/florianfrison.com\/wp-content\/uploads\/2026\/04\/MariageSiradaDamienFlorianFrison26-4389.avif\" data-caption=\"Reportage de Mariage \u00e0 Saint-Jeoire-Prieur\u00e9 et Jacob-Bellecombette\"\/>\n\t\t<div class=\"figc\">\n\t\t\t<div class=\"figc-inner\">\n\t\t\t\t\t\t\t\t\t\t\t\t\t<div class=\"jtg-description\">Reportage de Mariage \u00e0 Saint-Jeoire-Prieur\u00e9 et Jacob-Bellecombette<\/div>\n\t\t\t\t\t\t\t\t\t\t\t<\/div>\n\t\t<\/div>\n\n\t<\/div>\n\n<\/div><div class=\"modula-item effect-pufrobo\" >\n\t<div class=\"modula-item-overlay\"><\/div>\n\n\t<div class=\"modula-item-content\">\n\n\t\t<a data-image-id=\"455\" role=\"button\" tabindex=\"0\" rel=\"jtg-355\" data-caption=\"Couple faisant un selfie au Ch\u00e2teau La Beaumetane - Florian Frison Photographe Mariage Provence.\" aria-label=\"Open image in lightbox\" class=\"tile-inner modula-item-link\"><\/a><img loading=\"lazy\" decoding=\"async\" class=\"pic wp-image-455\"  data-valign=\"middle\" data-halign=\"center\" alt=\"Couple faisant un selfie au Ch\u00e2teau La Beaumetane - Florian Frison Photographe Mariage Provence.\" data-full=\"https:\/\/florianfrison.com\/wp-content\/uploads\/2025\/12\/MariageFlotographie-8627_lwsoptimized.avif\" title=\"Mariage Ch\u00e2teau La Beaumetane\" crop=\"\" width=\"1536\" height=\"1024\" src=\"https:\/\/florianfrison.com\/wp-content\/uploads\/2025\/12\/MariageFlotographie-8627_lwsoptimized.avif\" data-src=\"https:\/\/florianfrison.com\/wp-content\/uploads\/2025\/12\/MariageFlotographie-8627_lwsoptimized.avif\" data-caption=\"Couple faisant un selfie au Ch\u00e2teau La Beaumetane - Florian Frison Photographe Mariage Provence.\"\/>\n\t\t<div class=\"figc\">\n\t\t\t<div class=\"figc-inner\">\n\t\t\t\t\t\t\t\t\t\t\t\t\t<div class=\"jtg-description\">Couple faisant un selfie au Ch\u00e2teau La Beaumetane - Florian Frison Photographe Mariage Provence.<\/div>\n\t\t\t\t\t\t\t\t\t\t\t<\/div>\n\t\t<\/div>\n\n\t<\/div>\n\n<\/div><div class=\"modula-item effect-pufrobo\" >\n\t<div class=\"modula-item-overlay\"><\/div>\n\n\t<div class=\"modula-item-content\">\n\n\t\t<a data-image-id=\"1171\" role=\"button\" tabindex=\"0\" rel=\"jtg-355\" data-caption=\"Reportage de Mariage \u00e0 Saint-Jeoire-Prieur\u00e9 et Jacob-Bellecombette\" aria-label=\"Open image in lightbox\" class=\"tile-inner modula-item-link\"><\/a><img loading=\"lazy\" decoding=\"async\" class=\"pic wp-image-1171\"  data-valign=\"middle\" data-halign=\"center\" alt=\"Reportage de Mariage \u00e0 Saint-Jeoire-Prieur\u00e9 et Jacob-Bellecombette\" data-full=\"https:\/\/florianfrison.com\/wp-content\/uploads\/2026\/04\/MariageSiradaDamienFlorianFrison26-2233.avif\" title=\"MariageSirada&amp;amp;DamienFlorianFrison26-2233\" crop=\"\" width=\"1536\" height=\"1024\" src=\"https:\/\/florianfrison.com\/wp-content\/uploads\/2026\/04\/MariageSiradaDamienFlorianFrison26-2233.avif\" data-src=\"https:\/\/florianfrison.com\/wp-content\/uploads\/2026\/04\/MariageSiradaDamienFlorianFrison26-2233.avif\" data-caption=\"Reportage de Mariage \u00e0 Saint-Jeoire-Prieur\u00e9 et Jacob-Bellecombette\"\/>\n\t\t<div class=\"figc\">\n\t\t\t<div class=\"figc-inner\">\n\t\t\t\t\t\t\t\t\t\t\t\t\t<div class=\"jtg-description\">Reportage de Mariage \u00e0 Saint-Jeoire-Prieur\u00e9 et Jacob-Bellecombette<\/div>\n\t\t\t\t\t\t\t\t\t\t\t<\/div>\n\t\t<\/div>\n\n\t<\/div>\n\n<\/div><div class=\"modula-item effect-pufrobo\" >\n\t<div class=\"modula-item-overlay\"><\/div>\n\n\t<div class=\"modula-item-content\">\n\n\t\t<a data-image-id=\"437\" role=\"button\" tabindex=\"0\" rel=\"jtg-355\" data-caption=\"Entr\u00e9e rayonnante des mari\u00e9s dans la salle de r\u00e9ception. Un moment de joie pure lors d&#039;un mariage authentique dans le Gard, pr\u00e8s de N\u00eemes.\" aria-label=\"Open image in lightbox\" class=\"tile-inner modula-item-link\"><\/a><img loading=\"lazy\" decoding=\"async\" class=\"pic wp-image-437\"  data-valign=\"middle\" data-halign=\"center\" alt=\"Entr\u00e9e rayonnante des mari\u00e9s dans la salle de r\u00e9ception. Un moment de joie pure lors d&#039;un mariage authentique dans le Gard, pr\u00e8s de N\u00eemes.\" data-full=\"https:\/\/florianfrison.com\/wp-content\/uploads\/2025\/12\/MariageFlotographie-4212_lwsoptimized.avif\" title=\"Entree-Salle-Mariage-Gard-Nimes-Emotion\" crop=\"\" width=\"1536\" height=\"1022\" src=\"https:\/\/florianfrison.com\/wp-content\/uploads\/2025\/12\/MariageFlotographie-4212_lwsoptimized.avif\" data-src=\"https:\/\/florianfrison.com\/wp-content\/uploads\/2025\/12\/MariageFlotographie-4212_lwsoptimized.avif\" data-caption=\"Entr\u00e9e rayonnante des mari\u00e9s dans la salle de r\u00e9ception. Un moment de joie pure lors d&#039;un mariage authentique dans le Gard, pr\u00e8s de N\u00eemes.\"\/>\n\t\t<div class=\"figc\">\n\t\t\t<div class=\"figc-inner\">\n\t\t\t\t\t\t\t\t\t\t\t\t\t<div class=\"jtg-description\">Entr\u00e9e rayonnante des mari\u00e9s dans la salle de r\u00e9ception. Un moment de joie pure lors d'un mariage authentique dans le Gard, pr\u00e8s de N\u00eemes.<\/div>\n\t\t\t\t\t\t\t\t\t\t\t<\/div>\n\t\t<\/div>\n\n\t<\/div>\n\n<\/div>\t\t\n\t<\/div>\n\n\t\n\t\n\t<script type=\"application\/ld+json\">\n\t{\n\t\t\"@context\": \"http:\/\/schema.org\",\n\t\t\"@type\"   : \"ImageGallery\",\n\t\t\"id\"      : \"https:\/\/florianfrison.com\/en\/portfolio\/\",\n\t\t\"url\"     : \"https:\/\/florianfrison.com\/en\/portfolio\/\"\n\t}\n\n\t<\/script>\n\n\t\n<\/div>\nPORTRAITS &amp; LIFESTYLEVOIR LES MARIAGES | VOIR LES PORTRAITS<div  id=\"jtg-464\" class=\"modula modula-gallery modula-columns\" data-config=\"{&quot;tabletHeight&quot;:800,&quot;mobileHeight&quot;:800,&quot;desktopHeight&quot;:800,&quot;enableTwitter&quot;:false,&quot;enableWhatsapp&quot;:false,&quot;enableFacebook&quot;:false,&quot;enablePinterest&quot;:false,&quot;enableLinkedin&quot;:false,&quot;enableEmail&quot;:false,&quot;randomFactor&quot;:0.5,&quot;type&quot;:&quot;grid&quot;,&quot;columns&quot;:12,&quot;gutter&quot;:0,&quot;mobileGutter&quot;:0,&quot;tabletGutter&quot;:0,&quot;desktopGutter&quot;:0,&quot;enableResponsive&quot;:true,&quot;tabletColumns&quot;:2,&quot;mobileColumns&quot;:1,&quot;lazyLoad&quot;:0,&quot;lightboxOpts&quot;:{&quot;animated&quot;:true,&quot;Thumbs&quot;:{&quot;type&quot;:&quot;modern&quot;,&quot;showOnStart&quot;:false},&quot;Toolbar&quot;:{&quot;display&quot;:{&quot;right&quot;:[&quot;close&quot;]},&quot;enabled&quot;:true},&quot;Carousel&quot;:{&quot;Panzoom&quot;:{&quot;touch&quot;:true},&quot;infinite&quot;:false},&quot;keyboard&quot;:{&quot;Escape&quot;:&quot;close&quot;,&quot;Delete&quot;:&quot;close&quot;,&quot;Backspace&quot;:&quot;close&quot;,&quot;PageUp&quot;:false,&quot;PageDown&quot;:false,&quot;ArrowUp&quot;:false,&quot;ArrowDown&quot;:false,&quot;ArrowRight&quot;:false,&quot;ArrowLeft&quot;:false},&quot;touch&quot;:false,&quot;backdropClick&quot;:false,&quot;l10n&quot;:{&quot;CLOSE&quot;:&quot;Close&quot;,&quot;NEXT&quot;:&quot;Next&quot;,&quot;PREV&quot;:&quot;Previous&quot;,&quot;Error&quot;:&quot;The requested content cannot be loaded. Please try again later.&quot;,&quot;PLAY_START&quot;:&quot;Start slideshow&quot;,&quot;PLAY_STOP&quot;:&quot;Pause slideshow&quot;,&quot;FULL_SCREEN&quot;:&quot;Full screen&quot;,&quot;THUMBS&quot;:&quot;Thumbnails&quot;,&quot;DOWNLOAD&quot;:&quot;Download&quot;,&quot;SHARE&quot;:&quot;Share&quot;,&quot;ZOOM&quot;:&quot;Zoom&quot;,&quot;EMAIL&quot;:&quot;Here is the link to the image : %%image_link%% and this is the link to the gallery : %%gallery_link%%&quot;,&quot;MODAL&quot;:&quot;You can close this modal content with the ESC key&quot;,&quot;ERROR&quot;:&quot;Something Went Wrong, Please Try Again Later&quot;,&quot;IMAGE_ERROR&quot;:&quot;Image Not Found&quot;,&quot;ELEMENT_NOT_FOUND&quot;:&quot;HTML Element Not Found&quot;,&quot;AJAX_NOT_FOUND&quot;:&quot;Error Loading AJAX : Not Found&quot;,&quot;AJAX_FORBIDDEN&quot;:&quot;Error Loading AJAX : Forbidden&quot;,&quot;IFRAME_ERROR&quot;:&quot;Error Loading Page&quot;,&quot;TOGGLE_ZOOM&quot;:&quot;Toggle zoom level&quot;,&quot;TOGGLE_THUMBS&quot;:&quot;Toggle thumbnails&quot;,&quot;TOGGLE_SLIDESHOW&quot;:&quot;Toggle slideshow&quot;,&quot;TOGGLE_FULLSCREEN&quot;:&quot;Toggle full-screen mode&quot;},&quot;Images&quot;:{&quot;Panzoom&quot;:{&quot;maxScale&quot;:2}},&quot;mainClass&quot;:&quot;modula-fancybox-container modula-lightbox-jtg-464&quot;,&quot;Html&quot;:{&quot;videoAutoplay&quot;:0,&quot;videoTpl&quot;:&quot;&lt;video class=\\&quot;fancybox__html5video\\&quot; controls muted playsinline controlsList controlsList=\\&quot;nodownload\\&quot; poster=\\&quot;{{poster}}\\&quot; src=\\&quot;{{src}}\\&quot; type=\\&quot;{{format}}\\&quot; &gt;  Sorry, your browser doesn&#039;t support embedded videos, &lt;a href=\\&quot;{{src}}\\&quot;&gt; download &lt;\\\/a&gt; and watch with your favorite video player! &lt;\\\/video&gt;&quot;}},&quot;inView&quot;:false,&quot;email_subject&quot;:&quot;Check out this awesome image !!&quot;,&quot;email_message&quot;:&quot;Here is the link to the image : %%image_link%% and this is the link to the gallery : %%gallery_link%%&quot;,&quot;grid_type&quot;:&quot;automatic&quot;,&quot;rowHeight&quot;:250,&quot;lastRow&quot;:&quot;justify&quot;,&quot;lightbox&quot;:&quot;fancybox&quot;}\">\n\n\t\n\t<div  class=\"modula-items grid-gallery\">\n\t\t<div class=\"modula-item effect-pufrobo\" >\n\t<div class=\"modula-item-overlay\"><\/div>\n\n\t<div class=\"modula-item-content\">\n\n\t\t<a data-image-id=\"250\" role=\"button\" tabindex=\"0\" rel=\"jtg-464\" data-caption=\"Couple complice lors d&#039;une s\u00e9ance photo romantique en automne \u00e0 Fontaine de Vaucluse.\" aria-label=\"Open image in lightbox\" class=\"tile-inner modula-item-link\"><\/a><img loading=\"lazy\" decoding=\"async\" class=\"pic wp-image-250\"  data-valign=\"middle\" data-halign=\"center\" alt=\"Couple complice lors d&#039;une s\u00e9ance photo romantique en automne \u00e0 Fontaine de Vaucluse.\" data-full=\"https:\/\/florianfrison.com\/wp-content\/uploads\/2025\/12\/PortraitFlotographie-6176_lwsoptimized.avif\" title=\"Seance-Photo-Couple-Romantique-Fontaine-de-Vaucluse-Provence\" crop=\"\" width=\"1536\" height=\"1022\" src=\"https:\/\/florianfrison.com\/wp-content\/uploads\/2025\/12\/PortraitFlotographie-6176_lwsoptimized.avif\" data-src=\"https:\/\/florianfrison.com\/wp-content\/uploads\/2025\/12\/PortraitFlotographie-6176_lwsoptimized.avif\" data-caption=\"Couple complice lors d&#039;une s\u00e9ance photo romantique en automne \u00e0 Fontaine de Vaucluse.\"\/>\n\t\t<div class=\"figc\">\n\t\t\t<div class=\"figc-inner\">\n\t\t\t\t\t\t\t\t\t\t\t\t\t<div class=\"jtg-description\">Couple complice lors d'une s\u00e9ance photo romantique en automne \u00e0 Fontaine de Vaucluse.<\/div>\n\t\t\t\t\t\t\t\t\t\t\t<\/div>\n\t\t<\/div>\n\n\t<\/div>\n\n<\/div><div class=\"modula-item effect-pufrobo\" >\n\t<div class=\"modula-item-overlay\"><\/div>\n\n\t<div class=\"modula-item-content\">\n\n\t\t<a data-image-id=\"498\" role=\"button\" tabindex=\"0\" rel=\"jtg-464\" data-caption=\"Portrait mode \u00e9ditorial d&#039;une mod\u00e8le ukrainienne pour la marque Icone \u00e0 Gen\u00e8ve. Femme blonde, tenue noire et voile, \u00e9clairage studio artistique et retouche naturelle.\" aria-label=\"Open image in lightbox\" class=\"tile-inner modula-item-link\"><\/a><img loading=\"lazy\" decoding=\"async\" class=\"pic wp-image-498\"  data-valign=\"middle\" data-halign=\"center\" alt=\"Portrait mode \u00e9ditorial d&#039;une mod\u00e8le ukrainienne pour la marque Icone \u00e0 Gen\u00e8ve. Femme blonde, tenue noire et voile, \u00e9clairage studio artistique et retouche naturelle.\" data-full=\"https:\/\/florianfrison.com\/wp-content\/uploads\/2025\/12\/PortraitFlotographie-5319_lwsoptimized.webp\" title=\"Portrait-Mode-Femme-Ukrainienne-Studio-Geneve-Icone\" crop=\"\" width=\"1024\" height=\"1536\" src=\"https:\/\/florianfrison.com\/wp-content\/uploads\/2025\/12\/PortraitFlotographie-5319_lwsoptimized-1024x1536.webp\" data-src=\"https:\/\/florianfrison.com\/wp-content\/uploads\/2025\/12\/PortraitFlotographie-5319_lwsoptimized-1024x1536.webp\" data-caption=\"Portrait mode \u00e9ditorial d&#039;une mod\u00e8le ukrainienne pour la marque Icone \u00e0 Gen\u00e8ve. Femme blonde, tenue noire et voile, \u00e9clairage studio artistique et retouche naturelle.\" srcset=\"https:\/\/florianfrison.com\/wp-content\/uploads\/2025\/12\/PortraitFlotographie-5319_lwsoptimized.webp 1333w, https:\/\/florianfrison.com\/wp-content\/uploads\/2025\/12\/PortraitFlotographie-5319_lwsoptimized-200x300.webp 200w, https:\/\/florianfrison.com\/wp-content\/uploads\/2025\/12\/PortraitFlotographie-5319_lwsoptimized-682x1024.webp 682w, https:\/\/florianfrison.com\/wp-content\/uploads\/2025\/12\/PortraitFlotographie-5319_lwsoptimized-768x1152.webp 768w, https:\/\/florianfrison.com\/wp-content\/uploads\/2025\/12\/PortraitFlotographie-5319_lwsoptimized-1024x1536.webp 1024w, https:\/\/florianfrison.com\/wp-content\/uploads\/2025\/12\/PortraitFlotographie-5319_lwsoptimized-8x12.webp 8w, https:\/\/florianfrison.com\/wp-content\/uploads\/2025\/12\/PortraitFlotographie-5319_lwsoptimized-610x915.webp 610w, https:\/\/florianfrison.com\/wp-content\/uploads\/2025\/12\/PortraitFlotographie-5319_lwsoptimized-1080x1620.webp 1080w, https:\/\/florianfrison.com\/wp-content\/uploads\/2025\/12\/PortraitFlotographie-5319_lwsoptimized-1280x1920.webp 1280w, https:\/\/florianfrison.com\/wp-content\/uploads\/2025\/12\/PortraitFlotographie-5319_lwsoptimized-980x1470.webp 980w, https:\/\/florianfrison.com\/wp-content\/uploads\/2025\/12\/PortraitFlotographie-5319_lwsoptimized-480x720.webp 480w\" sizes=\"(max-width: 1024px) 100vw, 1024px\" \/>\n\t\t<div class=\"figc\">\n\t\t\t<div class=\"figc-inner\">\n\t\t\t\t\t\t\t\t\t\t\t\t\t<div class=\"jtg-description\">Portrait mode \u00e9ditorial d'une mod\u00e8le ukrainienne pour la marque Icone \u00e0 Gen\u00e8ve. Femme blonde, tenue noire et voile, \u00e9clairage studio artistique et retouche naturelle.<\/div>\n\t\t\t\t\t\t\t\t\t\t\t<\/div>\n\t\t<\/div>\n\n\t<\/div>\n\n<\/div><div class=\"modula-item effect-pufrobo\" >\n\t<div class=\"modula-item-overlay\"><\/div>\n\n\t<div class=\"modula-item-content\">\n\n\t\t<a data-image-id=\"1130\" role=\"button\" tabindex=\"0\" rel=\"jtg-464\" data-caption=\"S\u00e9ance Photo de Grossesse \u00e0 l&#039;arbre magique de Saint-Antonin-sur-Bayon\" aria-label=\"Open image in lightbox\" class=\"tile-inner modula-item-link\"><\/a><img loading=\"lazy\" decoding=\"async\" class=\"pic wp-image-1130\"  data-valign=\"middle\" data-halign=\"center\" alt=\"S\u00e9ance Photo de Grossesse \u00e0 l&#039;arbre magique de Saint-Antonin-sur-Bayon\" data-full=\"https:\/\/florianfrison.com\/wp-content\/uploads\/2026\/04\/MaechaEliotFlorianFrison26-1744.avif\" title=\"Maecha&amp;amp;EliotFlorianFrison26-1744\" crop=\"\" width=\"1536\" height=\"1024\" src=\"https:\/\/florianfrison.com\/wp-content\/uploads\/2026\/04\/MaechaEliotFlorianFrison26-1744.avif\" data-src=\"https:\/\/florianfrison.com\/wp-content\/uploads\/2026\/04\/MaechaEliotFlorianFrison26-1744.avif\" data-caption=\"S\u00e9ance Photo de Grossesse \u00e0 l&#039;arbre magique de Saint-Antonin-sur-Bayon\"\/>\n\t\t<div class=\"figc\">\n\t\t\t<div class=\"figc-inner\">\n\t\t\t\t\t\t\t\t\t\t\t\t\t<div class=\"jtg-description\">S\u00e9ance Photo de Grossesse \u00e0 l'arbre magique de Saint-Antonin-sur-Bayon<\/div>\n\t\t\t\t\t\t\t\t\t\t\t<\/div>\n\t\t<\/div>\n\n\t<\/div>\n\n<\/div><div class=\"modula-item effect-pufrobo\" >\n\t<div class=\"modula-item-overlay\"><\/div>\n\n\t<div class=\"modula-item-content\">\n\n\t\t<a data-image-id=\"492\" role=\"button\" tabindex=\"0\" rel=\"jtg-464\" data-caption=\"Danseuse du studio 6th Art (Aix-les-Bains) posant en tutu dans les rues pi\u00e9tonnes de Chamb\u00e9ry.\" aria-label=\"Open image in lightbox\" class=\"tile-inner modula-item-link\"><\/a><img loading=\"lazy\" decoding=\"async\" class=\"pic wp-image-492\"  data-valign=\"middle\" data-halign=\"center\" alt=\"Danseuse du studio 6th Art (Aix-les-Bains) posant en tutu dans les rues pi\u00e9tonnes de Chamb\u00e9ry.\" data-full=\"https:\/\/florianfrison.com\/wp-content\/uploads\/2025\/12\/PortraitFlotographie-3907_lwsoptimized.avif\" title=\"Shooting-Danse-Urbaine-Chambery-6thArt\" crop=\"\" width=\"1536\" height=\"1024\" src=\"https:\/\/florianfrison.com\/wp-content\/uploads\/2025\/12\/PortraitFlotographie-3907_lwsoptimized.avif\" data-src=\"https:\/\/florianfrison.com\/wp-content\/uploads\/2025\/12\/PortraitFlotographie-3907_lwsoptimized.avif\" data-caption=\"Danseuse du studio 6th Art (Aix-les-Bains) posant en tutu dans les rues pi\u00e9tonnes de Chamb\u00e9ry.\"\/>\n\t\t<div class=\"figc\">\n\t\t\t<div class=\"figc-inner\">\n\t\t\t\t\t\t\t\t\t\t\t\t\t<div class=\"jtg-description\">Danseuse du studio 6th Art (Aix-les-Bains) posant en tutu dans les rues pi\u00e9tonnes de Chamb\u00e9ry.<\/div>\n\t\t\t\t\t\t\t\t\t\t\t<\/div>\n\t\t<\/div>\n\n\t<\/div>\n\n<\/div><div class=\"modula-item effect-pufrobo\" >\n\t<div class=\"modula-item-overlay\"><\/div>\n\n\t<div class=\"modula-item-content\">\n\n\t\t<a data-image-id=\"1142\" role=\"button\" tabindex=\"0\" rel=\"jtg-464\" data-caption=\"S\u00e9ance Photo de Grossesse \u00e0 l&#039;arbre magique de Saint-Antonin-sur-Bayon\" aria-label=\"Open image in lightbox\" class=\"tile-inner modula-item-link\"><\/a><img loading=\"lazy\" decoding=\"async\" class=\"pic wp-image-1142\"  data-valign=\"middle\" data-halign=\"center\" alt=\"S\u00e9ance Photo de Grossesse \u00e0 l&#039;arbre magique de Saint-Antonin-sur-Bayon\" data-full=\"https:\/\/florianfrison.com\/wp-content\/uploads\/2026\/04\/MaechaEliotFlorianFrison26-4123.avif\" title=\"Maecha&amp;amp;EliotFlorianFrison26-4123\" crop=\"\" width=\"1536\" height=\"1024\" src=\"https:\/\/florianfrison.com\/wp-content\/uploads\/2026\/04\/MaechaEliotFlorianFrison26-4123.avif\" data-src=\"https:\/\/florianfrison.com\/wp-content\/uploads\/2026\/04\/MaechaEliotFlorianFrison26-4123.avif\" data-caption=\"S\u00e9ance Photo de Grossesse \u00e0 l&#039;arbre magique de Saint-Antonin-sur-Bayon\"\/>\n\t\t<div class=\"figc\">\n\t\t\t<div class=\"figc-inner\">\n\t\t\t\t\t\t\t\t\t\t\t\t\t<div class=\"jtg-description\">S\u00e9ance Photo de Grossesse \u00e0 l'arbre magique de Saint-Antonin-sur-Bayon<\/div>\n\t\t\t\t\t\t\t\t\t\t\t<\/div>\n\t\t<\/div>\n\n\t<\/div>\n\n<\/div><div class=\"modula-item effect-pufrobo\" >\n\t<div class=\"modula-item-overlay\"><\/div>\n\n\t<div class=\"modula-item-content\">\n\n\t\t<a data-image-id=\"1139\" role=\"button\" tabindex=\"0\" rel=\"jtg-464\" data-caption=\"S\u00e9ance Photo de Grossesse \u00e0 l&#039;arbre magique de Saint-Antonin-sur-Bayon\" aria-label=\"Open image in lightbox\" class=\"tile-inner modula-item-link\"><\/a><img loading=\"lazy\" decoding=\"async\" class=\"pic wp-image-1139\"  data-valign=\"middle\" data-halign=\"center\" alt=\"S\u00e9ance Photo de Grossesse \u00e0 l&#039;arbre magique de Saint-Antonin-sur-Bayon\" data-full=\"https:\/\/florianfrison.com\/wp-content\/uploads\/2026\/04\/MaechaEliotFlorianFrison26-3957.webp\" title=\"Maecha&amp;amp;EliotFlorianFrison26-3957\" crop=\"\" width=\"1536\" height=\"1024\" src=\"https:\/\/florianfrison.com\/wp-content\/uploads\/2026\/04\/MaechaEliotFlorianFrison26-3957-1536x1024.webp\" data-src=\"https:\/\/florianfrison.com\/wp-content\/uploads\/2026\/04\/MaechaEliotFlorianFrison26-3957-1536x1024.webp\" data-caption=\"S\u00e9ance Photo de Grossesse \u00e0 l&#039;arbre magique de Saint-Antonin-sur-Bayon\" srcset=\"https:\/\/florianfrison.com\/wp-content\/uploads\/2026\/04\/MaechaEliotFlorianFrison26-3957.webp 1536w, https:\/\/florianfrison.com\/wp-content\/uploads\/2026\/04\/MaechaEliotFlorianFrison26-3957-1280x853.webp 1280w, https:\/\/florianfrison.com\/wp-content\/uploads\/2026\/04\/MaechaEliotFlorianFrison26-3957-980x653.webp 980w, https:\/\/florianfrison.com\/wp-content\/uploads\/2026\/04\/MaechaEliotFlorianFrison26-3957-480x320.webp 480w\" sizes=\"(min-width: 0px) and (max-width: 480px) 480px, (min-width: 481px) and (max-width: 980px) 980px, (min-width: 981px) and (max-width: 1280px) 1280px, (min-width: 1281px) 1536px, 100vw\" \/>\n\t\t<div class=\"figc\">\n\t\t\t<div class=\"figc-inner\">\n\t\t\t\t\t\t\t\t\t\t\t\t\t<div class=\"jtg-description\">S\u00e9ance Photo de Grossesse \u00e0 l'arbre magique de Saint-Antonin-sur-Bayon<\/div>\n\t\t\t\t\t\t\t\t\t\t\t<\/div>\n\t\t<\/div>\n\n\t<\/div>\n\n<\/div><div class=\"modula-item effect-pufrobo\" >\n\t<div class=\"modula-item-overlay\"><\/div>\n\n\t<div class=\"modula-item-content\">\n\n\t\t<a data-image-id=\"1135\" role=\"button\" tabindex=\"0\" rel=\"jtg-464\" data-caption=\"S\u00e9ance Photo de Grossesse \u00e0 l&#039;arbre magique de Saint-Antonin-sur-Bayon\" aria-label=\"Open image in lightbox\" class=\"tile-inner modula-item-link\"><\/a><img loading=\"lazy\" decoding=\"async\" class=\"pic wp-image-1135\"  data-valign=\"middle\" data-halign=\"center\" alt=\"S\u00e9ance Photo de Grossesse \u00e0 l&#039;arbre magique de Saint-Antonin-sur-Bayon\" data-full=\"https:\/\/florianfrison.com\/wp-content\/uploads\/2026\/04\/MaechaEliotFlorianFrison26-3531.avif\" title=\"Maecha&amp;amp;EliotFlorianFrison26-3531\" crop=\"\" width=\"1536\" height=\"1024\" src=\"https:\/\/florianfrison.com\/wp-content\/uploads\/2026\/04\/MaechaEliotFlorianFrison26-3531.avif\" data-src=\"https:\/\/florianfrison.com\/wp-content\/uploads\/2026\/04\/MaechaEliotFlorianFrison26-3531.avif\" data-caption=\"S\u00e9ance Photo de Grossesse \u00e0 l&#039;arbre magique de Saint-Antonin-sur-Bayon\"\/>\n\t\t<div class=\"figc\">\n\t\t\t<div class=\"figc-inner\">\n\t\t\t\t\t\t\t\t\t\t\t\t\t<div class=\"jtg-description\">S\u00e9ance Photo de Grossesse \u00e0 l'arbre magique de Saint-Antonin-sur-Bayon<\/div>\n\t\t\t\t\t\t\t\t\t\t\t<\/div>\n\t\t<\/div>\n\n\t<\/div>\n\n<\/div><div class=\"modula-item effect-pufrobo\" >\n\t<div class=\"modula-item-overlay\"><\/div>\n\n\t<div class=\"modula-item-content\">\n\n\t\t<a data-image-id=\"482\" role=\"button\" tabindex=\"0\" rel=\"jtg-464\" data-caption=\"Portrait lifestyle naturel d&#039;une jeune femme assise sur les rochers du plateau de Vern\u00e8gues, pr\u00e8s de Salon-de-Provence.\" aria-label=\"Open image in lightbox\" class=\"tile-inner modula-item-link\"><\/a><img loading=\"lazy\" decoding=\"async\" class=\"pic wp-image-482\"  data-valign=\"middle\" data-halign=\"center\" alt=\"Portrait lifestyle naturel d&#039;une jeune femme assise sur les rochers du plateau de Vern\u00e8gues, pr\u00e8s de Salon-de-Provence.\" data-full=\"https:\/\/florianfrison.com\/wp-content\/uploads\/2025\/12\/PortraitFlotographie-4921_lwsoptimized.avif\" title=\"Portrait-Lifestyle-Femme-Plateau-Vernegues-Salon-de-Provence\" crop=\"\" width=\"1022\" height=\"1536\" src=\"https:\/\/florianfrison.com\/wp-content\/uploads\/2025\/12\/PortraitFlotographie-4921_lwsoptimized.avif\" data-src=\"https:\/\/florianfrison.com\/wp-content\/uploads\/2025\/12\/PortraitFlotographie-4921_lwsoptimized.avif\" data-caption=\"Portrait lifestyle naturel d&#039;une jeune femme assise sur les rochers du plateau de Vern\u00e8gues, pr\u00e8s de Salon-de-Provence.\"\/>\n\t\t<div class=\"figc\">\n\t\t\t<div class=\"figc-inner\">\n\t\t\t\t\t\t\t\t\t\t\t\t\t<div class=\"jtg-description\">Portrait lifestyle naturel d'une jeune femme assise sur les rochers du plateau de Vern\u00e8gues, pr\u00e8s de Salon-de-Provence.<\/div>\n\t\t\t\t\t\t\t\t\t\t\t<\/div>\n\t\t<\/div>\n\n\t<\/div>\n\n<\/div><div class=\"modula-item effect-pufrobo\" >\n\t<div class=\"modula-item-overlay\"><\/div>\n\n\t<div class=\"modula-item-content\">\n\n\t\t<a data-image-id=\"1141\" role=\"button\" tabindex=\"0\" rel=\"jtg-464\" data-caption=\"S\u00e9ance Photo de Grossesse \u00e0 l&#039;arbre magique de Saint-Antonin-sur-Bayon\" aria-label=\"Open image in lightbox\" class=\"tile-inner modula-item-link\"><\/a><img loading=\"lazy\" decoding=\"async\" class=\"pic wp-image-1141\"  data-valign=\"middle\" data-halign=\"center\" alt=\"S\u00e9ance Photo de Grossesse \u00e0 l&#039;arbre magique de Saint-Antonin-sur-Bayon\" data-full=\"https:\/\/florianfrison.com\/wp-content\/uploads\/2026\/04\/MaechaEliotFlorianFrison26-4111.avif\" title=\"Maecha&amp;amp;EliotFlorianFrison26-4111\" crop=\"\" width=\"1536\" height=\"1024\" src=\"https:\/\/florianfrison.com\/wp-content\/uploads\/2026\/04\/MaechaEliotFlorianFrison26-4111.avif\" data-src=\"https:\/\/florianfrison.com\/wp-content\/uploads\/2026\/04\/MaechaEliotFlorianFrison26-4111.avif\" data-caption=\"S\u00e9ance Photo de Grossesse \u00e0 l&#039;arbre magique de Saint-Antonin-sur-Bayon\"\/>\n\t\t<div class=\"figc\">\n\t\t\t<div class=\"figc-inner\">\n\t\t\t\t\t\t\t\t\t\t\t\t\t<div class=\"jtg-description\">S\u00e9ance Photo de Grossesse \u00e0 l'arbre magique de Saint-Antonin-sur-Bayon<\/div>\n\t\t\t\t\t\t\t\t\t\t\t<\/div>\n\t\t<\/div>\n\n\t<\/div>\n\n<\/div><div class=\"modula-item effect-pufrobo\" >\n\t<div class=\"modula-item-overlay\"><\/div>\n\n\t<div class=\"modula-item-content\">\n\n\t\t<a data-image-id=\"1138\" role=\"button\" tabindex=\"0\" rel=\"jtg-464\" data-caption=\"S\u00e9ance Photo de Grossesse \u00e0 l&#039;arbre magique de Saint-Antonin-sur-Bayon\" aria-label=\"Open image in lightbox\" class=\"tile-inner modula-item-link\"><\/a><img loading=\"lazy\" decoding=\"async\" class=\"pic wp-image-1138\"  data-valign=\"middle\" data-halign=\"center\" alt=\"S\u00e9ance Photo de Grossesse \u00e0 l&#039;arbre magique de Saint-Antonin-sur-Bayon\" data-full=\"https:\/\/florianfrison.com\/wp-content\/uploads\/2026\/04\/MaechaEliotFlorianFrison26-3855.avif\" title=\"Maecha&amp;amp;EliotFlorianFrison26-3855\" crop=\"\" width=\"1536\" height=\"1024\" src=\"https:\/\/florianfrison.com\/wp-content\/uploads\/2026\/04\/MaechaEliotFlorianFrison26-3855.avif\" data-src=\"https:\/\/florianfrison.com\/wp-content\/uploads\/2026\/04\/MaechaEliotFlorianFrison26-3855.avif\" data-caption=\"S\u00e9ance Photo de Grossesse \u00e0 l&#039;arbre magique de Saint-Antonin-sur-Bayon\"\/>\n\t\t<div class=\"figc\">\n\t\t\t<div class=\"figc-inner\">\n\t\t\t\t\t\t\t\t\t\t\t\t\t<div class=\"jtg-description\">S\u00e9ance Photo de Grossesse \u00e0 l'arbre magique de Saint-Antonin-sur-Bayon<\/div>\n\t\t\t\t\t\t\t\t\t\t\t<\/div>\n\t\t<\/div>\n\n\t<\/div>\n\n<\/div><div class=\"modula-item effect-pufrobo\" >\n\t<div class=\"modula-item-overlay\"><\/div>\n\n\t<div class=\"modula-item-content\">\n\n\t\t<a data-image-id=\"493\" role=\"button\" tabindex=\"0\" rel=\"jtg-464\" data-caption=\"Danseuse du studio 6th Art (Aix-les-Bains) posant en tutu dans les rues pi\u00e9tonnes de Chamb\u00e9ry.\" aria-label=\"Open image in lightbox\" class=\"tile-inner modula-item-link\"><\/a><img loading=\"lazy\" decoding=\"async\" class=\"pic wp-image-493\"  data-valign=\"middle\" data-halign=\"center\" alt=\"Danseuse du studio 6th Art (Aix-les-Bains) posant en tutu dans les rues pi\u00e9tonnes de Chamb\u00e9ry.\" data-full=\"https:\/\/florianfrison.com\/wp-content\/uploads\/2025\/12\/PortraitFlotographie-3784_lwsoptimized.avif\" title=\"Shooting-Danse-Urbaine-Chambery-6thArt\" crop=\"\" width=\"1024\" height=\"1536\" src=\"https:\/\/florianfrison.com\/wp-content\/uploads\/2025\/12\/PortraitFlotographie-3784_lwsoptimized.avif\" data-src=\"https:\/\/florianfrison.com\/wp-content\/uploads\/2025\/12\/PortraitFlotographie-3784_lwsoptimized.avif\" data-caption=\"Danseuse du studio 6th Art (Aix-les-Bains) posant en tutu dans les rues pi\u00e9tonnes de Chamb\u00e9ry.\"\/>\n\t\t<div class=\"figc\">\n\t\t\t<div class=\"figc-inner\">\n\t\t\t\t\t\t\t\t\t\t\t\t\t<div class=\"jtg-description\">Danseuse du studio 6th Art (Aix-les-Bains) posant en tutu dans les rues pi\u00e9tonnes de Chamb\u00e9ry.<\/div>\n\t\t\t\t\t\t\t\t\t\t\t<\/div>\n\t\t<\/div>\n\n\t<\/div>\n\n<\/div><div class=\"modula-item effect-pufrobo\" >\n\t<div class=\"modula-item-overlay\"><\/div>\n\n\t<div class=\"modula-item-content\">\n\n\t\t<a data-image-id=\"1131\" role=\"button\" tabindex=\"0\" rel=\"jtg-464\" data-caption=\"S\u00e9ance Photo de Grossesse \u00e0 l&#039;arbre magique de Saint-Antonin-sur-Bayon\" aria-label=\"Open image in lightbox\" class=\"tile-inner modula-item-link\"><\/a><img loading=\"lazy\" decoding=\"async\" class=\"pic wp-image-1131\"  data-valign=\"middle\" data-halign=\"center\" alt=\"S\u00e9ance Photo de Grossesse \u00e0 l&#039;arbre magique de Saint-Antonin-sur-Bayon\" data-full=\"https:\/\/florianfrison.com\/wp-content\/uploads\/2026\/04\/MaechaEliotFlorianFrison26-1747.avif\" title=\"Maecha&amp;amp;EliotFlorianFrison26-1747\" crop=\"\" width=\"1536\" height=\"1024\" src=\"https:\/\/florianfrison.com\/wp-content\/uploads\/2026\/04\/MaechaEliotFlorianFrison26-1747.avif\" data-src=\"https:\/\/florianfrison.com\/wp-content\/uploads\/2026\/04\/MaechaEliotFlorianFrison26-1747.avif\" data-caption=\"S\u00e9ance Photo de Grossesse \u00e0 l&#039;arbre magique de Saint-Antonin-sur-Bayon\"\/>\n\t\t<div class=\"figc\">\n\t\t\t<div class=\"figc-inner\">\n\t\t\t\t\t\t\t\t\t\t\t\t\t<div class=\"jtg-description\">S\u00e9ance Photo de Grossesse \u00e0 l'arbre magique de Saint-Antonin-sur-Bayon<\/div>\n\t\t\t\t\t\t\t\t\t\t\t<\/div>\n\t\t<\/div>\n\n\t<\/div>\n\n<\/div><div class=\"modula-item effect-pufrobo\" >\n\t<div class=\"modula-item-overlay\"><\/div>\n\n\t<div class=\"modula-item-content\">\n\n\t\t<a data-image-id=\"465\" role=\"button\" tabindex=\"0\" rel=\"jtg-464\" data-caption=\"Portrait naturel et d\u00e9tendu d&#039;une femme en bord de lac, lumi\u00e8re douce.\" aria-label=\"Open image in lightbox\" class=\"tile-inner modula-item-link\"><\/a><img loading=\"lazy\" decoding=\"async\" class=\"pic wp-image-465\"  data-valign=\"middle\" data-halign=\"center\" alt=\"Portrait naturel et d\u00e9tendu d&#039;une femme en bord de lac, lumi\u00e8re douce.\" data-full=\"https:\/\/florianfrison.com\/wp-content\/uploads\/2025\/12\/PortraitFlotographie-7640_lwsoptimized.avif\" title=\"Seance-Portrait-Femme-Lac-Bourget-Lifestyle\" crop=\"\" width=\"1536\" height=\"1022\" src=\"https:\/\/florianfrison.com\/wp-content\/uploads\/2025\/12\/PortraitFlotographie-7640_lwsoptimized.avif\" data-src=\"https:\/\/florianfrison.com\/wp-content\/uploads\/2025\/12\/PortraitFlotographie-7640_lwsoptimized.avif\" data-caption=\"Portrait naturel et d\u00e9tendu d&#039;une femme en bord de lac, lumi\u00e8re douce.\"\/>\n\t\t<div class=\"figc\">\n\t\t\t<div class=\"figc-inner\">\n\t\t\t\t\t\t\t\t\t\t\t\t\t<div class=\"jtg-description\">Portrait naturel et d\u00e9tendu d'une femme en bord de lac, lumi\u00e8re douce.<\/div>\n\t\t\t\t\t\t\t\t\t\t\t<\/div>\n\t\t<\/div>\n\n\t<\/div>\n\n<\/div><div class=\"modula-item effect-pufrobo\" >\n\t<div class=\"modula-item-overlay\"><\/div>\n\n\t<div class=\"modula-item-content\">\n\n\t\t<a data-image-id=\"268\" role=\"button\" tabindex=\"0\" rel=\"jtg-464\" data-caption=\"Portrait mode \u00e9ditorial d&#039;une mod\u00e8le ukrainienne pour la marque Icone \u00e0 Gen\u00e8ve. Femme blonde, tenue noire et voile, \u00e9clairage studio artistique et retouche naturelle.\" aria-label=\"Open image in lightbox\" class=\"tile-inner modula-item-link\"><\/a><img loading=\"lazy\" decoding=\"async\" class=\"pic wp-image-268\"  data-valign=\"middle\" data-halign=\"center\" alt=\"Portrait mode \u00e9ditorial d&#039;une mod\u00e8le ukrainienne pour la marque Icone \u00e0 Gen\u00e8ve. Femme blonde, tenue noire et voile, \u00e9clairage studio artistique et retouche naturelle.\" data-full=\"https:\/\/florianfrison.com\/wp-content\/uploads\/2025\/12\/PortraitFlotographie-5023_lwsoptimized.avif\" title=\"Portrait-Mode-Femme-Ukrainienne-Studio-Geneve-Icone\" crop=\"\" width=\"1024\" height=\"1536\" src=\"https:\/\/florianfrison.com\/wp-content\/uploads\/2025\/12\/PortraitFlotographie-5023_lwsoptimized.avif\" data-src=\"https:\/\/florianfrison.com\/wp-content\/uploads\/2025\/12\/PortraitFlotographie-5023_lwsoptimized.avif\" data-caption=\"Portrait mode \u00e9ditorial d&#039;une mod\u00e8le ukrainienne pour la marque Icone \u00e0 Gen\u00e8ve. Femme blonde, tenue noire et voile, \u00e9clairage studio artistique et retouche naturelle.\"\/>\n\t\t<div class=\"figc\">\n\t\t\t<div class=\"figc-inner\">\n\t\t\t\t\t\t\t\t\t\t\t\t\t<div class=\"jtg-description\">Portrait mode \u00e9ditorial d'une mod\u00e8le ukrainienne pour la marque Icone \u00e0 Gen\u00e8ve. Femme blonde, tenue noire et voile, \u00e9clairage studio artistique et retouche naturelle.<\/div>\n\t\t\t\t\t\t\t\t\t\t\t<\/div>\n\t\t<\/div>\n\n\t<\/div>\n\n<\/div><div class=\"modula-item effect-pufrobo\" >\n\t<div class=\"modula-item-overlay\"><\/div>\n\n\t<div class=\"modula-item-content\">\n\n\t\t<a data-image-id=\"472\" role=\"button\" tabindex=\"0\" rel=\"jtg-464\" data-caption=\"S\u00e9ance photo romantique en automne \u00e0 Fontaine de Vaucluse.\" aria-label=\"Open image in lightbox\" class=\"tile-inner modula-item-link\"><\/a><img loading=\"lazy\" decoding=\"async\" class=\"pic wp-image-472\"  data-valign=\"middle\" data-halign=\"center\" alt=\"S\u00e9ance photo romantique en automne \u00e0 Fontaine de Vaucluse.\" data-full=\"https:\/\/florianfrison.com\/wp-content\/uploads\/2025\/12\/PortraitFlotographie-6278_lwsoptimized.avif\" title=\"Seance-Photo-Couple-Romantique-Fontaine-de-Vaucluse-Provence\" crop=\"\" width=\"1536\" height=\"1022\" src=\"https:\/\/florianfrison.com\/wp-content\/uploads\/2025\/12\/PortraitFlotographie-6278_lwsoptimized.avif\" data-src=\"https:\/\/florianfrison.com\/wp-content\/uploads\/2025\/12\/PortraitFlotographie-6278_lwsoptimized.avif\" data-caption=\"S\u00e9ance photo romantique en automne \u00e0 Fontaine de Vaucluse.\"\/>\n\t\t<div class=\"figc\">\n\t\t\t<div class=\"figc-inner\">\n\t\t\t\t\t\t\t\t\t\t\t\t\t<div class=\"jtg-description\">S\u00e9ance photo romantique en automne \u00e0 Fontaine de Vaucluse.<\/div>\n\t\t\t\t\t\t\t\t\t\t\t<\/div>\n\t\t<\/div>\n\n\t<\/div>\n\n<\/div><div class=\"modula-item effect-pufrobo\" >\n\t<div class=\"modula-item-overlay\"><\/div>\n\n\t<div class=\"modula-item-content\">\n\n\t\t<a data-image-id=\"473\" role=\"button\" tabindex=\"0\" rel=\"jtg-464\" data-caption=\"Portrait lors d&#039;une s\u00e9ance photo lumi\u00e8re naturelle \u00e0 Aix-les-Bains, pr\u00e8s du lac du Bourget.\" aria-label=\"Open image in lightbox\" class=\"tile-inner modula-item-link\"><\/a><img loading=\"lazy\" decoding=\"async\" class=\"pic wp-image-473\"  data-valign=\"middle\" data-halign=\"center\" alt=\"Portrait lors d&#039;une s\u00e9ance photo lumi\u00e8re naturelle \u00e0 Aix-les-Bains, pr\u00e8s du lac du Bourget.\" data-full=\"https:\/\/florianfrison.com\/wp-content\/uploads\/2025\/12\/PortraitFlotographie-5691_lwsoptimized.avif\" title=\"Portrait-Femme-Sourire-Naturel-Aix-les-Bains\" crop=\"\" width=\"1022\" height=\"1536\" src=\"https:\/\/florianfrison.com\/wp-content\/uploads\/2025\/12\/PortraitFlotographie-5691_lwsoptimized.avif\" data-src=\"https:\/\/florianfrison.com\/wp-content\/uploads\/2025\/12\/PortraitFlotographie-5691_lwsoptimized.avif\" data-caption=\"Portrait lors d&#039;une s\u00e9ance photo lumi\u00e8re naturelle \u00e0 Aix-les-Bains, pr\u00e8s du lac du Bourget.\"\/>\n\t\t<div class=\"figc\">\n\t\t\t<div class=\"figc-inner\">\n\t\t\t\t\t\t\t\t\t\t\t\t\t<div class=\"jtg-description\">Portrait lors d'une s\u00e9ance photo lumi\u00e8re naturelle \u00e0 Aix-les-Bains, pr\u00e8s du lac du Bourget.<\/div>\n\t\t\t\t\t\t\t\t\t\t\t<\/div>\n\t\t<\/div>\n\n\t<\/div>\n\n<\/div><div class=\"modula-item effect-pufrobo\" >\n\t<div class=\"modula-item-overlay\"><\/div>\n\n\t<div class=\"modula-item-content\">\n\n\t\t<a data-image-id=\"1140\" role=\"button\" tabindex=\"0\" rel=\"jtg-464\" data-caption=\"S\u00e9ance Photo de Grossesse \u00e0 l&#039;arbre magique de Saint-Antonin-sur-Bayon\" aria-label=\"Open image in lightbox\" class=\"tile-inner modula-item-link\"><\/a><img loading=\"lazy\" decoding=\"async\" class=\"pic wp-image-1140\"  data-valign=\"middle\" data-halign=\"center\" alt=\"S\u00e9ance Photo de Grossesse \u00e0 l&#039;arbre magique de Saint-Antonin-sur-Bayon\" data-full=\"https:\/\/florianfrison.com\/wp-content\/uploads\/2026\/04\/MaechaEliotFlorianFrison26-4048.avif\" title=\"Maecha&amp;amp;EliotFlorianFrison26-4048\" crop=\"\" width=\"1536\" height=\"1024\" src=\"https:\/\/florianfrison.com\/wp-content\/uploads\/2026\/04\/MaechaEliotFlorianFrison26-4048.avif\" data-src=\"https:\/\/florianfrison.com\/wp-content\/uploads\/2026\/04\/MaechaEliotFlorianFrison26-4048.avif\" data-caption=\"S\u00e9ance Photo de Grossesse \u00e0 l&#039;arbre magique de Saint-Antonin-sur-Bayon\"\/>\n\t\t<div class=\"figc\">\n\t\t\t<div class=\"figc-inner\">\n\t\t\t\t\t\t\t\t\t\t\t\t\t<div class=\"jtg-description\">S\u00e9ance Photo de Grossesse \u00e0 l'arbre magique de Saint-Antonin-sur-Bayon<\/div>\n\t\t\t\t\t\t\t\t\t\t\t<\/div>\n\t\t<\/div>\n\n\t<\/div>\n\n<\/div><div class=\"modula-item effect-pufrobo\" >\n\t<div class=\"modula-item-overlay\"><\/div>\n\n\t<div class=\"modula-item-content\">\n\n\t\t<a data-image-id=\"277\" role=\"button\" tabindex=\"0\" rel=\"jtg-464\" data-caption=\"Portrait naturel et d\u00e9tendu d&#039;une femme en bord de lac, lumi\u00e8re douce.\" aria-label=\"Open image in lightbox\" class=\"tile-inner modula-item-link\"><\/a><img loading=\"lazy\" decoding=\"async\" class=\"pic wp-image-277\"  data-valign=\"middle\" data-halign=\"center\" alt=\"Portrait naturel et d\u00e9tendu d&#039;une femme en bord de lac, lumi\u00e8re douce.\" data-full=\"https:\/\/florianfrison.com\/wp-content\/uploads\/2025\/12\/PortraitFlotographie-7823_lwsoptimized.avif\" title=\"Seance-Portrait-Femme-Lac-Bourget-Lifestyle\" crop=\"\" width=\"1536\" height=\"1022\" src=\"https:\/\/florianfrison.com\/wp-content\/uploads\/2025\/12\/PortraitFlotographie-7823_lwsoptimized.avif\" data-src=\"https:\/\/florianfrison.com\/wp-content\/uploads\/2025\/12\/PortraitFlotographie-7823_lwsoptimized.avif\" data-caption=\"Portrait naturel et d\u00e9tendu d&#039;une femme en bord de lac, lumi\u00e8re douce.\"\/>\n\t\t<div class=\"figc\">\n\t\t\t<div class=\"figc-inner\">\n\t\t\t\t\t\t\t\t\t\t\t\t\t<div class=\"jtg-description\">Portrait naturel et d\u00e9tendu d'une femme en bord de lac, lumi\u00e8re douce.<\/div>\n\t\t\t\t\t\t\t\t\t\t\t<\/div>\n\t\t<\/div>\n\n\t<\/div>\n\n<\/div><div class=\"modula-item effect-pufrobo\" >\n\t<div class=\"modula-item-overlay\"><\/div>\n\n\t<div class=\"modula-item-content\">\n\n\t\t<a data-image-id=\"481\" role=\"button\" tabindex=\"0\" rel=\"jtg-464\" data-caption=\"Portrait lifestyle naturel d&#039;une jeune femme assise sur les rochers du plateau de Vern\u00e8gues, pr\u00e8s de Salon-de-Provence.\" aria-label=\"Open image in lightbox\" class=\"tile-inner modula-item-link\"><\/a><img loading=\"lazy\" decoding=\"async\" class=\"pic wp-image-481\"  data-valign=\"middle\" data-halign=\"center\" alt=\"Portrait lifestyle naturel d&#039;une jeune femme assise sur les rochers du plateau de Vern\u00e8gues, pr\u00e8s de Salon-de-Provence.\" data-full=\"https:\/\/florianfrison.com\/wp-content\/uploads\/2025\/12\/PortraitFlotographie-5046_lwsoptimized.avif\" title=\"Portrait-Lifestyle-Femme-Plateau-Vernegues-Salon-de-Provence\" crop=\"\" width=\"1022\" height=\"1536\" src=\"https:\/\/florianfrison.com\/wp-content\/uploads\/2025\/12\/PortraitFlotographie-5046_lwsoptimized.avif\" data-src=\"https:\/\/florianfrison.com\/wp-content\/uploads\/2025\/12\/PortraitFlotographie-5046_lwsoptimized.avif\" data-caption=\"Portrait lifestyle naturel d&#039;une jeune femme assise sur les rochers du plateau de Vern\u00e8gues, pr\u00e8s de Salon-de-Provence.\"\/>\n\t\t<div class=\"figc\">\n\t\t\t<div class=\"figc-inner\">\n\t\t\t\t\t\t\t\t\t\t\t\t\t<div class=\"jtg-description\">Portrait lifestyle naturel d'une jeune femme assise sur les rochers du plateau de Vern\u00e8gues, pr\u00e8s de Salon-de-Provence.<\/div>\n\t\t\t\t\t\t\t\t\t\t\t<\/div>\n\t\t<\/div>\n\n\t<\/div>\n\n<\/div><div class=\"modula-item effect-pufrobo\" >\n\t<div class=\"modula-item-overlay\"><\/div>\n\n\t<div class=\"modula-item-content\">\n\n\t\t<a data-image-id=\"475\" role=\"button\" tabindex=\"0\" rel=\"jtg-464\" data-caption=\"S\u00e9ance portrait lifestyle de la cycliste professionnelle Julia Aubry, posant sur un ponton au Lac du Bourget en Savoie.\" aria-label=\"Open image in lightbox\" class=\"tile-inner modula-item-link\"><\/a><img loading=\"lazy\" decoding=\"async\" class=\"pic wp-image-475\"  data-valign=\"middle\" data-halign=\"center\" alt=\"S\u00e9ance portrait lifestyle de la cycliste professionnelle Julia Aubry, posant sur un ponton au Lac du Bourget en Savoie.\" data-full=\"https:\/\/florianfrison.com\/wp-content\/uploads\/2025\/12\/PortraitFlotographie-8684_lwsoptimized.avif\" title=\"Portrait-Mode-Julia-Aubry-Cycliste-Lac-du-Bourget\" crop=\"\" width=\"1022\" height=\"1536\" src=\"https:\/\/florianfrison.com\/wp-content\/uploads\/2025\/12\/PortraitFlotographie-8684_lwsoptimized.avif\" data-src=\"https:\/\/florianfrison.com\/wp-content\/uploads\/2025\/12\/PortraitFlotographie-8684_lwsoptimized.avif\" data-caption=\"S\u00e9ance portrait lifestyle de la cycliste professionnelle Julia Aubry, posant sur un ponton au Lac du Bourget en Savoie.\"\/>\n\t\t<div class=\"figc\">\n\t\t\t<div class=\"figc-inner\">\n\t\t\t\t\t\t\t\t\t\t\t\t\t<div class=\"jtg-description\">S\u00e9ance portrait lifestyle de la cycliste professionnelle Julia Aubry, posant sur un ponton au Lac du Bourget en Savoie.<\/div>\n\t\t\t\t\t\t\t\t\t\t\t<\/div>\n\t\t<\/div>\n\n\t<\/div>\n\n<\/div><div class=\"modula-item effect-pufrobo\" >\n\t<div class=\"modula-item-overlay\"><\/div>\n\n\t<div class=\"modula-item-content\">\n\n\t\t<a data-image-id=\"243\" role=\"button\" tabindex=\"0\" rel=\"jtg-464\" data-caption=\"Couple d&#039;amoureux s&#039;enla\u00e7ant tendrement au milieu des ocres du Colorado Proven\u00e7al \u00e0 Rustrel.\" aria-label=\"Open image in lightbox\" class=\"tile-inner modula-item-link\"><\/a><img loading=\"lazy\" decoding=\"async\" class=\"pic wp-image-243\"  data-valign=\"middle\" data-halign=\"center\" alt=\"Couple d&#039;amoureux s&#039;enla\u00e7ant tendrement au milieu des ocres du Colorado Proven\u00e7al \u00e0 Rustrel.\" data-full=\"https:\/\/florianfrison.com\/wp-content\/uploads\/2025\/12\/PortraitFlotographie-8109_lwsoptimized.avif\" title=\"Seance-Couple-Colorado-Provencal-Rustrel-Ocres\" crop=\"\" width=\"1536\" height=\"1022\" src=\"https:\/\/florianfrison.com\/wp-content\/uploads\/2025\/12\/PortraitFlotographie-8109_lwsoptimized.avif\" data-src=\"https:\/\/florianfrison.com\/wp-content\/uploads\/2025\/12\/PortraitFlotographie-8109_lwsoptimized.avif\" data-caption=\"Couple d&#039;amoureux s&#039;enla\u00e7ant tendrement au milieu des ocres du Colorado Proven\u00e7al \u00e0 Rustrel.\"\/>\n\t\t<div class=\"figc\">\n\t\t\t<div class=\"figc-inner\">\n\t\t\t\t\t\t\t\t\t\t\t\t\t<div class=\"jtg-description\">Couple d'amoureux s'enla\u00e7ant tendrement au milieu des ocres du Colorado Proven\u00e7al \u00e0 Rustrel.<\/div>\n\t\t\t\t\t\t\t\t\t\t\t<\/div>\n\t\t<\/div>\n\n\t<\/div>\n\n<\/div><div class=\"modula-item effect-pufrobo\" >\n\t<div class=\"modula-item-overlay\"><\/div>\n\n\t<div class=\"modula-item-content\">\n\n\t\t<a data-image-id=\"477\" role=\"button\" tabindex=\"0\" rel=\"jtg-464\" data-caption=\"S\u00e9ance portrait lifestyle de la cycliste professionnelle Julia Aubry, posant sur un ponton au Lac du Bourget en Savoie.\" aria-label=\"Open image in lightbox\" class=\"tile-inner modula-item-link\"><\/a><img loading=\"lazy\" decoding=\"async\" class=\"pic wp-image-477\"  data-valign=\"middle\" data-halign=\"center\" alt=\"S\u00e9ance portrait lifestyle de la cycliste professionnelle Julia Aubry, posant sur un ponton au Lac du Bourget en Savoie.\" data-full=\"https:\/\/florianfrison.com\/wp-content\/uploads\/2025\/12\/PortraitFlotographie-8560_lwsoptimized.avif\" title=\"Portrait-Mode-Julia-Aubry-Cycliste-Lac-du-Bourget\" crop=\"\" width=\"1022\" height=\"1536\" src=\"https:\/\/florianfrison.com\/wp-content\/uploads\/2025\/12\/PortraitFlotographie-8560_lwsoptimized.avif\" data-src=\"https:\/\/florianfrison.com\/wp-content\/uploads\/2025\/12\/PortraitFlotographie-8560_lwsoptimized.avif\" data-caption=\"S\u00e9ance portrait lifestyle de la cycliste professionnelle Julia Aubry, posant sur un ponton au Lac du Bourget en Savoie.\"\/>\n\t\t<div class=\"figc\">\n\t\t\t<div class=\"figc-inner\">\n\t\t\t\t\t\t\t\t\t\t\t\t\t<div class=\"jtg-description\">S\u00e9ance portrait lifestyle de la cycliste professionnelle Julia Aubry, posant sur un ponton au Lac du Bourget en Savoie.<\/div>\n\t\t\t\t\t\t\t\t\t\t\t<\/div>\n\t\t<\/div>\n\n\t<\/div>\n\n<\/div><div class=\"modula-item effect-pufrobo\" >\n\t<div class=\"modula-item-overlay\"><\/div>\n\n\t<div class=\"modula-item-content\">\n\n\t\t<a data-image-id=\"480\" role=\"button\" tabindex=\"0\" rel=\"jtg-464\" data-caption=\"Portrait femme souriante dans un champ de colza sur les hauteurs de Chamb\u00e9ry en Savoie.\" aria-label=\"Open image in lightbox\" class=\"tile-inner modula-item-link\"><\/a><img loading=\"lazy\" decoding=\"async\" class=\"pic wp-image-480\"  data-valign=\"middle\" data-halign=\"center\" alt=\"Portrait femme souriante dans un champ de colza sur les hauteurs de Chamb\u00e9ry en Savoie.\" data-full=\"https:\/\/florianfrison.com\/wp-content\/uploads\/2025\/12\/PortraitFlotographie-8401_lwsoptimized.avif\" title=\"S\u00e9ance Portrait Femme Chamb\u00e9ry &amp;#8211; Champs Colza\" crop=\"\" width=\"1022\" height=\"1536\" src=\"https:\/\/florianfrison.com\/wp-content\/uploads\/2025\/12\/PortraitFlotographie-8401_lwsoptimized.avif\" data-src=\"https:\/\/florianfrison.com\/wp-content\/uploads\/2025\/12\/PortraitFlotographie-8401_lwsoptimized.avif\" data-caption=\"Portrait femme souriante dans un champ de colza sur les hauteurs de Chamb\u00e9ry en Savoie.\"\/>\n\t\t<div class=\"figc\">\n\t\t\t<div class=\"figc-inner\">\n\t\t\t\t\t\t\t\t\t\t\t\t\t<div class=\"jtg-description\">Portrait femme souriante dans un champ de colza sur les hauteurs de Chamb\u00e9ry en Savoie.<\/div>\n\t\t\t\t\t\t\t\t\t\t\t<\/div>\n\t\t<\/div>\n\n\t<\/div>\n\n<\/div><div class=\"modula-item effect-pufrobo\" >\n\t<div class=\"modula-item-overlay\"><\/div>\n\n\t<div class=\"modula-item-content\">\n\n\t\t<a data-image-id=\"770\" role=\"button\" tabindex=\"0\" rel=\"jtg-464\" data-caption=\"Portrait studio Yumi Tanaka athl\u00e8te olympique japonaise 100m haies photographe Mallemort - Chamb\u00e9ry - Miramas\" aria-label=\"Open image in lightbox\" class=\"tile-inner modula-item-link\"><\/a><img loading=\"lazy\" decoding=\"async\" class=\"pic wp-image-770\"  data-valign=\"middle\" data-halign=\"center\" alt=\"Portrait studio Yumi Tanaka athl\u00e8te olympique japonaise 100m haies photographe Mallemort - Chamb\u00e9ry - Miramas\" data-full=\"https:\/\/florianfrison.com\/wp-content\/uploads\/2025\/12\/PortraitFlotographie-_lwsoptimized.avif\" title=\"PortraitFlotographie-Yumi Tanaka\" crop=\"\" width=\"1536\" height=\"1024\" src=\"https:\/\/florianfrison.com\/wp-content\/uploads\/2025\/12\/PortraitFlotographie-_lwsoptimized.avif\" data-src=\"https:\/\/florianfrison.com\/wp-content\/uploads\/2025\/12\/PortraitFlotographie-_lwsoptimized.avif\" data-caption=\"Portrait studio Yumi Tanaka athl\u00e8te olympique japonaise 100m haies photographe Mallemort - Chamb\u00e9ry - Miramas\"\/>\n\t\t<div class=\"figc\">\n\t\t\t<div class=\"figc-inner\">\n\t\t\t\t\t\t\t\t\t\t\t\t\t<div class=\"jtg-description\">Portrait studio Yumi Tanaka athl\u00e8te olympique japonaise 100m haies photographe Mallemort - Chamb\u00e9ry - Miramas<\/div>\n\t\t\t\t\t\t\t\t\t\t\t<\/div>\n\t\t<\/div>\n\n\t<\/div>\n\n<\/div><div class=\"modula-item effect-pufrobo\" >\n\t<div class=\"modula-item-overlay\"><\/div>\n\n\t<div class=\"modula-item-content\">\n\n\t\t<a data-image-id=\"279\" role=\"button\" tabindex=\"0\" rel=\"jtg-464\" data-caption=\"S\u00e9ance portrait lifestyle de la cycliste professionnelle Julia Aubry, posant sur un ponton au Lac du Bourget en Savoie.\" aria-label=\"Open image in lightbox\" class=\"tile-inner modula-item-link\"><\/a><img loading=\"lazy\" decoding=\"async\" class=\"pic wp-image-279\"  data-valign=\"middle\" data-halign=\"center\" alt=\"S\u00e9ance portrait lifestyle de la cycliste professionnelle Julia Aubry, posant sur un ponton au Lac du Bourget en Savoie.\" data-full=\"https:\/\/florianfrison.com\/wp-content\/uploads\/2025\/12\/PortraitFlotographie-8568_lwsoptimized.avif\" title=\"Portrait-Mode-Julia-Aubry-Cycliste-Lac-du-Bourget\" crop=\"\" width=\"1536\" height=\"1022\" src=\"https:\/\/florianfrison.com\/wp-content\/uploads\/2025\/12\/PortraitFlotographie-8568_lwsoptimized.avif\" data-src=\"https:\/\/florianfrison.com\/wp-content\/uploads\/2025\/12\/PortraitFlotographie-8568_lwsoptimized.avif\" data-caption=\"S\u00e9ance portrait lifestyle de la cycliste professionnelle Julia Aubry, posant sur un ponton au Lac du Bourget en Savoie.\"\/>\n\t\t<div class=\"figc\">\n\t\t\t<div class=\"figc-inner\">\n\t\t\t\t\t\t\t\t\t\t\t\t\t<div class=\"jtg-description\">S\u00e9ance portrait lifestyle de la cycliste professionnelle Julia Aubry, posant sur un ponton au Lac du Bourget en Savoie.<\/div>\n\t\t\t\t\t\t\t\t\t\t\t<\/div>\n\t\t<\/div>\n\n\t<\/div>\n\n<\/div><div class=\"modula-item effect-pufrobo\" >\n\t<div class=\"modula-item-overlay\"><\/div>\n\n\t<div class=\"modula-item-content\">\n\n\t\t<a data-image-id=\"495\" role=\"button\" tabindex=\"0\" rel=\"jtg-464\" data-caption=\"Danseuse du studio 6th Art (Aix-les-Bains) posant en tutu dans les rues pi\u00e9tonnes de Chamb\u00e9ry.\" aria-label=\"Open image in lightbox\" class=\"tile-inner modula-item-link\"><\/a><img loading=\"lazy\" decoding=\"async\" class=\"pic wp-image-495\"  data-valign=\"middle\" data-halign=\"center\" alt=\"Danseuse du studio 6th Art (Aix-les-Bains) posant en tutu dans les rues pi\u00e9tonnes de Chamb\u00e9ry.\" data-full=\"https:\/\/florianfrison.com\/wp-content\/uploads\/2025\/12\/PortraitFlotographie-3662_lwsoptimized.avif\" title=\"Shooting-Danse-Urbaine-Chambery-6thArt\" crop=\"\" width=\"1536\" height=\"1024\" src=\"https:\/\/florianfrison.com\/wp-content\/uploads\/2025\/12\/PortraitFlotographie-3662_lwsoptimized.avif\" data-src=\"https:\/\/florianfrison.com\/wp-content\/uploads\/2025\/12\/PortraitFlotographie-3662_lwsoptimized.avif\" data-caption=\"Danseuse du studio 6th Art (Aix-les-Bains) posant en tutu dans les rues pi\u00e9tonnes de Chamb\u00e9ry.\"\/>\n\t\t<div class=\"figc\">\n\t\t\t<div class=\"figc-inner\">\n\t\t\t\t\t\t\t\t\t\t\t\t\t<div class=\"jtg-description\">Danseuse du studio 6th Art (Aix-les-Bains) posant en tutu dans les rues pi\u00e9tonnes de Chamb\u00e9ry.<\/div>\n\t\t\t\t\t\t\t\t\t\t\t<\/div>\n\t\t<\/div>\n\n\t<\/div>\n\n<\/div><div class=\"modula-item effect-pufrobo\" >\n\t<div class=\"modula-item-overlay\"><\/div>\n\n\t<div class=\"modula-item-content\">\n\n\t\t<a data-image-id=\"502\" role=\"button\" tabindex=\"0\" rel=\"jtg-464\" data-caption=\"Portrait mode \u00e9ditorial d&#039;une mod\u00e8le ukrainienne pour la marque Icone \u00e0 Gen\u00e8ve. Femme blonde, tenue noire et voile, \u00e9clairage studio artistique et retouche naturelle.\" aria-label=\"Open image in lightbox\" class=\"tile-inner modula-item-link\"><\/a><img loading=\"lazy\" decoding=\"async\" class=\"pic wp-image-502\"  data-valign=\"middle\" data-halign=\"center\" alt=\"Portrait mode \u00e9ditorial d&#039;une mod\u00e8le ukrainienne pour la marque Icone \u00e0 Gen\u00e8ve. Femme blonde, tenue noire et voile, \u00e9clairage studio artistique et retouche naturelle.\" data-full=\"https:\/\/florianfrison.com\/wp-content\/uploads\/2025\/12\/PortraitFlotographie-4638_lwsoptimized.avif\" title=\"Portrait-Mode-Femme-Ukrainienne-Studio-Geneve-Icone\" crop=\"\" width=\"1536\" height=\"1024\" src=\"https:\/\/florianfrison.com\/wp-content\/uploads\/2025\/12\/PortraitFlotographie-4638_lwsoptimized.avif\" data-src=\"https:\/\/florianfrison.com\/wp-content\/uploads\/2025\/12\/PortraitFlotographie-4638_lwsoptimized.avif\" data-caption=\"Portrait mode \u00e9ditorial d&#039;une mod\u00e8le ukrainienne pour la marque Icone \u00e0 Gen\u00e8ve. Femme blonde, tenue noire et voile, \u00e9clairage studio artistique et retouche naturelle.\"\/>\n\t\t<div class=\"figc\">\n\t\t\t<div class=\"figc-inner\">\n\t\t\t\t\t\t\t\t\t\t\t\t\t<div class=\"jtg-description\">Portrait mode \u00e9ditorial d'une mod\u00e8le ukrainienne pour la marque Icone \u00e0 Gen\u00e8ve. Femme blonde, tenue noire et voile, \u00e9clairage studio artistique et retouche naturelle.<\/div>\n\t\t\t\t\t\t\t\t\t\t\t<\/div>\n\t\t<\/div>\n\n\t<\/div>\n\n<\/div><div class=\"modula-item effect-pufrobo\" >\n\t<div class=\"modula-item-overlay\"><\/div>\n\n\t<div class=\"modula-item-content\">\n\n\t\t<a data-image-id=\"1133\" role=\"button\" tabindex=\"0\" rel=\"jtg-464\" data-caption=\"S\u00e9ance Photo de Grossesse \u00e0 l&#039;arbre magique de Saint-Antonin-sur-Bayon\" aria-label=\"Open image in lightbox\" class=\"tile-inner modula-item-link\"><\/a><img loading=\"lazy\" decoding=\"async\" class=\"pic wp-image-1133\"  data-valign=\"middle\" data-halign=\"center\" alt=\"S\u00e9ance Photo de Grossesse \u00e0 l&#039;arbre magique de Saint-Antonin-sur-Bayon\" data-full=\"https:\/\/florianfrison.com\/wp-content\/uploads\/2026\/04\/MaechaEliotFlorianFrison26-1751.avif\" title=\"Maecha&amp;amp;EliotFlorianFrison26-1751\" crop=\"\" width=\"1536\" height=\"1024\" src=\"https:\/\/florianfrison.com\/wp-content\/uploads\/2026\/04\/MaechaEliotFlorianFrison26-1751.avif\" data-src=\"https:\/\/florianfrison.com\/wp-content\/uploads\/2026\/04\/MaechaEliotFlorianFrison26-1751.avif\" data-caption=\"S\u00e9ance Photo de Grossesse \u00e0 l&#039;arbre magique de Saint-Antonin-sur-Bayon\"\/>\n\t\t<div class=\"figc\">\n\t\t\t<div class=\"figc-inner\">\n\t\t\t\t\t\t\t\t\t\t\t\t\t<div class=\"jtg-description\">S\u00e9ance Photo de Grossesse \u00e0 l'arbre magique de Saint-Antonin-sur-Bayon<\/div>\n\t\t\t\t\t\t\t\t\t\t\t<\/div>\n\t\t<\/div>\n\n\t<\/div>\n\n<\/div><div class=\"modula-item effect-pufrobo\" >\n\t<div class=\"modula-item-overlay\"><\/div>\n\n\t<div class=\"modula-item-content\">\n\n\t\t<a data-image-id=\"1137\" role=\"button\" tabindex=\"0\" rel=\"jtg-464\" data-caption=\"S\u00e9ance Photo de Grossesse \u00e0 l&#039;arbre magique de Saint-Antonin-sur-Bayon\" aria-label=\"Open image in lightbox\" class=\"tile-inner modula-item-link\"><\/a><img loading=\"lazy\" decoding=\"async\" class=\"pic wp-image-1137\"  data-valign=\"middle\" data-halign=\"center\" alt=\"S\u00e9ance Photo de Grossesse \u00e0 l&#039;arbre magique de Saint-Antonin-sur-Bayon\" data-full=\"https:\/\/florianfrison.com\/wp-content\/uploads\/2026\/04\/MaechaEliotFlorianFrison26-3821.avif\" title=\"Maecha&amp;amp;EliotFlorianFrison26-3821\" crop=\"\" width=\"1536\" height=\"1024\" src=\"https:\/\/florianfrison.com\/wp-content\/uploads\/2026\/04\/MaechaEliotFlorianFrison26-3821.avif\" data-src=\"https:\/\/florianfrison.com\/wp-content\/uploads\/2026\/04\/MaechaEliotFlorianFrison26-3821.avif\" data-caption=\"S\u00e9ance Photo de Grossesse \u00e0 l&#039;arbre magique de Saint-Antonin-sur-Bayon\"\/>\n\t\t<div class=\"figc\">\n\t\t\t<div class=\"figc-inner\">\n\t\t\t\t\t\t\t\t\t\t\t\t\t<div class=\"jtg-description\">S\u00e9ance Photo de Grossesse \u00e0 l'arbre magique de Saint-Antonin-sur-Bayon<\/div>\n\t\t\t\t\t\t\t\t\t\t\t<\/div>\n\t\t<\/div>\n\n\t<\/div>\n\n<\/div><div class=\"modula-item effect-pufrobo\" >\n\t<div class=\"modula-item-overlay\"><\/div>\n\n\t<div class=\"modula-item-content\">\n\n\t\t<a data-image-id=\"478\" role=\"button\" tabindex=\"0\" rel=\"jtg-464\" data-caption=\"Portrait femme souriante dans un champ de colza sur les hauteurs de Chamb\u00e9ry en Savoie.\" aria-label=\"Open image in lightbox\" class=\"tile-inner modula-item-link\"><\/a><img loading=\"lazy\" decoding=\"async\" class=\"pic wp-image-478\"  data-valign=\"middle\" data-halign=\"center\" alt=\"Portrait femme souriante dans un champ de colza sur les hauteurs de Chamb\u00e9ry en Savoie.\" data-full=\"https:\/\/florianfrison.com\/wp-content\/uploads\/2025\/12\/PortraitFlotographie-8402_lwsoptimized.avif\" title=\"S\u00e9ance Portrait Femme Chamb\u00e9ry &amp;#8211; Champs Colza\" crop=\"\" width=\"1022\" height=\"1536\" src=\"https:\/\/florianfrison.com\/wp-content\/uploads\/2025\/12\/PortraitFlotographie-8402_lwsoptimized.avif\" data-src=\"https:\/\/florianfrison.com\/wp-content\/uploads\/2025\/12\/PortraitFlotographie-8402_lwsoptimized.avif\" data-caption=\"Portrait femme souriante dans un champ de colza sur les hauteurs de Chamb\u00e9ry en Savoie.\"\/>\n\t\t<div class=\"figc\">\n\t\t\t<div class=\"figc-inner\">\n\t\t\t\t\t\t\t\t\t\t\t\t\t<div class=\"jtg-description\">Portrait femme souriante dans un champ de colza sur les hauteurs de Chamb\u00e9ry en Savoie.<\/div>\n\t\t\t\t\t\t\t\t\t\t\t<\/div>\n\t\t<\/div>\n\n\t<\/div>\n\n<\/div><div class=\"modula-item effect-pufrobo\" >\n\t<div class=\"modula-item-overlay\"><\/div>\n\n\t<div class=\"modula-item-content\">\n\n\t\t<a data-image-id=\"280\" role=\"button\" tabindex=\"0\" rel=\"jtg-464\" data-caption=\"Portrait spontan\u00e9 d&#039;une femme riant aux \u00e9clats lors d&#039;une s\u00e9ance photo lumi\u00e8re naturelle \u00e0 Aix-les-Bains, pr\u00e8s du lac du Bourget.\" aria-label=\"Open image in lightbox\" class=\"tile-inner modula-item-link\"><\/a><img loading=\"lazy\" decoding=\"async\" class=\"pic wp-image-280\"  data-valign=\"middle\" data-halign=\"center\" alt=\"Portrait spontan\u00e9 d&#039;une femme riant aux \u00e9clats lors d&#039;une s\u00e9ance photo lumi\u00e8re naturelle \u00e0 Aix-les-Bains, pr\u00e8s du lac du Bourget.\" data-full=\"https:\/\/florianfrison.com\/wp-content\/uploads\/2025\/12\/PortraitFlotographie-5900_lwsoptimized.avif\" title=\"Portrait-Femme-Sourire-Naturel-Aix-les-Bains\" crop=\"\" width=\"1536\" height=\"1022\" src=\"https:\/\/florianfrison.com\/wp-content\/uploads\/2025\/12\/PortraitFlotographie-5900_lwsoptimized.avif\" data-src=\"https:\/\/florianfrison.com\/wp-content\/uploads\/2025\/12\/PortraitFlotographie-5900_lwsoptimized.avif\" data-caption=\"Portrait spontan\u00e9 d&#039;une femme riant aux \u00e9clats lors d&#039;une s\u00e9ance photo lumi\u00e8re naturelle \u00e0 Aix-les-Bains, pr\u00e8s du lac du Bourget.\"\/>\n\t\t<div class=\"figc\">\n\t\t\t<div class=\"figc-inner\">\n\t\t\t\t\t\t\t\t\t\t\t\t\t<div class=\"jtg-description\">Portrait spontan\u00e9 d'une femme riant aux \u00e9clats lors d'une s\u00e9ance photo lumi\u00e8re naturelle \u00e0 Aix-les-Bains, pr\u00e8s du lac du Bourget.<\/div>\n\t\t\t\t\t\t\t\t\t\t\t<\/div>\n\t\t<\/div>\n\n\t<\/div>\n\n<\/div><div class=\"modula-item effect-pufrobo\" >\n\t<div class=\"modula-item-overlay\"><\/div>\n\n\t<div class=\"modula-item-content\">\n\n\t\t<a data-image-id=\"474\" role=\"button\" tabindex=\"0\" rel=\"jtg-464\" data-caption=\"Portrait lors d&#039;une s\u00e9ance photo lumi\u00e8re naturelle \u00e0 Aix-les-Bains, pr\u00e8s du lac du Bourget.\" aria-label=\"Open image in lightbox\" class=\"tile-inner modula-item-link\"><\/a><img loading=\"lazy\" decoding=\"async\" class=\"pic wp-image-474\"  data-valign=\"middle\" data-halign=\"center\" alt=\"Portrait lors d&#039;une s\u00e9ance photo lumi\u00e8re naturelle \u00e0 Aix-les-Bains, pr\u00e8s du lac du Bourget.\" data-full=\"https:\/\/florianfrison.com\/wp-content\/uploads\/2025\/12\/PortraitFlotographie-5454_lwsoptimized.avif\" title=\"Portrait-Femme-Sourire-Naturel-Aix-les-Bains\" crop=\"\" width=\"1536\" height=\"1022\" src=\"https:\/\/florianfrison.com\/wp-content\/uploads\/2025\/12\/PortraitFlotographie-5454_lwsoptimized.avif\" data-src=\"https:\/\/florianfrison.com\/wp-content\/uploads\/2025\/12\/PortraitFlotographie-5454_lwsoptimized.avif\" data-caption=\"Portrait lors d&#039;une s\u00e9ance photo lumi\u00e8re naturelle \u00e0 Aix-les-Bains, pr\u00e8s du lac du Bourget.\"\/>\n\t\t<div class=\"figc\">\n\t\t\t<div class=\"figc-inner\">\n\t\t\t\t\t\t\t\t\t\t\t\t\t<div class=\"jtg-description\">Portrait lors d'une s\u00e9ance photo lumi\u00e8re naturelle \u00e0 Aix-les-Bains, pr\u00e8s du lac du Bourget.<\/div>\n\t\t\t\t\t\t\t\t\t\t\t<\/div>\n\t\t<\/div>\n\n\t<\/div>\n\n<\/div><div class=\"modula-item effect-pufrobo\" >\n\t<div class=\"modula-item-overlay\"><\/div>\n\n\t<div class=\"modula-item-content\">\n\n\t\t<a data-image-id=\"503\" role=\"button\" tabindex=\"0\" rel=\"jtg-464\" data-caption=\"Portrait mode \u00e9ditorial d&#039;une mod\u00e8le ukrainienne pour la marque Icone \u00e0 Gen\u00e8ve. Femme blonde, tenue noire et voile, \u00e9clairage studio artistique et retouche naturelle.\" aria-label=\"Open image in lightbox\" class=\"tile-inner modula-item-link\"><\/a><img loading=\"lazy\" decoding=\"async\" class=\"pic wp-image-503\"  data-valign=\"middle\" data-halign=\"center\" alt=\"Portrait mode \u00e9ditorial d&#039;une mod\u00e8le ukrainienne pour la marque Icone \u00e0 Gen\u00e8ve. Femme blonde, tenue noire et voile, \u00e9clairage studio artistique et retouche naturelle.\" data-full=\"https:\/\/florianfrison.com\/wp-content\/uploads\/2025\/12\/PortraitFlotographie-4614_lwsoptimized.avif\" title=\"Portrait-Mode-Femme-Ukrainienne-Studio-Geneve-Icone\" crop=\"\" width=\"1536\" height=\"1024\" src=\"https:\/\/florianfrison.com\/wp-content\/uploads\/2025\/12\/PortraitFlotographie-4614_lwsoptimized.avif\" data-src=\"https:\/\/florianfrison.com\/wp-content\/uploads\/2025\/12\/PortraitFlotographie-4614_lwsoptimized.avif\" data-caption=\"Portrait mode \u00e9ditorial d&#039;une mod\u00e8le ukrainienne pour la marque Icone \u00e0 Gen\u00e8ve. Femme blonde, tenue noire et voile, \u00e9clairage studio artistique et retouche naturelle.\"\/>\n\t\t<div class=\"figc\">\n\t\t\t<div class=\"figc-inner\">\n\t\t\t\t\t\t\t\t\t\t\t\t\t<div class=\"jtg-description\">Portrait mode \u00e9ditorial d'une mod\u00e8le ukrainienne pour la marque Icone \u00e0 Gen\u00e8ve. Femme blonde, tenue noire et voile, \u00e9clairage studio artistique et retouche naturelle.<\/div>\n\t\t\t\t\t\t\t\t\t\t\t<\/div>\n\t\t<\/div>\n\n\t<\/div>\n\n<\/div><div class=\"modula-item effect-pufrobo\" >\n\t<div class=\"modula-item-overlay\"><\/div>\n\n\t<div class=\"modula-item-content\">\n\n\t\t<a data-image-id=\"501\" role=\"button\" tabindex=\"0\" rel=\"jtg-464\" data-caption=\"Portrait mode \u00e9ditorial d&#039;une mod\u00e8le ukrainienne pour la marque Icone \u00e0 Gen\u00e8ve. Femme blonde, tenue noire et voile, \u00e9clairage studio artistique et retouche naturelle.\" aria-label=\"Open image in lightbox\" class=\"tile-inner modula-item-link\"><\/a><img loading=\"lazy\" decoding=\"async\" class=\"pic wp-image-501\"  data-valign=\"middle\" data-halign=\"center\" alt=\"Portrait mode \u00e9ditorial d&#039;une mod\u00e8le ukrainienne pour la marque Icone \u00e0 Gen\u00e8ve. Femme blonde, tenue noire et voile, \u00e9clairage studio artistique et retouche naturelle.\" data-full=\"https:\/\/florianfrison.com\/wp-content\/uploads\/2025\/12\/PortraitFlotographie-4640_lwsoptimized.avif\" title=\"Portrait-Mode-Femme-Ukrainienne-Studio-Geneve-Icone\" crop=\"\" width=\"1536\" height=\"1024\" src=\"https:\/\/florianfrison.com\/wp-content\/uploads\/2025\/12\/PortraitFlotographie-4640_lwsoptimized.avif\" data-src=\"https:\/\/florianfrison.com\/wp-content\/uploads\/2025\/12\/PortraitFlotographie-4640_lwsoptimized.avif\" data-caption=\"Portrait mode \u00e9ditorial d&#039;une mod\u00e8le ukrainienne pour la marque Icone \u00e0 Gen\u00e8ve. Femme blonde, tenue noire et voile, \u00e9clairage studio artistique et retouche naturelle.\"\/>\n\t\t<div class=\"figc\">\n\t\t\t<div class=\"figc-inner\">\n\t\t\t\t\t\t\t\t\t\t\t\t\t<div class=\"jtg-description\">Portrait mode \u00e9ditorial d'une mod\u00e8le ukrainienne pour la marque Icone \u00e0 Gen\u00e8ve. Femme blonde, tenue noire et voile, \u00e9clairage studio artistique et retouche naturelle.<\/div>\n\t\t\t\t\t\t\t\t\t\t\t<\/div>\n\t\t<\/div>\n\n\t<\/div>\n\n<\/div><div class=\"modula-item effect-pufrobo\" >\n\t<div class=\"modula-item-overlay\"><\/div>\n\n\t<div class=\"modula-item-content\">\n\n\t\t<a data-image-id=\"284\" role=\"button\" tabindex=\"0\" rel=\"jtg-464\" data-caption=\"Portrait lifestyle naturel d&#039;une jeune femme assise sur les rochers du plateau de Vern\u00e8gues, pr\u00e8s de Salon-de-Provence.\" aria-label=\"Open image in lightbox\" class=\"tile-inner modula-item-link\"><\/a><img loading=\"lazy\" decoding=\"async\" class=\"pic wp-image-284\"  data-valign=\"middle\" data-halign=\"center\" alt=\"Portrait lifestyle naturel d&#039;une jeune femme assise sur les rochers du plateau de Vern\u00e8gues, pr\u00e8s de Salon-de-Provence.\" data-full=\"https:\/\/florianfrison.com\/wp-content\/uploads\/2025\/12\/PortraitFlotographie-4766_lwsoptimized.webp\" title=\"Portrait-Lifestyle-Femme-Plateau-Vernegues-Salon-de-Provence\" crop=\"\" width=\"1536\" height=\"1022\" src=\"https:\/\/florianfrison.com\/wp-content\/uploads\/2025\/12\/PortraitFlotographie-4766_lwsoptimized-1536x1022.webp\" data-src=\"https:\/\/florianfrison.com\/wp-content\/uploads\/2025\/12\/PortraitFlotographie-4766_lwsoptimized-1536x1022.webp\" data-caption=\"Portrait lifestyle naturel d&#039;une jeune femme assise sur les rochers du plateau de Vern\u00e8gues, pr\u00e8s de Salon-de-Provence.\" srcset=\"https:\/\/florianfrison.com\/wp-content\/uploads\/2025\/12\/PortraitFlotographie-4766_lwsoptimized.webp 2000w, https:\/\/florianfrison.com\/wp-content\/uploads\/2025\/12\/PortraitFlotographie-4766_lwsoptimized-300x200.webp 300w, https:\/\/florianfrison.com\/wp-content\/uploads\/2025\/12\/PortraitFlotographie-4766_lwsoptimized-1024x681.webp 1024w, https:\/\/florianfrison.com\/wp-content\/uploads\/2025\/12\/PortraitFlotographie-4766_lwsoptimized-768x511.webp 768w, https:\/\/florianfrison.com\/wp-content\/uploads\/2025\/12\/PortraitFlotographie-4766_lwsoptimized-1536x1022.webp 1536w, https:\/\/florianfrison.com\/wp-content\/uploads\/2025\/12\/PortraitFlotographie-4766_lwsoptimized-18x12.webp 18w, https:\/\/florianfrison.com\/wp-content\/uploads\/2025\/12\/PortraitFlotographie-4766_lwsoptimized-610x406.webp 610w, https:\/\/florianfrison.com\/wp-content\/uploads\/2025\/12\/PortraitFlotographie-4766_lwsoptimized-1080x719.webp 1080w, https:\/\/florianfrison.com\/wp-content\/uploads\/2025\/12\/PortraitFlotographie-4766_lwsoptimized-1280x852.webp 1280w, https:\/\/florianfrison.com\/wp-content\/uploads\/2025\/12\/PortraitFlotographie-4766_lwsoptimized-980x652.webp 980w, https:\/\/florianfrison.com\/wp-content\/uploads\/2025\/12\/PortraitFlotographie-4766_lwsoptimized-480x319.webp 480w\" sizes=\"(max-width: 1536px) 100vw, 1536px\" \/>\n\t\t<div class=\"figc\">\n\t\t\t<div class=\"figc-inner\">\n\t\t\t\t\t\t\t\t\t\t\t\t\t<div class=\"jtg-description\">Portrait lifestyle naturel d'une jeune femme assise sur les rochers du plateau de Vern\u00e8gues, pr\u00e8s de Salon-de-Provence.<\/div>\n\t\t\t\t\t\t\t\t\t\t\t<\/div>\n\t\t<\/div>\n\n\t<\/div>\n\n<\/div><div class=\"modula-item effect-pufrobo\" >\n\t<div class=\"modula-item-overlay\"><\/div>\n\n\t<div class=\"modula-item-content\">\n\n\t\t<a data-image-id=\"470\" role=\"button\" tabindex=\"0\" rel=\"jtg-464\" data-caption=\"Couple complice lors d&#039;une s\u00e9ance photo romantique en automne \u00e0 Fontaine de Vaucluse.\" aria-label=\"Open image in lightbox\" class=\"tile-inner modula-item-link\"><\/a><img loading=\"lazy\" decoding=\"async\" class=\"pic wp-image-470\"  data-valign=\"middle\" data-halign=\"center\" alt=\"Couple complice lors d&#039;une s\u00e9ance photo romantique en automne \u00e0 Fontaine de Vaucluse.\" data-full=\"https:\/\/florianfrison.com\/wp-content\/uploads\/2025\/12\/PortraitFlotographie-6408_lwsoptimized.avif\" title=\"Seance-Photo-Couple-Romantique-Fontaine-de-Vaucluse-Provence\" crop=\"\" width=\"1536\" height=\"1022\" src=\"https:\/\/florianfrison.com\/wp-content\/uploads\/2025\/12\/PortraitFlotographie-6408_lwsoptimized.avif\" data-src=\"https:\/\/florianfrison.com\/wp-content\/uploads\/2025\/12\/PortraitFlotographie-6408_lwsoptimized.avif\" data-caption=\"Couple complice lors d&#039;une s\u00e9ance photo romantique en automne \u00e0 Fontaine de Vaucluse.\"\/>\n\t\t<div class=\"figc\">\n\t\t\t<div class=\"figc-inner\">\n\t\t\t\t\t\t\t\t\t\t\t\t\t<div class=\"jtg-description\">Couple complice lors d'une s\u00e9ance photo romantique en automne \u00e0 Fontaine de Vaucluse.<\/div>\n\t\t\t\t\t\t\t\t\t\t\t<\/div>\n\t\t<\/div>\n\n\t<\/div>\n\n<\/div><div class=\"modula-item effect-pufrobo\" >\n\t<div class=\"modula-item-overlay\"><\/div>\n\n\t<div class=\"modula-item-content\">\n\n\t\t<a data-image-id=\"468\" role=\"button\" tabindex=\"0\" rel=\"jtg-464\" data-caption=\"Portrait lifestyle naturel d&#039;une jeune femme au sommet du plateau de Ceze, pr\u00e8s de Salon-de-Provence.\" aria-label=\"Open image in lightbox\" class=\"tile-inner modula-item-link\"><\/a><img loading=\"lazy\" decoding=\"async\" class=\"pic wp-image-468\"  data-valign=\"middle\" data-halign=\"center\" alt=\"Portrait lifestyle naturel d&#039;une jeune femme au sommet du plateau de Ceze, pr\u00e8s de Salon-de-Provence.\" data-full=\"https:\/\/florianfrison.com\/wp-content\/uploads\/2025\/12\/PortraitFlotographie-7883_lwsoptimized.avif\" title=\"Portrait-Lifestyle-Femme-Plateau-Ceze-Salon-de-Provence\" crop=\"\" width=\"1022\" height=\"1536\" src=\"https:\/\/florianfrison.com\/wp-content\/uploads\/2025\/12\/PortraitFlotographie-7883_lwsoptimized.avif\" data-src=\"https:\/\/florianfrison.com\/wp-content\/uploads\/2025\/12\/PortraitFlotographie-7883_lwsoptimized.avif\" data-caption=\"Portrait lifestyle naturel d&#039;une jeune femme au sommet du plateau de Ceze, pr\u00e8s de Salon-de-Provence.\"\/>\n\t\t<div class=\"figc\">\n\t\t\t<div class=\"figc-inner\">\n\t\t\t\t\t\t\t\t\t\t\t\t\t<div class=\"jtg-description\">Portrait lifestyle naturel d'une jeune femme au sommet du plateau de Ceze, pr\u00e8s de Salon-de-Provence.<\/div>\n\t\t\t\t\t\t\t\t\t\t\t<\/div>\n\t\t<\/div>\n\n\t<\/div>\n\n<\/div><div class=\"modula-item effect-pufrobo\" >\n\t<div class=\"modula-item-overlay\"><\/div>\n\n\t<div class=\"modula-item-content\">\n\n\t\t<a data-image-id=\"1125\" role=\"button\" tabindex=\"0\" rel=\"jtg-464\" data-caption=\"S\u00e9ance Photo de Grossesse \u00e0 l&#039;arbre magique de Saint-Antonin-sur-Bayon\" aria-label=\"Open image in lightbox\" class=\"tile-inner modula-item-link\"><\/a><img loading=\"lazy\" decoding=\"async\" class=\"pic wp-image-1125\"  data-valign=\"middle\" data-halign=\"center\" alt=\"S\u00e9ance Photo de Grossesse \u00e0 l&#039;arbre magique de Saint-Antonin-sur-Bayon\" data-full=\"https:\/\/florianfrison.com\/wp-content\/uploads\/2026\/04\/MaechaEliotFlorianFrison26-1685.avif\" title=\"Maecha&amp;amp;EliotFlorianFrison26-1685\" crop=\"\" width=\"1536\" height=\"1024\" src=\"https:\/\/florianfrison.com\/wp-content\/uploads\/2026\/04\/MaechaEliotFlorianFrison26-1685.avif\" data-src=\"https:\/\/florianfrison.com\/wp-content\/uploads\/2026\/04\/MaechaEliotFlorianFrison26-1685.avif\" data-caption=\"S\u00e9ance Photo de Grossesse \u00e0 l&#039;arbre magique de Saint-Antonin-sur-Bayon\"\/>\n\t\t<div class=\"figc\">\n\t\t\t<div class=\"figc-inner\">\n\t\t\t\t\t\t\t\t\t\t\t\t\t<div class=\"jtg-description\">S\u00e9ance Photo de Grossesse \u00e0 l'arbre magique de Saint-Antonin-sur-Bayon<\/div>\n\t\t\t\t\t\t\t\t\t\t\t<\/div>\n\t\t<\/div>\n\n\t<\/div>\n\n<\/div><div class=\"modula-item effect-pufrobo\" >\n\t<div class=\"modula-item-overlay\"><\/div>\n\n\t<div class=\"modula-item-content\">\n\n\t\t<a data-image-id=\"1136\" role=\"button\" tabindex=\"0\" rel=\"jtg-464\" data-caption=\"S\u00e9ance Photo de Grossesse \u00e0 l&#039;arbre magique de Saint-Antonin-sur-Bayon\" aria-label=\"Open image in lightbox\" class=\"tile-inner modula-item-link\"><\/a><img loading=\"lazy\" decoding=\"async\" class=\"pic wp-image-1136\"  data-valign=\"middle\" data-halign=\"center\" alt=\"S\u00e9ance Photo de Grossesse \u00e0 l&#039;arbre magique de Saint-Antonin-sur-Bayon\" data-full=\"https:\/\/florianfrison.com\/wp-content\/uploads\/2026\/04\/MaechaEliotFlorianFrison26-3714.webp\" title=\"Maecha&amp;amp;EliotFlorianFrison26-3714\" crop=\"\" width=\"1536\" height=\"1024\" src=\"https:\/\/florianfrison.com\/wp-content\/uploads\/2026\/04\/MaechaEliotFlorianFrison26-3714-1536x1024.webp\" data-src=\"https:\/\/florianfrison.com\/wp-content\/uploads\/2026\/04\/MaechaEliotFlorianFrison26-3714-1536x1024.webp\" data-caption=\"S\u00e9ance Photo de Grossesse \u00e0 l&#039;arbre magique de Saint-Antonin-sur-Bayon\" srcset=\"https:\/\/florianfrison.com\/wp-content\/uploads\/2026\/04\/MaechaEliotFlorianFrison26-3714.webp 1536w, https:\/\/florianfrison.com\/wp-content\/uploads\/2026\/04\/MaechaEliotFlorianFrison26-3714-1280x853.webp 1280w, https:\/\/florianfrison.com\/wp-content\/uploads\/2026\/04\/MaechaEliotFlorianFrison26-3714-980x653.webp 980w, https:\/\/florianfrison.com\/wp-content\/uploads\/2026\/04\/MaechaEliotFlorianFrison26-3714-480x320.webp 480w\" sizes=\"(min-width: 0px) and (max-width: 480px) 480px, (min-width: 481px) and (max-width: 980px) 980px, (min-width: 981px) and (max-width: 1280px) 1280px, (min-width: 1281px) 1536px, 100vw\" \/>\n\t\t<div class=\"figc\">\n\t\t\t<div class=\"figc-inner\">\n\t\t\t\t\t\t\t\t\t\t\t\t\t<div class=\"jtg-description\">S\u00e9ance Photo de Grossesse \u00e0 l'arbre magique de Saint-Antonin-sur-Bayon<\/div>\n\t\t\t\t\t\t\t\t\t\t\t<\/div>\n\t\t<\/div>\n\n\t<\/div>\n\n<\/div><div class=\"modula-item effect-pufrobo\" >\n\t<div class=\"modula-item-overlay\"><\/div>\n\n\t<div class=\"modula-item-content\">\n\n\t\t<a data-image-id=\"1128\" role=\"button\" tabindex=\"0\" rel=\"jtg-464\" data-caption=\"S\u00e9ance Photo de Grossesse \u00e0 l&#039;arbre magique de Saint-Antonin-sur-Bayon\" aria-label=\"Open image in lightbox\" class=\"tile-inner modula-item-link\"><\/a><img loading=\"lazy\" decoding=\"async\" class=\"pic wp-image-1128\"  data-valign=\"middle\" data-halign=\"center\" alt=\"S\u00e9ance Photo de Grossesse \u00e0 l&#039;arbre magique de Saint-Antonin-sur-Bayon\" data-full=\"https:\/\/florianfrison.com\/wp-content\/uploads\/2026\/04\/MaechaEliotFlorianFrison26-1713.webp\" title=\"Maecha&amp;amp;EliotFlorianFrison26-1713\" crop=\"\" width=\"1536\" height=\"1024\" src=\"https:\/\/florianfrison.com\/wp-content\/uploads\/2026\/04\/MaechaEliotFlorianFrison26-1713-1536x1024.webp\" data-src=\"https:\/\/florianfrison.com\/wp-content\/uploads\/2026\/04\/MaechaEliotFlorianFrison26-1713-1536x1024.webp\" data-caption=\"S\u00e9ance Photo de Grossesse \u00e0 l&#039;arbre magique de Saint-Antonin-sur-Bayon\" srcset=\"https:\/\/florianfrison.com\/wp-content\/uploads\/2026\/04\/MaechaEliotFlorianFrison26-1713.webp 1536w, https:\/\/florianfrison.com\/wp-content\/uploads\/2026\/04\/MaechaEliotFlorianFrison26-1713-1280x853.webp 1280w, https:\/\/florianfrison.com\/wp-content\/uploads\/2026\/04\/MaechaEliotFlorianFrison26-1713-980x653.webp 980w, https:\/\/florianfrison.com\/wp-content\/uploads\/2026\/04\/MaechaEliotFlorianFrison26-1713-480x320.webp 480w\" sizes=\"(min-width: 0px) and (max-width: 480px) 480px, (min-width: 481px) and (max-width: 980px) 980px, (min-width: 981px) and (max-width: 1280px) 1280px, (min-width: 1281px) 1536px, 100vw\" \/>\n\t\t<div class=\"figc\">\n\t\t\t<div class=\"figc-inner\">\n\t\t\t\t\t\t\t\t\t\t\t\t\t<div class=\"jtg-description\">S\u00e9ance Photo de Grossesse \u00e0 l'arbre magique de Saint-Antonin-sur-Bayon<\/div>\n\t\t\t\t\t\t\t\t\t\t\t<\/div>\n\t\t<\/div>\n\n\t<\/div>\n\n<\/div><div class=\"modula-item effect-pufrobo\" >\n\t<div class=\"modula-item-overlay\"><\/div>\n\n\t<div class=\"modula-item-content\">\n\n\t\t<a data-image-id=\"246\" role=\"button\" tabindex=\"0\" rel=\"jtg-464\" data-caption=\"Couple complice lors d&#039;une s\u00e9ance photo romantique en automne \u00e0 Fontaine de Vaucluse.\" aria-label=\"Open image in lightbox\" class=\"tile-inner modula-item-link\"><\/a><img loading=\"lazy\" decoding=\"async\" class=\"pic wp-image-246\"  data-valign=\"middle\" data-halign=\"center\" alt=\"Couple complice lors d&#039;une s\u00e9ance photo romantique en automne \u00e0 Fontaine de Vaucluse.\" data-full=\"https:\/\/florianfrison.com\/wp-content\/uploads\/2025\/12\/PortraitFlotographie-6433_lwsoptimized.avif\" title=\"Seance-Photo-Couple-Romantique-Fontaine-de-Vaucluse-Provence\" crop=\"\" width=\"1536\" height=\"1022\" src=\"https:\/\/florianfrison.com\/wp-content\/uploads\/2025\/12\/PortraitFlotographie-6433_lwsoptimized.avif\" data-src=\"https:\/\/florianfrison.com\/wp-content\/uploads\/2025\/12\/PortraitFlotographie-6433_lwsoptimized.avif\" data-caption=\"Couple complice lors d&#039;une s\u00e9ance photo romantique en automne \u00e0 Fontaine de Vaucluse.\"\/>\n\t\t<div class=\"figc\">\n\t\t\t<div class=\"figc-inner\">\n\t\t\t\t\t\t\t\t\t\t\t\t\t<div class=\"jtg-description\">Couple complice lors d'une s\u00e9ance photo romantique en automne \u00e0 Fontaine de Vaucluse.<\/div>\n\t\t\t\t\t\t\t\t\t\t\t<\/div>\n\t\t<\/div>\n\n\t<\/div>\n\n<\/div><div class=\"modula-item effect-pufrobo\" >\n\t<div class=\"modula-item-overlay\"><\/div>\n\n\t<div class=\"modula-item-content\">\n\n\t\t<a data-image-id=\"1127\" role=\"button\" tabindex=\"0\" rel=\"jtg-464\" data-caption=\"S\u00e9ance Photo de Grossesse \u00e0 l&#039;arbre magique de Saint-Antonin-sur-Bayon\" aria-label=\"Open image in lightbox\" class=\"tile-inner modula-item-link\"><\/a><img loading=\"lazy\" decoding=\"async\" class=\"pic wp-image-1127\"  data-valign=\"middle\" data-halign=\"center\" alt=\"S\u00e9ance Photo de Grossesse \u00e0 l&#039;arbre magique de Saint-Antonin-sur-Bayon\" data-full=\"https:\/\/florianfrison.com\/wp-content\/uploads\/2026\/04\/MaechaEliotFlorianFrison26-1701.avif\" title=\"Maecha&amp;amp;EliotFlorianFrison26-1701\" crop=\"\" width=\"1536\" height=\"1024\" src=\"https:\/\/florianfrison.com\/wp-content\/uploads\/2026\/04\/MaechaEliotFlorianFrison26-1701.avif\" data-src=\"https:\/\/florianfrison.com\/wp-content\/uploads\/2026\/04\/MaechaEliotFlorianFrison26-1701.avif\" data-caption=\"S\u00e9ance Photo de Grossesse \u00e0 l&#039;arbre magique de Saint-Antonin-sur-Bayon\"\/>\n\t\t<div class=\"figc\">\n\t\t\t<div class=\"figc-inner\">\n\t\t\t\t\t\t\t\t\t\t\t\t\t<div class=\"jtg-description\">S\u00e9ance Photo de Grossesse \u00e0 l'arbre magique de Saint-Antonin-sur-Bayon<\/div>\n\t\t\t\t\t\t\t\t\t\t\t<\/div>\n\t\t<\/div>\n\n\t<\/div>\n\n<\/div><div class=\"modula-item effect-pufrobo\" >\n\t<div class=\"modula-item-overlay\"><\/div>\n\n\t<div class=\"modula-item-content\">\n\n\t\t<a data-image-id=\"1134\" role=\"button\" tabindex=\"0\" rel=\"jtg-464\" data-caption=\"S\u00e9ance Photo de Grossesse \u00e0 l&#039;arbre magique de Saint-Antonin-sur-Bayon\" aria-label=\"Open image in lightbox\" class=\"tile-inner modula-item-link\"><\/a><img loading=\"lazy\" decoding=\"async\" class=\"pic wp-image-1134\"  data-valign=\"middle\" data-halign=\"center\" alt=\"S\u00e9ance Photo de Grossesse \u00e0 l&#039;arbre magique de Saint-Antonin-sur-Bayon\" data-full=\"https:\/\/florianfrison.com\/wp-content\/uploads\/2026\/04\/MaechaEliotFlorianFrison26-3493.avif\" title=\"Maecha&amp;amp;EliotFlorianFrison26-3493\" crop=\"\" width=\"1536\" height=\"1024\" src=\"https:\/\/florianfrison.com\/wp-content\/uploads\/2026\/04\/MaechaEliotFlorianFrison26-3493.avif\" data-src=\"https:\/\/florianfrison.com\/wp-content\/uploads\/2026\/04\/MaechaEliotFlorianFrison26-3493.avif\" data-caption=\"S\u00e9ance Photo de Grossesse \u00e0 l&#039;arbre magique de Saint-Antonin-sur-Bayon\"\/>\n\t\t<div class=\"figc\">\n\t\t\t<div class=\"figc-inner\">\n\t\t\t\t\t\t\t\t\t\t\t\t\t<div class=\"jtg-description\">S\u00e9ance Photo de Grossesse \u00e0 l'arbre magique de Saint-Antonin-sur-Bayon<\/div>\n\t\t\t\t\t\t\t\t\t\t\t<\/div>\n\t\t<\/div>\n\n\t<\/div>\n\n<\/div><div class=\"modula-item effect-pufrobo\" >\n\t<div class=\"modula-item-overlay\"><\/div>\n\n\t<div class=\"modula-item-content\">\n\n\t\t<a data-image-id=\"1129\" role=\"button\" tabindex=\"0\" rel=\"jtg-464\" data-caption=\"S\u00e9ance Photo de Grossesse \u00e0 l&#039;arbre magique de Saint-Antonin-sur-Bayon\" aria-label=\"Open image in lightbox\" class=\"tile-inner modula-item-link\"><\/a><img loading=\"lazy\" decoding=\"async\" class=\"pic wp-image-1129\"  data-valign=\"middle\" data-halign=\"center\" alt=\"S\u00e9ance Photo de Grossesse \u00e0 l&#039;arbre magique de Saint-Antonin-sur-Bayon\" data-full=\"https:\/\/florianfrison.com\/wp-content\/uploads\/2026\/04\/MaechaEliotFlorianFrison26-1720.webp\" title=\"Maecha&amp;amp;EliotFlorianFrison26-1720\" crop=\"\" width=\"1536\" height=\"1024\" src=\"https:\/\/florianfrison.com\/wp-content\/uploads\/2026\/04\/MaechaEliotFlorianFrison26-1720-1536x1024.webp\" data-src=\"https:\/\/florianfrison.com\/wp-content\/uploads\/2026\/04\/MaechaEliotFlorianFrison26-1720-1536x1024.webp\" data-caption=\"S\u00e9ance Photo de Grossesse \u00e0 l&#039;arbre magique de Saint-Antonin-sur-Bayon\" srcset=\"https:\/\/florianfrison.com\/wp-content\/uploads\/2026\/04\/MaechaEliotFlorianFrison26-1720.webp 1536w, https:\/\/florianfrison.com\/wp-content\/uploads\/2026\/04\/MaechaEliotFlorianFrison26-1720-1280x853.webp 1280w, https:\/\/florianfrison.com\/wp-content\/uploads\/2026\/04\/MaechaEliotFlorianFrison26-1720-980x653.webp 980w, https:\/\/florianfrison.com\/wp-content\/uploads\/2026\/04\/MaechaEliotFlorianFrison26-1720-480x320.webp 480w\" sizes=\"(min-width: 0px) and (max-width: 480px) 480px, (min-width: 481px) and (max-width: 980px) 980px, (min-width: 981px) and (max-width: 1280px) 1280px, (min-width: 1281px) 1536px, 100vw\" \/>\n\t\t<div class=\"figc\">\n\t\t\t<div class=\"figc-inner\">\n\t\t\t\t\t\t\t\t\t\t\t\t\t<div class=\"jtg-description\">S\u00e9ance Photo de Grossesse \u00e0 l'arbre magique de Saint-Antonin-sur-Bayon<\/div>\n\t\t\t\t\t\t\t\t\t\t\t<\/div>\n\t\t<\/div>\n\n\t<\/div>\n\n<\/div><div class=\"modula-item effect-pufrobo\" >\n\t<div class=\"modula-item-overlay\"><\/div>\n\n\t<div class=\"modula-item-content\">\n\n\t\t<a data-image-id=\"494\" role=\"button\" tabindex=\"0\" rel=\"jtg-464\" data-caption=\"Danseuse du studio 6th Art (Aix-les-Bains) posant en tutu dans les rues pi\u00e9tonnes de Chamb\u00e9ry.\" aria-label=\"Open image in lightbox\" class=\"tile-inner modula-item-link\"><\/a><img loading=\"lazy\" decoding=\"async\" class=\"pic wp-image-494\"  data-valign=\"middle\" data-halign=\"center\" alt=\"Danseuse du studio 6th Art (Aix-les-Bains) posant en tutu dans les rues pi\u00e9tonnes de Chamb\u00e9ry.\" data-full=\"https:\/\/florianfrison.com\/wp-content\/uploads\/2025\/12\/PortraitFlotographie-3770_lwsoptimized.avif\" title=\"Shooting-Danse-Urbaine-Chambery-6thArt\" crop=\"\" width=\"1536\" height=\"1024\" src=\"https:\/\/florianfrison.com\/wp-content\/uploads\/2025\/12\/PortraitFlotographie-3770_lwsoptimized.avif\" data-src=\"https:\/\/florianfrison.com\/wp-content\/uploads\/2025\/12\/PortraitFlotographie-3770_lwsoptimized.avif\" data-caption=\"Danseuse du studio 6th Art (Aix-les-Bains) posant en tutu dans les rues pi\u00e9tonnes de Chamb\u00e9ry.\"\/>\n\t\t<div class=\"figc\">\n\t\t\t<div class=\"figc-inner\">\n\t\t\t\t\t\t\t\t\t\t\t\t\t<div class=\"jtg-description\">Danseuse du studio 6th Art (Aix-les-Bains) posant en tutu dans les rues pi\u00e9tonnes de Chamb\u00e9ry.<\/div>\n\t\t\t\t\t\t\t\t\t\t\t<\/div>\n\t\t<\/div>\n\n\t<\/div>\n\n<\/div><div class=\"modula-item effect-pufrobo\" >\n\t<div class=\"modula-item-overlay\"><\/div>\n\n\t<div class=\"modula-item-content\">\n\n\t\t<a data-image-id=\"497\" role=\"button\" tabindex=\"0\" rel=\"jtg-464\" data-caption=\"Danseuse du studio 6th Art (Aix-les-Bains) posant en tutu dans les rues pi\u00e9tonnes de Chamb\u00e9ry.\" aria-label=\"Open image in lightbox\" class=\"tile-inner modula-item-link\"><\/a><img loading=\"lazy\" decoding=\"async\" class=\"pic wp-image-497\"  data-valign=\"middle\" data-halign=\"center\" alt=\"Danseuse du studio 6th Art (Aix-les-Bains) posant en tutu dans les rues pi\u00e9tonnes de Chamb\u00e9ry.\" data-full=\"https:\/\/florianfrison.com\/wp-content\/uploads\/2025\/12\/PortraitFlotographie-3530_lwsoptimized.avif\" title=\"Shooting-Danse-Urbaine-Chambery-6thArt\" crop=\"\" width=\"1536\" height=\"1024\" src=\"https:\/\/florianfrison.com\/wp-content\/uploads\/2025\/12\/PortraitFlotographie-3530_lwsoptimized.avif\" data-src=\"https:\/\/florianfrison.com\/wp-content\/uploads\/2025\/12\/PortraitFlotographie-3530_lwsoptimized.avif\" data-caption=\"Danseuse du studio 6th Art (Aix-les-Bains) posant en tutu dans les rues pi\u00e9tonnes de Chamb\u00e9ry.\"\/>\n\t\t<div class=\"figc\">\n\t\t\t<div class=\"figc-inner\">\n\t\t\t\t\t\t\t\t\t\t\t\t\t<div class=\"jtg-description\">Danseuse du studio 6th Art (Aix-les-Bains) posant en tutu dans les rues pi\u00e9tonnes de Chamb\u00e9ry.<\/div>\n\t\t\t\t\t\t\t\t\t\t\t<\/div>\n\t\t<\/div>\n\n\t<\/div>\n\n<\/div><div class=\"modula-item effect-pufrobo\" >\n\t<div class=\"modula-item-overlay\"><\/div>\n\n\t<div class=\"modula-item-content\">\n\n\t\t<a data-image-id=\"471\" role=\"button\" tabindex=\"0\" rel=\"jtg-464\" data-caption=\"Couple complice lors d&#039;une s\u00e9ance photo romantique en automne \u00e0 Fontaine de Vaucluse.\" aria-label=\"Open image in lightbox\" class=\"tile-inner modula-item-link\"><\/a><img loading=\"lazy\" decoding=\"async\" class=\"pic wp-image-471\"  data-valign=\"middle\" data-halign=\"center\" alt=\"Couple complice lors d&#039;une s\u00e9ance photo romantique en automne \u00e0 Fontaine de Vaucluse.\" data-full=\"https:\/\/florianfrison.com\/wp-content\/uploads\/2025\/12\/PortraitFlotographie-6334_lwsoptimized.avif\" title=\"PortraitFlotographiSeance-Photo-Couple-Romantique-Fontaine-de-Vaucluse-Provencee-6334\" crop=\"\" width=\"1536\" height=\"1022\" src=\"https:\/\/florianfrison.com\/wp-content\/uploads\/2025\/12\/PortraitFlotographie-6334_lwsoptimized.avif\" data-src=\"https:\/\/florianfrison.com\/wp-content\/uploads\/2025\/12\/PortraitFlotographie-6334_lwsoptimized.avif\" data-caption=\"Couple complice lors d&#039;une s\u00e9ance photo romantique en automne \u00e0 Fontaine de Vaucluse.\"\/>\n\t\t<div class=\"figc\">\n\t\t\t<div class=\"figc-inner\">\n\t\t\t\t\t\t\t\t\t\t\t\t\t<div class=\"jtg-description\">Couple complice lors d'une s\u00e9ance photo romantique en automne \u00e0 Fontaine de Vaucluse.<\/div>\n\t\t\t\t\t\t\t\t\t\t\t<\/div>\n\t\t<\/div>\n\n\t<\/div>\n\n<\/div><div class=\"modula-item effect-pufrobo\" >\n\t<div class=\"modula-item-overlay\"><\/div>\n\n\t<div class=\"modula-item-content\">\n\n\t\t<a data-image-id=\"1132\" role=\"button\" tabindex=\"0\" rel=\"jtg-464\" data-caption=\"S\u00e9ance Photo de Grossesse \u00e0 l&#039;arbre magique de Saint-Antonin-sur-Bayon\" aria-label=\"Open image in lightbox\" class=\"tile-inner modula-item-link\"><\/a><img loading=\"lazy\" decoding=\"async\" class=\"pic wp-image-1132\"  data-valign=\"middle\" data-halign=\"center\" alt=\"S\u00e9ance Photo de Grossesse \u00e0 l&#039;arbre magique de Saint-Antonin-sur-Bayon\" data-full=\"https:\/\/florianfrison.com\/wp-content\/uploads\/2026\/04\/MaechaEliotFlorianFrison26-1750.avif\" title=\"Maecha&amp;amp;EliotFlorianFrison26-1750\" crop=\"\" width=\"1536\" height=\"1024\" src=\"https:\/\/florianfrison.com\/wp-content\/uploads\/2026\/04\/MaechaEliotFlorianFrison26-1750.avif\" data-src=\"https:\/\/florianfrison.com\/wp-content\/uploads\/2026\/04\/MaechaEliotFlorianFrison26-1750.avif\" data-caption=\"S\u00e9ance Photo de Grossesse \u00e0 l&#039;arbre magique de Saint-Antonin-sur-Bayon\"\/>\n\t\t<div class=\"figc\">\n\t\t\t<div class=\"figc-inner\">\n\t\t\t\t\t\t\t\t\t\t\t\t\t<div class=\"jtg-description\">S\u00e9ance Photo de Grossesse \u00e0 l'arbre magique de Saint-Antonin-sur-Bayon<\/div>\n\t\t\t\t\t\t\t\t\t\t\t<\/div>\n\t\t<\/div>\n\n\t<\/div>\n\n<\/div><div class=\"modula-item effect-pufrobo\" >\n\t<div class=\"modula-item-overlay\"><\/div>\n\n\t<div class=\"modula-item-content\">\n\n\t\t<a data-image-id=\"467\" role=\"button\" tabindex=\"0\" rel=\"jtg-464\" data-caption=\"Portrait lifestyle naturel d&#039;une jeune femme au sommet du plateau de Ceze, pr\u00e8s de Salon-de-Provence.\" aria-label=\"Open image in lightbox\" class=\"tile-inner modula-item-link\"><\/a><img loading=\"lazy\" decoding=\"async\" class=\"pic wp-image-467\"  data-valign=\"middle\" data-halign=\"center\" alt=\"Portrait lifestyle naturel d&#039;une jeune femme au sommet du plateau de Ceze, pr\u00e8s de Salon-de-Provence.\" data-full=\"https:\/\/florianfrison.com\/wp-content\/uploads\/2025\/12\/PortraitFlotographie-8047_lwsoptimized.avif\" title=\"Portrait-Lifestyle-Femme-Plateau-Ceze-Salon-de-Provence\" crop=\"\" width=\"1536\" height=\"1022\" src=\"https:\/\/florianfrison.com\/wp-content\/uploads\/2025\/12\/PortraitFlotographie-8047_lwsoptimized.avif\" data-src=\"https:\/\/florianfrison.com\/wp-content\/uploads\/2025\/12\/PortraitFlotographie-8047_lwsoptimized.avif\" data-caption=\"Portrait lifestyle naturel d&#039;une jeune femme au sommet du plateau de Ceze, pr\u00e8s de Salon-de-Provence.\"\/>\n\t\t<div class=\"figc\">\n\t\t\t<div class=\"figc-inner\">\n\t\t\t\t\t\t\t\t\t\t\t\t\t<div class=\"jtg-description\">Portrait lifestyle naturel d'une jeune femme au sommet du plateau de Ceze, pr\u00e8s de Salon-de-Provence.<\/div>\n\t\t\t\t\t\t\t\t\t\t\t<\/div>\n\t\t<\/div>\n\n\t<\/div>\n\n<\/div><div class=\"modula-item effect-pufrobo\" >\n\t<div class=\"modula-item-overlay\"><\/div>\n\n\t<div class=\"modula-item-content\">\n\n\t\t<a data-image-id=\"500\" role=\"button\" tabindex=\"0\" rel=\"jtg-464\" data-caption=\"Portrait mode \u00e9ditorial d&#039;une mod\u00e8le ukrainienne pour la marque Icone \u00e0 Gen\u00e8ve. Femme blonde, tenue noire et voile, \u00e9clairage studio artistique et retouche naturelle.\" aria-label=\"Open image in lightbox\" class=\"tile-inner modula-item-link\"><\/a><img loading=\"lazy\" decoding=\"async\" class=\"pic wp-image-500\"  data-valign=\"middle\" data-halign=\"center\" alt=\"Portrait mode \u00e9ditorial d&#039;une mod\u00e8le ukrainienne pour la marque Icone \u00e0 Gen\u00e8ve. Femme blonde, tenue noire et voile, \u00e9clairage studio artistique et retouche naturelle.\" data-full=\"https:\/\/florianfrison.com\/wp-content\/uploads\/2025\/12\/PortraitFlotographie-4741_lwsoptimized.avif\" title=\"Portrait-Mode-Femme-Ukrainienne-Studio-Geneve-Icone\" crop=\"\" width=\"1024\" height=\"1536\" src=\"https:\/\/florianfrison.com\/wp-content\/uploads\/2025\/12\/PortraitFlotographie-4741_lwsoptimized.avif\" data-src=\"https:\/\/florianfrison.com\/wp-content\/uploads\/2025\/12\/PortraitFlotographie-4741_lwsoptimized.avif\" data-caption=\"Portrait mode \u00e9ditorial d&#039;une mod\u00e8le ukrainienne pour la marque Icone \u00e0 Gen\u00e8ve. Femme blonde, tenue noire et voile, \u00e9clairage studio artistique et retouche naturelle.\"\/>\n\t\t<div class=\"figc\">\n\t\t\t<div class=\"figc-inner\">\n\t\t\t\t\t\t\t\t\t\t\t\t\t<div class=\"jtg-description\">Portrait mode \u00e9ditorial d'une mod\u00e8le ukrainienne pour la marque Icone \u00e0 Gen\u00e8ve. Femme blonde, tenue noire et voile, \u00e9clairage studio artistique et retouche naturelle.<\/div>\n\t\t\t\t\t\t\t\t\t\t\t<\/div>\n\t\t<\/div>\n\n\t<\/div>\n\n<\/div><div class=\"modula-item effect-pufrobo\" >\n\t<div class=\"modula-item-overlay\"><\/div>\n\n\t<div class=\"modula-item-content\">\n\n\t\t<a data-image-id=\"491\" role=\"button\" tabindex=\"0\" rel=\"jtg-464\" data-caption=\"Danseuse du studio 6th Art (Aix-les-Bains) posant en tutu dans les rues pi\u00e9tonnes de Chamb\u00e9ry.\" aria-label=\"Open image in lightbox\" class=\"tile-inner modula-item-link\"><\/a><img loading=\"lazy\" decoding=\"async\" class=\"pic wp-image-491\"  data-valign=\"middle\" data-halign=\"center\" alt=\"Danseuse du studio 6th Art (Aix-les-Bains) posant en tutu dans les rues pi\u00e9tonnes de Chamb\u00e9ry.\" data-full=\"https:\/\/florianfrison.com\/wp-content\/uploads\/2025\/12\/PortraitFlotographie-3932_lwsoptimized.avif\" title=\"Shooting-Danse-Urbaine-Chambery-6thArt\" crop=\"\" width=\"1024\" height=\"1536\" src=\"https:\/\/florianfrison.com\/wp-content\/uploads\/2025\/12\/PortraitFlotographie-3932_lwsoptimized.avif\" data-src=\"https:\/\/florianfrison.com\/wp-content\/uploads\/2025\/12\/PortraitFlotographie-3932_lwsoptimized.avif\" data-caption=\"Danseuse du studio 6th Art (Aix-les-Bains) posant en tutu dans les rues pi\u00e9tonnes de Chamb\u00e9ry.\"\/>\n\t\t<div class=\"figc\">\n\t\t\t<div class=\"figc-inner\">\n\t\t\t\t\t\t\t\t\t\t\t\t\t<div class=\"jtg-description\">Danseuse du studio 6th Art (Aix-les-Bains) posant en tutu dans les rues pi\u00e9tonnes de Chamb\u00e9ry.<\/div>\n\t\t\t\t\t\t\t\t\t\t\t<\/div>\n\t\t<\/div>\n\n\t<\/div>\n\n<\/div><div class=\"modula-item effect-pufrobo\" >\n\t<div class=\"modula-item-overlay\"><\/div>\n\n\t<div class=\"modula-item-content\">\n\n\t\t<a data-image-id=\"1126\" role=\"button\" tabindex=\"0\" rel=\"jtg-464\" data-caption=\"S\u00e9ance Photo de Grossesse \u00e0 l&#039;arbre magique de Saint-Antonin-sur-Bayon\" aria-label=\"Open image in lightbox\" class=\"tile-inner modula-item-link\"><\/a><img loading=\"lazy\" decoding=\"async\" class=\"pic wp-image-1126\"  data-valign=\"middle\" data-halign=\"center\" alt=\"S\u00e9ance Photo de Grossesse \u00e0 l&#039;arbre magique de Saint-Antonin-sur-Bayon\" data-full=\"https:\/\/florianfrison.com\/wp-content\/uploads\/2026\/04\/MaechaEliotFlorianFrison26-1693.webp\" title=\"Maecha&amp;amp;EliotFlorianFrison26-1693\" crop=\"\" width=\"1536\" height=\"1024\" src=\"https:\/\/florianfrison.com\/wp-content\/uploads\/2026\/04\/MaechaEliotFlorianFrison26-1693-1536x1024.webp\" data-src=\"https:\/\/florianfrison.com\/wp-content\/uploads\/2026\/04\/MaechaEliotFlorianFrison26-1693-1536x1024.webp\" data-caption=\"S\u00e9ance Photo de Grossesse \u00e0 l&#039;arbre magique de Saint-Antonin-sur-Bayon\" srcset=\"https:\/\/florianfrison.com\/wp-content\/uploads\/2026\/04\/MaechaEliotFlorianFrison26-1693.webp 1536w, https:\/\/florianfrison.com\/wp-content\/uploads\/2026\/04\/MaechaEliotFlorianFrison26-1693-1280x853.webp 1280w, https:\/\/florianfrison.com\/wp-content\/uploads\/2026\/04\/MaechaEliotFlorianFrison26-1693-980x653.webp 980w, https:\/\/florianfrison.com\/wp-content\/uploads\/2026\/04\/MaechaEliotFlorianFrison26-1693-480x320.webp 480w\" sizes=\"(min-width: 0px) and (max-width: 480px) 480px, (min-width: 481px) and (max-width: 980px) 980px, (min-width: 981px) and (max-width: 1280px) 1280px, (min-width: 1281px) 1536px, 100vw\" \/>\n\t\t<div class=\"figc\">\n\t\t\t<div class=\"figc-inner\">\n\t\t\t\t\t\t\t\t\t\t\t\t\t<div class=\"jtg-description\">S\u00e9ance Photo de Grossesse \u00e0 l'arbre magique de Saint-Antonin-sur-Bayon<\/div>\n\t\t\t\t\t\t\t\t\t\t\t<\/div>\n\t\t<\/div>\n\n\t<\/div>\n\n<\/div><div class=\"modula-item effect-pufrobo\" >\n\t<div class=\"modula-item-overlay\"><\/div>\n\n\t<div class=\"modula-item-content\">\n\n\t\t<a data-image-id=\"267\" role=\"button\" tabindex=\"0\" rel=\"jtg-464\" data-caption=\"Danseuse du studio 6th Art (Aix-les-Bains) posant en tutu dans les rues pi\u00e9tonnes de Chamb\u00e9ry.\" aria-label=\"Open image in lightbox\" class=\"tile-inner modula-item-link\"><\/a><img loading=\"lazy\" decoding=\"async\" class=\"pic wp-image-267\"  data-valign=\"middle\" data-halign=\"center\" alt=\"Danseuse du studio 6th Art (Aix-les-Bains) posant en tutu dans les rues pi\u00e9tonnes de Chamb\u00e9ry.\" data-full=\"https:\/\/florianfrison.com\/wp-content\/uploads\/2025\/12\/PortraitFlotographie-3655_lwsoptimized.avif\" title=\"Shooting-Danse-Urbaine-Chambery-6thArt\" crop=\"\" width=\"1536\" height=\"1024\" src=\"https:\/\/florianfrison.com\/wp-content\/uploads\/2025\/12\/PortraitFlotographie-3655_lwsoptimized.avif\" data-src=\"https:\/\/florianfrison.com\/wp-content\/uploads\/2025\/12\/PortraitFlotographie-3655_lwsoptimized.avif\" data-caption=\"Danseuse du studio 6th Art (Aix-les-Bains) posant en tutu dans les rues pi\u00e9tonnes de Chamb\u00e9ry.\"\/>\n\t\t<div class=\"figc\">\n\t\t\t<div class=\"figc-inner\">\n\t\t\t\t\t\t\t\t\t\t\t\t\t<div class=\"jtg-description\">Danseuse du studio 6th Art (Aix-les-Bains) posant en tutu dans les rues pi\u00e9tonnes de Chamb\u00e9ry.<\/div>\n\t\t\t\t\t\t\t\t\t\t\t<\/div>\n\t\t<\/div>\n\n\t<\/div>\n\n<\/div><div class=\"modula-item effect-pufrobo\" >\n\t<div class=\"modula-item-overlay\"><\/div>\n\n\t<div class=\"modula-item-content\">\n\n\t\t<a data-image-id=\"278\" role=\"button\" tabindex=\"0\" rel=\"jtg-464\" data-caption=\"Couple d&#039;amoureux s&#039;enla\u00e7ant tendrement au milieu des ocres du Colorado Proven\u00e7al \u00e0 Rustrel.\" aria-label=\"Open image in lightbox\" class=\"tile-inner modula-item-link\"><\/a><img loading=\"lazy\" decoding=\"async\" class=\"pic wp-image-278\"  data-valign=\"middle\" data-halign=\"center\" alt=\"Couple d&#039;amoureux s&#039;enla\u00e7ant tendrement au milieu des ocres du Colorado Proven\u00e7al \u00e0 Rustrel.\" data-full=\"https:\/\/florianfrison.com\/wp-content\/uploads\/2025\/12\/PortraitFlotographie-8096_lwsoptimized.avif\" title=\"Seance-Couple-Colorado-Provencal-Rustrel-Ocres\" crop=\"\" width=\"1536\" height=\"1022\" src=\"https:\/\/florianfrison.com\/wp-content\/uploads\/2025\/12\/PortraitFlotographie-8096_lwsoptimized.avif\" data-src=\"https:\/\/florianfrison.com\/wp-content\/uploads\/2025\/12\/PortraitFlotographie-8096_lwsoptimized.avif\" data-caption=\"Couple d&#039;amoureux s&#039;enla\u00e7ant tendrement au milieu des ocres du Colorado Proven\u00e7al \u00e0 Rustrel.\"\/>\n\t\t<div class=\"figc\">\n\t\t\t<div class=\"figc-inner\">\n\t\t\t\t\t\t\t\t\t\t\t\t\t<div class=\"jtg-description\">Couple d'amoureux s'enla\u00e7ant tendrement au milieu des ocres du Colorado Proven\u00e7al \u00e0 Rustrel.<\/div>\n\t\t\t\t\t\t\t\t\t\t\t<\/div>\n\t\t<\/div>\n\n\t<\/div>\n\n<\/div><div class=\"modula-item effect-pufrobo\" >\n\t<div class=\"modula-item-overlay\"><\/div>\n\n\t<div class=\"modula-item-content\">\n\n\t\t<a data-image-id=\"469\" role=\"button\" tabindex=\"0\" rel=\"jtg-464\" data-caption=\"Portrait lifestyle naturel d&#039;une jeune femme au sommet du plateau de Vern\u00e8gues, pr\u00e8s de Salon-de-Provence.\" aria-label=\"Open image in lightbox\" class=\"tile-inner modula-item-link\"><\/a><img loading=\"lazy\" decoding=\"async\" class=\"pic wp-image-469\"  data-valign=\"middle\" data-halign=\"center\" alt=\"Portrait lifestyle naturel d&#039;une jeune femme au sommet du plateau de Vern\u00e8gues, pr\u00e8s de Salon-de-Provence.\" data-full=\"https:\/\/florianfrison.com\/wp-content\/uploads\/2025\/12\/PortraitFlotographie-7502_lwsoptimized.avif\" title=\"Portrait-Lifestyle-Femme-Plateau-Vernegues-Salon-de-Provence\" crop=\"\" width=\"1022\" height=\"1536\" src=\"https:\/\/florianfrison.com\/wp-content\/uploads\/2025\/12\/PortraitFlotographie-7502_lwsoptimized.avif\" data-src=\"https:\/\/florianfrison.com\/wp-content\/uploads\/2025\/12\/PortraitFlotographie-7502_lwsoptimized.avif\" data-caption=\"Portrait lifestyle naturel d&#039;une jeune femme au sommet du plateau de Vern\u00e8gues, pr\u00e8s de Salon-de-Provence.\"\/>\n\t\t<div class=\"figc\">\n\t\t\t<div class=\"figc-inner\">\n\t\t\t\t\t\t\t\t\t\t\t\t\t<div class=\"jtg-description\">Portrait lifestyle naturel d'une jeune femme au sommet du plateau de Vern\u00e8gues, pr\u00e8s de Salon-de-Provence.<\/div>\n\t\t\t\t\t\t\t\t\t\t\t<\/div>\n\t\t<\/div>\n\n\t<\/div>\n\n<\/div><div class=\"modula-item effect-pufrobo\" >\n\t<div class=\"modula-item-overlay\"><\/div>\n\n\t<div class=\"modula-item-content\">\n\n\t\t<a data-image-id=\"264\" role=\"button\" tabindex=\"0\" rel=\"jtg-464\" data-caption=\"Portrait naturel et d\u00e9tendu d&#039;une femme en bord de lac, lumi\u00e8re douce.\" aria-label=\"Open image in lightbox\" class=\"tile-inner modula-item-link\"><\/a><img loading=\"lazy\" decoding=\"async\" class=\"pic wp-image-264\"  data-valign=\"middle\" data-halign=\"center\" alt=\"Portrait naturel et d\u00e9tendu d&#039;une femme en bord de lac, lumi\u00e8re douce.\" data-full=\"https:\/\/florianfrison.com\/wp-content\/uploads\/2025\/12\/PortraitFlotographie-7704_lwsoptimized.avif\" title=\"Seance-Portrait-Femme-Lac-Bourget-Lifestyle\" crop=\"\" width=\"1536\" height=\"1022\" src=\"https:\/\/florianfrison.com\/wp-content\/uploads\/2025\/12\/PortraitFlotographie-7704_lwsoptimized.avif\" data-src=\"https:\/\/florianfrison.com\/wp-content\/uploads\/2025\/12\/PortraitFlotographie-7704_lwsoptimized.avif\" data-caption=\"Portrait naturel et d\u00e9tendu d&#039;une femme en bord de lac, lumi\u00e8re douce.\"\/>\n\t\t<div class=\"figc\">\n\t\t\t<div class=\"figc-inner\">\n\t\t\t\t\t\t\t\t\t\t\t\t\t<div class=\"jtg-description\">Portrait naturel et d\u00e9tendu d'une femme en bord de lac, lumi\u00e8re douce.<\/div>\n\t\t\t\t\t\t\t\t\t\t\t<\/div>\n\t\t<\/div>\n\n\t<\/div>\n\n<\/div>\t\t\n\t<\/div>\n\n\t\n\t\n\t<script type=\"application\/ld+json\">\n\t{\n\t\t\"@context\": \"http:\/\/schema.org\",\n\t\t\"@type\"   : \"ImageGallery\",\n\t\t\"id\"      : \"https:\/\/florianfrison.com\/en\/portfolio\/\",\n\t\t\"url\"     : \"https:\/\/florianfrison.com\/en\/portfolio\/\"\n\t}\n\n\t<\/script>\n\n\t\n<\/div>\nVOS SOUVENIRS COMMENCENT ICI. Si mon style r\u00e9sonne avec votre vision, n&rsquo;attendez plus.<\/p>\n","protected":false},"author":1,"featured_media":0,"parent":0,"menu_order":0,"comment_status":"closed","ping_status":"closed","template":"","meta":{"_et_pb_use_builder":"on","_et_pb_old_content":"","_et_gb_content_width":"","footnotes":""},"class_list":["post-29","page","type-page","status-publish","hentry"],"yoast_head":"<!-- This site is optimized with the Yoast SEO plugin v27.4 - https:\/\/yoast.com\/product\/yoast-seo-wordpress\/ -->\n<title>Portfolio Mariage &amp; Portrait | Galeries Florian Frison<\/title>\n<meta name=\"description\" content=\"D\u00e9couvrez mes reportages photo en Provence et Savoie. Des pr\u00e9paratifs \u00e0 la soir\u00e9e, un style vif, net et contrast\u00e9. La preuve par l&#039;image.\" \/>\n<meta name=\"robots\" content=\"index, follow, max-snippet:-1, max-image-preview:large, max-video-preview:-1\" \/>\n<link rel=\"canonical\" href=\"https:\/\/florianfrison.com\/en\/portfolio\/\" \/>\n<meta property=\"og:locale\" content=\"en_GB\" \/>\n<meta property=\"og:type\" content=\"article\" \/>\n<meta property=\"og:title\" content=\"Portfolio Mariage &amp; Portrait | Galeries Florian Frison\" \/>\n<meta property=\"og:description\" content=\"D\u00e9couvrez mes reportages photo en Provence et Savoie. Des pr\u00e9paratifs \u00e0 la soir\u00e9e, un style vif, net et contrast\u00e9. La preuve par l&#039;image.\" \/>\n<meta property=\"og:url\" content=\"https:\/\/florianfrison.com\/en\/portfolio\/\" \/>\n<meta property=\"og:site_name\" content=\"Florian FRISON - Photography\" \/>\n<meta property=\"article:publisher\" content=\"https:\/\/www.facebook.com\/Flotographie73000\" \/>\n<meta property=\"article:modified_time\" content=\"2025-12-01T17:24:19+00:00\" \/>\n<meta name=\"twitter:card\" content=\"summary_large_image\" \/>\n<meta name=\"twitter:site\" content=\"@flotographie73\" \/>\n<script type=\"application\/ld+json\" class=\"yoast-schema-graph\">{\"@context\":\"https:\\\/\\\/schema.org\",\"@graph\":[{\"@type\":\"WebPage\",\"@id\":\"https:\\\/\\\/florianfrison.com\\\/portfolio\\\/\",\"url\":\"https:\\\/\\\/florianfrison.com\\\/portfolio\\\/\",\"name\":\"Portfolio Mariage & Portrait | Galeries Florian Frison\",\"isPartOf\":{\"@id\":\"https:\\\/\\\/florianfrison.com\\\/#website\"},\"datePublished\":\"2025-11-28T15:04:41+00:00\",\"dateModified\":\"2025-12-01T17:24:19+00:00\",\"description\":\"D\u00e9couvrez mes reportages photo en Provence et Savoie. Des pr\u00e9paratifs \u00e0 la soir\u00e9e, un style vif, net et contrast\u00e9. La preuve par l'image.\",\"breadcrumb\":{\"@id\":\"https:\\\/\\\/florianfrison.com\\\/portfolio\\\/#breadcrumb\"},\"inLanguage\":\"en-GB\",\"potentialAction\":[{\"@type\":\"ReadAction\",\"target\":[\"https:\\\/\\\/florianfrison.com\\\/portfolio\\\/\"]}]},{\"@type\":\"BreadcrumbList\",\"@id\":\"https:\\\/\\\/florianfrison.com\\\/portfolio\\\/#breadcrumb\",\"itemListElement\":[{\"@type\":\"ListItem\",\"position\":1,\"name\":\"Home\",\"item\":\"https:\\\/\\\/florianfrison.com\\\/\"},{\"@type\":\"ListItem\",\"position\":2,\"name\":\"PORTFOLIO\"}]},{\"@type\":\"WebSite\",\"@id\":\"https:\\\/\\\/florianfrison.com\\\/#website\",\"url\":\"https:\\\/\\\/florianfrison.com\\\/\",\"name\":\"Florian FRISON - Photography\",\"description\":\"Photographe de Mariage &amp; Lifestyle \u2013 Provence &amp; Savoie\",\"publisher\":{\"@id\":\"https:\\\/\\\/florianfrison.com\\\/#organization\"},\"alternateName\":\"Florian FRISON\",\"potentialAction\":[{\"@type\":\"SearchAction\",\"target\":{\"@type\":\"EntryPoint\",\"urlTemplate\":\"https:\\\/\\\/florianfrison.com\\\/?s={search_term_string}\"},\"query-input\":{\"@type\":\"PropertyValueSpecification\",\"valueRequired\":true,\"valueName\":\"search_term_string\"}}],\"inLanguage\":\"en-GB\"},{\"@type\":\"Organization\",\"@id\":\"https:\\\/\\\/florianfrison.com\\\/#organization\",\"name\":\"Florian FRISON - Photography\",\"alternateName\":\"Florian FRISON\",\"url\":\"https:\\\/\\\/florianfrison.com\\\/\",\"logo\":{\"@type\":\"ImageObject\",\"inLanguage\":\"en-GB\",\"@id\":\"https:\\\/\\\/florianfrison.com\\\/#\\\/schema\\\/logo\\\/image\\\/\",\"url\":\"https:\\\/\\\/florianfrison.com\\\/wp-content\\\/uploads\\\/2025\\\/11\\\/LogoNoircompresse.png\",\"contentUrl\":\"https:\\\/\\\/florianfrison.com\\\/wp-content\\\/uploads\\\/2025\\\/11\\\/LogoNoircompresse.png\",\"width\":500,\"height\":389,\"caption\":\"Florian FRISON - Photography\"},\"image\":{\"@id\":\"https:\\\/\\\/florianfrison.com\\\/#\\\/schema\\\/logo\\\/image\\\/\"},\"sameAs\":[\"https:\\\/\\\/www.facebook.com\\\/Flotographie73000\",\"https:\\\/\\\/x.com\\\/flotographie73\",\"https:\\\/\\\/www.instagram.com\\\/florianfrisonphoto\\\/\",\"https:\\\/\\\/www.linkedin.com\\\/company\\\/69712919\"]}]}<\/script>\n<!-- \/ Yoast SEO plugin. -->","yoast_head_json":{"title":"Portfolio Mariage & Portrait | Galeries Florian Frison","description":"D\u00e9couvrez mes reportages photo en Provence et Savoie. Des pr\u00e9paratifs \u00e0 la soir\u00e9e, un style vif, net et contrast\u00e9. La preuve par l'image.","robots":{"index":"index","follow":"follow","max-snippet":"max-snippet:-1","max-image-preview":"max-image-preview:large","max-video-preview":"max-video-preview:-1"},"canonical":"https:\/\/florianfrison.com\/en\/portfolio\/","og_locale":"en_GB","og_type":"article","og_title":"Portfolio Mariage & Portrait | Galeries Florian Frison","og_description":"D\u00e9couvrez mes reportages photo en Provence et Savoie. Des pr\u00e9paratifs \u00e0 la soir\u00e9e, un style vif, net et contrast\u00e9. La preuve par l'image.","og_url":"https:\/\/florianfrison.com\/en\/portfolio\/","og_site_name":"Florian FRISON - Photography","article_publisher":"https:\/\/www.facebook.com\/Flotographie73000","article_modified_time":"2025-12-01T17:24:19+00:00","twitter_card":"summary_large_image","twitter_site":"@flotographie73","schema":{"@context":"https:\/\/schema.org","@graph":[{"@type":"WebPage","@id":"https:\/\/florianfrison.com\/portfolio\/","url":"https:\/\/florianfrison.com\/portfolio\/","name":"Portfolio Mariage & Portrait | Galeries Florian Frison","isPartOf":{"@id":"https:\/\/florianfrison.com\/#website"},"datePublished":"2025-11-28T15:04:41+00:00","dateModified":"2025-12-01T17:24:19+00:00","description":"D\u00e9couvrez mes reportages photo en Provence et Savoie. Des pr\u00e9paratifs \u00e0 la soir\u00e9e, un style vif, net et contrast\u00e9. La preuve par l'image.","breadcrumb":{"@id":"https:\/\/florianfrison.com\/portfolio\/#breadcrumb"},"inLanguage":"en-GB","potentialAction":[{"@type":"ReadAction","target":["https:\/\/florianfrison.com\/portfolio\/"]}]},{"@type":"BreadcrumbList","@id":"https:\/\/florianfrison.com\/portfolio\/#breadcrumb","itemListElement":[{"@type":"ListItem","position":1,"name":"Home","item":"https:\/\/florianfrison.com\/"},{"@type":"ListItem","position":2,"name":"PORTFOLIO"}]},{"@type":"WebSite","@id":"https:\/\/florianfrison.com\/#website","url":"https:\/\/florianfrison.com\/","name":"Florian FRISON - Photography","description":"Wedding &amp; Lifestyle Photographer \u2013 Provence &amp; French Alps","publisher":{"@id":"https:\/\/florianfrison.com\/#organization"},"alternateName":"Florian FRISON","potentialAction":[{"@type":"SearchAction","target":{"@type":"EntryPoint","urlTemplate":"https:\/\/florianfrison.com\/?s={search_term_string}"},"query-input":{"@type":"PropertyValueSpecification","valueRequired":true,"valueName":"search_term_string"}}],"inLanguage":"en-GB"},{"@type":"Organization","@id":"https:\/\/florianfrison.com\/#organization","name":"Florian FRISON - Photography","alternateName":"Florian FRISON","url":"https:\/\/florianfrison.com\/","logo":{"@type":"ImageObject","inLanguage":"en-GB","@id":"https:\/\/florianfrison.com\/#\/schema\/logo\/image\/","url":"https:\/\/florianfrison.com\/wp-content\/uploads\/2025\/11\/LogoNoircompresse.png","contentUrl":"https:\/\/florianfrison.com\/wp-content\/uploads\/2025\/11\/LogoNoircompresse.png","width":500,"height":389,"caption":"Florian FRISON - Photography"},"image":{"@id":"https:\/\/florianfrison.com\/#\/schema\/logo\/image\/"},"sameAs":["https:\/\/www.facebook.com\/Flotographie73000","https:\/\/x.com\/flotographie73","https:\/\/www.instagram.com\/florianfrisonphoto\/","https:\/\/www.linkedin.com\/company\/69712919"]}]}},"_links":{"self":[{"href":"https:\/\/florianfrison.com\/en\/wp-json\/wp\/v2\/pages\/29","targetHints":{"allow":["GET"]}}],"collection":[{"href":"https:\/\/florianfrison.com\/en\/wp-json\/wp\/v2\/pages"}],"about":[{"href":"https:\/\/florianfrison.com\/en\/wp-json\/wp\/v2\/types\/page"}],"author":[{"embeddable":true,"href":"https:\/\/florianfrison.com\/en\/wp-json\/wp\/v2\/users\/1"}],"replies":[{"embeddable":true,"href":"https:\/\/florianfrison.com\/en\/wp-json\/wp\/v2\/comments?post=29"}],"version-history":[{"count":15,"href":"https:\/\/florianfrison.com\/en\/wp-json\/wp\/v2\/pages\/29\/revisions"}],"predecessor-version":[{"id":490,"href":"https:\/\/florianfrison.com\/en\/wp-json\/wp\/v2\/pages\/29\/revisions\/490"}],"wp:attachment":[{"href":"https:\/\/florianfrison.com\/en\/wp-json\/wp\/v2\/media?parent=29"}],"curies":[{"name":"wp","href":"https:\/\/api.w.org\/{rel}","templated":true}]}}